
{"id":28968,"date":"2024-10-25T10:29:38","date_gmt":"2024-10-25T08:29:38","guid":{"rendered":"https:\/\/ticsalutsocial.atoom.space\/event\/smart-city-expo-world-congress-2\/"},"modified":"2024-10-25T11:43:08","modified_gmt":"2024-10-25T09:43:08","slug":"smart-city-expo-world-congress-2","status":"publish","type":"event","link":"https:\/\/ticsalutsocial.atoom.space\/es\/event\/smart-city-expo-world-congress-2\/","title":{"rendered":"AI for social good &#8211; Smart City Expo World Congress"},"content":{"rendered":"<div class=\"flex max-w-full flex-col flex-grow\">\n<div class=\"min-h-8 text-message flex w-full flex-col items-end gap-2 whitespace-normal break-words [.text-message+&amp;]:mt-5\" dir=\"auto\" data-message-author-role=\"assistant\" data-message-id=\"979eea45-4fc9-4ad3-8028-bca87f349f2a\" data-message-model-slug=\"gpt-4o\">\n<div class=\"flex w-full flex-col gap-1 empty:hidden first:pt-[3px]\">\n<div class=\"markdown prose w-full break-words dark:prose-invert dark\">\n<div class=\"flex max-w-full flex-col flex-grow\">\n<div class=\"min-h-8 text-message flex w-full flex-col items-end gap-2 whitespace-normal break-words [.text-message+&amp;]:mt-5\" dir=\"auto\" data-message-author-role=\"assistant\" data-message-id=\"979eea45-4fc9-4ad3-8028-bca87f349f2a\" data-message-model-slug=\"gpt-4o\">\n<div class=\"flex w-full flex-col gap-1 empty:hidden first:pt-[3px]\">\n<div class=\"markdown prose w-full break-words dark:prose-invert dark\">\n<p>Smart City Expo World Congress es el evento m\u00e1s grande e influyente del mundo sobre innovaci\u00f3n urbana, que este a\u00f1o se celebra entre el 5 y el 7 de noviembre.<\/p>\n<p>Celebrado en Barcelona desde 2011, cada a\u00f1o re\u00fane a l\u00edderes de empresas, gobiernos y organizaciones globales para avanzar las ciudades hacia un futuro mejor. Su objetivo es colectivizar la innovaci\u00f3n urbana en todo el mundo y empoderar a las ciudades para enfrentar los desaf\u00edos cr\u00edticos a los que se enfrentan hoy en d\u00eda.<\/p>\n<p>&nbsp;<\/p>\n<p><strong>El d\u00eda 7 el director de la fundaci\u00f3n participar\u00e1 en el debate final AI for Social Good.<\/strong><\/p>\n<\/div>\n<\/div>\n<\/div>\n<\/div>\n<p><strong><span lang=\"en-US\" data-olk-copy-source=\"MessageBody\">10:45 \u2013 10:50. Introducci\u00f3n.<\/span><\/strong><\/p>\n<p><span lang=\"en-US\" data-olk-copy-source=\"MessageBody\">Alfonso Lara Montero, ESN CEO<\/span><\/p>\n<p><strong>10:50 \u2013 11:10. Desarrollo de la IA en <\/strong><strong>Barcelona y Madrid.<\/strong><\/p>\n<p>Marta Fab\u00e0, Ayuntamiento de Barcelona.<br \/>\nFrancisco Prieto, Ayuntamiento de Madrid.<\/p>\n<p><span lang=\"en-US\"><br \/>\n<strong>11:10 \u2013 11:30 . Mesa redonda.<\/strong> Moderada por <\/span><span lang=\"en-US\">Alfonso Lara Montero:<br \/>\n<\/span><\/p>\n<p><span lang=\"en-US\">Sonia Oriola, ACM.<br \/>\nGreg Wilson, Microsoft.<br \/>\nJoan Guanyabens, Fundaci\u00f3 TIC Salut Social.<br \/>\n<\/span><\/p>\n<p><strong><span lang=\"en-US\">11:30. Conclusiones y siguientes pasos. <\/span><\/strong><\/p>\n<p><span lang=\"en-US\">Alfonso Lara Montero, ESN CEO.<\/span><\/p>\n<\/div>\n<\/div>\n<\/div>\n<\/div>\n<p><span lang=\"en-US\">Alfonso Lara Montero, ESN CEO.<br \/>\n<\/span><\/p>\n","protected":false},"featured_media":28871,"menu_order":0,"template":"","meta":{"_acf_changed":false,"inline_featured_image":false},"tipus":[879],"topic":[],"class_list":["post-28968","event","type-event","status-publish","has-post-thumbnail","hentry","tipus-inteligencia-artificial"],"acf":{"informacio":{"ubicacio":"Fira Gran Via Barcelona - Hall 2 Orange Agora","data":"07\/11\/2024","hora":"10:45 a 11:30","preu":"","inscripcions":"https:\/\/registration.firabarcelona.com\/#\/tickets\/selection-list"},"programa":{"titol":"","items":false},"documents":false},"yoast_head":"<!-- This site is optimized with the Yoast SEO plugin v27.1.1 - https:\/\/yoast.com\/product\/yoast-seo-wordpress\/ -->\n<title>AI for social good - Smart City Expo World Congress - Fundaci\u00f3 TIC Salut i Social<\/title>\n<meta name=\"robots\" content=\"index, follow, max-snippet:-1, max-image-preview:large, max-video-preview:-1\" \/>\n<link rel=\"canonical\" href=\"https:\/\/ticsalutsocial.atoom.space\/es\/event\/smart-city-expo-world-congress-2\/\" \/>\n<meta property=\"og:locale\" content=\"es_ES\" \/>\n<meta property=\"og:type\" content=\"article\" \/>\n<meta property=\"og:title\" content=\"AI for social good - Smart City Expo World Congress - Fundaci\u00f3 TIC Salut i Social\" \/>\n<meta property=\"og:description\" content=\"Smart City Expo World Congress es el evento m\u00e1s grande e influyente del mundo sobre innovaci\u00f3n urbana, que este a\u00f1o se celebra entre el 5 y el 7 de noviembre. Celebrado en Barcelona desde 2011, cada a\u00f1o re\u00fane a l\u00edderes de empresas, gobiernos y organizaciones globales para avanzar las ciudades hacia un futuro mejor. Su [&hellip;]\" \/>\n<meta property=\"og:url\" content=\"https:\/\/ticsalutsocial.atoom.space\/es\/event\/smart-city-expo-world-congress-2\/\" \/>\n<meta property=\"og:site_name\" content=\"Fundaci\u00f3 TIC Salut i Social\" \/>\n<meta property=\"article:modified_time\" content=\"2024-10-25T09:43:08+00:00\" \/>\n<meta property=\"og:image\" content=\"https:\/\/ticsalutsocial.atoom.space\/wp-content\/uploads\/2024\/10\/smartcityexpo-scaled.jpg\" \/>\n\t<meta property=\"og:image:width\" content=\"2560\" \/>\n\t<meta property=\"og:image:height\" content=\"1056\" \/>\n\t<meta property=\"og:image:type\" content=\"image\/jpeg\" \/>\n<meta name=\"twitter:card\" content=\"summary_large_image\" \/>\n<meta name=\"twitter:label1\" content=\"Tiempo de lectura\" \/>\n\t<meta name=\"twitter:data1\" content=\"2 minutos\" \/>\n<script type=\"application\/ld+json\" class=\"yoast-schema-graph\">{\"@context\":\"https:\/\/schema.org\",\"@graph\":[{\"@type\":\"WebPage\",\"@id\":\"https:\/\/ticsalutsocial.atoom.space\/es\/event\/smart-city-expo-world-congress-2\/\",\"url\":\"https:\/\/ticsalutsocial.atoom.space\/es\/event\/smart-city-expo-world-congress-2\/\",\"name\":\"AI for social good - Smart City Expo World Congress - Fundaci\u00f3 TIC Salut i Social\",\"isPartOf\":{\"@id\":\"https:\/\/ticsalutsocial.atoom.space\/es\/#website\"},\"primaryImageOfPage\":{\"@id\":\"https:\/\/ticsalutsocial.atoom.space\/es\/event\/smart-city-expo-world-congress-2\/#primaryimage\"},\"image\":{\"@id\":\"https:\/\/ticsalutsocial.atoom.space\/es\/event\/smart-city-expo-world-congress-2\/#primaryimage\"},\"thumbnailUrl\":\"https:\/\/ticsalutsocial.atoom.space\/wp-content\/uploads\/2024\/10\/smartcityexpo-scaled.jpg\",\"datePublished\":\"2024-10-25T08:29:38+00:00\",\"dateModified\":\"2024-10-25T09:43:08+00:00\",\"breadcrumb\":{\"@id\":\"https:\/\/ticsalutsocial.atoom.space\/es\/event\/smart-city-expo-world-congress-2\/#breadcrumb\"},\"inLanguage\":\"es\",\"potentialAction\":[{\"@type\":\"ReadAction\",\"target\":[\"https:\/\/ticsalutsocial.atoom.space\/es\/event\/smart-city-expo-world-congress-2\/\"]}]},{\"@type\":\"ImageObject\",\"inLanguage\":\"es\",\"@id\":\"https:\/\/ticsalutsocial.atoom.space\/es\/event\/smart-city-expo-world-congress-2\/#primaryimage\",\"url\":\"https:\/\/ticsalutsocial.atoom.space\/wp-content\/uploads\/2024\/10\/smartcityexpo-scaled.jpg\",\"contentUrl\":\"https:\/\/ticsalutsocial.atoom.space\/wp-content\/uploads\/2024\/10\/smartcityexpo-scaled.jpg\",\"width\":2560,\"height\":1056,\"caption\":\"Smart City Expo World Congress\"},{\"@type\":\"BreadcrumbList\",\"@id\":\"https:\/\/ticsalutsocial.atoom.space\/es\/event\/smart-city-expo-world-congress-2\/#breadcrumb\",\"itemListElement\":[{\"@type\":\"ListItem\",\"position\":1,\"name\":\"Inici\",\"item\":\"https:\/\/ticsalutsocial.atoom.space\/es\/\"},{\"@type\":\"ListItem\",\"position\":2,\"name\":\"AI for social good &#8211; Smart City Expo World Congress\"}]},{\"@type\":\"WebSite\",\"@id\":\"https:\/\/ticsalutsocial.atoom.space\/es\/#website\",\"url\":\"https:\/\/ticsalutsocial.atoom.space\/es\/\",\"name\":\"Fundaci\u00f3 TIC Salut i Social\",\"description\":\"\",\"potentialAction\":[{\"@type\":\"SearchAction\",\"target\":{\"@type\":\"EntryPoint\",\"urlTemplate\":\"https:\/\/ticsalutsocial.atoom.space\/es\/?s={search_term_string}\"},\"query-input\":{\"@type\":\"PropertyValueSpecification\",\"valueRequired\":true,\"valueName\":\"search_term_string\"}}],\"inLanguage\":\"es\"}]}<\/script>\n<!-- \/ Yoast SEO plugin. -->","yoast_head_json":{"title":"AI for social good - Smart City Expo World Congress - Fundaci\u00f3 TIC Salut i Social","robots":{"index":"index","follow":"follow","max-snippet":"max-snippet:-1","max-image-preview":"max-image-preview:large","max-video-preview":"max-video-preview:-1"},"canonical":"https:\/\/ticsalutsocial.atoom.space\/es\/event\/smart-city-expo-world-congress-2\/","og_locale":"es_ES","og_type":"article","og_title":"AI for social good - Smart City Expo World Congress - Fundaci\u00f3 TIC Salut i Social","og_description":"Smart City Expo World Congress es el evento m\u00e1s grande e influyente del mundo sobre innovaci\u00f3n urbana, que este a\u00f1o se celebra entre el 5 y el 7 de noviembre. Celebrado en Barcelona desde 2011, cada a\u00f1o re\u00fane a l\u00edderes de empresas, gobiernos y organizaciones globales para avanzar las ciudades hacia un futuro mejor. Su [&hellip;]","og_url":"https:\/\/ticsalutsocial.atoom.space\/es\/event\/smart-city-expo-world-congress-2\/","og_site_name":"Fundaci\u00f3 TIC Salut i Social","article_modified_time":"2024-10-25T09:43:08+00:00","og_image":[{"width":2560,"height":1056,"url":"https:\/\/ticsalutsocial.atoom.space\/wp-content\/uploads\/2024\/10\/smartcityexpo-scaled.jpg","type":"image\/jpeg"}],"twitter_card":"summary_large_image","twitter_misc":{"Tiempo de lectura":"2 minutos"},"schema":{"@context":"https:\/\/schema.org","@graph":[{"@type":"WebPage","@id":"https:\/\/ticsalutsocial.atoom.space\/es\/event\/smart-city-expo-world-congress-2\/","url":"https:\/\/ticsalutsocial.atoom.space\/es\/event\/smart-city-expo-world-congress-2\/","name":"AI for social good - Smart City Expo World Congress - Fundaci\u00f3 TIC Salut i Social","isPartOf":{"@id":"https:\/\/ticsalutsocial.atoom.space\/es\/#website"},"primaryImageOfPage":{"@id":"https:\/\/ticsalutsocial.atoom.space\/es\/event\/smart-city-expo-world-congress-2\/#primaryimage"},"image":{"@id":"https:\/\/ticsalutsocial.atoom.space\/es\/event\/smart-city-expo-world-congress-2\/#primaryimage"},"thumbnailUrl":"https:\/\/ticsalutsocial.atoom.space\/wp-content\/uploads\/2024\/10\/smartcityexpo-scaled.jpg","datePublished":"2024-10-25T08:29:38+00:00","dateModified":"2024-10-25T09:43:08+00:00","breadcrumb":{"@id":"https:\/\/ticsalutsocial.atoom.space\/es\/event\/smart-city-expo-world-congress-2\/#breadcrumb"},"inLanguage":"es","potentialAction":[{"@type":"ReadAction","target":["https:\/\/ticsalutsocial.atoom.space\/es\/event\/smart-city-expo-world-congress-2\/"]}]},{"@type":"ImageObject","inLanguage":"es","@id":"https:\/\/ticsalutsocial.atoom.space\/es\/event\/smart-city-expo-world-congress-2\/#primaryimage","url":"https:\/\/ticsalutsocial.atoom.space\/wp-content\/uploads\/2024\/10\/smartcityexpo-scaled.jpg","contentUrl":"https:\/\/ticsalutsocial.atoom.space\/wp-content\/uploads\/2024\/10\/smartcityexpo-scaled.jpg","width":2560,"height":1056,"caption":"Smart City Expo World Congress"},{"@type":"BreadcrumbList","@id":"https:\/\/ticsalutsocial.atoom.space\/es\/event\/smart-city-expo-world-congress-2\/#breadcrumb","itemListElement":[{"@type":"ListItem","position":1,"name":"Inici","item":"https:\/\/ticsalutsocial.atoom.space\/es\/"},{"@type":"ListItem","position":2,"name":"AI for social good &#8211; Smart City Expo World Congress"}]},{"@type":"WebSite","@id":"https:\/\/ticsalutsocial.atoom.space\/es\/#website","url":"https:\/\/ticsalutsocial.atoom.space\/es\/","name":"Fundaci\u00f3 TIC Salut i Social","description":"","potentialAction":[{"@type":"SearchAction","target":{"@type":"EntryPoint","urlTemplate":"https:\/\/ticsalutsocial.atoom.space\/es\/?s={search_term_string}"},"query-input":{"@type":"PropertyValueSpecification","valueRequired":true,"valueName":"search_term_string"}}],"inLanguage":"es"}]}},"_links":{"self":[{"href":"https:\/\/ticsalutsocial.atoom.space\/es\/wp-json\/wp\/v2\/event\/28968","targetHints":{"allow":["GET"]}}],"collection":[{"href":"https:\/\/ticsalutsocial.atoom.space\/es\/wp-json\/wp\/v2\/event"}],"about":[{"href":"https:\/\/ticsalutsocial.atoom.space\/es\/wp-json\/wp\/v2\/types\/event"}],"wp:featuredmedia":[{"embeddable":true,"href":"https:\/\/ticsalutsocial.atoom.space\/es\/wp-json\/wp\/v2\/media\/28871"}],"wp:attachment":[{"href":"https:\/\/ticsalutsocial.atoom.space\/es\/wp-json\/wp\/v2\/media?parent=28968"}],"wp:term":[{"taxonomy":"tipus","embeddable":true,"href":"https:\/\/ticsalutsocial.atoom.space\/es\/wp-json\/wp\/v2\/tipus?post=28968"},{"taxonomy":"topic","embeddable":true,"href":"https:\/\/ticsalutsocial.atoom.space\/es\/wp-json\/wp\/v2\/topic?post=28968"}],"curies":[{"name":"wp","href":"https:\/\/api.w.org\/{rel}","templated":true}]}}