
{"id":29266,"date":"2024-11-26T16:30:05","date_gmt":"2024-11-26T14:30:05","guid":{"rendered":"https:\/\/ticsalutsocial.atoom.space\/event\/cicle-de-conferencies-de-la-facultat-dinfermeria-de-la-udg-intelligencia-artificial-i-salut\/"},"modified":"2024-11-26T16:30:05","modified_gmt":"2024-11-26T14:30:05","slug":"cicle-de-conferencies-de-la-facultat-dinfermeria-de-la-udg-intelligencia-artificial-i-salut","status":"publish","type":"event","link":"https:\/\/ticsalutsocial.atoom.space\/es\/event\/cicle-de-conferencies-de-la-facultat-dinfermeria-de-la-udg-intelligencia-artificial-i-salut\/","title":{"rendered":"Cicle de confer\u00e8ncies de la Facultat d&#8217;Infermeria de la UdG: Intel\u00b7lig\u00e8ncia artificial i salut"},"content":{"rendered":"\n<p>El Director de la Fundaci\u00f3 TIC Salut Social, Joan Guanyabens, protagonitzar\u00e0 la 3ra confer\u00e8ncia del cicle organitzat per la Facultat d&#8217;Infermeria de la Universitat de Girona. <\/p>\n","protected":false},"featured_media":29264,"menu_order":0,"template":"","meta":{"_acf_changed":false,"inline_featured_image":false},"tipus":[879],"topic":[],"class_list":["post-29266","event","type-event","status-publish","has-post-thumbnail","hentry","tipus-inteligencia-artificial"],"acf":{"imatge":29264,"informacio":{"ubicacio":"Sala de Graus de la Facultat d'Infermeria de la Universitat de Girona","data":"27\/11\/2024","hora":"","preu":"","inscripcions":"https:\/\/t.co\/ZaAU8KhBBL"},"programa":{"titol":"","items":false}},"yoast_head":"<!-- This site is optimized with the Yoast SEO plugin v27.1.1 - https:\/\/yoast.com\/product\/yoast-seo-wordpress\/ -->\n<title>Cicle de confer\u00e8ncies de la Facultat d&#039;Infermeria de la UdG: Intel\u00b7lig\u00e8ncia artificial i salut - Fundaci\u00f3 TIC Salut i Social<\/title>\n<meta name=\"robots\" content=\"index, follow, max-snippet:-1, max-image-preview:large, max-video-preview:-1\" \/>\n<link rel=\"canonical\" href=\"https:\/\/ticsalutsocial.atoom.space\/es\/event\/cicle-de-conferencies-de-la-facultat-dinfermeria-de-la-udg-intelligencia-artificial-i-salut\/\" \/>\n<meta property=\"og:locale\" content=\"es_ES\" \/>\n<meta property=\"og:type\" content=\"article\" \/>\n<meta property=\"og:title\" content=\"Cicle de confer\u00e8ncies de la Facultat d&#039;Infermeria de la UdG: Intel\u00b7lig\u00e8ncia artificial i salut - Fundaci\u00f3 TIC Salut i Social\" \/>\n<meta property=\"og:description\" content=\"El Director de la Fundaci\u00f3 TIC Salut Social, Joan Guanyabens, protagonitzar\u00e0 la 3ra confer\u00e8ncia del cicle organitzat per la Facultat d&#8217;Infermeria de la Universitat de Girona.\" \/>\n<meta property=\"og:url\" content=\"https:\/\/ticsalutsocial.atoom.space\/es\/event\/cicle-de-conferencies-de-la-facultat-dinfermeria-de-la-udg-intelligencia-artificial-i-salut\/\" \/>\n<meta property=\"og:site_name\" content=\"Fundaci\u00f3 TIC Salut i Social\" \/>\n<meta name=\"twitter:card\" content=\"summary_large_image\" \/>\n<script type=\"application\/ld+json\" class=\"yoast-schema-graph\">{\"@context\":\"https:\/\/schema.org\",\"@graph\":[{\"@type\":\"WebPage\",\"@id\":\"https:\/\/ticsalutsocial.atoom.space\/es\/event\/cicle-de-conferencies-de-la-facultat-dinfermeria-de-la-udg-intelligencia-artificial-i-salut\/\",\"url\":\"https:\/\/ticsalutsocial.atoom.space\/es\/event\/cicle-de-conferencies-de-la-facultat-dinfermeria-de-la-udg-intelligencia-artificial-i-salut\/\",\"name\":\"Cicle de confer\u00e8ncies de la Facultat d'Infermeria de la UdG: Intel\u00b7lig\u00e8ncia artificial i salut - Fundaci\u00f3 TIC Salut i Social\",\"isPartOf\":{\"@id\":\"https:\/\/ticsalutsocial.atoom.space\/es\/#website\"},\"primaryImageOfPage\":{\"@id\":\"https:\/\/ticsalutsocial.atoom.space\/es\/event\/cicle-de-conferencies-de-la-facultat-dinfermeria-de-la-udg-intelligencia-artificial-i-salut\/#primaryimage\"},\"image\":{\"@id\":\"https:\/\/ticsalutsocial.atoom.space\/es\/event\/cicle-de-conferencies-de-la-facultat-dinfermeria-de-la-udg-intelligencia-artificial-i-salut\/#primaryimage\"},\"thumbnailUrl\":\"https:\/\/ticsalutsocial.atoom.space\/wp-content\/uploads\/2024\/11\/Cicle_de_Conferencies_portada_petit2.jpg\",\"datePublished\":\"2024-11-26T14:30:05+00:00\",\"breadcrumb\":{\"@id\":\"https:\/\/ticsalutsocial.atoom.space\/es\/event\/cicle-de-conferencies-de-la-facultat-dinfermeria-de-la-udg-intelligencia-artificial-i-salut\/#breadcrumb\"},\"inLanguage\":\"es\",\"potentialAction\":[{\"@type\":\"ReadAction\",\"target\":[\"https:\/\/ticsalutsocial.atoom.space\/es\/event\/cicle-de-conferencies-de-la-facultat-dinfermeria-de-la-udg-intelligencia-artificial-i-salut\/\"]}]},{\"@type\":\"ImageObject\",\"inLanguage\":\"es\",\"@id\":\"https:\/\/ticsalutsocial.atoom.space\/es\/event\/cicle-de-conferencies-de-la-facultat-dinfermeria-de-la-udg-intelligencia-artificial-i-salut\/#primaryimage\",\"url\":\"https:\/\/ticsalutsocial.atoom.space\/wp-content\/uploads\/2024\/11\/Cicle_de_Conferencies_portada_petit2.jpg\",\"contentUrl\":\"https:\/\/ticsalutsocial.atoom.space\/wp-content\/uploads\/2024\/11\/Cicle_de_Conferencies_portada_petit2.jpg\",\"width\":800,\"height\":600},{\"@type\":\"BreadcrumbList\",\"@id\":\"https:\/\/ticsalutsocial.atoom.space\/es\/event\/cicle-de-conferencies-de-la-facultat-dinfermeria-de-la-udg-intelligencia-artificial-i-salut\/#breadcrumb\",\"itemListElement\":[{\"@type\":\"ListItem\",\"position\":1,\"name\":\"Inici\",\"item\":\"https:\/\/ticsalutsocial.atoom.space\/es\/\"},{\"@type\":\"ListItem\",\"position\":2,\"name\":\"Cicle de confer\u00e8ncies de la Facultat d&#8217;Infermeria de la UdG: Intel\u00b7lig\u00e8ncia artificial i salut\"}]},{\"@type\":\"WebSite\",\"@id\":\"https:\/\/ticsalutsocial.atoom.space\/es\/#website\",\"url\":\"https:\/\/ticsalutsocial.atoom.space\/es\/\",\"name\":\"Fundaci\u00f3 TIC Salut i Social\",\"description\":\"\",\"potentialAction\":[{\"@type\":\"SearchAction\",\"target\":{\"@type\":\"EntryPoint\",\"urlTemplate\":\"https:\/\/ticsalutsocial.atoom.space\/es\/?s={search_term_string}\"},\"query-input\":{\"@type\":\"PropertyValueSpecification\",\"valueRequired\":true,\"valueName\":\"search_term_string\"}}],\"inLanguage\":\"es\"}]}<\/script>\n<!-- \/ Yoast SEO plugin. -->","yoast_head_json":{"title":"Cicle de confer\u00e8ncies de la Facultat d'Infermeria de la UdG: Intel\u00b7lig\u00e8ncia artificial i salut - Fundaci\u00f3 TIC Salut i Social","robots":{"index":"index","follow":"follow","max-snippet":"max-snippet:-1","max-image-preview":"max-image-preview:large","max-video-preview":"max-video-preview:-1"},"canonical":"https:\/\/ticsalutsocial.atoom.space\/es\/event\/cicle-de-conferencies-de-la-facultat-dinfermeria-de-la-udg-intelligencia-artificial-i-salut\/","og_locale":"es_ES","og_type":"article","og_title":"Cicle de confer\u00e8ncies de la Facultat d'Infermeria de la UdG: Intel\u00b7lig\u00e8ncia artificial i salut - Fundaci\u00f3 TIC Salut i Social","og_description":"El Director de la Fundaci\u00f3 TIC Salut Social, Joan Guanyabens, protagonitzar\u00e0 la 3ra confer\u00e8ncia del cicle organitzat per la Facultat d&#8217;Infermeria de la Universitat de Girona.","og_url":"https:\/\/ticsalutsocial.atoom.space\/es\/event\/cicle-de-conferencies-de-la-facultat-dinfermeria-de-la-udg-intelligencia-artificial-i-salut\/","og_site_name":"Fundaci\u00f3 TIC Salut i Social","twitter_card":"summary_large_image","schema":{"@context":"https:\/\/schema.org","@graph":[{"@type":"WebPage","@id":"https:\/\/ticsalutsocial.atoom.space\/es\/event\/cicle-de-conferencies-de-la-facultat-dinfermeria-de-la-udg-intelligencia-artificial-i-salut\/","url":"https:\/\/ticsalutsocial.atoom.space\/es\/event\/cicle-de-conferencies-de-la-facultat-dinfermeria-de-la-udg-intelligencia-artificial-i-salut\/","name":"Cicle de confer\u00e8ncies de la Facultat d'Infermeria de la UdG: Intel\u00b7lig\u00e8ncia artificial i salut - Fundaci\u00f3 TIC Salut i Social","isPartOf":{"@id":"https:\/\/ticsalutsocial.atoom.space\/es\/#website"},"primaryImageOfPage":{"@id":"https:\/\/ticsalutsocial.atoom.space\/es\/event\/cicle-de-conferencies-de-la-facultat-dinfermeria-de-la-udg-intelligencia-artificial-i-salut\/#primaryimage"},"image":{"@id":"https:\/\/ticsalutsocial.atoom.space\/es\/event\/cicle-de-conferencies-de-la-facultat-dinfermeria-de-la-udg-intelligencia-artificial-i-salut\/#primaryimage"},"thumbnailUrl":"https:\/\/ticsalutsocial.atoom.space\/wp-content\/uploads\/2024\/11\/Cicle_de_Conferencies_portada_petit2.jpg","datePublished":"2024-11-26T14:30:05+00:00","breadcrumb":{"@id":"https:\/\/ticsalutsocial.atoom.space\/es\/event\/cicle-de-conferencies-de-la-facultat-dinfermeria-de-la-udg-intelligencia-artificial-i-salut\/#breadcrumb"},"inLanguage":"es","potentialAction":[{"@type":"ReadAction","target":["https:\/\/ticsalutsocial.atoom.space\/es\/event\/cicle-de-conferencies-de-la-facultat-dinfermeria-de-la-udg-intelligencia-artificial-i-salut\/"]}]},{"@type":"ImageObject","inLanguage":"es","@id":"https:\/\/ticsalutsocial.atoom.space\/es\/event\/cicle-de-conferencies-de-la-facultat-dinfermeria-de-la-udg-intelligencia-artificial-i-salut\/#primaryimage","url":"https:\/\/ticsalutsocial.atoom.space\/wp-content\/uploads\/2024\/11\/Cicle_de_Conferencies_portada_petit2.jpg","contentUrl":"https:\/\/ticsalutsocial.atoom.space\/wp-content\/uploads\/2024\/11\/Cicle_de_Conferencies_portada_petit2.jpg","width":800,"height":600},{"@type":"BreadcrumbList","@id":"https:\/\/ticsalutsocial.atoom.space\/es\/event\/cicle-de-conferencies-de-la-facultat-dinfermeria-de-la-udg-intelligencia-artificial-i-salut\/#breadcrumb","itemListElement":[{"@type":"ListItem","position":1,"name":"Inici","item":"https:\/\/ticsalutsocial.atoom.space\/es\/"},{"@type":"ListItem","position":2,"name":"Cicle de confer\u00e8ncies de la Facultat d&#8217;Infermeria de la UdG: Intel\u00b7lig\u00e8ncia artificial i salut"}]},{"@type":"WebSite","@id":"https:\/\/ticsalutsocial.atoom.space\/es\/#website","url":"https:\/\/ticsalutsocial.atoom.space\/es\/","name":"Fundaci\u00f3 TIC Salut i Social","description":"","potentialAction":[{"@type":"SearchAction","target":{"@type":"EntryPoint","urlTemplate":"https:\/\/ticsalutsocial.atoom.space\/es\/?s={search_term_string}"},"query-input":{"@type":"PropertyValueSpecification","valueRequired":true,"valueName":"search_term_string"}}],"inLanguage":"es"}]}},"_links":{"self":[{"href":"https:\/\/ticsalutsocial.atoom.space\/es\/wp-json\/wp\/v2\/event\/29266","targetHints":{"allow":["GET"]}}],"collection":[{"href":"https:\/\/ticsalutsocial.atoom.space\/es\/wp-json\/wp\/v2\/event"}],"about":[{"href":"https:\/\/ticsalutsocial.atoom.space\/es\/wp-json\/wp\/v2\/types\/event"}],"wp:featuredmedia":[{"embeddable":true,"href":"https:\/\/ticsalutsocial.atoom.space\/es\/wp-json\/wp\/v2\/media\/29264"}],"wp:attachment":[{"href":"https:\/\/ticsalutsocial.atoom.space\/es\/wp-json\/wp\/v2\/media?parent=29266"}],"wp:term":[{"taxonomy":"tipus","embeddable":true,"href":"https:\/\/ticsalutsocial.atoom.space\/es\/wp-json\/wp\/v2\/tipus?post=29266"},{"taxonomy":"topic","embeddable":true,"href":"https:\/\/ticsalutsocial.atoom.space\/es\/wp-json\/wp\/v2\/topic?post=29266"}],"curies":[{"name":"wp","href":"https:\/\/api.w.org\/{rel}","templated":true}]}}