
{"id":29375,"date":"2024-12-10T13:21:58","date_gmt":"2024-12-10T11:21:58","guid":{"rendered":"https:\/\/ticsalutsocial.atoom.space\/event\/spx-talks\/"},"modified":"2024-12-10T13:24:53","modified_gmt":"2024-12-10T11:24:53","slug":"spx-talks","status":"publish","type":"event","link":"https:\/\/ticsalutsocial.atoom.space\/es\/event\/spx-talks\/","title":{"rendered":"SPX Talks: \u00bfC\u00f3mo dar malas noticias?"},"content":{"rendered":"<p>Simulaci\u00f3n con actores para el desarrollo de las habilidades relacionales. \u00bfC\u00f3mo dar malas noticias?<\/p>\n<p>Durante esta sesi\u00f3n de 30 minutos, la\u00a0<b>Dra. Gemma Claret Teruel,<\/b>\u00a0adjunta del servicio de urgencias y del programa de simulaci\u00f3n en el Hospital Sant Joan de D\u00e9u (Barcelona), compartir\u00e1 su trabajoen simulaci\u00f3n con actores para el desarrollo de las habilidades relacionales.<\/p>\n<p>Sesi\u00f3n moderada por\u00a0Patricia Ripoll,\u00a0<a href=\"https:\/\/www.fundacionvisible.org\/\" target=\"_blank\" rel=\"noopener\">Fundaci\u00f3n Visible<\/a>.<\/p>\n<p>&nbsp;<\/p>\n","protected":false},"featured_media":0,"menu_order":0,"template":"","meta":{"_acf_changed":false,"inline_featured_image":false},"tipus":[],"topic":[],"class_list":["post-29375","event","type-event","status-publish","hentry"],"acf":{"informacio":{"ubicacio":"Online","data":"11\/12\/2024","hora":"De 15:00 a 15:30","preu":"Gratuito previa inscripci\u00f3n","inscripcions":"https:\/\/spexperience.org\/en\/spx-talks-english\/registration\/"},"programa":{"titol":"","items":false},"documents":false},"yoast_head":"<!-- This site is optimized with the Yoast SEO plugin v27.1.1 - https:\/\/yoast.com\/product\/yoast-seo-wordpress\/ -->\n<title>SPX Talks: \u00bfC\u00f3mo dar malas noticias? - Fundaci\u00f3 TIC Salut i Social<\/title>\n<meta name=\"robots\" content=\"index, follow, max-snippet:-1, max-image-preview:large, max-video-preview:-1\" \/>\n<link rel=\"canonical\" href=\"https:\/\/ticsalutsocial.atoom.space\/es\/event\/spx-talks\/\" \/>\n<meta property=\"og:locale\" content=\"es_ES\" \/>\n<meta property=\"og:type\" content=\"article\" \/>\n<meta property=\"og:title\" content=\"SPX Talks: \u00bfC\u00f3mo dar malas noticias? - Fundaci\u00f3 TIC Salut i Social\" \/>\n<meta property=\"og:description\" content=\"Simulaci\u00f3n con actores para el desarrollo de las habilidades relacionales. \u00bfC\u00f3mo dar malas noticias? Durante esta sesi\u00f3n de 30 minutos, la\u00a0Dra. Gemma Claret Teruel,\u00a0adjunta del servicio de urgencias y del programa de simulaci\u00f3n en el Hospital Sant Joan de D\u00e9u (Barcelona), compartir\u00e1 su trabajoen simulaci\u00f3n con actores para el desarrollo de las habilidades relacionales. Sesi\u00f3n [&hellip;]\" \/>\n<meta property=\"og:url\" content=\"https:\/\/ticsalutsocial.atoom.space\/es\/event\/spx-talks\/\" \/>\n<meta property=\"og:site_name\" content=\"Fundaci\u00f3 TIC Salut i Social\" \/>\n<meta property=\"article:modified_time\" content=\"2024-12-10T11:24:53+00:00\" \/>\n<meta name=\"twitter:card\" content=\"summary_large_image\" \/>\n<meta name=\"twitter:label1\" content=\"Tiempo de lectura\" \/>\n\t<meta name=\"twitter:data1\" content=\"1 minuto\" \/>\n<script type=\"application\/ld+json\" class=\"yoast-schema-graph\">{\"@context\":\"https:\/\/schema.org\",\"@graph\":[{\"@type\":\"WebPage\",\"@id\":\"https:\/\/ticsalutsocial.atoom.space\/es\/event\/spx-talks\/\",\"url\":\"https:\/\/ticsalutsocial.atoom.space\/es\/event\/spx-talks\/\",\"name\":\"SPX Talks: \u00bfC\u00f3mo dar malas noticias? - Fundaci\u00f3 TIC Salut i Social\",\"isPartOf\":{\"@id\":\"https:\/\/ticsalutsocial.atoom.space\/es\/#website\"},\"datePublished\":\"2024-12-10T11:21:58+00:00\",\"dateModified\":\"2024-12-10T11:24:53+00:00\",\"breadcrumb\":{\"@id\":\"https:\/\/ticsalutsocial.atoom.space\/es\/event\/spx-talks\/#breadcrumb\"},\"inLanguage\":\"es\",\"potentialAction\":[{\"@type\":\"ReadAction\",\"target\":[\"https:\/\/ticsalutsocial.atoom.space\/es\/event\/spx-talks\/\"]}]},{\"@type\":\"BreadcrumbList\",\"@id\":\"https:\/\/ticsalutsocial.atoom.space\/es\/event\/spx-talks\/#breadcrumb\",\"itemListElement\":[{\"@type\":\"ListItem\",\"position\":1,\"name\":\"Inici\",\"item\":\"https:\/\/ticsalutsocial.atoom.space\/es\/\"},{\"@type\":\"ListItem\",\"position\":2,\"name\":\"SPX Talks: \u00bfC\u00f3mo dar malas noticias?\"}]},{\"@type\":\"WebSite\",\"@id\":\"https:\/\/ticsalutsocial.atoom.space\/es\/#website\",\"url\":\"https:\/\/ticsalutsocial.atoom.space\/es\/\",\"name\":\"Fundaci\u00f3 TIC Salut i Social\",\"description\":\"\",\"potentialAction\":[{\"@type\":\"SearchAction\",\"target\":{\"@type\":\"EntryPoint\",\"urlTemplate\":\"https:\/\/ticsalutsocial.atoom.space\/es\/?s={search_term_string}\"},\"query-input\":{\"@type\":\"PropertyValueSpecification\",\"valueRequired\":true,\"valueName\":\"search_term_string\"}}],\"inLanguage\":\"es\"}]}<\/script>\n<!-- \/ Yoast SEO plugin. -->","yoast_head_json":{"title":"SPX Talks: \u00bfC\u00f3mo dar malas noticias? - Fundaci\u00f3 TIC Salut i Social","robots":{"index":"index","follow":"follow","max-snippet":"max-snippet:-1","max-image-preview":"max-image-preview:large","max-video-preview":"max-video-preview:-1"},"canonical":"https:\/\/ticsalutsocial.atoom.space\/es\/event\/spx-talks\/","og_locale":"es_ES","og_type":"article","og_title":"SPX Talks: \u00bfC\u00f3mo dar malas noticias? - Fundaci\u00f3 TIC Salut i Social","og_description":"Simulaci\u00f3n con actores para el desarrollo de las habilidades relacionales. \u00bfC\u00f3mo dar malas noticias? Durante esta sesi\u00f3n de 30 minutos, la\u00a0Dra. Gemma Claret Teruel,\u00a0adjunta del servicio de urgencias y del programa de simulaci\u00f3n en el Hospital Sant Joan de D\u00e9u (Barcelona), compartir\u00e1 su trabajoen simulaci\u00f3n con actores para el desarrollo de las habilidades relacionales. Sesi\u00f3n [&hellip;]","og_url":"https:\/\/ticsalutsocial.atoom.space\/es\/event\/spx-talks\/","og_site_name":"Fundaci\u00f3 TIC Salut i Social","article_modified_time":"2024-12-10T11:24:53+00:00","twitter_card":"summary_large_image","twitter_misc":{"Tiempo de lectura":"1 minuto"},"schema":{"@context":"https:\/\/schema.org","@graph":[{"@type":"WebPage","@id":"https:\/\/ticsalutsocial.atoom.space\/es\/event\/spx-talks\/","url":"https:\/\/ticsalutsocial.atoom.space\/es\/event\/spx-talks\/","name":"SPX Talks: \u00bfC\u00f3mo dar malas noticias? - Fundaci\u00f3 TIC Salut i Social","isPartOf":{"@id":"https:\/\/ticsalutsocial.atoom.space\/es\/#website"},"datePublished":"2024-12-10T11:21:58+00:00","dateModified":"2024-12-10T11:24:53+00:00","breadcrumb":{"@id":"https:\/\/ticsalutsocial.atoom.space\/es\/event\/spx-talks\/#breadcrumb"},"inLanguage":"es","potentialAction":[{"@type":"ReadAction","target":["https:\/\/ticsalutsocial.atoom.space\/es\/event\/spx-talks\/"]}]},{"@type":"BreadcrumbList","@id":"https:\/\/ticsalutsocial.atoom.space\/es\/event\/spx-talks\/#breadcrumb","itemListElement":[{"@type":"ListItem","position":1,"name":"Inici","item":"https:\/\/ticsalutsocial.atoom.space\/es\/"},{"@type":"ListItem","position":2,"name":"SPX Talks: \u00bfC\u00f3mo dar malas noticias?"}]},{"@type":"WebSite","@id":"https:\/\/ticsalutsocial.atoom.space\/es\/#website","url":"https:\/\/ticsalutsocial.atoom.space\/es\/","name":"Fundaci\u00f3 TIC Salut i Social","description":"","potentialAction":[{"@type":"SearchAction","target":{"@type":"EntryPoint","urlTemplate":"https:\/\/ticsalutsocial.atoom.space\/es\/?s={search_term_string}"},"query-input":{"@type":"PropertyValueSpecification","valueRequired":true,"valueName":"search_term_string"}}],"inLanguage":"es"}]}},"_links":{"self":[{"href":"https:\/\/ticsalutsocial.atoom.space\/es\/wp-json\/wp\/v2\/event\/29375","targetHints":{"allow":["GET"]}}],"collection":[{"href":"https:\/\/ticsalutsocial.atoom.space\/es\/wp-json\/wp\/v2\/event"}],"about":[{"href":"https:\/\/ticsalutsocial.atoom.space\/es\/wp-json\/wp\/v2\/types\/event"}],"wp:attachment":[{"href":"https:\/\/ticsalutsocial.atoom.space\/es\/wp-json\/wp\/v2\/media?parent=29375"}],"wp:term":[{"taxonomy":"tipus","embeddable":true,"href":"https:\/\/ticsalutsocial.atoom.space\/es\/wp-json\/wp\/v2\/tipus?post=29375"},{"taxonomy":"topic","embeddable":true,"href":"https:\/\/ticsalutsocial.atoom.space\/es\/wp-json\/wp\/v2\/topic?post=29375"}],"curies":[{"name":"wp","href":"https:\/\/api.w.org\/{rel}","templated":true}]}}