
{"id":30118,"date":"2025-01-23T13:44:47","date_gmt":"2025-01-23T11:44:47","guid":{"rendered":"https:\/\/ticsalutsocial.atoom.space\/event\/presentacio-plataforma-medicina-de-precisio-omiq-hes\/"},"modified":"2025-01-31T10:56:19","modified_gmt":"2025-01-31T08:56:19","slug":"presentacio-plataforma-medicina-de-precisio-omiq-hes","status":"publish","type":"event","link":"https:\/\/ticsalutsocial.atoom.space\/es\/event\/presentacio-plataforma-medicina-de-precisio-omiq-hes\/","title":{"rendered":"Presentaci\u00f3n Plataforma Medicina de Precisi\u00f3n OMIQ-HES"},"content":{"rendered":"<p>La medicina de precisi\u00f3n supone un cambio de paradigma en la atenci\u00f3n sanitaria. Debe permitir ofrecer una medicina y atenci\u00f3n m\u00e1s preventiva, as\u00ed como diagn\u00f3sticos y tratamientos m\u00e1s eficaces y seguros. Tambi\u00e9n facilita la optimizaci\u00f3n del gasto sanitario, promoviendo la sostenibilidad del sistema.<\/p>\n<p>Para llevar a cabo el despliegue de la medicina de precisi\u00f3n, las TIC tienen un papel central. Contar con herramientas que faciliten el proceso asistencial, incorporando herramientas bioinform\u00e1ticas, proporciona equidad y sostenibilidad al sistema de salud. Crear un ecosistema para la investigaci\u00f3n y la innovaci\u00f3n es el objetivo de la Plataforma de Medicina de Precisi\u00f3n del Sistema de Salud (OMIQ-HES).<\/p>\n<p>Esta plataforma, impulsada por el Sistema de Salud de Catalu\u00f1a, cuenta con el apoyo tecnol\u00f3gico de Bioinformatics Barcelona (BIB), Genomcore y Fujitsu.<\/p>\n<p><strong>10:00 Inauguraci\u00f3n<\/strong><br \/>\nAlfredo Garc\u00eda. Director del Servei Catal\u00e0 de la Salut.<br \/>\nAna Ripoll. Presidenta de Bioinformatics Barcelona (BIB).<\/p>\n<p><strong>10:15 La medicina de precisi\u00f3n en Catalu\u00f1a<\/strong><br \/>\nJosep M\u00aa Borr\u00e0s. Director del Pla Director de C\u00e0ncer de Catalunya.<br \/>\nJosep Tabernero. Presidente del Comit\u00e9 Cient\u00edfico Asesor del Programa de Oncolog\u00eda de Precisi\u00f3n del Servei Catal\u00e0 de la Salut.<br \/>\nAlbert Barber\u00e0. Director de Estrategia Externa del Vall Hebron Institut de Recerca y miembro de la Junta Directiva de Bioinformatics Barcelona (BIB).<\/p>\n<p><strong>11:00 Caf\u00e9<\/strong><\/p>\n<p><strong>11:30 Presentaci\u00f3n plataforma medicina de precisi\u00f3n del sistema de salud (OMIQ-HES)<\/strong><br \/>\nPol P\u00e9rez. Coordinador General del \u00c1rea de Tecnolog\u00edas de la Informaci\u00f3n y la Comunicaci\u00f3n del Servei Catal\u00e0 de la Salut.<br \/>\nCarlos Gallego. Director de la Plataforma OMIQ-HES.<\/p>\n<p><strong>12:00 La apuesta tecnol\u00f3gica y bioinform\u00e1tica para la medicina de precisi\u00f3n en Catalu\u00f1a<\/strong><br \/>\nXavier Sol\u00e9. Facultativo Bioinform\u00e1tico del CORE de Biolog\u00eda Molecular del Hospital Cl\u00ednic de Barcelona.<br \/>\nGuerau Fern\u00e1ndez. Facultativo Adjunto del Departamento de Laboratorio del Hospital Sant Joan de D\u00e9u de Barcelona y responsable de la Unidad de Bioinform\u00e1tica Cl\u00ednica.<br \/>\nDiana de la Iglesia. Directora de Desarrollo de Negocio para Gen\u00f3mica IA en Fujitsu.<br \/>\nFernando Vali\u00f1o. Government and Healthcare Sales Lead, Microsoft Spain.<br \/>\nOscar Flores. CEO de Genomcore.<\/p>\n<p>Moderado por Ana Ripoll. Presidenta de Bioinformatics Barcelona (BIB).<\/p>\n<p><strong>13:00 Clausura<\/strong><br \/>\nAlbert Tort. Secretario de Telecomunicaciones y Transformaci\u00f3n Digital de la Generalitat de Catalunya.<\/p>\n<p><strong>13:15 Vermut de cortes\u00eda<\/strong><\/p>\n","protected":false},"featured_media":0,"menu_order":0,"template":"","meta":{"_acf_changed":false,"inline_featured_image":false},"tipus":[],"topic":[117],"class_list":["post-30118","event","type-event","status-publish","hentry","topic-jornadas"],"acf":{"imatge":30034,"informacio":{"ubicacio":"Aula Magna - Casa Convalesc\u00e8ncia","data":"05\/02\/2025","hora":"10:00 - 13:00","preu":"Gratu\u00eft streaming","inscripcions":"https:\/\/www.eventbrite.com\/e\/entradas-streaming-presentacio-de-la-plataforma-de-medicina-de-precisio-omiq-hes-1226154524189?aff=oddtdtcreator"},"programa":{"titol":"","items":false},"documents":false},"yoast_head":"<!-- This site is optimized with the Yoast SEO plugin v27.1.1 - https:\/\/yoast.com\/product\/yoast-seo-wordpress\/ -->\n<title>Presentaci\u00f3n Plataforma Medicina de Precisi\u00f3n OMIQ-HES - Fundaci\u00f3 TIC Salut i Social<\/title>\n<meta name=\"robots\" content=\"index, follow, max-snippet:-1, max-image-preview:large, max-video-preview:-1\" \/>\n<link rel=\"canonical\" href=\"https:\/\/ticsalutsocial.atoom.space\/es\/event\/presentacio-plataforma-medicina-de-precisio-omiq-hes\/\" \/>\n<meta property=\"og:locale\" content=\"es_ES\" \/>\n<meta property=\"og:type\" content=\"article\" \/>\n<meta property=\"og:title\" content=\"Presentaci\u00f3n Plataforma Medicina de Precisi\u00f3n OMIQ-HES - Fundaci\u00f3 TIC Salut i Social\" \/>\n<meta property=\"og:description\" content=\"La medicina de precisi\u00f3n supone un cambio de paradigma en la atenci\u00f3n sanitaria. Debe permitir ofrecer una medicina y atenci\u00f3n m\u00e1s preventiva, as\u00ed como diagn\u00f3sticos y tratamientos m\u00e1s eficaces y seguros. Tambi\u00e9n facilita la optimizaci\u00f3n del gasto sanitario, promoviendo la sostenibilidad del sistema. Para llevar a cabo el despliegue de la medicina de precisi\u00f3n, las [&hellip;]\" \/>\n<meta property=\"og:url\" content=\"https:\/\/ticsalutsocial.atoom.space\/es\/event\/presentacio-plataforma-medicina-de-precisio-omiq-hes\/\" \/>\n<meta property=\"og:site_name\" content=\"Fundaci\u00f3 TIC Salut i Social\" \/>\n<meta property=\"article:modified_time\" content=\"2025-01-31T08:56:19+00:00\" \/>\n<meta name=\"twitter:card\" content=\"summary_large_image\" \/>\n<meta name=\"twitter:label1\" content=\"Tiempo de lectura\" \/>\n\t<meta name=\"twitter:data1\" content=\"2 minutos\" \/>\n<script type=\"application\/ld+json\" class=\"yoast-schema-graph\">{\"@context\":\"https:\/\/schema.org\",\"@graph\":[{\"@type\":\"WebPage\",\"@id\":\"https:\/\/ticsalutsocial.atoom.space\/es\/event\/presentacio-plataforma-medicina-de-precisio-omiq-hes\/\",\"url\":\"https:\/\/ticsalutsocial.atoom.space\/es\/event\/presentacio-plataforma-medicina-de-precisio-omiq-hes\/\",\"name\":\"Presentaci\u00f3n Plataforma Medicina de Precisi\u00f3n OMIQ-HES - Fundaci\u00f3 TIC Salut i Social\",\"isPartOf\":{\"@id\":\"https:\/\/ticsalutsocial.atoom.space\/es\/#website\"},\"datePublished\":\"2025-01-23T11:44:47+00:00\",\"dateModified\":\"2025-01-31T08:56:19+00:00\",\"breadcrumb\":{\"@id\":\"https:\/\/ticsalutsocial.atoom.space\/es\/event\/presentacio-plataforma-medicina-de-precisio-omiq-hes\/#breadcrumb\"},\"inLanguage\":\"es\",\"potentialAction\":[{\"@type\":\"ReadAction\",\"target\":[\"https:\/\/ticsalutsocial.atoom.space\/es\/event\/presentacio-plataforma-medicina-de-precisio-omiq-hes\/\"]}]},{\"@type\":\"BreadcrumbList\",\"@id\":\"https:\/\/ticsalutsocial.atoom.space\/es\/event\/presentacio-plataforma-medicina-de-precisio-omiq-hes\/#breadcrumb\",\"itemListElement\":[{\"@type\":\"ListItem\",\"position\":1,\"name\":\"Inici\",\"item\":\"https:\/\/ticsalutsocial.atoom.space\/es\/\"},{\"@type\":\"ListItem\",\"position\":2,\"name\":\"Presentaci\u00f3n Plataforma Medicina de Precisi\u00f3n OMIQ-HES\"}]},{\"@type\":\"WebSite\",\"@id\":\"https:\/\/ticsalutsocial.atoom.space\/es\/#website\",\"url\":\"https:\/\/ticsalutsocial.atoom.space\/es\/\",\"name\":\"Fundaci\u00f3 TIC Salut i Social\",\"description\":\"\",\"potentialAction\":[{\"@type\":\"SearchAction\",\"target\":{\"@type\":\"EntryPoint\",\"urlTemplate\":\"https:\/\/ticsalutsocial.atoom.space\/es\/?s={search_term_string}\"},\"query-input\":{\"@type\":\"PropertyValueSpecification\",\"valueRequired\":true,\"valueName\":\"search_term_string\"}}],\"inLanguage\":\"es\"}]}<\/script>\n<!-- \/ Yoast SEO plugin. -->","yoast_head_json":{"title":"Presentaci\u00f3n Plataforma Medicina de Precisi\u00f3n OMIQ-HES - Fundaci\u00f3 TIC Salut i Social","robots":{"index":"index","follow":"follow","max-snippet":"max-snippet:-1","max-image-preview":"max-image-preview:large","max-video-preview":"max-video-preview:-1"},"canonical":"https:\/\/ticsalutsocial.atoom.space\/es\/event\/presentacio-plataforma-medicina-de-precisio-omiq-hes\/","og_locale":"es_ES","og_type":"article","og_title":"Presentaci\u00f3n Plataforma Medicina de Precisi\u00f3n OMIQ-HES - Fundaci\u00f3 TIC Salut i Social","og_description":"La medicina de precisi\u00f3n supone un cambio de paradigma en la atenci\u00f3n sanitaria. Debe permitir ofrecer una medicina y atenci\u00f3n m\u00e1s preventiva, as\u00ed como diagn\u00f3sticos y tratamientos m\u00e1s eficaces y seguros. Tambi\u00e9n facilita la optimizaci\u00f3n del gasto sanitario, promoviendo la sostenibilidad del sistema. Para llevar a cabo el despliegue de la medicina de precisi\u00f3n, las [&hellip;]","og_url":"https:\/\/ticsalutsocial.atoom.space\/es\/event\/presentacio-plataforma-medicina-de-precisio-omiq-hes\/","og_site_name":"Fundaci\u00f3 TIC Salut i Social","article_modified_time":"2025-01-31T08:56:19+00:00","twitter_card":"summary_large_image","twitter_misc":{"Tiempo de lectura":"2 minutos"},"schema":{"@context":"https:\/\/schema.org","@graph":[{"@type":"WebPage","@id":"https:\/\/ticsalutsocial.atoom.space\/es\/event\/presentacio-plataforma-medicina-de-precisio-omiq-hes\/","url":"https:\/\/ticsalutsocial.atoom.space\/es\/event\/presentacio-plataforma-medicina-de-precisio-omiq-hes\/","name":"Presentaci\u00f3n Plataforma Medicina de Precisi\u00f3n OMIQ-HES - Fundaci\u00f3 TIC Salut i Social","isPartOf":{"@id":"https:\/\/ticsalutsocial.atoom.space\/es\/#website"},"datePublished":"2025-01-23T11:44:47+00:00","dateModified":"2025-01-31T08:56:19+00:00","breadcrumb":{"@id":"https:\/\/ticsalutsocial.atoom.space\/es\/event\/presentacio-plataforma-medicina-de-precisio-omiq-hes\/#breadcrumb"},"inLanguage":"es","potentialAction":[{"@type":"ReadAction","target":["https:\/\/ticsalutsocial.atoom.space\/es\/event\/presentacio-plataforma-medicina-de-precisio-omiq-hes\/"]}]},{"@type":"BreadcrumbList","@id":"https:\/\/ticsalutsocial.atoom.space\/es\/event\/presentacio-plataforma-medicina-de-precisio-omiq-hes\/#breadcrumb","itemListElement":[{"@type":"ListItem","position":1,"name":"Inici","item":"https:\/\/ticsalutsocial.atoom.space\/es\/"},{"@type":"ListItem","position":2,"name":"Presentaci\u00f3n Plataforma Medicina de Precisi\u00f3n OMIQ-HES"}]},{"@type":"WebSite","@id":"https:\/\/ticsalutsocial.atoom.space\/es\/#website","url":"https:\/\/ticsalutsocial.atoom.space\/es\/","name":"Fundaci\u00f3 TIC Salut i Social","description":"","potentialAction":[{"@type":"SearchAction","target":{"@type":"EntryPoint","urlTemplate":"https:\/\/ticsalutsocial.atoom.space\/es\/?s={search_term_string}"},"query-input":{"@type":"PropertyValueSpecification","valueRequired":true,"valueName":"search_term_string"}}],"inLanguage":"es"}]}},"_links":{"self":[{"href":"https:\/\/ticsalutsocial.atoom.space\/es\/wp-json\/wp\/v2\/event\/30118","targetHints":{"allow":["GET"]}}],"collection":[{"href":"https:\/\/ticsalutsocial.atoom.space\/es\/wp-json\/wp\/v2\/event"}],"about":[{"href":"https:\/\/ticsalutsocial.atoom.space\/es\/wp-json\/wp\/v2\/types\/event"}],"wp:attachment":[{"href":"https:\/\/ticsalutsocial.atoom.space\/es\/wp-json\/wp\/v2\/media?parent=30118"}],"wp:term":[{"taxonomy":"tipus","embeddable":true,"href":"https:\/\/ticsalutsocial.atoom.space\/es\/wp-json\/wp\/v2\/tipus?post=30118"},{"taxonomy":"topic","embeddable":true,"href":"https:\/\/ticsalutsocial.atoom.space\/es\/wp-json\/wp\/v2\/topic?post=30118"}],"curies":[{"name":"wp","href":"https:\/\/api.w.org\/{rel}","templated":true}]}}