
{"id":30259,"date":"2025-02-11T11:10:47","date_gmt":"2025-02-11T09:10:47","guid":{"rendered":"https:\/\/ticsalutsocial.atoom.space\/event\/innovacio-social-digital-per-la-salut-i-el-benestar-experiencies-i-casos-dexit\/"},"modified":"2025-02-11T12:05:06","modified_gmt":"2025-02-11T10:05:06","slug":"innovacio-social-digital-per-la-salut-i-el-benestar-experiencies-i-casos-dexit","status":"publish","type":"event","link":"https:\/\/ticsalutsocial.atoom.space\/es\/event\/innovacio-social-digital-per-la-salut-i-el-benestar-experiencies-i-casos-dexit\/","title":{"rendered":"Innovaci\u00f3n Social Digital para la Salud y el Bienestar: Experiencias y Casos de \u00c9xito"},"content":{"rendered":"<p data-start=\"93\" data-end=\"291\">El pr\u00f3ximo 20 de febrero a las 12 h, en el marco de la <em data-start=\"148\" data-end=\"182\">Barcelona Health Innovation Week<\/em>, se celebrar\u00e1 una actividad organizada por las oficinas del centro de investigaci\u00f3n de la Fundaci\u00f3n i2CAT.<\/p>\n<p data-start=\"293\" data-end=\"662\">La sesi\u00f3n abordar\u00e1 c\u00f3mo la innovaci\u00f3n social digital est\u00e1 transformando el \u00e1mbito de la salud, centr\u00e1ndose en una metodolog\u00eda que sit\u00faa a la persona en el centro de la innovaci\u00f3n. Conoceremos experiencias y casos de \u00e9xito que demostrar\u00e1n c\u00f3mo la tecnolog\u00eda digital puede revolucionar la atenci\u00f3n sanitaria y social a trav\u00e9s de iniciativas innovadoras de alto impacto.<\/p>\n<p data-start=\"664\" data-end=\"985\">Asimismo, se presentar\u00e1 el proyecto europeo coordinado por i2CAT, <em data-start=\"730\" data-end=\"809\">INTEGER4H &#8211; Interconnecting 4 Helix Innovation Ecosystems in European Regions<\/em>, que impulsa la innovaci\u00f3n social digital y los ecosistemas de innovaci\u00f3n en el \u00e1mbito de la salud y el bienestar mediante la colaboraci\u00f3n entre distintas regiones europeas.<\/p>\n<p data-start=\"987\" data-end=\"1143\">Finalmente, se llevar\u00e1 a cabo una din\u00e1mica participativa que permitir\u00e1 a los asistentes establecer conexiones e intercambiar conocimientos y experiencias.<\/p>\n<h3 data-start=\"1145\" data-end=\"1160\">Programa:<\/h3>\n<ul data-start=\"1162\" data-end=\"1844\" data-is-last-node=\"\">\n<li data-start=\"1162\" data-end=\"1180\">\n<p data-start=\"1164\" data-end=\"1180\"><strong data-start=\"1164\" data-end=\"1178\">Bienvenida<\/strong><\/p>\n<\/li>\n<li data-start=\"1182\" data-end=\"1336\">\n<p data-start=\"1184\" data-end=\"1252\"><strong data-start=\"1184\" data-end=\"1250\">Claves de la innovaci\u00f3n social digital. Aproximaci\u00f3n a INTEGER<\/strong><\/p>\n<ul data-start=\"1255\" data-end=\"1336\">\n<li data-start=\"1255\" data-end=\"1336\"><em data-start=\"1257\" data-end=\"1274\">Marta Martorell<\/em>, directora del \u00e1rea <em data-start=\"1295\" data-end=\"1325\">Digital Society Technologies<\/em> en i2CAT<\/li>\n<\/ul>\n<\/li>\n<li data-start=\"1338\" data-end=\"1769\">\n<p data-start=\"1340\" data-end=\"1416\"><strong data-start=\"1340\" data-end=\"1414\">Experiencias y casos de \u00e9xito en el \u00e1mbito de la salud y el bienestar:<\/strong><\/p>\n<ul data-start=\"1419\" data-end=\"1769\">\n<li data-start=\"1419\" data-end=\"1487\"><em data-start=\"1421\" data-end=\"1438\">B\u00e0rbara Outeiro<\/em>, Suara Cooperativa. Caso: <em data-start=\"1465\" data-end=\"1485\">Social Digital Lab<\/em><\/li>\n<li data-start=\"1490\" data-end=\"1634\"><em data-start=\"1492\" data-end=\"1506\">Carme Rovira<\/em>, Campus Docent Sant Joan de D\u00e9u. Caso: <em data-start=\"1546\" data-end=\"1631\">Pensar en el cambio deseado y el mapa de actores para llegar a soluciones concretas<\/em>.<\/li>\n<li data-start=\"1637\" data-end=\"1710\"><em data-start=\"1639\" data-end=\"1652\">Marta Rof\u00edn<\/em>, Healthy Cities. Caso: <em data-start=\"1676\" data-end=\"1707\">Healthy Cities Generator Tool<\/em>.<\/li>\n<li data-start=\"1713\" data-end=\"1769\"><em data-start=\"1715\" data-end=\"1731\">N\u00faria Infiesta<\/em>, YASYT. Caso: <em data-start=\"1746\" data-end=\"1766\">Hogares conectados<\/em>.<\/li>\n<\/ul>\n<\/li>\n<li data-start=\"1771\" data-end=\"1817\">\n<p data-start=\"1773\" data-end=\"1817\"><strong data-start=\"1773\" data-end=\"1815\">\u00c1gora abierta y din\u00e1mica de networking<\/strong><\/p>\n<\/li>\n<li data-start=\"1819\" data-end=\"1844\" data-is-last-node=\"\">\n<p data-start=\"1821\" data-end=\"1844\" data-is-last-node=\"\"><strong data-start=\"1821\" data-end=\"1844\" data-is-last-node=\"\">Evaluaci\u00f3n y cierre<\/strong><\/p>\n<\/li>\n<\/ul>\n<p class=\"xmsonormal\">\n","protected":false},"featured_media":0,"menu_order":0,"template":"","meta":{"_acf_changed":false,"inline_featured_image":false},"tipus":[],"topic":[],"class_list":["post-30259","event","type-event","status-publish","hentry"],"acf":{"informacio":{"ubicacio":"Sala Ada Ada Lovelace. Fundaci\u00f3 i2CAT. Capit\u00e0, 2-4, Edifici Nexus I, planta 2, 08034 Barcelona","data":"20\/02\/2025","hora":"12:00 \/ 13:30","preu":"Gratu\u00eft","inscripcions":"https:\/\/docs.google.com\/forms\/d\/1y-5aRTcg67lAQFHLawO-a4NvewUu0aEz41iPjUrkpD8\/viewform?edit_requested=true"},"programa":{"titol":"","items":false},"documents":false},"yoast_head":"<!-- This site is optimized with the Yoast SEO plugin v27.1.1 - https:\/\/yoast.com\/product\/yoast-seo-wordpress\/ -->\n<title>Innovaci\u00f3n Social Digital para la Salud y el Bienestar: Experiencias y Casos de \u00c9xito - Fundaci\u00f3 TIC Salut i Social<\/title>\n<meta name=\"robots\" content=\"index, follow, max-snippet:-1, max-image-preview:large, max-video-preview:-1\" \/>\n<link rel=\"canonical\" href=\"https:\/\/ticsalutsocial.atoom.space\/es\/event\/innovacio-social-digital-per-la-salut-i-el-benestar-experiencies-i-casos-dexit\/\" \/>\n<meta property=\"og:locale\" content=\"es_ES\" \/>\n<meta property=\"og:type\" content=\"article\" \/>\n<meta property=\"og:title\" content=\"Innovaci\u00f3n Social Digital para la Salud y el Bienestar: Experiencias y Casos de \u00c9xito - Fundaci\u00f3 TIC Salut i Social\" \/>\n<meta property=\"og:description\" content=\"El pr\u00f3ximo 20 de febrero a las 12 h, en el marco de la Barcelona Health Innovation Week, se celebrar\u00e1 una actividad organizada por las oficinas del centro de investigaci\u00f3n de la Fundaci\u00f3n i2CAT. La sesi\u00f3n abordar\u00e1 c\u00f3mo la innovaci\u00f3n social digital est\u00e1 transformando el \u00e1mbito de la salud, centr\u00e1ndose en una metodolog\u00eda que sit\u00faa [&hellip;]\" \/>\n<meta property=\"og:url\" content=\"https:\/\/ticsalutsocial.atoom.space\/es\/event\/innovacio-social-digital-per-la-salut-i-el-benestar-experiencies-i-casos-dexit\/\" \/>\n<meta property=\"og:site_name\" content=\"Fundaci\u00f3 TIC Salut i Social\" \/>\n<meta property=\"article:modified_time\" content=\"2025-02-11T10:05:06+00:00\" \/>\n<meta name=\"twitter:card\" content=\"summary_large_image\" \/>\n<meta name=\"twitter:label1\" content=\"Tiempo de lectura\" \/>\n\t<meta name=\"twitter:data1\" content=\"2 minutos\" \/>\n<script type=\"application\/ld+json\" class=\"yoast-schema-graph\">{\"@context\":\"https:\/\/schema.org\",\"@graph\":[{\"@type\":\"WebPage\",\"@id\":\"https:\/\/ticsalutsocial.atoom.space\/es\/event\/innovacio-social-digital-per-la-salut-i-el-benestar-experiencies-i-casos-dexit\/\",\"url\":\"https:\/\/ticsalutsocial.atoom.space\/es\/event\/innovacio-social-digital-per-la-salut-i-el-benestar-experiencies-i-casos-dexit\/\",\"name\":\"Innovaci\u00f3n Social Digital para la Salud y el Bienestar: Experiencias y Casos de \u00c9xito - Fundaci\u00f3 TIC Salut i Social\",\"isPartOf\":{\"@id\":\"https:\/\/ticsalutsocial.atoom.space\/es\/#website\"},\"datePublished\":\"2025-02-11T09:10:47+00:00\",\"dateModified\":\"2025-02-11T10:05:06+00:00\",\"breadcrumb\":{\"@id\":\"https:\/\/ticsalutsocial.atoom.space\/es\/event\/innovacio-social-digital-per-la-salut-i-el-benestar-experiencies-i-casos-dexit\/#breadcrumb\"},\"inLanguage\":\"es\",\"potentialAction\":[{\"@type\":\"ReadAction\",\"target\":[\"https:\/\/ticsalutsocial.atoom.space\/es\/event\/innovacio-social-digital-per-la-salut-i-el-benestar-experiencies-i-casos-dexit\/\"]}]},{\"@type\":\"BreadcrumbList\",\"@id\":\"https:\/\/ticsalutsocial.atoom.space\/es\/event\/innovacio-social-digital-per-la-salut-i-el-benestar-experiencies-i-casos-dexit\/#breadcrumb\",\"itemListElement\":[{\"@type\":\"ListItem\",\"position\":1,\"name\":\"Inici\",\"item\":\"https:\/\/ticsalutsocial.atoom.space\/es\/\"},{\"@type\":\"ListItem\",\"position\":2,\"name\":\"Innovaci\u00f3n Social Digital para la Salud y el Bienestar: Experiencias y Casos de \u00c9xito\"}]},{\"@type\":\"WebSite\",\"@id\":\"https:\/\/ticsalutsocial.atoom.space\/es\/#website\",\"url\":\"https:\/\/ticsalutsocial.atoom.space\/es\/\",\"name\":\"Fundaci\u00f3 TIC Salut i Social\",\"description\":\"\",\"potentialAction\":[{\"@type\":\"SearchAction\",\"target\":{\"@type\":\"EntryPoint\",\"urlTemplate\":\"https:\/\/ticsalutsocial.atoom.space\/es\/?s={search_term_string}\"},\"query-input\":{\"@type\":\"PropertyValueSpecification\",\"valueRequired\":true,\"valueName\":\"search_term_string\"}}],\"inLanguage\":\"es\"}]}<\/script>\n<!-- \/ Yoast SEO plugin. -->","yoast_head_json":{"title":"Innovaci\u00f3n Social Digital para la Salud y el Bienestar: Experiencias y Casos de \u00c9xito - Fundaci\u00f3 TIC Salut i Social","robots":{"index":"index","follow":"follow","max-snippet":"max-snippet:-1","max-image-preview":"max-image-preview:large","max-video-preview":"max-video-preview:-1"},"canonical":"https:\/\/ticsalutsocial.atoom.space\/es\/event\/innovacio-social-digital-per-la-salut-i-el-benestar-experiencies-i-casos-dexit\/","og_locale":"es_ES","og_type":"article","og_title":"Innovaci\u00f3n Social Digital para la Salud y el Bienestar: Experiencias y Casos de \u00c9xito - Fundaci\u00f3 TIC Salut i Social","og_description":"El pr\u00f3ximo 20 de febrero a las 12 h, en el marco de la Barcelona Health Innovation Week, se celebrar\u00e1 una actividad organizada por las oficinas del centro de investigaci\u00f3n de la Fundaci\u00f3n i2CAT. La sesi\u00f3n abordar\u00e1 c\u00f3mo la innovaci\u00f3n social digital est\u00e1 transformando el \u00e1mbito de la salud, centr\u00e1ndose en una metodolog\u00eda que sit\u00faa [&hellip;]","og_url":"https:\/\/ticsalutsocial.atoom.space\/es\/event\/innovacio-social-digital-per-la-salut-i-el-benestar-experiencies-i-casos-dexit\/","og_site_name":"Fundaci\u00f3 TIC Salut i Social","article_modified_time":"2025-02-11T10:05:06+00:00","twitter_card":"summary_large_image","twitter_misc":{"Tiempo de lectura":"2 minutos"},"schema":{"@context":"https:\/\/schema.org","@graph":[{"@type":"WebPage","@id":"https:\/\/ticsalutsocial.atoom.space\/es\/event\/innovacio-social-digital-per-la-salut-i-el-benestar-experiencies-i-casos-dexit\/","url":"https:\/\/ticsalutsocial.atoom.space\/es\/event\/innovacio-social-digital-per-la-salut-i-el-benestar-experiencies-i-casos-dexit\/","name":"Innovaci\u00f3n Social Digital para la Salud y el Bienestar: Experiencias y Casos de \u00c9xito - Fundaci\u00f3 TIC Salut i Social","isPartOf":{"@id":"https:\/\/ticsalutsocial.atoom.space\/es\/#website"},"datePublished":"2025-02-11T09:10:47+00:00","dateModified":"2025-02-11T10:05:06+00:00","breadcrumb":{"@id":"https:\/\/ticsalutsocial.atoom.space\/es\/event\/innovacio-social-digital-per-la-salut-i-el-benestar-experiencies-i-casos-dexit\/#breadcrumb"},"inLanguage":"es","potentialAction":[{"@type":"ReadAction","target":["https:\/\/ticsalutsocial.atoom.space\/es\/event\/innovacio-social-digital-per-la-salut-i-el-benestar-experiencies-i-casos-dexit\/"]}]},{"@type":"BreadcrumbList","@id":"https:\/\/ticsalutsocial.atoom.space\/es\/event\/innovacio-social-digital-per-la-salut-i-el-benestar-experiencies-i-casos-dexit\/#breadcrumb","itemListElement":[{"@type":"ListItem","position":1,"name":"Inici","item":"https:\/\/ticsalutsocial.atoom.space\/es\/"},{"@type":"ListItem","position":2,"name":"Innovaci\u00f3n Social Digital para la Salud y el Bienestar: Experiencias y Casos de \u00c9xito"}]},{"@type":"WebSite","@id":"https:\/\/ticsalutsocial.atoom.space\/es\/#website","url":"https:\/\/ticsalutsocial.atoom.space\/es\/","name":"Fundaci\u00f3 TIC Salut i Social","description":"","potentialAction":[{"@type":"SearchAction","target":{"@type":"EntryPoint","urlTemplate":"https:\/\/ticsalutsocial.atoom.space\/es\/?s={search_term_string}"},"query-input":{"@type":"PropertyValueSpecification","valueRequired":true,"valueName":"search_term_string"}}],"inLanguage":"es"}]}},"_links":{"self":[{"href":"https:\/\/ticsalutsocial.atoom.space\/es\/wp-json\/wp\/v2\/event\/30259","targetHints":{"allow":["GET"]}}],"collection":[{"href":"https:\/\/ticsalutsocial.atoom.space\/es\/wp-json\/wp\/v2\/event"}],"about":[{"href":"https:\/\/ticsalutsocial.atoom.space\/es\/wp-json\/wp\/v2\/types\/event"}],"wp:attachment":[{"href":"https:\/\/ticsalutsocial.atoom.space\/es\/wp-json\/wp\/v2\/media?parent=30259"}],"wp:term":[{"taxonomy":"tipus","embeddable":true,"href":"https:\/\/ticsalutsocial.atoom.space\/es\/wp-json\/wp\/v2\/tipus?post=30259"},{"taxonomy":"topic","embeddable":true,"href":"https:\/\/ticsalutsocial.atoom.space\/es\/wp-json\/wp\/v2\/topic?post=30259"}],"curies":[{"name":"wp","href":"https:\/\/api.w.org\/{rel}","templated":true}]}}