
{"id":30805,"date":"2025-02-17T13:01:47","date_gmt":"2025-02-17T11:01:47","guid":{"rendered":"https:\/\/ticsalutsocial.atoom.space\/event\/world-obesity-day-2025\/"},"modified":"2025-02-28T13:27:39","modified_gmt":"2025-02-28T11:27:39","slug":"world-obesity-day-2025","status":"publish","type":"event","link":"https:\/\/ticsalutsocial.atoom.space\/es\/event\/world-obesity-day-2025\/","title":{"rendered":"World Obesity Day &#8211; 2025"},"content":{"rendered":"<p>El D\u00eda Mundial de la Obesidad, celebrado anualmente el 4 de marzo y liderado por la World Obesity Federation, representa una gran oportunidad para sensibilizar y repensar de forma transversal el estigma, la prevenci\u00f3n y el tratamiento de la obesidad, as\u00ed como las mejores estrategias y sinergias en nuestro entorno.<\/p>\n<p>En este marco, se ha organizado una jornada en el Paraninfo de la Facultad de Medicina y Ciencias de la Salud de la Universidad de Barcelona (Hospital Cl\u00ednic), un espacio emblem\u00e1tico que reunir\u00e1 a profesionales expertos\/as en el \u00e1mbito de la salud, la investigaci\u00f3n y la atenci\u00f3n a personas con obesidad, personas afectadas, divulgadores cient\u00edficos y otros profesionales clave comprometidos con la prevenci\u00f3n y el abordaje de la obesidad.<\/p>\n<p>&nbsp;<\/p>\n<h3 style=\"text-align: left;\" data-start=\"816\" data-end=\"849\"><strong>Objetivos de la jornada<\/strong><\/h3>\n<ul style=\"text-align: left;\" data-start=\"850\" data-end=\"1470\">\n<li data-start=\"850\" data-end=\"957\">Concienciar sobre la problem\u00e1tica de la obesidad, destacando su impacto sanitario, social y econ\u00f3mico.<\/li>\n<\/ul>\n<p>&nbsp;<\/p>\n<ul style=\"text-align: left;\" data-start=\"850\" data-end=\"1470\">\n<li data-start=\"958\" data-end=\"1112\">Compartir conocimientos y avances cient\u00edficos en la prevenci\u00f3n y el abordaje de la obesidad, incluyendo enfoques innovadores basados en la evidencia.<\/li>\n<\/ul>\n<p>&nbsp;<\/p>\n<ul style=\"text-align: left;\" data-start=\"850\" data-end=\"1470\">\n<li data-start=\"1113\" data-end=\"1319\">Promover la colaboraci\u00f3n interdisciplinaria entre los diferentes actores implicados, desde el \u00e1mbito comunitario y cl\u00ednico hasta el educativo y pol\u00edtico, con la participaci\u00f3n de las personas afectadas.<\/li>\n<\/ul>\n<p>&nbsp;<\/p>\n<ul style=\"text-align: left;\" data-start=\"850\" data-end=\"1470\">\n<li data-start=\"1320\" data-end=\"1470\">Impulsar estrategias y pol\u00edticas alineadas con los objetivos globales de la OMS y adaptadas a las necesidades y posibilidades de nuestro entorno.<\/li>\n<\/ul>\n<p>&nbsp;<\/p>\n<h3 style=\"text-align: left;\" data-start=\"1472\" data-end=\"1511\"><strong data-start=\"1476\" data-end=\"1509\">Participaci\u00f3n y valor a\u00f1adido<\/strong><\/h3>\n<p>La jornada contar\u00e1 con la participaci\u00f3n de actores clave de diversos sectores, incluyendo:<\/p>\n<p><br data-start=\"1602\" data-end=\"1605\" \/>\u25aa Profesionales expertos\/as en la prevenci\u00f3n y el abordaje de la obesidad y las enfermedades relacionadas.<\/p>\n<p><br data-start=\"1711\" data-end=\"1714\" \/>\u25aa Profesionales de la salud involucrados\/as en el tratamiento multidisciplinario.<\/p>\n<p><br data-start=\"1795\" data-end=\"1798\" \/>\u25aa Representantes de organizaciones y asociaciones de personas afectadas.<\/p>\n<p><br data-start=\"1870\" data-end=\"1873\" \/>\u25aa L\u00edderes en pol\u00edticas p\u00fablicas y salud comunitaria.<\/p>\n<p><br data-start=\"1925\" data-end=\"1928\" \/>\u25aa Profesionales de la innovaci\u00f3n, la investigaci\u00f3n y la docencia comprometidos\/as con la formaci\u00f3n y la divulgaci\u00f3n.<\/p>\n<p>&nbsp;<\/p>\n<p>Este enfoque inclusivo y colaborativo busca poner sobre la mesa diferentes visiones y necesidades, enriqueciendo el debate y fomentando propuestas innovadoras que sean viables y sostenibles en nuestro entorno.<\/p>\n<hr data-start=\"2261\" data-end=\"2264\" \/>\n<h2 data-start=\"2266\" data-end=\"2283\"><\/h2>\n<h2 style=\"text-align: left;\" data-start=\"2266\" data-end=\"2283\"><strong data-start=\"2269\" data-end=\"2281\">Programa<\/strong><\/h2>\n<h3 style=\"text-align: left;\" data-start=\"2285\" data-end=\"2315\"><strong data-start=\"2289\" data-end=\"2313\">9:00-9:15 Bienvenida<\/strong><\/h3>\n<ul style=\"text-align: left;\" data-start=\"2316\" data-end=\"2470\">\n<li data-start=\"2316\" data-end=\"2368\">Josep Maria Campistol, Gerente Cl\u00ednic Barcelona.<\/li>\n<li data-start=\"2369\" data-end=\"2470\">Josep Vidal, Endocrin\u00f3logo y Jefe del Instituto Cl\u00ednico de Enfermedades Digestivas y Metab\u00f3licas.<\/li>\n<\/ul>\n<p>&nbsp;<\/p>\n<h3 style=\"text-align: left;\" data-start=\"2472\" data-end=\"2622\"><strong data-start=\"2476\" data-end=\"2620\">9:15-9:35 \u00bfEs suficiente la formaci\u00f3n actual de los profesionales de la medicina y enfermer\u00eda en la prevenci\u00f3n y el abordaje de la obesidad?<\/strong><\/h3>\n<ul style=\"text-align: left;\" data-start=\"2623\" data-end=\"2746\">\n<li data-start=\"2623\" data-end=\"2685\">Antoni Trilla, Decano de la Facultad de Medicina de la UB.<\/li>\n<li data-start=\"2686\" data-end=\"2746\">Maria Teresa Lluch, Decana de la Facultad de Enfermer\u00eda.<\/li>\n<\/ul>\n<p>&nbsp;<\/p>\n<hr data-start=\"2748\" data-end=\"2751\" \/>\n<h3 style=\"text-align: left;\" data-start=\"2753\" data-end=\"2808\"><strong data-start=\"2757\" data-end=\"2806\">Mesa 1: Retos y responsabilidades compartidas<\/strong><\/h3>\n<p>&nbsp;<\/p>\n<p style=\"text-align: left;\" data-start=\"2809\" data-end=\"2876\"><strong data-start=\"2809\" data-end=\"2820\">Modera:<\/strong> Gemma Salvador. Agencia de Salud P\u00fablica de Catalu\u00f1a.<\/p>\n<p style=\"text-align: left;\" data-start=\"2878\" data-end=\"2927\"><strong data-start=\"2878\" data-end=\"2925\">9:40-9:55 Obesidad: tratar sin estigmatizar<\/strong><\/p>\n<ul style=\"text-align: left;\" data-start=\"2928\" data-end=\"3027\">\n<li data-start=\"2928\" data-end=\"3027\">Julio Basulto, Dietista-Nutricionista. Divulgador en salud y profesor de la Universidad de Vic.<\/li>\n<\/ul>\n<p>&nbsp;<\/p>\n<p style=\"text-align: left;\" data-start=\"3029\" data-end=\"3110\"><strong data-start=\"3029\" data-end=\"3108\">9:55-10:10 El estigma de la obesidad entre los\/as profesionales de la salud<\/strong><\/p>\n<ul style=\"text-align: left;\" data-start=\"3111\" data-end=\"3200\">\n<li data-start=\"3111\" data-end=\"3200\">David S\u00e1nchez-Carracedo, Psic\u00f3logo. Profesor de la Universidad Aut\u00f3noma de Barcelona.<\/li>\n<\/ul>\n<p>&nbsp;<\/p>\n<p style=\"text-align: left;\" data-start=\"3202\" data-end=\"3263\"><strong data-start=\"3202\" data-end=\"3261\">10:10-10:25 Compromiso con la prevenci\u00f3n de la obesidad<\/strong><\/p>\n<ul style=\"text-align: left;\" data-start=\"3264\" data-end=\"3390\">\n<li data-start=\"3264\" data-end=\"3390\">Carmen Cabezas, Miembro del equipo del Comit\u00e9 de Evaluaci\u00f3n, Innovaci\u00f3n y Reforma Operativa del Sistema de Salud (CAIROS).<\/li>\n<\/ul>\n<p>&nbsp;<\/p>\n<p style=\"text-align: left;\" data-start=\"3392\" data-end=\"3487\"><strong data-start=\"3392\" data-end=\"3485\">10:25-10:40 Programa de prevenci\u00f3n y atenci\u00f3n a la obesidad infantil en Catalu\u00f1a (POICAT)<\/strong><\/p>\n<ul style=\"text-align: left;\" data-start=\"3488\" data-end=\"3600\">\n<li data-start=\"3488\" data-end=\"3600\">Laia Asso, Pediatra y Dietista-Nutricionista. Coordinadora del POICAT. Agencia de Salud P\u00fablica de Catalu\u00f1a.<\/li>\n<\/ul>\n<p>&nbsp;<\/p>\n<p style=\"text-align: left;\" data-start=\"3602\" data-end=\"3626\"><strong data-start=\"3602\" data-end=\"3624\">10:40-11:00 Debate<\/strong><\/p>\n<p data-start=\"3602\" data-end=\"3626\">\n<p style=\"text-align: left;\" data-start=\"3628\" data-end=\"3661\"><strong data-start=\"3628\" data-end=\"3659\">11:00-11:30 Pausa Saludable<\/strong><\/p>\n<hr data-start=\"3663\" data-end=\"3666\" \/>\n<h3 style=\"text-align: left;\" data-start=\"3668\" data-end=\"3723\"><strong data-start=\"3672\" data-end=\"3721\">Mesa 2: Retos y responsabilidades compartidas<\/strong><\/h3>\n<p>&nbsp;<\/p>\n<p style=\"text-align: left;\" data-start=\"3724\" data-end=\"3893\"><strong data-start=\"3724\" data-end=\"3736\">Moderan:<\/strong> Zoe Herrera (M\u00e9dica de familia, Consorcio de Atenci\u00f3n Primaria de Salud Barcelona Izquierda &#8211; CAPSBE) y Ana de Hollanda (Endocrin\u00f3loga, Cl\u00ednic Barcelona).<\/p>\n<p data-start=\"3724\" data-end=\"3893\">\n<p style=\"text-align: left;\" data-start=\"3895\" data-end=\"4011\"><strong data-start=\"3895\" data-end=\"4009\">11:30-12:00 El papel de la atenci\u00f3n primaria en la prevenci\u00f3n y abordaje de la obesidad: retos y oportunidades<\/strong><\/p>\n<ul style=\"text-align: left;\" data-start=\"4012\" data-end=\"4108\">\n<li data-start=\"4012\" data-end=\"4069\">Silvia Roura, Enfermera adjunta a gerencia de CAPSBE.<\/li>\n<li data-start=\"4070\" data-end=\"4108\">Jaume Benavent, Gerente de CAPSBE.<\/li>\n<\/ul>\n<p>&nbsp;<\/p>\n<p style=\"text-align: left;\" data-start=\"4110\" data-end=\"4237\"><strong data-start=\"4110\" data-end=\"4235\">Gesti\u00f3n hospitalaria de la obesidad: estrategias para una atenci\u00f3n basada en las necesidades de las personas con obesidad<\/strong><\/p>\n<ul style=\"text-align: left;\" data-start=\"4238\" data-end=\"4455\">\n<li data-start=\"4238\" data-end=\"4349\">Josep Vidal, Endocrin\u00f3logo y Jefe del Instituto de Enfermedades Digestivas y Metab\u00f3licas, Cl\u00ednic Barcelona.<\/li>\n<li data-start=\"4350\" data-end=\"4455\">Violeta Moiz\u00e9, Dietista-Nutricionista. Grupo de trabajo de abordaje de la obesidad, Cl\u00ednic Barcelona.<\/li>\n<\/ul>\n<p>&nbsp;<\/p>\n<p style=\"text-align: left;\" data-start=\"4457\" data-end=\"4576\"><strong data-start=\"4457\" data-end=\"4574\">12:00-12:15 Transformaci\u00f3n digital en el abordaje de la obesidad: innovaci\u00f3n y tecnolog\u00eda al servicio de la salud<\/strong><\/p>\n<ul style=\"text-align: left;\" data-start=\"4577\" data-end=\"4634\">\n<li data-start=\"4577\" data-end=\"4634\">Joan Guanyabens, Director Fundaci\u00f3n TIC Salut Social.<\/li>\n<\/ul>\n<p>&nbsp;<\/p>\n<hr data-start=\"4636\" data-end=\"4639\" \/>\n<h3 style=\"text-align: left;\" data-start=\"4641\" data-end=\"4711\"><strong data-start=\"4645\" data-end=\"4709\">Mesa 3: Responsabilidades compartidas por y con las personas<\/strong><\/h3>\n<p>&nbsp;<\/p>\n<p style=\"text-align: left;\" data-start=\"4712\" data-end=\"4759\"><strong data-start=\"4712\" data-end=\"4723\">Modera:<\/strong> Merc\u00e8 Balcells, Cl\u00ednic Barcelona.<\/p>\n<p data-start=\"4712\" data-end=\"4759\">\n<p style=\"text-align: left;\" data-start=\"4761\" data-end=\"4821\"><strong data-start=\"4761\" data-end=\"4819\">12:15-12:30 \u00bfDe qu\u00e9 hablamos cuando hablamos de valor?<\/strong><\/p>\n<ul style=\"text-align: left;\" data-start=\"4822\" data-end=\"4896\">\n<li data-start=\"4822\" data-end=\"4896\">Joan Escarrabill, Observatorio Experiencia Paciente, Cl\u00ednic Barcelona.<\/li>\n<\/ul>\n<p>&nbsp;<\/p>\n<p style=\"text-align: left;\" data-start=\"4898\" data-end=\"4953\"><strong data-start=\"4898\" data-end=\"4951\">12:30-12:45 Trayectoria en el cuidado de mi salud<\/strong><\/p>\n<p data-start=\"4898\" data-end=\"4953\">\n<p style=\"text-align: left;\" data-start=\"4955\" data-end=\"4979\"><strong data-start=\"4955\" data-end=\"4977\">12:45-13:25 Debate<\/strong><\/p>\n<p data-start=\"4955\" data-end=\"4979\">\n<p style=\"text-align: left;\" data-start=\"4981\" data-end=\"5005\" data-is-last-node=\"\" data-is-only-node=\"\"><strong data-start=\"4981\" data-end=\"5005\" data-is-last-node=\"\">13:30-13:50 Clausura<\/strong><\/p>\n","protected":false},"featured_media":0,"menu_order":0,"template":"","meta":{"_acf_changed":false,"inline_featured_image":false},"tipus":[],"topic":[],"class_list":["post-30805","event","type-event","status-publish","hentry"],"acf":{"informacio":{"ubicacio":"Paranimf de la Facultat de Medicina i Ci\u00e8ncies de la Salut de la Universitat de Barcelona (Hospital Cl\u00ednic)","data":"04\/03\/2025","hora":"09:00 \/ 13:50","preu":"","inscripcions":"https:\/\/www.aulaclinic.com\/cursos\/1243\/world-obesity-day"},"programa":{"titol":"World Obesity Day 2025","items":false},"documents":false},"yoast_head":"<!-- This site is optimized with the Yoast SEO plugin v27.1.1 - https:\/\/yoast.com\/product\/yoast-seo-wordpress\/ -->\n<title>World Obesity Day - 2025 - Fundaci\u00f3 TIC Salut i Social<\/title>\n<meta name=\"robots\" content=\"index, follow, max-snippet:-1, max-image-preview:large, max-video-preview:-1\" \/>\n<link rel=\"canonical\" href=\"https:\/\/ticsalutsocial.atoom.space\/es\/event\/world-obesity-day-2025\/\" \/>\n<meta property=\"og:locale\" content=\"es_ES\" \/>\n<meta property=\"og:type\" content=\"article\" \/>\n<meta property=\"og:title\" content=\"World Obesity Day - 2025 - Fundaci\u00f3 TIC Salut i Social\" \/>\n<meta property=\"og:description\" content=\"El D\u00eda Mundial de la Obesidad, celebrado anualmente el 4 de marzo y liderado por la World Obesity Federation, representa una gran oportunidad para sensibilizar y repensar de forma transversal el estigma, la prevenci\u00f3n y el tratamiento de la obesidad, as\u00ed como las mejores estrategias y sinergias en nuestro entorno. En este marco, se ha [&hellip;]\" \/>\n<meta property=\"og:url\" content=\"https:\/\/ticsalutsocial.atoom.space\/es\/event\/world-obesity-day-2025\/\" \/>\n<meta property=\"og:site_name\" content=\"Fundaci\u00f3 TIC Salut i Social\" \/>\n<meta property=\"article:modified_time\" content=\"2025-02-28T11:27:39+00:00\" \/>\n<meta name=\"twitter:card\" content=\"summary_large_image\" \/>\n<meta name=\"twitter:label1\" content=\"Tiempo de lectura\" \/>\n\t<meta name=\"twitter:data1\" content=\"4 minutos\" \/>\n<script type=\"application\/ld+json\" class=\"yoast-schema-graph\">{\"@context\":\"https:\/\/schema.org\",\"@graph\":[{\"@type\":\"WebPage\",\"@id\":\"https:\/\/ticsalutsocial.atoom.space\/es\/event\/world-obesity-day-2025\/\",\"url\":\"https:\/\/ticsalutsocial.atoom.space\/es\/event\/world-obesity-day-2025\/\",\"name\":\"World Obesity Day - 2025 - Fundaci\u00f3 TIC Salut i Social\",\"isPartOf\":{\"@id\":\"https:\/\/ticsalutsocial.atoom.space\/es\/#website\"},\"datePublished\":\"2025-02-17T11:01:47+00:00\",\"dateModified\":\"2025-02-28T11:27:39+00:00\",\"breadcrumb\":{\"@id\":\"https:\/\/ticsalutsocial.atoom.space\/es\/event\/world-obesity-day-2025\/#breadcrumb\"},\"inLanguage\":\"es\",\"potentialAction\":[{\"@type\":\"ReadAction\",\"target\":[\"https:\/\/ticsalutsocial.atoom.space\/es\/event\/world-obesity-day-2025\/\"]}]},{\"@type\":\"BreadcrumbList\",\"@id\":\"https:\/\/ticsalutsocial.atoom.space\/es\/event\/world-obesity-day-2025\/#breadcrumb\",\"itemListElement\":[{\"@type\":\"ListItem\",\"position\":1,\"name\":\"Inici\",\"item\":\"https:\/\/ticsalutsocial.atoom.space\/es\/\"},{\"@type\":\"ListItem\",\"position\":2,\"name\":\"World Obesity Day &#8211; 2025\"}]},{\"@type\":\"WebSite\",\"@id\":\"https:\/\/ticsalutsocial.atoom.space\/es\/#website\",\"url\":\"https:\/\/ticsalutsocial.atoom.space\/es\/\",\"name\":\"Fundaci\u00f3 TIC Salut i Social\",\"description\":\"\",\"potentialAction\":[{\"@type\":\"SearchAction\",\"target\":{\"@type\":\"EntryPoint\",\"urlTemplate\":\"https:\/\/ticsalutsocial.atoom.space\/es\/?s={search_term_string}\"},\"query-input\":{\"@type\":\"PropertyValueSpecification\",\"valueRequired\":true,\"valueName\":\"search_term_string\"}}],\"inLanguage\":\"es\"}]}<\/script>\n<!-- \/ Yoast SEO plugin. -->","yoast_head_json":{"title":"World Obesity Day - 2025 - Fundaci\u00f3 TIC Salut i Social","robots":{"index":"index","follow":"follow","max-snippet":"max-snippet:-1","max-image-preview":"max-image-preview:large","max-video-preview":"max-video-preview:-1"},"canonical":"https:\/\/ticsalutsocial.atoom.space\/es\/event\/world-obesity-day-2025\/","og_locale":"es_ES","og_type":"article","og_title":"World Obesity Day - 2025 - Fundaci\u00f3 TIC Salut i Social","og_description":"El D\u00eda Mundial de la Obesidad, celebrado anualmente el 4 de marzo y liderado por la World Obesity Federation, representa una gran oportunidad para sensibilizar y repensar de forma transversal el estigma, la prevenci\u00f3n y el tratamiento de la obesidad, as\u00ed como las mejores estrategias y sinergias en nuestro entorno. En este marco, se ha [&hellip;]","og_url":"https:\/\/ticsalutsocial.atoom.space\/es\/event\/world-obesity-day-2025\/","og_site_name":"Fundaci\u00f3 TIC Salut i Social","article_modified_time":"2025-02-28T11:27:39+00:00","twitter_card":"summary_large_image","twitter_misc":{"Tiempo de lectura":"4 minutos"},"schema":{"@context":"https:\/\/schema.org","@graph":[{"@type":"WebPage","@id":"https:\/\/ticsalutsocial.atoom.space\/es\/event\/world-obesity-day-2025\/","url":"https:\/\/ticsalutsocial.atoom.space\/es\/event\/world-obesity-day-2025\/","name":"World Obesity Day - 2025 - Fundaci\u00f3 TIC Salut i Social","isPartOf":{"@id":"https:\/\/ticsalutsocial.atoom.space\/es\/#website"},"datePublished":"2025-02-17T11:01:47+00:00","dateModified":"2025-02-28T11:27:39+00:00","breadcrumb":{"@id":"https:\/\/ticsalutsocial.atoom.space\/es\/event\/world-obesity-day-2025\/#breadcrumb"},"inLanguage":"es","potentialAction":[{"@type":"ReadAction","target":["https:\/\/ticsalutsocial.atoom.space\/es\/event\/world-obesity-day-2025\/"]}]},{"@type":"BreadcrumbList","@id":"https:\/\/ticsalutsocial.atoom.space\/es\/event\/world-obesity-day-2025\/#breadcrumb","itemListElement":[{"@type":"ListItem","position":1,"name":"Inici","item":"https:\/\/ticsalutsocial.atoom.space\/es\/"},{"@type":"ListItem","position":2,"name":"World Obesity Day &#8211; 2025"}]},{"@type":"WebSite","@id":"https:\/\/ticsalutsocial.atoom.space\/es\/#website","url":"https:\/\/ticsalutsocial.atoom.space\/es\/","name":"Fundaci\u00f3 TIC Salut i Social","description":"","potentialAction":[{"@type":"SearchAction","target":{"@type":"EntryPoint","urlTemplate":"https:\/\/ticsalutsocial.atoom.space\/es\/?s={search_term_string}"},"query-input":{"@type":"PropertyValueSpecification","valueRequired":true,"valueName":"search_term_string"}}],"inLanguage":"es"}]}},"_links":{"self":[{"href":"https:\/\/ticsalutsocial.atoom.space\/es\/wp-json\/wp\/v2\/event\/30805","targetHints":{"allow":["GET"]}}],"collection":[{"href":"https:\/\/ticsalutsocial.atoom.space\/es\/wp-json\/wp\/v2\/event"}],"about":[{"href":"https:\/\/ticsalutsocial.atoom.space\/es\/wp-json\/wp\/v2\/types\/event"}],"wp:attachment":[{"href":"https:\/\/ticsalutsocial.atoom.space\/es\/wp-json\/wp\/v2\/media?parent=30805"}],"wp:term":[{"taxonomy":"tipus","embeddable":true,"href":"https:\/\/ticsalutsocial.atoom.space\/es\/wp-json\/wp\/v2\/tipus?post=30805"},{"taxonomy":"topic","embeddable":true,"href":"https:\/\/ticsalutsocial.atoom.space\/es\/wp-json\/wp\/v2\/topic?post=30805"}],"curies":[{"name":"wp","href":"https:\/\/api.w.org\/{rel}","templated":true}]}}