
{"id":31127,"date":"2025-03-27T17:01:48","date_gmt":"2025-03-27T15:01:48","guid":{"rendered":"https:\/\/ticsalutsocial.atoom.space\/event\/assemblea-general-wemind-cluster-2025\/"},"modified":"2025-03-27T17:06:46","modified_gmt":"2025-03-27T15:06:46","slug":"assemblea-general-wemind-cluster-2025","status":"publish","type":"event","link":"https:\/\/ticsalutsocial.atoom.space\/es\/event\/assemblea-general-wemind-cluster-2025\/","title":{"rendered":"Asamblea general WeMind Cluster 2025"},"content":{"rendered":"<p class=\"\" data-start=\"0\" data-end=\"140\">Os invitamos a participar en la Asamblea General Extraordinaria de WeMind Cluster, que se celebrar\u00e1 el pr\u00f3ximo martes 29 de abril de 2025.<\/p>\n<p class=\"\" data-start=\"142\" data-end=\"251\"><strong data-start=\"142\" data-end=\"152\">LUGAR:<\/strong> TIC Salut Social (Auditorio de TIC Salut Social, Carrer d\u2019Arag\u00f3, 332, Eixample, 08009 Barcelona)<\/p>\n<h3 class=\"\" data-start=\"253\" data-end=\"276\"><strong data-start=\"257\" data-end=\"274\">ORDEN DEL D\u00cdA<\/strong><\/h3>\n<p class=\"\" data-start=\"278\" data-end=\"325\"><strong data-start=\"278\" data-end=\"323\">Espacio de Datos: oportunidades de futuro<\/strong><\/p>\n<ul data-start=\"327\" data-end=\"811\">\n<li class=\"\" data-start=\"327\" data-end=\"407\">\n<p class=\"\" data-start=\"329\" data-end=\"407\"><strong data-start=\"329\" data-end=\"348\">10:00h a 10:30h<\/strong> \u2013 Introducci\u00f3n a los Espacios de Datos (Joan Guanyabens)<\/p>\n<\/li>\n<li class=\"\" data-start=\"408\" data-end=\"494\">\n<p class=\"\" data-start=\"410\" data-end=\"494\"><strong data-start=\"410\" data-end=\"429\">10:30h a 11:00h<\/strong> \u2013 Situaci\u00f3n de los Espacios de Datos en Europa (Anna Benavent)<\/p>\n<\/li>\n<li class=\"\" data-start=\"495\" data-end=\"597\">\n<p class=\"\" data-start=\"497\" data-end=\"597\"><strong data-start=\"497\" data-end=\"516\">11:00h a 11:15h<\/strong> \u2013 Ayudas para la generaci\u00f3n de Espacios de Datos y casos de uso (Anna Borrell)<\/p>\n<\/li>\n<li class=\"\" data-start=\"598\" data-end=\"762\">\n<p class=\"\" data-start=\"600\" data-end=\"762\"><strong data-start=\"600\" data-end=\"619\">11:15h a 11:30h<\/strong> \u2013 MindSyst, Plataforma de inteligencia avanzada para la generaci\u00f3n de conocimiento en Salud Mental y Autonom\u00eda Personal (MSB + Sergio Mu\u00f1oz)<\/p>\n<\/li>\n<li class=\"\" data-start=\"763\" data-end=\"811\">\n<p class=\"\" data-start=\"765\" data-end=\"811\"><strong data-start=\"765\" data-end=\"784\">11:30h a 12:00h<\/strong> \u2013 <strong data-start=\"787\" data-end=\"809\">Pausa para el caf\u00e9<\/strong><\/p>\n<\/li>\n<\/ul>\n<p class=\"\" data-start=\"813\" data-end=\"885\"><strong data-start=\"813\" data-end=\"883\">12:00h a 13:30h \u2013 Asamblea General Ordinaria y Extraordinaria 2025<\/strong><\/p>\n<ul data-start=\"887\" data-end=\"1175\" data-is-last-node=\"\" data-is-only-node=\"\">\n<li class=\"\" data-start=\"887\" data-end=\"903\">\n<p class=\"\" data-start=\"889\" data-end=\"903\">Informe 2024<\/p>\n<\/li>\n<li class=\"\" data-start=\"904\" data-end=\"975\">\n<p class=\"\" data-start=\"906\" data-end=\"975\">Aprobaci\u00f3n de la gesti\u00f3n de la Junta, cuotas y cuentas anuales 2024<\/p>\n<\/li>\n<li class=\"\" data-start=\"976\" data-end=\"1053\">\n<p class=\"\" data-start=\"978\" data-end=\"1053\">Presentaci\u00f3n de Candidaturas para la elecci\u00f3n de la nueva Junta Directiva<\/p>\n<\/li>\n<li class=\"\" data-start=\"1054\" data-end=\"1066\">\n<p class=\"\" data-start=\"1056\" data-end=\"1066\">Votaci\u00f3n<\/p>\n<\/li>\n<li class=\"\" data-start=\"1067\" data-end=\"1175\">\n<p class=\"\" data-start=\"1069\" data-end=\"1175\">Delegaci\u00f3n de facultades a favor de la Junta para ejecutar los acuerdos adoptados por la Asamblea General.<\/p>\n<\/li>\n<\/ul>\n","protected":false},"featured_media":31125,"menu_order":0,"template":"","meta":{"_acf_changed":false,"inline_featured_image":false},"tipus":[],"topic":[],"class_list":["post-31127","event","type-event","status-publish","has-post-thumbnail","hentry"],"acf":{"informacio":{"ubicacio":"Auditorio de TIC Salut Social, Carrer d\u2019Arag\u00f3, 332, Eixample, 08009 Barcelona","data":"29\/04\/2025","hora":"10:00 \/ 13:30","preu":"","inscripcions":"https:\/\/www.wemindcluster.com\/js_events\/assemblea-general-extraordinaria-2025\/"},"programa":{"titol":"","items":false},"documents":false},"yoast_head":"<!-- This site is optimized with the Yoast SEO plugin v27.1.1 - https:\/\/yoast.com\/product\/yoast-seo-wordpress\/ -->\n<title>Asamblea general WeMind Cluster 2025 - Fundaci\u00f3 TIC Salut i Social<\/title>\n<meta name=\"robots\" content=\"index, follow, max-snippet:-1, max-image-preview:large, max-video-preview:-1\" \/>\n<link rel=\"canonical\" href=\"https:\/\/ticsalutsocial.atoom.space\/es\/event\/assemblea-general-wemind-cluster-2025\/\" \/>\n<meta property=\"og:locale\" content=\"es_ES\" \/>\n<meta property=\"og:type\" content=\"article\" \/>\n<meta property=\"og:title\" content=\"Asamblea general WeMind Cluster 2025 - Fundaci\u00f3 TIC Salut i Social\" \/>\n<meta property=\"og:description\" content=\"Os invitamos a participar en la Asamblea General Extraordinaria de WeMind Cluster, que se celebrar\u00e1 el pr\u00f3ximo martes 29 de abril de 2025. LUGAR: TIC Salut Social (Auditorio de TIC Salut Social, Carrer d\u2019Arag\u00f3, 332, Eixample, 08009 Barcelona) ORDEN DEL D\u00cdA Espacio de Datos: oportunidades de futuro 10:00h a 10:30h \u2013 Introducci\u00f3n a los Espacios [&hellip;]\" \/>\n<meta property=\"og:url\" content=\"https:\/\/ticsalutsocial.atoom.space\/es\/event\/assemblea-general-wemind-cluster-2025\/\" \/>\n<meta property=\"og:site_name\" content=\"Fundaci\u00f3 TIC Salut i Social\" \/>\n<meta property=\"article:modified_time\" content=\"2025-03-27T15:06:46+00:00\" \/>\n<meta property=\"og:image\" content=\"https:\/\/ticsalutsocial.atoom.space\/wp-content\/uploads\/2025\/03\/banner_assemblea_v2.jpg\" \/>\n\t<meta property=\"og:image:width\" content=\"630\" \/>\n\t<meta property=\"og:image:height\" content=\"473\" \/>\n\t<meta property=\"og:image:type\" content=\"image\/jpeg\" \/>\n<meta name=\"twitter:card\" content=\"summary_large_image\" \/>\n<meta name=\"twitter:label1\" content=\"Tiempo de lectura\" \/>\n\t<meta name=\"twitter:data1\" content=\"2 minutos\" \/>\n<script type=\"application\/ld+json\" class=\"yoast-schema-graph\">{\"@context\":\"https:\/\/schema.org\",\"@graph\":[{\"@type\":\"WebPage\",\"@id\":\"https:\/\/ticsalutsocial.atoom.space\/es\/event\/assemblea-general-wemind-cluster-2025\/\",\"url\":\"https:\/\/ticsalutsocial.atoom.space\/es\/event\/assemblea-general-wemind-cluster-2025\/\",\"name\":\"Asamblea general WeMind Cluster 2025 - Fundaci\u00f3 TIC Salut i Social\",\"isPartOf\":{\"@id\":\"https:\/\/ticsalutsocial.atoom.space\/es\/#website\"},\"primaryImageOfPage\":{\"@id\":\"https:\/\/ticsalutsocial.atoom.space\/es\/event\/assemblea-general-wemind-cluster-2025\/#primaryimage\"},\"image\":{\"@id\":\"https:\/\/ticsalutsocial.atoom.space\/es\/event\/assemblea-general-wemind-cluster-2025\/#primaryimage\"},\"thumbnailUrl\":\"https:\/\/ticsalutsocial.atoom.space\/wp-content\/uploads\/2025\/03\/banner_assemblea_v2.jpg\",\"datePublished\":\"2025-03-27T15:01:48+00:00\",\"dateModified\":\"2025-03-27T15:06:46+00:00\",\"breadcrumb\":{\"@id\":\"https:\/\/ticsalutsocial.atoom.space\/es\/event\/assemblea-general-wemind-cluster-2025\/#breadcrumb\"},\"inLanguage\":\"es\",\"potentialAction\":[{\"@type\":\"ReadAction\",\"target\":[\"https:\/\/ticsalutsocial.atoom.space\/es\/event\/assemblea-general-wemind-cluster-2025\/\"]}]},{\"@type\":\"ImageObject\",\"inLanguage\":\"es\",\"@id\":\"https:\/\/ticsalutsocial.atoom.space\/es\/event\/assemblea-general-wemind-cluster-2025\/#primaryimage\",\"url\":\"https:\/\/ticsalutsocial.atoom.space\/wp-content\/uploads\/2025\/03\/banner_assemblea_v2.jpg\",\"contentUrl\":\"https:\/\/ticsalutsocial.atoom.space\/wp-content\/uploads\/2025\/03\/banner_assemblea_v2.jpg\",\"width\":630,\"height\":473},{\"@type\":\"BreadcrumbList\",\"@id\":\"https:\/\/ticsalutsocial.atoom.space\/es\/event\/assemblea-general-wemind-cluster-2025\/#breadcrumb\",\"itemListElement\":[{\"@type\":\"ListItem\",\"position\":1,\"name\":\"Inici\",\"item\":\"https:\/\/ticsalutsocial.atoom.space\/es\/\"},{\"@type\":\"ListItem\",\"position\":2,\"name\":\"Asamblea general WeMind Cluster 2025\"}]},{\"@type\":\"WebSite\",\"@id\":\"https:\/\/ticsalutsocial.atoom.space\/es\/#website\",\"url\":\"https:\/\/ticsalutsocial.atoom.space\/es\/\",\"name\":\"Fundaci\u00f3 TIC Salut i Social\",\"description\":\"\",\"potentialAction\":[{\"@type\":\"SearchAction\",\"target\":{\"@type\":\"EntryPoint\",\"urlTemplate\":\"https:\/\/ticsalutsocial.atoom.space\/es\/?s={search_term_string}\"},\"query-input\":{\"@type\":\"PropertyValueSpecification\",\"valueRequired\":true,\"valueName\":\"search_term_string\"}}],\"inLanguage\":\"es\"}]}<\/script>\n<!-- \/ Yoast SEO plugin. -->","yoast_head_json":{"title":"Asamblea general WeMind Cluster 2025 - Fundaci\u00f3 TIC Salut i Social","robots":{"index":"index","follow":"follow","max-snippet":"max-snippet:-1","max-image-preview":"max-image-preview:large","max-video-preview":"max-video-preview:-1"},"canonical":"https:\/\/ticsalutsocial.atoom.space\/es\/event\/assemblea-general-wemind-cluster-2025\/","og_locale":"es_ES","og_type":"article","og_title":"Asamblea general WeMind Cluster 2025 - Fundaci\u00f3 TIC Salut i Social","og_description":"Os invitamos a participar en la Asamblea General Extraordinaria de WeMind Cluster, que se celebrar\u00e1 el pr\u00f3ximo martes 29 de abril de 2025. LUGAR: TIC Salut Social (Auditorio de TIC Salut Social, Carrer d\u2019Arag\u00f3, 332, Eixample, 08009 Barcelona) ORDEN DEL D\u00cdA Espacio de Datos: oportunidades de futuro 10:00h a 10:30h \u2013 Introducci\u00f3n a los Espacios [&hellip;]","og_url":"https:\/\/ticsalutsocial.atoom.space\/es\/event\/assemblea-general-wemind-cluster-2025\/","og_site_name":"Fundaci\u00f3 TIC Salut i Social","article_modified_time":"2025-03-27T15:06:46+00:00","og_image":[{"width":630,"height":473,"url":"https:\/\/ticsalutsocial.atoom.space\/wp-content\/uploads\/2025\/03\/banner_assemblea_v2.jpg","type":"image\/jpeg"}],"twitter_card":"summary_large_image","twitter_misc":{"Tiempo de lectura":"2 minutos"},"schema":{"@context":"https:\/\/schema.org","@graph":[{"@type":"WebPage","@id":"https:\/\/ticsalutsocial.atoom.space\/es\/event\/assemblea-general-wemind-cluster-2025\/","url":"https:\/\/ticsalutsocial.atoom.space\/es\/event\/assemblea-general-wemind-cluster-2025\/","name":"Asamblea general WeMind Cluster 2025 - Fundaci\u00f3 TIC Salut i Social","isPartOf":{"@id":"https:\/\/ticsalutsocial.atoom.space\/es\/#website"},"primaryImageOfPage":{"@id":"https:\/\/ticsalutsocial.atoom.space\/es\/event\/assemblea-general-wemind-cluster-2025\/#primaryimage"},"image":{"@id":"https:\/\/ticsalutsocial.atoom.space\/es\/event\/assemblea-general-wemind-cluster-2025\/#primaryimage"},"thumbnailUrl":"https:\/\/ticsalutsocial.atoom.space\/wp-content\/uploads\/2025\/03\/banner_assemblea_v2.jpg","datePublished":"2025-03-27T15:01:48+00:00","dateModified":"2025-03-27T15:06:46+00:00","breadcrumb":{"@id":"https:\/\/ticsalutsocial.atoom.space\/es\/event\/assemblea-general-wemind-cluster-2025\/#breadcrumb"},"inLanguage":"es","potentialAction":[{"@type":"ReadAction","target":["https:\/\/ticsalutsocial.atoom.space\/es\/event\/assemblea-general-wemind-cluster-2025\/"]}]},{"@type":"ImageObject","inLanguage":"es","@id":"https:\/\/ticsalutsocial.atoom.space\/es\/event\/assemblea-general-wemind-cluster-2025\/#primaryimage","url":"https:\/\/ticsalutsocial.atoom.space\/wp-content\/uploads\/2025\/03\/banner_assemblea_v2.jpg","contentUrl":"https:\/\/ticsalutsocial.atoom.space\/wp-content\/uploads\/2025\/03\/banner_assemblea_v2.jpg","width":630,"height":473},{"@type":"BreadcrumbList","@id":"https:\/\/ticsalutsocial.atoom.space\/es\/event\/assemblea-general-wemind-cluster-2025\/#breadcrumb","itemListElement":[{"@type":"ListItem","position":1,"name":"Inici","item":"https:\/\/ticsalutsocial.atoom.space\/es\/"},{"@type":"ListItem","position":2,"name":"Asamblea general WeMind Cluster 2025"}]},{"@type":"WebSite","@id":"https:\/\/ticsalutsocial.atoom.space\/es\/#website","url":"https:\/\/ticsalutsocial.atoom.space\/es\/","name":"Fundaci\u00f3 TIC Salut i Social","description":"","potentialAction":[{"@type":"SearchAction","target":{"@type":"EntryPoint","urlTemplate":"https:\/\/ticsalutsocial.atoom.space\/es\/?s={search_term_string}"},"query-input":{"@type":"PropertyValueSpecification","valueRequired":true,"valueName":"search_term_string"}}],"inLanguage":"es"}]}},"_links":{"self":[{"href":"https:\/\/ticsalutsocial.atoom.space\/es\/wp-json\/wp\/v2\/event\/31127","targetHints":{"allow":["GET"]}}],"collection":[{"href":"https:\/\/ticsalutsocial.atoom.space\/es\/wp-json\/wp\/v2\/event"}],"about":[{"href":"https:\/\/ticsalutsocial.atoom.space\/es\/wp-json\/wp\/v2\/types\/event"}],"wp:featuredmedia":[{"embeddable":true,"href":"https:\/\/ticsalutsocial.atoom.space\/es\/wp-json\/wp\/v2\/media\/31125"}],"wp:attachment":[{"href":"https:\/\/ticsalutsocial.atoom.space\/es\/wp-json\/wp\/v2\/media?parent=31127"}],"wp:term":[{"taxonomy":"tipus","embeddable":true,"href":"https:\/\/ticsalutsocial.atoom.space\/es\/wp-json\/wp\/v2\/tipus?post=31127"},{"taxonomy":"topic","embeddable":true,"href":"https:\/\/ticsalutsocial.atoom.space\/es\/wp-json\/wp\/v2\/topic?post=31127"}],"curies":[{"name":"wp","href":"https:\/\/api.w.org\/{rel}","templated":true}]}}