
{"id":31137,"date":"2025-02-26T11:46:09","date_gmt":"2025-02-26T09:46:09","guid":{"rendered":"https:\/\/ticsalutsocial.atoom.space\/event\/i-jornada-en-activitat-fisica-i-salut-laboral\/"},"modified":"2025-03-28T13:36:43","modified_gmt":"2025-03-28T11:36:43","slug":"i-jornada-en-activitat-fisica-i-salut-laboral","status":"publish","type":"event","link":"https:\/\/ticsalutsocial.atoom.space\/es\/event\/i-jornada-en-activitat-fisica-i-salut-laboral\/","title":{"rendered":"I Jornada en Actividad F\u00edsica y Salud Laboral"},"content":{"rendered":"<p class=\"\" data-start=\"89\" data-end=\"205\">Jornada sobre la promoci\u00f3n de la actividad f\u00edsica en el entorno laboral con expertos nacionales e internacionales.<\/p>\n<p class=\"\" data-start=\"207\" data-end=\"230\"><strong data-start=\"207\" data-end=\"228\">Temas destacados:<\/strong><\/p>\n<ul data-start=\"231\" data-end=\"445\">\n<li class=\"\" data-start=\"231\" data-end=\"295\">\n<p class=\"\" data-start=\"233\" data-end=\"295\">Actividad f\u00edsica y salud laboral en las PYMEs (<em data-start=\"280\" data-end=\"292\">Active4SME<\/em>)<\/p>\n<\/li>\n<li class=\"\" data-start=\"296\" data-end=\"340\">\n<p class=\"\" data-start=\"298\" data-end=\"340\">Estrategias para reducir el sedentarismo<\/p>\n<\/li>\n<li class=\"\" data-start=\"341\" data-end=\"373\">\n<p class=\"\" data-start=\"343\" data-end=\"373\">Pausas activas y teletrabajo<\/p>\n<\/li>\n<li class=\"\" data-start=\"374\" data-end=\"445\">\n<p class=\"\" data-start=\"376\" data-end=\"445\">Soluciones digitales para fomentar el trabajo activo (<em data-start=\"430\" data-end=\"442\">Click2Move<\/em>)<\/p>\n<\/li>\n<\/ul>\n<p class=\"\" data-start=\"447\" data-end=\"567\"><strong data-start=\"447\" data-end=\"466\">Organizado por:<\/strong> Grupo de Investigaci\u00f3n GREAF, Iris CC, Facultad de Ciencias de la Salud y el Bienestar (UVic-UCC).<\/p>\n","protected":false},"featured_media":0,"menu_order":0,"template":"","meta":{"_acf_changed":false,"inline_featured_image":false},"tipus":[],"topic":[],"class_list":["post-31137","event","type-event","status-publish","hentry"],"acf":{"informacio":{"ubicacio":"Edificio Casa de Convalesc\u00e8ncia de la UVic-UCC","data":"07\/04\/2025","hora":"08:30 \/ 16:00","preu":"Gratis con inscripci\u00f3n","inscripcions":"https:\/\/mon.uvic.cat\/greaf\/congres\/registration\/"},"programa":{"titol":"","items":false},"documents":false},"yoast_head":"<!-- This site is optimized with the Yoast SEO plugin v27.1.1 - https:\/\/yoast.com\/product\/yoast-seo-wordpress\/ -->\n<title>I Jornada en Actividad F\u00edsica y Salud Laboral - Fundaci\u00f3 TIC Salut i Social<\/title>\n<meta name=\"robots\" content=\"index, follow, max-snippet:-1, max-image-preview:large, max-video-preview:-1\" \/>\n<link rel=\"canonical\" href=\"https:\/\/ticsalutsocial.atoom.space\/es\/event\/i-jornada-en-activitat-fisica-i-salut-laboral\/\" \/>\n<meta property=\"og:locale\" content=\"es_ES\" \/>\n<meta property=\"og:type\" content=\"article\" \/>\n<meta property=\"og:title\" content=\"I Jornada en Actividad F\u00edsica y Salud Laboral - Fundaci\u00f3 TIC Salut i Social\" \/>\n<meta property=\"og:description\" content=\"Jornada sobre la promoci\u00f3n de la actividad f\u00edsica en el entorno laboral con expertos nacionales e internacionales. Temas destacados: Actividad f\u00edsica y salud laboral en las PYMEs (Active4SME) Estrategias para reducir el sedentarismo Pausas activas y teletrabajo Soluciones digitales para fomentar el trabajo activo (Click2Move) Organizado por: Grupo de Investigaci\u00f3n GREAF, Iris CC, Facultad de [&hellip;]\" \/>\n<meta property=\"og:url\" content=\"https:\/\/ticsalutsocial.atoom.space\/es\/event\/i-jornada-en-activitat-fisica-i-salut-laboral\/\" \/>\n<meta property=\"og:site_name\" content=\"Fundaci\u00f3 TIC Salut i Social\" \/>\n<meta property=\"article:modified_time\" content=\"2025-03-28T11:36:43+00:00\" \/>\n<meta name=\"twitter:card\" content=\"summary_large_image\" \/>\n<meta name=\"twitter:label1\" content=\"Tiempo de lectura\" \/>\n\t<meta name=\"twitter:data1\" content=\"1 minuto\" \/>\n<script type=\"application\/ld+json\" class=\"yoast-schema-graph\">{\"@context\":\"https:\/\/schema.org\",\"@graph\":[{\"@type\":\"WebPage\",\"@id\":\"https:\/\/ticsalutsocial.atoom.space\/es\/event\/i-jornada-en-activitat-fisica-i-salut-laboral\/\",\"url\":\"https:\/\/ticsalutsocial.atoom.space\/es\/event\/i-jornada-en-activitat-fisica-i-salut-laboral\/\",\"name\":\"I Jornada en Actividad F\u00edsica y Salud Laboral - Fundaci\u00f3 TIC Salut i Social\",\"isPartOf\":{\"@id\":\"https:\/\/ticsalutsocial.atoom.space\/es\/#website\"},\"datePublished\":\"2025-02-26T09:46:09+00:00\",\"dateModified\":\"2025-03-28T11:36:43+00:00\",\"breadcrumb\":{\"@id\":\"https:\/\/ticsalutsocial.atoom.space\/es\/event\/i-jornada-en-activitat-fisica-i-salut-laboral\/#breadcrumb\"},\"inLanguage\":\"es\",\"potentialAction\":[{\"@type\":\"ReadAction\",\"target\":[\"https:\/\/ticsalutsocial.atoom.space\/es\/event\/i-jornada-en-activitat-fisica-i-salut-laboral\/\"]}]},{\"@type\":\"BreadcrumbList\",\"@id\":\"https:\/\/ticsalutsocial.atoom.space\/es\/event\/i-jornada-en-activitat-fisica-i-salut-laboral\/#breadcrumb\",\"itemListElement\":[{\"@type\":\"ListItem\",\"position\":1,\"name\":\"Inici\",\"item\":\"https:\/\/ticsalutsocial.atoom.space\/es\/\"},{\"@type\":\"ListItem\",\"position\":2,\"name\":\"I Jornada en Actividad F\u00edsica y Salud Laboral\"}]},{\"@type\":\"WebSite\",\"@id\":\"https:\/\/ticsalutsocial.atoom.space\/es\/#website\",\"url\":\"https:\/\/ticsalutsocial.atoom.space\/es\/\",\"name\":\"Fundaci\u00f3 TIC Salut i Social\",\"description\":\"\",\"potentialAction\":[{\"@type\":\"SearchAction\",\"target\":{\"@type\":\"EntryPoint\",\"urlTemplate\":\"https:\/\/ticsalutsocial.atoom.space\/es\/?s={search_term_string}\"},\"query-input\":{\"@type\":\"PropertyValueSpecification\",\"valueRequired\":true,\"valueName\":\"search_term_string\"}}],\"inLanguage\":\"es\"}]}<\/script>\n<!-- \/ Yoast SEO plugin. -->","yoast_head_json":{"title":"I Jornada en Actividad F\u00edsica y Salud Laboral - Fundaci\u00f3 TIC Salut i Social","robots":{"index":"index","follow":"follow","max-snippet":"max-snippet:-1","max-image-preview":"max-image-preview:large","max-video-preview":"max-video-preview:-1"},"canonical":"https:\/\/ticsalutsocial.atoom.space\/es\/event\/i-jornada-en-activitat-fisica-i-salut-laboral\/","og_locale":"es_ES","og_type":"article","og_title":"I Jornada en Actividad F\u00edsica y Salud Laboral - Fundaci\u00f3 TIC Salut i Social","og_description":"Jornada sobre la promoci\u00f3n de la actividad f\u00edsica en el entorno laboral con expertos nacionales e internacionales. Temas destacados: Actividad f\u00edsica y salud laboral en las PYMEs (Active4SME) Estrategias para reducir el sedentarismo Pausas activas y teletrabajo Soluciones digitales para fomentar el trabajo activo (Click2Move) Organizado por: Grupo de Investigaci\u00f3n GREAF, Iris CC, Facultad de [&hellip;]","og_url":"https:\/\/ticsalutsocial.atoom.space\/es\/event\/i-jornada-en-activitat-fisica-i-salut-laboral\/","og_site_name":"Fundaci\u00f3 TIC Salut i Social","article_modified_time":"2025-03-28T11:36:43+00:00","twitter_card":"summary_large_image","twitter_misc":{"Tiempo de lectura":"1 minuto"},"schema":{"@context":"https:\/\/schema.org","@graph":[{"@type":"WebPage","@id":"https:\/\/ticsalutsocial.atoom.space\/es\/event\/i-jornada-en-activitat-fisica-i-salut-laboral\/","url":"https:\/\/ticsalutsocial.atoom.space\/es\/event\/i-jornada-en-activitat-fisica-i-salut-laboral\/","name":"I Jornada en Actividad F\u00edsica y Salud Laboral - Fundaci\u00f3 TIC Salut i Social","isPartOf":{"@id":"https:\/\/ticsalutsocial.atoom.space\/es\/#website"},"datePublished":"2025-02-26T09:46:09+00:00","dateModified":"2025-03-28T11:36:43+00:00","breadcrumb":{"@id":"https:\/\/ticsalutsocial.atoom.space\/es\/event\/i-jornada-en-activitat-fisica-i-salut-laboral\/#breadcrumb"},"inLanguage":"es","potentialAction":[{"@type":"ReadAction","target":["https:\/\/ticsalutsocial.atoom.space\/es\/event\/i-jornada-en-activitat-fisica-i-salut-laboral\/"]}]},{"@type":"BreadcrumbList","@id":"https:\/\/ticsalutsocial.atoom.space\/es\/event\/i-jornada-en-activitat-fisica-i-salut-laboral\/#breadcrumb","itemListElement":[{"@type":"ListItem","position":1,"name":"Inici","item":"https:\/\/ticsalutsocial.atoom.space\/es\/"},{"@type":"ListItem","position":2,"name":"I Jornada en Actividad F\u00edsica y Salud Laboral"}]},{"@type":"WebSite","@id":"https:\/\/ticsalutsocial.atoom.space\/es\/#website","url":"https:\/\/ticsalutsocial.atoom.space\/es\/","name":"Fundaci\u00f3 TIC Salut i Social","description":"","potentialAction":[{"@type":"SearchAction","target":{"@type":"EntryPoint","urlTemplate":"https:\/\/ticsalutsocial.atoom.space\/es\/?s={search_term_string}"},"query-input":{"@type":"PropertyValueSpecification","valueRequired":true,"valueName":"search_term_string"}}],"inLanguage":"es"}]}},"_links":{"self":[{"href":"https:\/\/ticsalutsocial.atoom.space\/es\/wp-json\/wp\/v2\/event\/31137","targetHints":{"allow":["GET"]}}],"collection":[{"href":"https:\/\/ticsalutsocial.atoom.space\/es\/wp-json\/wp\/v2\/event"}],"about":[{"href":"https:\/\/ticsalutsocial.atoom.space\/es\/wp-json\/wp\/v2\/types\/event"}],"wp:attachment":[{"href":"https:\/\/ticsalutsocial.atoom.space\/es\/wp-json\/wp\/v2\/media?parent=31137"}],"wp:term":[{"taxonomy":"tipus","embeddable":true,"href":"https:\/\/ticsalutsocial.atoom.space\/es\/wp-json\/wp\/v2\/tipus?post=31137"},{"taxonomy":"topic","embeddable":true,"href":"https:\/\/ticsalutsocial.atoom.space\/es\/wp-json\/wp\/v2\/topic?post=31137"}],"curies":[{"name":"wp","href":"https:\/\/api.w.org\/{rel}","templated":true}]}}