
{"id":31141,"date":"2024-12-23T11:33:46","date_gmt":"2024-12-23T09:33:46","guid":{"rendered":"https:\/\/ticsalutsocial.atoom.space\/event\/us-del-mobil-i-els-index-de-fragilitat-una-eina-de-prevencio\/"},"modified":"2025-03-28T13:44:12","modified_gmt":"2025-03-28T11:44:12","slug":"us-del-mobil-i-els-index-de-fragilitat-una-eina-de-prevencio","status":"publish","type":"event","link":"https:\/\/ticsalutsocial.atoom.space\/es\/event\/us-del-mobil-i-els-index-de-fragilitat-una-eina-de-prevencio\/","title":{"rendered":"Uso del m\u00f3vil y los \u00edndices de fragilidad. Una herramienta de prevenci\u00f3n."},"content":{"rendered":"<p class=\"\" data-start=\"117\" data-end=\"330\">Nuevo Seminario de Innovaci\u00f3n Tecnol\u00f3gica en Servicios Sociales y Salud, a cargo de Andreu Catal\u00e0, catedr\u00e1tico de Ingenier\u00eda de Sistemas, Autom\u00e1tica e Inform\u00e1tica Industrial. Universidad Polit\u00e9cnica de Catalu\u00f1a.<\/p>\n<p class=\"\" data-start=\"332\" data-end=\"455\">Impulsado por la Fundaci\u00f3n TIC Salut Social. Coorganizado a trav\u00e9s de la C\u00e1tedra TIC Salut Social y la Fundaci\u00f3n Althaia.<\/p>\n","protected":false},"featured_media":0,"menu_order":0,"template":"","meta":{"_acf_changed":false,"inline_featured_image":false},"tipus":[],"topic":[117],"class_list":["post-31141","event","type-event","status-publish","hentry","topic-jornadas"],"acf":{"imatge":31092,"informacio":{"ubicacio":"Salas H y I. l\u2019Hospital Sant Joan de D\u00e9u de Manresa","data":"10\/04\/2025","hora":"13:30","preu":"Gratuito con inscripci\u00f3n previa.","inscripcions":"https:\/\/www.althaia.cat\/formacio\/inscripcions\/registre.aspx?c=411e32dc5350a1c6a9cd287bf986c3489dc31b1b"},"programa":{"titol":"","items":false},"documents":false},"yoast_head":"<!-- This site is optimized with the Yoast SEO plugin v27.1.1 - https:\/\/yoast.com\/product\/yoast-seo-wordpress\/ -->\n<title>Uso del m\u00f3vil y los \u00edndices de fragilidad. Una herramienta de prevenci\u00f3n. - Fundaci\u00f3 TIC Salut i Social<\/title>\n<meta name=\"robots\" content=\"index, follow, max-snippet:-1, max-image-preview:large, max-video-preview:-1\" \/>\n<link rel=\"canonical\" href=\"https:\/\/ticsalutsocial.atoom.space\/es\/event\/us-del-mobil-i-els-index-de-fragilitat-una-eina-de-prevencio\/\" \/>\n<meta property=\"og:locale\" content=\"es_ES\" \/>\n<meta property=\"og:type\" content=\"article\" \/>\n<meta property=\"og:title\" content=\"Uso del m\u00f3vil y los \u00edndices de fragilidad. Una herramienta de prevenci\u00f3n. - Fundaci\u00f3 TIC Salut i Social\" \/>\n<meta property=\"og:description\" content=\"Nuevo Seminario de Innovaci\u00f3n Tecnol\u00f3gica en Servicios Sociales y Salud, a cargo de Andreu Catal\u00e0, catedr\u00e1tico de Ingenier\u00eda de Sistemas, Autom\u00e1tica e Inform\u00e1tica Industrial. Universidad Polit\u00e9cnica de Catalu\u00f1a. Impulsado por la Fundaci\u00f3n TIC Salut Social. Coorganizado a trav\u00e9s de la C\u00e1tedra TIC Salut Social y la Fundaci\u00f3n Althaia.\" \/>\n<meta property=\"og:url\" content=\"https:\/\/ticsalutsocial.atoom.space\/es\/event\/us-del-mobil-i-els-index-de-fragilitat-una-eina-de-prevencio\/\" \/>\n<meta property=\"og:site_name\" content=\"Fundaci\u00f3 TIC Salut i Social\" \/>\n<meta property=\"article:modified_time\" content=\"2025-03-28T11:44:12+00:00\" \/>\n<meta name=\"twitter:card\" content=\"summary_large_image\" \/>\n<meta name=\"twitter:label1\" content=\"Tiempo de lectura\" \/>\n\t<meta name=\"twitter:data1\" content=\"1 minuto\" \/>\n<script type=\"application\/ld+json\" class=\"yoast-schema-graph\">{\"@context\":\"https:\/\/schema.org\",\"@graph\":[{\"@type\":\"WebPage\",\"@id\":\"https:\/\/ticsalutsocial.atoom.space\/es\/event\/us-del-mobil-i-els-index-de-fragilitat-una-eina-de-prevencio\/\",\"url\":\"https:\/\/ticsalutsocial.atoom.space\/es\/event\/us-del-mobil-i-els-index-de-fragilitat-una-eina-de-prevencio\/\",\"name\":\"Uso del m\u00f3vil y los \u00edndices de fragilidad. Una herramienta de prevenci\u00f3n. - Fundaci\u00f3 TIC Salut i Social\",\"isPartOf\":{\"@id\":\"https:\/\/ticsalutsocial.atoom.space\/es\/#website\"},\"datePublished\":\"2024-12-23T09:33:46+00:00\",\"dateModified\":\"2025-03-28T11:44:12+00:00\",\"breadcrumb\":{\"@id\":\"https:\/\/ticsalutsocial.atoom.space\/es\/event\/us-del-mobil-i-els-index-de-fragilitat-una-eina-de-prevencio\/#breadcrumb\"},\"inLanguage\":\"es\",\"potentialAction\":[{\"@type\":\"ReadAction\",\"target\":[\"https:\/\/ticsalutsocial.atoom.space\/es\/event\/us-del-mobil-i-els-index-de-fragilitat-una-eina-de-prevencio\/\"]}]},{\"@type\":\"BreadcrumbList\",\"@id\":\"https:\/\/ticsalutsocial.atoom.space\/es\/event\/us-del-mobil-i-els-index-de-fragilitat-una-eina-de-prevencio\/#breadcrumb\",\"itemListElement\":[{\"@type\":\"ListItem\",\"position\":1,\"name\":\"Inici\",\"item\":\"https:\/\/ticsalutsocial.atoom.space\/es\/\"},{\"@type\":\"ListItem\",\"position\":2,\"name\":\"Uso del m\u00f3vil y los \u00edndices de fragilidad. Una herramienta de prevenci\u00f3n.\"}]},{\"@type\":\"WebSite\",\"@id\":\"https:\/\/ticsalutsocial.atoom.space\/es\/#website\",\"url\":\"https:\/\/ticsalutsocial.atoom.space\/es\/\",\"name\":\"Fundaci\u00f3 TIC Salut i Social\",\"description\":\"\",\"potentialAction\":[{\"@type\":\"SearchAction\",\"target\":{\"@type\":\"EntryPoint\",\"urlTemplate\":\"https:\/\/ticsalutsocial.atoom.space\/es\/?s={search_term_string}\"},\"query-input\":{\"@type\":\"PropertyValueSpecification\",\"valueRequired\":true,\"valueName\":\"search_term_string\"}}],\"inLanguage\":\"es\"}]}<\/script>\n<!-- \/ Yoast SEO plugin. -->","yoast_head_json":{"title":"Uso del m\u00f3vil y los \u00edndices de fragilidad. Una herramienta de prevenci\u00f3n. - Fundaci\u00f3 TIC Salut i Social","robots":{"index":"index","follow":"follow","max-snippet":"max-snippet:-1","max-image-preview":"max-image-preview:large","max-video-preview":"max-video-preview:-1"},"canonical":"https:\/\/ticsalutsocial.atoom.space\/es\/event\/us-del-mobil-i-els-index-de-fragilitat-una-eina-de-prevencio\/","og_locale":"es_ES","og_type":"article","og_title":"Uso del m\u00f3vil y los \u00edndices de fragilidad. Una herramienta de prevenci\u00f3n. - Fundaci\u00f3 TIC Salut i Social","og_description":"Nuevo Seminario de Innovaci\u00f3n Tecnol\u00f3gica en Servicios Sociales y Salud, a cargo de Andreu Catal\u00e0, catedr\u00e1tico de Ingenier\u00eda de Sistemas, Autom\u00e1tica e Inform\u00e1tica Industrial. Universidad Polit\u00e9cnica de Catalu\u00f1a. Impulsado por la Fundaci\u00f3n TIC Salut Social. Coorganizado a trav\u00e9s de la C\u00e1tedra TIC Salut Social y la Fundaci\u00f3n Althaia.","og_url":"https:\/\/ticsalutsocial.atoom.space\/es\/event\/us-del-mobil-i-els-index-de-fragilitat-una-eina-de-prevencio\/","og_site_name":"Fundaci\u00f3 TIC Salut i Social","article_modified_time":"2025-03-28T11:44:12+00:00","twitter_card":"summary_large_image","twitter_misc":{"Tiempo de lectura":"1 minuto"},"schema":{"@context":"https:\/\/schema.org","@graph":[{"@type":"WebPage","@id":"https:\/\/ticsalutsocial.atoom.space\/es\/event\/us-del-mobil-i-els-index-de-fragilitat-una-eina-de-prevencio\/","url":"https:\/\/ticsalutsocial.atoom.space\/es\/event\/us-del-mobil-i-els-index-de-fragilitat-una-eina-de-prevencio\/","name":"Uso del m\u00f3vil y los \u00edndices de fragilidad. Una herramienta de prevenci\u00f3n. - Fundaci\u00f3 TIC Salut i Social","isPartOf":{"@id":"https:\/\/ticsalutsocial.atoom.space\/es\/#website"},"datePublished":"2024-12-23T09:33:46+00:00","dateModified":"2025-03-28T11:44:12+00:00","breadcrumb":{"@id":"https:\/\/ticsalutsocial.atoom.space\/es\/event\/us-del-mobil-i-els-index-de-fragilitat-una-eina-de-prevencio\/#breadcrumb"},"inLanguage":"es","potentialAction":[{"@type":"ReadAction","target":["https:\/\/ticsalutsocial.atoom.space\/es\/event\/us-del-mobil-i-els-index-de-fragilitat-una-eina-de-prevencio\/"]}]},{"@type":"BreadcrumbList","@id":"https:\/\/ticsalutsocial.atoom.space\/es\/event\/us-del-mobil-i-els-index-de-fragilitat-una-eina-de-prevencio\/#breadcrumb","itemListElement":[{"@type":"ListItem","position":1,"name":"Inici","item":"https:\/\/ticsalutsocial.atoom.space\/es\/"},{"@type":"ListItem","position":2,"name":"Uso del m\u00f3vil y los \u00edndices de fragilidad. Una herramienta de prevenci\u00f3n."}]},{"@type":"WebSite","@id":"https:\/\/ticsalutsocial.atoom.space\/es\/#website","url":"https:\/\/ticsalutsocial.atoom.space\/es\/","name":"Fundaci\u00f3 TIC Salut i Social","description":"","potentialAction":[{"@type":"SearchAction","target":{"@type":"EntryPoint","urlTemplate":"https:\/\/ticsalutsocial.atoom.space\/es\/?s={search_term_string}"},"query-input":{"@type":"PropertyValueSpecification","valueRequired":true,"valueName":"search_term_string"}}],"inLanguage":"es"}]}},"_links":{"self":[{"href":"https:\/\/ticsalutsocial.atoom.space\/es\/wp-json\/wp\/v2\/event\/31141","targetHints":{"allow":["GET"]}}],"collection":[{"href":"https:\/\/ticsalutsocial.atoom.space\/es\/wp-json\/wp\/v2\/event"}],"about":[{"href":"https:\/\/ticsalutsocial.atoom.space\/es\/wp-json\/wp\/v2\/types\/event"}],"wp:attachment":[{"href":"https:\/\/ticsalutsocial.atoom.space\/es\/wp-json\/wp\/v2\/media?parent=31141"}],"wp:term":[{"taxonomy":"tipus","embeddable":true,"href":"https:\/\/ticsalutsocial.atoom.space\/es\/wp-json\/wp\/v2\/tipus?post=31141"},{"taxonomy":"topic","embeddable":true,"href":"https:\/\/ticsalutsocial.atoom.space\/es\/wp-json\/wp\/v2\/topic?post=31141"}],"curies":[{"name":"wp","href":"https:\/\/api.w.org\/{rel}","templated":true}]}}