
{"id":31144,"date":"2025-03-11T14:54:12","date_gmt":"2025-03-11T12:54:12","guid":{"rendered":"https:\/\/ticsalutsocial.atoom.space\/event\/xiv-jornada-rdi-tic-salut-social\/"},"modified":"2025-03-31T09:50:11","modified_gmt":"2025-03-31T07:50:11","slug":"xiv-jornada-rdi-tic-salut-social","status":"publish","type":"event","link":"https:\/\/ticsalutsocial.atoom.space\/es\/event\/xiv-jornada-rdi-tic-salut-social\/","title":{"rendered":"XIV Jornada RDI TIC Salut Social"},"content":{"rendered":"<p class=\"\" data-start=\"21\" data-end=\"519\">En el marco de la innovaci\u00f3n acelerada en tecnolog\u00edas aplicadas al cuidado de las personas en las \u00faltimas d\u00e9cadas, nos encontramos al inicio de profundos cambios que se producir\u00e1n en los roles profesionales y en las relaciones entre profesionales y usuarios de diferentes disciplinas y niveles asistenciales. En este contexto, es necesaria una jornada para profundizar y reflexionar sobre cu\u00e1l debe ser el equilibrio en la relaci\u00f3n humano-m\u00e1quina en los \u00e1mbitos de la salud y el bienestar social.<\/p>\n<p class=\"\" data-start=\"521\" data-end=\"548\"><strong data-start=\"521\" data-end=\"546\">09:30 h. Inauguraci\u00f3n<\/strong><\/p>\n<ul data-start=\"549\" data-end=\"742\">\n<li class=\"\" data-start=\"549\" data-end=\"588\">\n<p class=\"\" data-start=\"551\" data-end=\"588\">Sr. Albert Castells, Alcalde de Vic<\/p>\n<\/li>\n<li class=\"\" data-start=\"589\" data-end=\"655\">\n<p class=\"\" data-start=\"591\" data-end=\"655\">Dr. Joan Guanyabens, Director de la Fundaci\u00f3n TIC Salut Social<\/p>\n<\/li>\n<li class=\"\" data-start=\"656\" data-end=\"742\">\n<p class=\"\" data-start=\"658\" data-end=\"742\">Rector Mgfc. Sr. Eladi Ba\u00f1os, Universidad de Vic &#8211; Universidad Central de Catalu\u00f1a<\/p>\n<\/li>\n<\/ul>\n<p class=\"\" data-start=\"744\" data-end=\"817\"><strong data-start=\"744\" data-end=\"815\">09:55 h. Informaci\u00f3n sobre la herramienta de an\u00e1lisis de IA, EMOGG.<\/strong><\/p>\n<p class=\"\" data-start=\"819\" data-end=\"852\"><strong data-start=\"819\" data-end=\"850\">10:00 h. Ponencia inaugural<\/strong><\/p>\n<ul data-start=\"853\" data-end=\"932\">\n<li class=\"\" data-start=\"853\" data-end=\"932\">\n<p class=\"\" data-start=\"855\" data-end=\"932\">Sr. Juli\u00e1n Isla, Consultor de datos e inteligencia artificial en Microsoft.<\/p>\n<\/li>\n<\/ul>\n<p class=\"\" data-start=\"934\" data-end=\"1077\"><strong data-start=\"934\" data-end=\"1075\">10:30 h. Arquetipos Digitales, segmentos actitudinales del Sistema Catal\u00e1n de Salud. Profesionales asistenciales y competencias digitales<\/strong><\/p>\n<ul data-start=\"1078\" data-end=\"1262\">\n<li class=\"\" data-start=\"1078\" data-end=\"1166\">\n<p class=\"\" data-start=\"1080\" data-end=\"1166\">Sra. Yolanda Portero, Gerente de Innovaci\u00f3n Relacional, Servicio Catal\u00e1n de la Salud<\/p>\n<\/li>\n<li class=\"\" data-start=\"1167\" data-end=\"1262\">\n<p class=\"\" data-start=\"1169\" data-end=\"1262\">Dra. Elisenda Reixach, Responsable de Imagen M\u00e9dica y Formaci\u00f3n, Fundaci\u00f3n TIC Salut Social<\/p>\n<\/li>\n<\/ul>\n<p class=\"\" data-start=\"1264\" data-end=\"1302\"><strong data-start=\"1264\" data-end=\"1300\">11:00 h. Pausa caf\u00e9 &#8211; Networking<\/strong><\/p>\n<p class=\"\" data-start=\"1304\" data-end=\"1464\"><strong data-start=\"1304\" data-end=\"1395\">11:30 h. Mesa Redonda: Tecnolog\u00eda y Profesiones Asistenciales: Del Apoyo a la Simbiosis<\/strong><br data-start=\"1395\" data-end=\"1398\" \/>Modera: Dra. Marta Aymerich, Directora del e-Health Center (UOC)<\/p>\n<ul data-start=\"1465\" data-end=\"1954\">\n<li class=\"\" data-start=\"1465\" data-end=\"1564\">\n<p class=\"\" data-start=\"1467\" data-end=\"1564\">Sra. Anna Gonz\u00e1lez Abad, Jefa de divisi\u00f3n de profesionales SISCAT, Servicio Catal\u00e1n de la Salud<\/p>\n<\/li>\n<li class=\"\" data-start=\"1565\" data-end=\"1662\">\n<p class=\"\" data-start=\"1567\" data-end=\"1662\">Sra. Rosa Fum\u00e0s, Directora T\u00e9cnica del \u00c1rea de Servicios Sociales, Fundaci\u00f3n TIC Salut Social<\/p>\n<\/li>\n<li class=\"\" data-start=\"1663\" data-end=\"1728\">\n<p class=\"\" data-start=\"1665\" data-end=\"1728\">Sr. Xavier M\u00e8lich, Trabajador social, Ayuntamiento de Amposta<\/p>\n<\/li>\n<li class=\"\" data-start=\"1729\" data-end=\"1847\">\n<p class=\"\" data-start=\"1731\" data-end=\"1847\">Dr. Oriol Yuguero, Director Cl\u00ednico de Urgencias y Emergencias, Hospital Universitario Arnau de Vilanova de Lleida<\/p>\n<\/li>\n<li class=\"\" data-start=\"1848\" data-end=\"1954\">\n<p class=\"\" data-start=\"1850\" data-end=\"1954\">Dra. Mar de Pablos, Presidenta de la Secci\u00f3n MIR y M\u00e9dicos J\u00f3venes del Colegio de M\u00e9dicos de Barcelona<\/p>\n<\/li>\n<\/ul>\n<p class=\"\" data-start=\"1956\" data-end=\"2172\"><strong data-start=\"1956\" data-end=\"2055\">12:45 h. Mesa Redonda: Los Nuevos Roles de Profesionales y Ciudadanos en la Atenci\u00f3n del Futuro<\/strong><br data-start=\"2055\" data-end=\"2058\" \/>Modera: Dr. Joan Escarrabill, Consultor em\u00e9rito del Observatorio de Experiencia del Paciente del Hospital Cl\u00ednic<\/p>\n<ul data-start=\"2173\" data-end=\"2611\">\n<li class=\"\" data-start=\"2173\" data-end=\"2263\">\n<p class=\"\" data-start=\"2175\" data-end=\"2263\">Dr. Jordi Pacheco i Canal, Coordinador del Consejo Consultivo de Pacientes de Catalu\u00f1a<\/p>\n<\/li>\n<li class=\"\" data-start=\"2264\" data-end=\"2335\">\n<p class=\"\" data-start=\"2266\" data-end=\"2335\">Sra. Patricia Ripoll, Paciente y presidenta de la Fundaci\u00f3n Visible<\/p>\n<\/li>\n<li class=\"\" data-start=\"2336\" data-end=\"2412\">\n<p class=\"\" data-start=\"2338\" data-end=\"2412\">Dr. Josep Vidal, Jefe de la Unidad de Investigaci\u00f3n ICS Catalu\u00f1a Central<\/p>\n<\/li>\n<li class=\"\" data-start=\"2413\" data-end=\"2498\">\n<p class=\"\" data-start=\"2415\" data-end=\"2498\">Sr. Llu\u00eds Torrens, Director de Proyectos Estrat\u00e9gicos de la Fundaci\u00f3n Bit Habitat<\/p>\n<\/li>\n<li class=\"\" data-start=\"2499\" data-end=\"2611\">\n<p class=\"\" data-start=\"2501\" data-end=\"2611\">Sra. Elisenda Serra, Directora del \u00c1rea de Ciudadan\u00eda, Innovaci\u00f3n y Usuario del Servicio Catal\u00e1n de la Salud<\/p>\n<\/li>\n<\/ul>\n<p class=\"\" data-start=\"2613\" data-end=\"2655\"><strong data-start=\"2613\" data-end=\"2653\">14:00 h. Pausa almuerzo &#8211; Networking<\/strong><\/p>\n<p class=\"\" data-start=\"2657\" data-end=\"2692\"><strong data-start=\"2657\" data-end=\"2690\">15:00 h. Conferencia especial<\/strong><\/p>\n<ul data-start=\"2693\" data-end=\"2809\">\n<li class=\"\" data-start=\"2693\" data-end=\"2809\">\n<p class=\"\" data-start=\"2695\" data-end=\"2809\">Dr. Manel del Castillo, Presidente del Comit\u00e9 de Evaluaci\u00f3n, Innovaci\u00f3n y Reforma Operativa del Sistema de Salud<\/p>\n<\/li>\n<\/ul>\n<p class=\"\" data-start=\"2811\" data-end=\"2866\"><strong data-start=\"2811\" data-end=\"2864\">15:30 h. P\u00edldoras de Innovaci\u00f3n en Salud y Social<\/strong><\/p>\n<ul data-start=\"2867\" data-end=\"4284\">\n<li class=\"\" data-start=\"2867\" data-end=\"3059\">\n<p class=\"\" data-start=\"2869\" data-end=\"3059\"><em data-start=\"2869\" data-end=\"2957\">Aima, el asistente virtual que reduce el aislamiento y promueve la conexi\u00f3n emocional.<\/em> Dr. Bartomeu Ayala, Jefe de Innovaci\u00f3n en Salud y Social, Althaia Manresa. Alex Izquierdo, CEO AIMA<\/p>\n<\/li>\n<li class=\"\" data-start=\"3060\" data-end=\"3287\">\n<p class=\"\" data-start=\"3062\" data-end=\"3287\"><em data-start=\"3062\" data-end=\"3162\">Programa Ocell de Foc para prevenir problemas de salud mental entre los j\u00f3venes nativos digitales.<\/em> Sra. Isabel Garc\u00eda, Subdirecci\u00f3n General de Trabajo en la Diversidad y el Tercer Sector, Departamento de Empresa y Trabajo<\/p>\n<\/li>\n<li class=\"\" data-start=\"3288\" data-end=\"3524\">\n<p class=\"\" data-start=\"3290\" data-end=\"3524\"><em data-start=\"3290\" data-end=\"3365\">IA generativa como apoyo a la toma de notas cl\u00ednicas durante la consulta.<\/em> Sra. Montserrat Ciurana, M\u00e9dica de Familia del EAP Manresa 2, Gerencia de Atenci\u00f3n Primaria y Comunitaria de Catalu\u00f1a Central, Instituto Catal\u00e1n de la Salud<\/p>\n<\/li>\n<li class=\"\" data-start=\"3525\" data-end=\"3790\">\n<p class=\"\" data-start=\"3527\" data-end=\"3790\"><em data-start=\"3527\" data-end=\"3652\">Implementaci\u00f3n de un sistema de apoyo para adecuar la demanda de pruebas radiol\u00f3gicas basado en gu\u00edas cient\u00edficas europeas.<\/em> Dra. Ma. J. Cort\u00e9s, Jefa Territorial del Servicio de Diagn\u00f3stico por Imagen del Hospital Universitario de Vic y Hospital de Campdev\u00e0nol<\/p>\n<\/li>\n<li class=\"\" data-start=\"3791\" data-end=\"4029\">\n<p class=\"\" data-start=\"3793\" data-end=\"4029\"><em data-start=\"3793\" data-end=\"3912\">Una visi\u00f3n internacional de los marcos de referencia de las competencias digitales para los profesionales sanitarios.<\/em> Sra. Paula Puig Vilert, Consultora S\u00e9nior en Estrategia y Asesoramiento Digital | Sector P\u00fablico y Salud, NTT Data<\/p>\n<\/li>\n<li class=\"\" data-start=\"4030\" data-end=\"4145\">\n<p class=\"\" data-start=\"4032\" data-end=\"4145\"><em data-start=\"4032\" data-end=\"4086\">MUVITY, plataforma de telerehabilitaci\u00f3n gamificada.<\/em> Ariadna Pamplona, cofundadora. Marc Marot, desarrollador<\/p>\n<\/li>\n<li class=\"\" data-start=\"4146\" data-end=\"4284\">\n<p class=\"\" data-start=\"4148\" data-end=\"4284\"><em data-start=\"4148\" data-end=\"4243\">Herramientas de IA para medir indicadores atencionales y emocionales en el campo de la salud.<\/em> Edgar Sanju\u00e1n, CEO y fundador de EMOGG<\/p>\n<\/li>\n<\/ul>\n<p class=\"\" data-start=\"4286\" data-end=\"4324\"><strong data-start=\"4286\" data-end=\"4322\">16:25 h. Conclusiones y Clausura<\/strong><\/p>\n<ul data-start=\"4325\" data-end=\"4472\">\n<li class=\"\" data-start=\"4325\" data-end=\"4405\">\n<p class=\"\" data-start=\"4327\" data-end=\"4405\">Dr. Francesc L\u00f3pez Segu\u00ed, Director de la C\u00e1tedra TIC Salut Social (UVIC-UCC)<\/p>\n<\/li>\n<li class=\"\" data-start=\"4406\" data-end=\"4472\">\n<p class=\"\" data-start=\"4408\" data-end=\"4472\">Dr. Joan Guanyabens, Director de la Fundaci\u00f3n TIC Salut Social<\/p>\n<\/li>\n<\/ul>\n","protected":false},"featured_media":30933,"menu_order":0,"template":"","meta":{"_acf_changed":false,"inline_featured_image":false},"tipus":[],"topic":[],"class_list":["post-31144","event","type-event","status-publish","has-post-thumbnail","hentry"],"acf":{"informacio":{"ubicacio":"Aula Magna de la Universitat de Vic","data":"24\/04\/2025","hora":"09:00 \/ 17:00","preu":"","inscripcions":"https:\/\/www.eventbrite.es\/e\/1257984017059?aff=oddtdtcreator"},"programa":{"titol":"","items":false},"documents":false},"yoast_head":"<!-- This site is optimized with the Yoast SEO plugin v27.1.1 - https:\/\/yoast.com\/product\/yoast-seo-wordpress\/ -->\n<title>XIV Jornada RDI TIC Salut Social - Fundaci\u00f3 TIC Salut i Social<\/title>\n<meta name=\"robots\" content=\"index, follow, max-snippet:-1, max-image-preview:large, max-video-preview:-1\" \/>\n<link rel=\"canonical\" href=\"https:\/\/ticsalutsocial.atoom.space\/es\/event\/xiv-jornada-rdi-tic-salut-social\/\" \/>\n<meta property=\"og:locale\" content=\"es_ES\" \/>\n<meta property=\"og:type\" content=\"article\" \/>\n<meta property=\"og:title\" content=\"XIV Jornada RDI TIC Salut Social - Fundaci\u00f3 TIC Salut i Social\" \/>\n<meta property=\"og:description\" content=\"En el marco de la innovaci\u00f3n acelerada en tecnolog\u00edas aplicadas al cuidado de las personas en las \u00faltimas d\u00e9cadas, nos encontramos al inicio de profundos cambios que se producir\u00e1n en los roles profesionales y en las relaciones entre profesionales y usuarios de diferentes disciplinas y niveles asistenciales. En este contexto, es necesaria una jornada para [&hellip;]\" \/>\n<meta property=\"og:url\" content=\"https:\/\/ticsalutsocial.atoom.space\/es\/event\/xiv-jornada-rdi-tic-salut-social\/\" \/>\n<meta property=\"og:site_name\" content=\"Fundaci\u00f3 TIC Salut i Social\" \/>\n<meta property=\"article:modified_time\" content=\"2025-03-31T07:50:11+00:00\" \/>\n<meta property=\"og:image\" content=\"https:\/\/ticsalutsocial.atoom.space\/wp-content\/uploads\/2025\/03\/XIV-Jornada-RDI-TIC-Salut-Social-Banner.png.jpg\" \/>\n\t<meta property=\"og:image:width\" content=\"1600\" \/>\n\t<meta property=\"og:image:height\" content=\"900\" \/>\n\t<meta property=\"og:image:type\" content=\"image\/jpeg\" \/>\n<meta name=\"twitter:card\" content=\"summary_large_image\" \/>\n<meta name=\"twitter:label1\" content=\"Tiempo de lectura\" \/>\n\t<meta name=\"twitter:data1\" content=\"4 minutos\" \/>\n<script type=\"application\/ld+json\" class=\"yoast-schema-graph\">{\"@context\":\"https:\/\/schema.org\",\"@graph\":[{\"@type\":\"WebPage\",\"@id\":\"https:\/\/ticsalutsocial.atoom.space\/es\/event\/xiv-jornada-rdi-tic-salut-social\/\",\"url\":\"https:\/\/ticsalutsocial.atoom.space\/es\/event\/xiv-jornada-rdi-tic-salut-social\/\",\"name\":\"XIV Jornada RDI TIC Salut Social - Fundaci\u00f3 TIC Salut i Social\",\"isPartOf\":{\"@id\":\"https:\/\/ticsalutsocial.atoom.space\/es\/#website\"},\"primaryImageOfPage\":{\"@id\":\"https:\/\/ticsalutsocial.atoom.space\/es\/event\/xiv-jornada-rdi-tic-salut-social\/#primaryimage\"},\"image\":{\"@id\":\"https:\/\/ticsalutsocial.atoom.space\/es\/event\/xiv-jornada-rdi-tic-salut-social\/#primaryimage\"},\"thumbnailUrl\":\"https:\/\/ticsalutsocial.atoom.space\/wp-content\/uploads\/2025\/03\/XIV-Jornada-RDI-TIC-Salut-Social-Banner.png.jpg\",\"datePublished\":\"2025-03-11T12:54:12+00:00\",\"dateModified\":\"2025-03-31T07:50:11+00:00\",\"breadcrumb\":{\"@id\":\"https:\/\/ticsalutsocial.atoom.space\/es\/event\/xiv-jornada-rdi-tic-salut-social\/#breadcrumb\"},\"inLanguage\":\"es\",\"potentialAction\":[{\"@type\":\"ReadAction\",\"target\":[\"https:\/\/ticsalutsocial.atoom.space\/es\/event\/xiv-jornada-rdi-tic-salut-social\/\"]}]},{\"@type\":\"ImageObject\",\"inLanguage\":\"es\",\"@id\":\"https:\/\/ticsalutsocial.atoom.space\/es\/event\/xiv-jornada-rdi-tic-salut-social\/#primaryimage\",\"url\":\"https:\/\/ticsalutsocial.atoom.space\/wp-content\/uploads\/2025\/03\/XIV-Jornada-RDI-TIC-Salut-Social-Banner.png.jpg\",\"contentUrl\":\"https:\/\/ticsalutsocial.atoom.space\/wp-content\/uploads\/2025\/03\/XIV-Jornada-RDI-TIC-Salut-Social-Banner.png.jpg\",\"width\":1600,\"height\":900},{\"@type\":\"BreadcrumbList\",\"@id\":\"https:\/\/ticsalutsocial.atoom.space\/es\/event\/xiv-jornada-rdi-tic-salut-social\/#breadcrumb\",\"itemListElement\":[{\"@type\":\"ListItem\",\"position\":1,\"name\":\"Inici\",\"item\":\"https:\/\/ticsalutsocial.atoom.space\/es\/\"},{\"@type\":\"ListItem\",\"position\":2,\"name\":\"XIV Jornada RDI TIC Salut Social\"}]},{\"@type\":\"WebSite\",\"@id\":\"https:\/\/ticsalutsocial.atoom.space\/es\/#website\",\"url\":\"https:\/\/ticsalutsocial.atoom.space\/es\/\",\"name\":\"Fundaci\u00f3 TIC Salut i Social\",\"description\":\"\",\"potentialAction\":[{\"@type\":\"SearchAction\",\"target\":{\"@type\":\"EntryPoint\",\"urlTemplate\":\"https:\/\/ticsalutsocial.atoom.space\/es\/?s={search_term_string}\"},\"query-input\":{\"@type\":\"PropertyValueSpecification\",\"valueRequired\":true,\"valueName\":\"search_term_string\"}}],\"inLanguage\":\"es\"}]}<\/script>\n<!-- \/ Yoast SEO plugin. -->","yoast_head_json":{"title":"XIV Jornada RDI TIC Salut Social - Fundaci\u00f3 TIC Salut i Social","robots":{"index":"index","follow":"follow","max-snippet":"max-snippet:-1","max-image-preview":"max-image-preview:large","max-video-preview":"max-video-preview:-1"},"canonical":"https:\/\/ticsalutsocial.atoom.space\/es\/event\/xiv-jornada-rdi-tic-salut-social\/","og_locale":"es_ES","og_type":"article","og_title":"XIV Jornada RDI TIC Salut Social - Fundaci\u00f3 TIC Salut i Social","og_description":"En el marco de la innovaci\u00f3n acelerada en tecnolog\u00edas aplicadas al cuidado de las personas en las \u00faltimas d\u00e9cadas, nos encontramos al inicio de profundos cambios que se producir\u00e1n en los roles profesionales y en las relaciones entre profesionales y usuarios de diferentes disciplinas y niveles asistenciales. En este contexto, es necesaria una jornada para [&hellip;]","og_url":"https:\/\/ticsalutsocial.atoom.space\/es\/event\/xiv-jornada-rdi-tic-salut-social\/","og_site_name":"Fundaci\u00f3 TIC Salut i Social","article_modified_time":"2025-03-31T07:50:11+00:00","og_image":[{"width":1600,"height":900,"url":"https:\/\/ticsalutsocial.atoom.space\/wp-content\/uploads\/2025\/03\/XIV-Jornada-RDI-TIC-Salut-Social-Banner.png.jpg","type":"image\/jpeg"}],"twitter_card":"summary_large_image","twitter_misc":{"Tiempo de lectura":"4 minutos"},"schema":{"@context":"https:\/\/schema.org","@graph":[{"@type":"WebPage","@id":"https:\/\/ticsalutsocial.atoom.space\/es\/event\/xiv-jornada-rdi-tic-salut-social\/","url":"https:\/\/ticsalutsocial.atoom.space\/es\/event\/xiv-jornada-rdi-tic-salut-social\/","name":"XIV Jornada RDI TIC Salut Social - Fundaci\u00f3 TIC Salut i Social","isPartOf":{"@id":"https:\/\/ticsalutsocial.atoom.space\/es\/#website"},"primaryImageOfPage":{"@id":"https:\/\/ticsalutsocial.atoom.space\/es\/event\/xiv-jornada-rdi-tic-salut-social\/#primaryimage"},"image":{"@id":"https:\/\/ticsalutsocial.atoom.space\/es\/event\/xiv-jornada-rdi-tic-salut-social\/#primaryimage"},"thumbnailUrl":"https:\/\/ticsalutsocial.atoom.space\/wp-content\/uploads\/2025\/03\/XIV-Jornada-RDI-TIC-Salut-Social-Banner.png.jpg","datePublished":"2025-03-11T12:54:12+00:00","dateModified":"2025-03-31T07:50:11+00:00","breadcrumb":{"@id":"https:\/\/ticsalutsocial.atoom.space\/es\/event\/xiv-jornada-rdi-tic-salut-social\/#breadcrumb"},"inLanguage":"es","potentialAction":[{"@type":"ReadAction","target":["https:\/\/ticsalutsocial.atoom.space\/es\/event\/xiv-jornada-rdi-tic-salut-social\/"]}]},{"@type":"ImageObject","inLanguage":"es","@id":"https:\/\/ticsalutsocial.atoom.space\/es\/event\/xiv-jornada-rdi-tic-salut-social\/#primaryimage","url":"https:\/\/ticsalutsocial.atoom.space\/wp-content\/uploads\/2025\/03\/XIV-Jornada-RDI-TIC-Salut-Social-Banner.png.jpg","contentUrl":"https:\/\/ticsalutsocial.atoom.space\/wp-content\/uploads\/2025\/03\/XIV-Jornada-RDI-TIC-Salut-Social-Banner.png.jpg","width":1600,"height":900},{"@type":"BreadcrumbList","@id":"https:\/\/ticsalutsocial.atoom.space\/es\/event\/xiv-jornada-rdi-tic-salut-social\/#breadcrumb","itemListElement":[{"@type":"ListItem","position":1,"name":"Inici","item":"https:\/\/ticsalutsocial.atoom.space\/es\/"},{"@type":"ListItem","position":2,"name":"XIV Jornada RDI TIC Salut Social"}]},{"@type":"WebSite","@id":"https:\/\/ticsalutsocial.atoom.space\/es\/#website","url":"https:\/\/ticsalutsocial.atoom.space\/es\/","name":"Fundaci\u00f3 TIC Salut i Social","description":"","potentialAction":[{"@type":"SearchAction","target":{"@type":"EntryPoint","urlTemplate":"https:\/\/ticsalutsocial.atoom.space\/es\/?s={search_term_string}"},"query-input":{"@type":"PropertyValueSpecification","valueRequired":true,"valueName":"search_term_string"}}],"inLanguage":"es"}]}},"_links":{"self":[{"href":"https:\/\/ticsalutsocial.atoom.space\/es\/wp-json\/wp\/v2\/event\/31144","targetHints":{"allow":["GET"]}}],"collection":[{"href":"https:\/\/ticsalutsocial.atoom.space\/es\/wp-json\/wp\/v2\/event"}],"about":[{"href":"https:\/\/ticsalutsocial.atoom.space\/es\/wp-json\/wp\/v2\/types\/event"}],"wp:featuredmedia":[{"embeddable":true,"href":"https:\/\/ticsalutsocial.atoom.space\/es\/wp-json\/wp\/v2\/media\/30933"}],"wp:attachment":[{"href":"https:\/\/ticsalutsocial.atoom.space\/es\/wp-json\/wp\/v2\/media?parent=31144"}],"wp:term":[{"taxonomy":"tipus","embeddable":true,"href":"https:\/\/ticsalutsocial.atoom.space\/es\/wp-json\/wp\/v2\/tipus?post=31144"},{"taxonomy":"topic","embeddable":true,"href":"https:\/\/ticsalutsocial.atoom.space\/es\/wp-json\/wp\/v2\/topic?post=31144"}],"curies":[{"name":"wp","href":"https:\/\/api.w.org\/{rel}","templated":true}]}}