
{"id":31240,"date":"2025-04-02T09:51:10","date_gmt":"2025-04-02T07:51:10","guid":{"rendered":"https:\/\/ticsalutsocial.atoom.space\/event\/plenari-de-tic-la-unio\/"},"modified":"2025-04-14T11:58:44","modified_gmt":"2025-04-14T09:58:44","slug":"plenari-de-tic-la-unio","status":"publish","type":"event","link":"https:\/\/ticsalutsocial.atoom.space\/es\/event\/plenari-de-tic-la-unio\/","title":{"rendered":"Plenario de TIC &#8211; La Uni\u00f3"},"content":{"rendered":"<p class=\"\" data-start=\"93\" data-end=\"382\">El Consejo T\u00e9cnico Asesor TIC de La Uni\u00f3 convoca un Plenario en el que se compartir\u00e1n las novedades m\u00e1s relevantes sobre los proyectos en el \u00e1mbito TIC con todos los responsables de sistemas de informaci\u00f3n y sus equipos de las entidades asociadas a La Uni\u00f3.<\/p>\n<p class=\"\" data-start=\"384\" data-end=\"835\">Por un lado, y en el marco de la colaboraci\u00f3n entre La Uni\u00f3, la Agencia de Ciberseguridad de Catalu\u00f1a y la Coordinaci\u00f3n General de las TIC Salud, se presentar\u00e1 la <strong data-start=\"547\" data-end=\"590\">Estrategia de Salud Digital de Catalu\u00f1a<\/strong>, con un enfoque especial en la <strong data-start=\"622\" data-end=\"640\">Ciberseguridad<\/strong>, como una de las principales l\u00edneas de trabajo de la Funci\u00f3n TIC en Salud. Durante la sesi\u00f3n se presentar\u00e1 el estado del proyecto y se abordar\u00e1n los aspectos que comprende esta l\u00ednea de trabajo.<\/p>\n<p class=\"\" data-start=\"837\" data-end=\"1134\">Por otro lado, se presentar\u00e1 la <strong data-start=\"869\" data-end=\"913\">Comunidad de Buenas Pr\u00e1cticas de La Uni\u00f3<\/strong>, un grupo de entidades sanitarias y sociales que comparten informaci\u00f3n, recursos y experiencias en \u00e1reas de inter\u00e9s comunes, siendo una herramienta especialmente \u00fatil para los responsables TIC de las entidades asociadas.<\/p>\n<p class=\"\" data-start=\"1136\" data-end=\"1203\">Durante la sesi\u00f3n se podr\u00e1n resolver dudas y compartir reflexiones.<\/p>\n","protected":false},"featured_media":0,"menu_order":0,"template":"","meta":{"_acf_changed":false,"inline_featured_image":false},"tipus":[],"topic":[],"class_list":["post-31240","event","type-event","status-publish","hentry"],"acf":{"informacio":{"ubicacio":"Online, per plataforma Teams","data":"29\/04\/2025","hora":"16:00 \/ 17:30","preu":"Gratu\u00eft amb inscripci\u00f3","inscripcions":"https:\/\/www.uch.cat\/comunicacio\/activitats-101\/plenari-de-tic-100.html"},"programa":{"titol":"","items":false},"documents":false},"yoast_head":"<!-- This site is optimized with the Yoast SEO plugin v27.1.1 - https:\/\/yoast.com\/product\/yoast-seo-wordpress\/ -->\n<title>Plenario de TIC - La Uni\u00f3 - Fundaci\u00f3 TIC Salut i Social<\/title>\n<meta name=\"robots\" content=\"index, follow, max-snippet:-1, max-image-preview:large, max-video-preview:-1\" \/>\n<link rel=\"canonical\" href=\"https:\/\/ticsalutsocial.atoom.space\/es\/event\/plenari-de-tic-la-unio\/\" \/>\n<meta property=\"og:locale\" content=\"es_ES\" \/>\n<meta property=\"og:type\" content=\"article\" \/>\n<meta property=\"og:title\" content=\"Plenario de TIC - La Uni\u00f3 - Fundaci\u00f3 TIC Salut i Social\" \/>\n<meta property=\"og:description\" content=\"El Consejo T\u00e9cnico Asesor TIC de La Uni\u00f3 convoca un Plenario en el que se compartir\u00e1n las novedades m\u00e1s relevantes sobre los proyectos en el \u00e1mbito TIC con todos los responsables de sistemas de informaci\u00f3n y sus equipos de las entidades asociadas a La Uni\u00f3. Por un lado, y en el marco de la colaboraci\u00f3n [&hellip;]\" \/>\n<meta property=\"og:url\" content=\"https:\/\/ticsalutsocial.atoom.space\/es\/event\/plenari-de-tic-la-unio\/\" \/>\n<meta property=\"og:site_name\" content=\"Fundaci\u00f3 TIC Salut i Social\" \/>\n<meta property=\"article:modified_time\" content=\"2025-04-14T09:58:44+00:00\" \/>\n<meta name=\"twitter:card\" content=\"summary_large_image\" \/>\n<meta name=\"twitter:label1\" content=\"Tiempo de lectura\" \/>\n\t<meta name=\"twitter:data1\" content=\"1 minuto\" \/>\n<script type=\"application\/ld+json\" class=\"yoast-schema-graph\">{\"@context\":\"https:\/\/schema.org\",\"@graph\":[{\"@type\":\"WebPage\",\"@id\":\"https:\/\/ticsalutsocial.atoom.space\/es\/event\/plenari-de-tic-la-unio\/\",\"url\":\"https:\/\/ticsalutsocial.atoom.space\/es\/event\/plenari-de-tic-la-unio\/\",\"name\":\"Plenario de TIC - La Uni\u00f3 - Fundaci\u00f3 TIC Salut i Social\",\"isPartOf\":{\"@id\":\"https:\/\/ticsalutsocial.atoom.space\/es\/#website\"},\"datePublished\":\"2025-04-02T07:51:10+00:00\",\"dateModified\":\"2025-04-14T09:58:44+00:00\",\"breadcrumb\":{\"@id\":\"https:\/\/ticsalutsocial.atoom.space\/es\/event\/plenari-de-tic-la-unio\/#breadcrumb\"},\"inLanguage\":\"es\",\"potentialAction\":[{\"@type\":\"ReadAction\",\"target\":[\"https:\/\/ticsalutsocial.atoom.space\/es\/event\/plenari-de-tic-la-unio\/\"]}]},{\"@type\":\"BreadcrumbList\",\"@id\":\"https:\/\/ticsalutsocial.atoom.space\/es\/event\/plenari-de-tic-la-unio\/#breadcrumb\",\"itemListElement\":[{\"@type\":\"ListItem\",\"position\":1,\"name\":\"Inici\",\"item\":\"https:\/\/ticsalutsocial.atoom.space\/es\/\"},{\"@type\":\"ListItem\",\"position\":2,\"name\":\"Plenario de TIC &#8211; La Uni\u00f3\"}]},{\"@type\":\"WebSite\",\"@id\":\"https:\/\/ticsalutsocial.atoom.space\/es\/#website\",\"url\":\"https:\/\/ticsalutsocial.atoom.space\/es\/\",\"name\":\"Fundaci\u00f3 TIC Salut i Social\",\"description\":\"\",\"potentialAction\":[{\"@type\":\"SearchAction\",\"target\":{\"@type\":\"EntryPoint\",\"urlTemplate\":\"https:\/\/ticsalutsocial.atoom.space\/es\/?s={search_term_string}\"},\"query-input\":{\"@type\":\"PropertyValueSpecification\",\"valueRequired\":true,\"valueName\":\"search_term_string\"}}],\"inLanguage\":\"es\"}]}<\/script>\n<!-- \/ Yoast SEO plugin. -->","yoast_head_json":{"title":"Plenario de TIC - La Uni\u00f3 - Fundaci\u00f3 TIC Salut i Social","robots":{"index":"index","follow":"follow","max-snippet":"max-snippet:-1","max-image-preview":"max-image-preview:large","max-video-preview":"max-video-preview:-1"},"canonical":"https:\/\/ticsalutsocial.atoom.space\/es\/event\/plenari-de-tic-la-unio\/","og_locale":"es_ES","og_type":"article","og_title":"Plenario de TIC - La Uni\u00f3 - Fundaci\u00f3 TIC Salut i Social","og_description":"El Consejo T\u00e9cnico Asesor TIC de La Uni\u00f3 convoca un Plenario en el que se compartir\u00e1n las novedades m\u00e1s relevantes sobre los proyectos en el \u00e1mbito TIC con todos los responsables de sistemas de informaci\u00f3n y sus equipos de las entidades asociadas a La Uni\u00f3. Por un lado, y en el marco de la colaboraci\u00f3n [&hellip;]","og_url":"https:\/\/ticsalutsocial.atoom.space\/es\/event\/plenari-de-tic-la-unio\/","og_site_name":"Fundaci\u00f3 TIC Salut i Social","article_modified_time":"2025-04-14T09:58:44+00:00","twitter_card":"summary_large_image","twitter_misc":{"Tiempo de lectura":"1 minuto"},"schema":{"@context":"https:\/\/schema.org","@graph":[{"@type":"WebPage","@id":"https:\/\/ticsalutsocial.atoom.space\/es\/event\/plenari-de-tic-la-unio\/","url":"https:\/\/ticsalutsocial.atoom.space\/es\/event\/plenari-de-tic-la-unio\/","name":"Plenario de TIC - La Uni\u00f3 - Fundaci\u00f3 TIC Salut i Social","isPartOf":{"@id":"https:\/\/ticsalutsocial.atoom.space\/es\/#website"},"datePublished":"2025-04-02T07:51:10+00:00","dateModified":"2025-04-14T09:58:44+00:00","breadcrumb":{"@id":"https:\/\/ticsalutsocial.atoom.space\/es\/event\/plenari-de-tic-la-unio\/#breadcrumb"},"inLanguage":"es","potentialAction":[{"@type":"ReadAction","target":["https:\/\/ticsalutsocial.atoom.space\/es\/event\/plenari-de-tic-la-unio\/"]}]},{"@type":"BreadcrumbList","@id":"https:\/\/ticsalutsocial.atoom.space\/es\/event\/plenari-de-tic-la-unio\/#breadcrumb","itemListElement":[{"@type":"ListItem","position":1,"name":"Inici","item":"https:\/\/ticsalutsocial.atoom.space\/es\/"},{"@type":"ListItem","position":2,"name":"Plenario de TIC &#8211; La Uni\u00f3"}]},{"@type":"WebSite","@id":"https:\/\/ticsalutsocial.atoom.space\/es\/#website","url":"https:\/\/ticsalutsocial.atoom.space\/es\/","name":"Fundaci\u00f3 TIC Salut i Social","description":"","potentialAction":[{"@type":"SearchAction","target":{"@type":"EntryPoint","urlTemplate":"https:\/\/ticsalutsocial.atoom.space\/es\/?s={search_term_string}"},"query-input":{"@type":"PropertyValueSpecification","valueRequired":true,"valueName":"search_term_string"}}],"inLanguage":"es"}]}},"_links":{"self":[{"href":"https:\/\/ticsalutsocial.atoom.space\/es\/wp-json\/wp\/v2\/event\/31240","targetHints":{"allow":["GET"]}}],"collection":[{"href":"https:\/\/ticsalutsocial.atoom.space\/es\/wp-json\/wp\/v2\/event"}],"about":[{"href":"https:\/\/ticsalutsocial.atoom.space\/es\/wp-json\/wp\/v2\/types\/event"}],"wp:attachment":[{"href":"https:\/\/ticsalutsocial.atoom.space\/es\/wp-json\/wp\/v2\/media?parent=31240"}],"wp:term":[{"taxonomy":"tipus","embeddable":true,"href":"https:\/\/ticsalutsocial.atoom.space\/es\/wp-json\/wp\/v2\/tipus?post=31240"},{"taxonomy":"topic","embeddable":true,"href":"https:\/\/ticsalutsocial.atoom.space\/es\/wp-json\/wp\/v2\/topic?post=31240"}],"curies":[{"name":"wp","href":"https:\/\/api.w.org\/{rel}","templated":true}]}}