
{"id":31247,"date":"2025-04-08T09:30:25","date_gmt":"2025-04-08T07:30:25","guid":{"rendered":"https:\/\/ticsalutsocial.atoom.space\/event\/cicles-de-conferencies-de-salut-2025\/"},"modified":"2025-04-14T12:13:57","modified_gmt":"2025-04-14T10:13:57","slug":"cicles-de-conferencies-de-salut-2025","status":"publish","type":"event","link":"https:\/\/ticsalutsocial.atoom.space\/es\/event\/cicles-de-conferencies-de-salut-2025\/","title":{"rendered":"Ciclos de conferencias de salud 2025"},"content":{"rendered":"<p class=\"\" data-start=\"142\" data-end=\"196\"><strong data-start=\"185\" data-end=\"196\">AGENDA:<\/strong><\/p>\n<p class=\"\" data-start=\"198\" data-end=\"437\"><strong data-start=\"201\" data-end=\"222\">Lunes 28 de abril<\/strong><br data-start=\"222\" data-end=\"225\" \/><strong data-start=\"225\" data-end=\"264\">Estrategias para evitar infecciones<\/strong><br data-start=\"264\" data-end=\"267\" \/>Taller interactivo donde se presentar\u00e1n diferentes estrategias para la prevenci\u00f3n de infecciones.<br data-start=\"364\" data-end=\"367\" \/><strong data-start=\"367\" data-end=\"379\">Ponente:<\/strong> Pilar Barrufet, especialista en enfermedades infecciosas.<\/p>\n<p class=\"\" data-start=\"439\" data-end=\"718\"><strong data-start=\"442\" data-end=\"466\">Mi\u00e9rcoles 14 de mayo<\/strong><br data-start=\"466\" data-end=\"469\" \/><strong data-start=\"469\" data-end=\"531\">\u00bfMe tienen que operar? \u00bfTengo que ingresar en el hospital?<\/strong><br data-start=\"531\" data-end=\"534\" \/>Qu\u00e9 es la cirug\u00eda sin ingreso, cu\u00e1l es su objetivo, calidad asistencial y seguridad del paciente.<br data-start=\"631\" data-end=\"634\" \/><strong data-start=\"634\" data-end=\"646\">Ponente:<\/strong> Llu\u00eds Hidalgo, especialista en cirug\u00eda general y del aparato digestivo.<\/p>\n<p class=\"\" data-start=\"720\" data-end=\"949\"><strong data-start=\"723\" data-end=\"743\">Lunes 19 de mayo<\/strong><br data-start=\"743\" data-end=\"746\" \/><strong data-start=\"746\" data-end=\"795\">Vacunas y salud: construyendo defensas juntos<\/strong><br data-start=\"795\" data-end=\"798\" \/>Qu\u00e9 sabemos y qu\u00e9 pensamos sobre las vacunas. Revisi\u00f3n del calendario vacunal.<br data-start=\"876\" data-end=\"879\" \/><strong data-start=\"879\" data-end=\"891\">Ponente:<\/strong> Pilar Barrufet, especialista en enfermedades infecciosas.<\/p>\n<p class=\"\" data-start=\"951\" data-end=\"1034\">Dirigido a la ciudadan\u00eda en general.<br data-start=\"990\" data-end=\"993\" \/>Inscripciones en: <a href=\"mailto:matarocuida@csdm.cat\" rel=\"noopener\" data-start=\"1014\" data-end=\"1034\">matarocuida@csdm.cat<\/a><\/p>\n","protected":false},"featured_media":31216,"menu_order":0,"template":"","meta":{"_acf_changed":false,"inline_featured_image":false},"tipus":[],"topic":[],"class_list":["post-31247","event","type-event","status-publish","has-post-thumbnail","hentry"],"acf":{"informacio":{"ubicacio":"Espai Matar\u00f3 Cuida, Passeig de Marina, 144, 08302 Matar\u00f3","data":"28\/04\/2025","hora":"10:30 \/ 11:30","preu":"Gratu\u00eft","inscripcions":"matarocuida@csdm.cat"},"programa":{"titol":"","items":false},"documents":false},"yoast_head":"<!-- This site is optimized with the Yoast SEO plugin v27.1.1 - https:\/\/yoast.com\/product\/yoast-seo-wordpress\/ -->\n<title>Ciclos de conferencias de salud 2025 - Fundaci\u00f3 TIC Salut i Social<\/title>\n<meta name=\"robots\" content=\"index, follow, max-snippet:-1, max-image-preview:large, max-video-preview:-1\" \/>\n<link rel=\"canonical\" href=\"https:\/\/ticsalutsocial.atoom.space\/es\/event\/cicles-de-conferencies-de-salut-2025\/\" \/>\n<meta property=\"og:locale\" content=\"es_ES\" \/>\n<meta property=\"og:type\" content=\"article\" \/>\n<meta property=\"og:title\" content=\"Ciclos de conferencias de salud 2025 - Fundaci\u00f3 TIC Salut i Social\" \/>\n<meta property=\"og:description\" content=\"AGENDA: Lunes 28 de abrilEstrategias para evitar infeccionesTaller interactivo donde se presentar\u00e1n diferentes estrategias para la prevenci\u00f3n de infecciones.Ponente: Pilar Barrufet, especialista en enfermedades infecciosas. Mi\u00e9rcoles 14 de mayo\u00bfMe tienen que operar? \u00bfTengo que ingresar en el hospital?Qu\u00e9 es la cirug\u00eda sin ingreso, cu\u00e1l es su objetivo, calidad asistencial y seguridad del paciente.Ponente: Llu\u00eds Hidalgo, [&hellip;]\" \/>\n<meta property=\"og:url\" content=\"https:\/\/ticsalutsocial.atoom.space\/es\/event\/cicles-de-conferencies-de-salut-2025\/\" \/>\n<meta property=\"og:site_name\" content=\"Fundaci\u00f3 TIC Salut i Social\" \/>\n<meta property=\"article:modified_time\" content=\"2025-04-14T10:13:57+00:00\" \/>\n<meta property=\"og:image\" content=\"https:\/\/ticsalutsocial.atoom.space\/wp-content\/uploads\/2025\/04\/Outlook-heup2wh3.png\" \/>\n\t<meta property=\"og:image:width\" content=\"1191\" \/>\n\t<meta property=\"og:image:height\" content=\"842\" \/>\n\t<meta property=\"og:image:type\" content=\"image\/png\" \/>\n<meta name=\"twitter:card\" content=\"summary_large_image\" \/>\n<meta name=\"twitter:label1\" content=\"Tiempo de lectura\" \/>\n\t<meta name=\"twitter:data1\" content=\"1 minuto\" \/>\n<script type=\"application\/ld+json\" class=\"yoast-schema-graph\">{\"@context\":\"https:\/\/schema.org\",\"@graph\":[{\"@type\":\"WebPage\",\"@id\":\"https:\/\/ticsalutsocial.atoom.space\/es\/event\/cicles-de-conferencies-de-salut-2025\/\",\"url\":\"https:\/\/ticsalutsocial.atoom.space\/es\/event\/cicles-de-conferencies-de-salut-2025\/\",\"name\":\"Ciclos de conferencias de salud 2025 - Fundaci\u00f3 TIC Salut i Social\",\"isPartOf\":{\"@id\":\"https:\/\/ticsalutsocial.atoom.space\/es\/#website\"},\"primaryImageOfPage\":{\"@id\":\"https:\/\/ticsalutsocial.atoom.space\/es\/event\/cicles-de-conferencies-de-salut-2025\/#primaryimage\"},\"image\":{\"@id\":\"https:\/\/ticsalutsocial.atoom.space\/es\/event\/cicles-de-conferencies-de-salut-2025\/#primaryimage\"},\"thumbnailUrl\":\"https:\/\/ticsalutsocial.atoom.space\/wp-content\/uploads\/2025\/04\/Outlook-heup2wh3.png\",\"datePublished\":\"2025-04-08T07:30:25+00:00\",\"dateModified\":\"2025-04-14T10:13:57+00:00\",\"breadcrumb\":{\"@id\":\"https:\/\/ticsalutsocial.atoom.space\/es\/event\/cicles-de-conferencies-de-salut-2025\/#breadcrumb\"},\"inLanguage\":\"es\",\"potentialAction\":[{\"@type\":\"ReadAction\",\"target\":[\"https:\/\/ticsalutsocial.atoom.space\/es\/event\/cicles-de-conferencies-de-salut-2025\/\"]}]},{\"@type\":\"ImageObject\",\"inLanguage\":\"es\",\"@id\":\"https:\/\/ticsalutsocial.atoom.space\/es\/event\/cicles-de-conferencies-de-salut-2025\/#primaryimage\",\"url\":\"https:\/\/ticsalutsocial.atoom.space\/wp-content\/uploads\/2025\/04\/Outlook-heup2wh3.png\",\"contentUrl\":\"https:\/\/ticsalutsocial.atoom.space\/wp-content\/uploads\/2025\/04\/Outlook-heup2wh3.png\",\"width\":1191,\"height\":842,\"caption\":\"Cicles de Confer\u00e8ncia de Salut 2025\"},{\"@type\":\"BreadcrumbList\",\"@id\":\"https:\/\/ticsalutsocial.atoom.space\/es\/event\/cicles-de-conferencies-de-salut-2025\/#breadcrumb\",\"itemListElement\":[{\"@type\":\"ListItem\",\"position\":1,\"name\":\"Inici\",\"item\":\"https:\/\/ticsalutsocial.atoom.space\/es\/\"},{\"@type\":\"ListItem\",\"position\":2,\"name\":\"Ciclos de conferencias de salud 2025\"}]},{\"@type\":\"WebSite\",\"@id\":\"https:\/\/ticsalutsocial.atoom.space\/es\/#website\",\"url\":\"https:\/\/ticsalutsocial.atoom.space\/es\/\",\"name\":\"Fundaci\u00f3 TIC Salut i Social\",\"description\":\"\",\"potentialAction\":[{\"@type\":\"SearchAction\",\"target\":{\"@type\":\"EntryPoint\",\"urlTemplate\":\"https:\/\/ticsalutsocial.atoom.space\/es\/?s={search_term_string}\"},\"query-input\":{\"@type\":\"PropertyValueSpecification\",\"valueRequired\":true,\"valueName\":\"search_term_string\"}}],\"inLanguage\":\"es\"}]}<\/script>\n<!-- \/ Yoast SEO plugin. -->","yoast_head_json":{"title":"Ciclos de conferencias de salud 2025 - Fundaci\u00f3 TIC Salut i Social","robots":{"index":"index","follow":"follow","max-snippet":"max-snippet:-1","max-image-preview":"max-image-preview:large","max-video-preview":"max-video-preview:-1"},"canonical":"https:\/\/ticsalutsocial.atoom.space\/es\/event\/cicles-de-conferencies-de-salut-2025\/","og_locale":"es_ES","og_type":"article","og_title":"Ciclos de conferencias de salud 2025 - Fundaci\u00f3 TIC Salut i Social","og_description":"AGENDA: Lunes 28 de abrilEstrategias para evitar infeccionesTaller interactivo donde se presentar\u00e1n diferentes estrategias para la prevenci\u00f3n de infecciones.Ponente: Pilar Barrufet, especialista en enfermedades infecciosas. Mi\u00e9rcoles 14 de mayo\u00bfMe tienen que operar? \u00bfTengo que ingresar en el hospital?Qu\u00e9 es la cirug\u00eda sin ingreso, cu\u00e1l es su objetivo, calidad asistencial y seguridad del paciente.Ponente: Llu\u00eds Hidalgo, [&hellip;]","og_url":"https:\/\/ticsalutsocial.atoom.space\/es\/event\/cicles-de-conferencies-de-salut-2025\/","og_site_name":"Fundaci\u00f3 TIC Salut i Social","article_modified_time":"2025-04-14T10:13:57+00:00","og_image":[{"width":1191,"height":842,"url":"https:\/\/ticsalutsocial.atoom.space\/wp-content\/uploads\/2025\/04\/Outlook-heup2wh3.png","type":"image\/png"}],"twitter_card":"summary_large_image","twitter_misc":{"Tiempo de lectura":"1 minuto"},"schema":{"@context":"https:\/\/schema.org","@graph":[{"@type":"WebPage","@id":"https:\/\/ticsalutsocial.atoom.space\/es\/event\/cicles-de-conferencies-de-salut-2025\/","url":"https:\/\/ticsalutsocial.atoom.space\/es\/event\/cicles-de-conferencies-de-salut-2025\/","name":"Ciclos de conferencias de salud 2025 - Fundaci\u00f3 TIC Salut i Social","isPartOf":{"@id":"https:\/\/ticsalutsocial.atoom.space\/es\/#website"},"primaryImageOfPage":{"@id":"https:\/\/ticsalutsocial.atoom.space\/es\/event\/cicles-de-conferencies-de-salut-2025\/#primaryimage"},"image":{"@id":"https:\/\/ticsalutsocial.atoom.space\/es\/event\/cicles-de-conferencies-de-salut-2025\/#primaryimage"},"thumbnailUrl":"https:\/\/ticsalutsocial.atoom.space\/wp-content\/uploads\/2025\/04\/Outlook-heup2wh3.png","datePublished":"2025-04-08T07:30:25+00:00","dateModified":"2025-04-14T10:13:57+00:00","breadcrumb":{"@id":"https:\/\/ticsalutsocial.atoom.space\/es\/event\/cicles-de-conferencies-de-salut-2025\/#breadcrumb"},"inLanguage":"es","potentialAction":[{"@type":"ReadAction","target":["https:\/\/ticsalutsocial.atoom.space\/es\/event\/cicles-de-conferencies-de-salut-2025\/"]}]},{"@type":"ImageObject","inLanguage":"es","@id":"https:\/\/ticsalutsocial.atoom.space\/es\/event\/cicles-de-conferencies-de-salut-2025\/#primaryimage","url":"https:\/\/ticsalutsocial.atoom.space\/wp-content\/uploads\/2025\/04\/Outlook-heup2wh3.png","contentUrl":"https:\/\/ticsalutsocial.atoom.space\/wp-content\/uploads\/2025\/04\/Outlook-heup2wh3.png","width":1191,"height":842,"caption":"Cicles de Confer\u00e8ncia de Salut 2025"},{"@type":"BreadcrumbList","@id":"https:\/\/ticsalutsocial.atoom.space\/es\/event\/cicles-de-conferencies-de-salut-2025\/#breadcrumb","itemListElement":[{"@type":"ListItem","position":1,"name":"Inici","item":"https:\/\/ticsalutsocial.atoom.space\/es\/"},{"@type":"ListItem","position":2,"name":"Ciclos de conferencias de salud 2025"}]},{"@type":"WebSite","@id":"https:\/\/ticsalutsocial.atoom.space\/es\/#website","url":"https:\/\/ticsalutsocial.atoom.space\/es\/","name":"Fundaci\u00f3 TIC Salut i Social","description":"","potentialAction":[{"@type":"SearchAction","target":{"@type":"EntryPoint","urlTemplate":"https:\/\/ticsalutsocial.atoom.space\/es\/?s={search_term_string}"},"query-input":{"@type":"PropertyValueSpecification","valueRequired":true,"valueName":"search_term_string"}}],"inLanguage":"es"}]}},"_links":{"self":[{"href":"https:\/\/ticsalutsocial.atoom.space\/es\/wp-json\/wp\/v2\/event\/31247","targetHints":{"allow":["GET"]}}],"collection":[{"href":"https:\/\/ticsalutsocial.atoom.space\/es\/wp-json\/wp\/v2\/event"}],"about":[{"href":"https:\/\/ticsalutsocial.atoom.space\/es\/wp-json\/wp\/v2\/types\/event"}],"wp:featuredmedia":[{"embeddable":true,"href":"https:\/\/ticsalutsocial.atoom.space\/es\/wp-json\/wp\/v2\/media\/31216"}],"wp:attachment":[{"href":"https:\/\/ticsalutsocial.atoom.space\/es\/wp-json\/wp\/v2\/media?parent=31247"}],"wp:term":[{"taxonomy":"tipus","embeddable":true,"href":"https:\/\/ticsalutsocial.atoom.space\/es\/wp-json\/wp\/v2\/tipus?post=31247"},{"taxonomy":"topic","embeddable":true,"href":"https:\/\/ticsalutsocial.atoom.space\/es\/wp-json\/wp\/v2\/topic?post=31247"}],"curies":[{"name":"wp","href":"https:\/\/api.w.org\/{rel}","templated":true}]}}