
{"id":31255,"date":"2025-04-08T09:11:00","date_gmt":"2025-04-08T07:11:00","guid":{"rendered":"https:\/\/ticsalutsocial.atoom.space\/event\/connection-day-2025\/"},"modified":"2025-04-14T12:34:18","modified_gmt":"2025-04-14T10:34:18","slug":"connection-day-2025","status":"publish","type":"event","link":"https:\/\/ticsalutsocial.atoom.space\/es\/event\/connection-day-2025\/","title":{"rendered":"Connection Day 2025"},"content":{"rendered":"<p class=\"\" data-start=\"97\" data-end=\"558\"><strong data-start=\"97\" data-end=\"117\">CATALONIA.HEALTH<\/strong> celebra la tercera edici\u00f3n del <strong data-start=\"149\" data-end=\"167\">Connection Day<\/strong> el martes <strong data-start=\"178\" data-end=\"193\">29 de abril<\/strong>, en el <strong data-start=\"201\" data-end=\"233\">World Trade Center Barcelona<\/strong>. El objetivo de la jornada es seguir siendo un espacio de referencia en la conexi\u00f3n B2B del sector salud, donde los m\u00e1s de 240 miembros de la comunidad CATALONIA.HEALTH, as\u00ed como otras empresas y entidades del ecosistema, puedan explorar sinergias y v\u00edas de colaboraci\u00f3n en los productos, servicios o soluciones que ofrecen.<\/p>\n<p class=\"\" data-start=\"560\" data-end=\"929\"><strong data-start=\"563\" data-end=\"591\">Comparte y haz contactos<\/strong><br data-start=\"591\" data-end=\"594\" \/>El evento contar\u00e1 con una <strong data-start=\"620\" data-end=\"643\">zona de expositores<\/strong> donde las entidades podr\u00e1n promocionarse y fomentar conexiones y sinergias con el resto de asistentes. La inscripci\u00f3n a la jornada incluye acceso a la herramienta de <strong data-start=\"810\" data-end=\"824\">partnering<\/strong>, con un espacio espec\u00edfico para reuniones. Aprovecha la presencia de todos los actores del sector salud.<\/p>\n<p class=\"\" data-start=\"931\" data-end=\"1232\"><strong data-start=\"934\" data-end=\"956\">Sesiones paralelas<\/strong><br data-start=\"956\" data-end=\"959\" \/>Durante toda la jornada, el espacio de exposici\u00f3n y networking se complementar\u00e1 con <strong data-start=\"1043\" data-end=\"1099\">presentaciones de iniciativas empresariales en salud<\/strong>, un <strong data-start=\"1104\" data-end=\"1140\">mercado de trabajo especializado<\/strong>, y un resumen de <strong data-start=\"1158\" data-end=\"1231\">experiencias de transferencia y casos de colaboraci\u00f3n p\u00fablico-privada<\/strong>.<\/p>\n<p class=\"\" data-start=\"1234\" data-end=\"1766\"><strong data-start=\"1237\" data-end=\"1302\">Presentaci\u00f3n del Estudio de Inversi\u00f3n en el Sector Salud 2024<\/strong><br data-start=\"1302\" data-end=\"1305\" \/>En el marco del Connection Day, CATALONIA.HEALTH presentar\u00e1 oficialmente el <strong data-start=\"1381\" data-end=\"1441\">Estudio de Inversi\u00f3n en el Sector Salud en Catalu\u00f1a 2024<\/strong>, elaborado junto a la consultora EY. El estudio, impulsado por CATALONIA.HEALTH, recoge los principales indicadores con el objetivo de ofrecer un an\u00e1lisis sobre la inversi\u00f3n empresarial en el sector. Compartiremos las cifras clave y posteriormente analizaremos los datos en una mesa redonda con agentes clave del ecosistema.<\/p>\n<p class=\"\" data-start=\"1768\" data-end=\"1974\"><strong data-start=\"1771\" data-end=\"1786\">Dirigido a:<\/strong><br data-start=\"1786\" data-end=\"1789\" \/>Todo tipo de empresas del sector salud (biotech, medtech, pharma, salud digital y servicios), as\u00ed como generadores de conocimiento interesados en valorizar su tecnolog\u00eda y\/o innovaci\u00f3n.<\/p>\n<h3 class=\"\" data-start=\"1981\" data-end=\"2031\"><strong data-start=\"1988\" data-end=\"2029\"><br \/>\nRegistro miembros de CATALONIA.HEALTH<\/strong><\/h3>\n<p class=\"\" data-start=\"2032\" data-end=\"2127\"><em data-start=\"2032\" data-end=\"2125\">(Todas las opciones incluyen acceso a la herramienta de partnering, actividades y catering)<\/em><\/p>\n<ul data-start=\"2128\" data-end=\"2291\">\n<li class=\"\" data-start=\"2128\" data-end=\"2167\">\n<p class=\"\" data-start=\"2130\" data-end=\"2167\">General: <strong data-start=\"2139\" data-end=\"2147\">40\u202f\u20ac<\/strong> (IVA no incluido)<\/p>\n<\/li>\n<li class=\"\" data-start=\"2168\" data-end=\"2231\">\n<p class=\"\" data-start=\"2170\" data-end=\"2231\">Expositor sencillo + 1 entrada: <strong data-start=\"2202\" data-end=\"2211\">200\u202f\u20ac<\/strong> (IVA no incluido)<\/p>\n<\/li>\n<li class=\"\" data-start=\"2232\" data-end=\"2291\">\n<p class=\"\" data-start=\"2234\" data-end=\"2291\">Expositor doble + 2 entradas: <strong data-start=\"2264\" data-end=\"2273\">350\u202f\u20ac<\/strong> (IVA no incluido)<\/p>\n<\/li>\n<\/ul>\n<h3 class=\"\" data-start=\"2293\" data-end=\"2326\"><strong data-start=\"2300\" data-end=\"2324\">Registro no miembros<\/strong><\/h3>\n<p class=\"\" data-start=\"2327\" data-end=\"2422\"><em data-start=\"2327\" data-end=\"2420\">(Todas las opciones incluyen acceso a la herramienta de partnering, actividades y catering)<\/em><\/p>\n<ul data-start=\"2423\" data-end=\"2525\">\n<li class=\"\" data-start=\"2423\" data-end=\"2463\">\n<p class=\"\" data-start=\"2425\" data-end=\"2463\">General: <strong data-start=\"2434\" data-end=\"2443\">150\u202f\u20ac<\/strong> (IVA no incluido)<\/p>\n<\/li>\n<li class=\"\" data-start=\"2464\" data-end=\"2525\">\n<p class=\"\" data-start=\"2466\" data-end=\"2525\">Expositor sencillo + 1 entrada: <strong data-start=\"2498\" data-end=\"2507\">500\u202f\u20ac<\/strong> (IVA no incluido)<\/p>\n<\/li>\n<\/ul>\n<h3 class=\"\" data-start=\"2527\" data-end=\"2572\"><strong data-start=\"2534\" data-end=\"2570\">Registro entidades colaboradoras<\/strong><\/h3>\n<p class=\"\" data-start=\"2573\" data-end=\"2668\"><em data-start=\"2573\" data-end=\"2666\">(Todas las opciones incluyen acceso a la herramienta de partnering, actividades y catering)<\/em><\/p>\n<ul data-start=\"2669\" data-end=\"2770\">\n<li class=\"\" data-start=\"2669\" data-end=\"2708\">\n<p class=\"\" data-start=\"2671\" data-end=\"2708\">General: <strong data-start=\"2680\" data-end=\"2688\">80\u202f\u20ac<\/strong> (IVA no incluido)<\/p>\n<\/li>\n<li class=\"\" data-start=\"2709\" data-end=\"2770\">\n<p class=\"\" data-start=\"2711\" data-end=\"2770\">Expositor sencillo + 1 entrada: <strong data-start=\"2743\" data-end=\"2752\">300\u202f\u20ac<\/strong> (IVA no incluido)<\/p>\n<\/li>\n<\/ul>\n<blockquote data-start=\"2772\" data-end=\"2894\">\n<p class=\"\" data-start=\"2774\" data-end=\"2894\"><em data-start=\"2774\" data-end=\"2894\">Las entidades colaboradoras deben contactar previamente con <a href=\"mailto:genis.victoria@catalonia.health\" rel=\"noopener\" data-start=\"2835\" data-end=\"2866\">genis.victoria@catalonia.health<\/a> para obtener el descuento.<\/em><\/p>\n<\/blockquote>\n","protected":false},"featured_media":31211,"menu_order":0,"template":"","meta":{"_acf_changed":false,"inline_featured_image":false},"tipus":[],"topic":[],"class_list":["post-31255","event","type-event","status-publish","has-post-thumbnail","hentry"],"acf":{"informacio":{"ubicacio":"World Trade Center Barcelona","data":"29\/04\/2025","hora":"08:30 \/ 17:30","preu":"","inscripcions":"https:\/\/catalonia.health\/events\/connection-day-2025\/"},"programa":{"titol":"","items":false},"documents":false},"yoast_head":"<!-- This site is optimized with the Yoast SEO plugin v27.1.1 - https:\/\/yoast.com\/product\/yoast-seo-wordpress\/ -->\n<title>Connection Day 2025 - Fundaci\u00f3 TIC Salut i Social<\/title>\n<meta name=\"robots\" content=\"index, follow, max-snippet:-1, max-image-preview:large, max-video-preview:-1\" \/>\n<link rel=\"canonical\" href=\"https:\/\/ticsalutsocial.atoom.space\/es\/event\/connection-day-2025\/\" \/>\n<meta property=\"og:locale\" content=\"es_ES\" \/>\n<meta property=\"og:type\" content=\"article\" \/>\n<meta property=\"og:title\" content=\"Connection Day 2025 - Fundaci\u00f3 TIC Salut i Social\" \/>\n<meta property=\"og:description\" content=\"CATALONIA.HEALTH celebra la tercera edici\u00f3n del Connection Day el martes 29 de abril, en el World Trade Center Barcelona. El objetivo de la jornada es seguir siendo un espacio de referencia en la conexi\u00f3n B2B del sector salud, donde los m\u00e1s de 240 miembros de la comunidad CATALONIA.HEALTH, as\u00ed como otras empresas y entidades del [&hellip;]\" \/>\n<meta property=\"og:url\" content=\"https:\/\/ticsalutsocial.atoom.space\/es\/event\/connection-day-2025\/\" \/>\n<meta property=\"og:site_name\" content=\"Fundaci\u00f3 TIC Salut i Social\" \/>\n<meta property=\"article:modified_time\" content=\"2025-04-14T10:34:18+00:00\" \/>\n<meta property=\"og:image\" content=\"https:\/\/ticsalutsocial.atoom.space\/wp-content\/uploads\/2025\/04\/CD2025_agenda_sponsors_20250401132541.jpeg\" \/>\n\t<meta property=\"og:image:width\" content=\"1980\" \/>\n\t<meta property=\"og:image:height\" content=\"1237\" \/>\n\t<meta property=\"og:image:type\" content=\"image\/jpeg\" \/>\n<meta name=\"twitter:card\" content=\"summary_large_image\" \/>\n<meta name=\"twitter:label1\" content=\"Tiempo de lectura\" \/>\n\t<meta name=\"twitter:data1\" content=\"3 minutos\" \/>\n<script type=\"application\/ld+json\" class=\"yoast-schema-graph\">{\"@context\":\"https:\/\/schema.org\",\"@graph\":[{\"@type\":\"WebPage\",\"@id\":\"https:\/\/ticsalutsocial.atoom.space\/es\/event\/connection-day-2025\/\",\"url\":\"https:\/\/ticsalutsocial.atoom.space\/es\/event\/connection-day-2025\/\",\"name\":\"Connection Day 2025 - Fundaci\u00f3 TIC Salut i Social\",\"isPartOf\":{\"@id\":\"https:\/\/ticsalutsocial.atoom.space\/es\/#website\"},\"primaryImageOfPage\":{\"@id\":\"https:\/\/ticsalutsocial.atoom.space\/es\/event\/connection-day-2025\/#primaryimage\"},\"image\":{\"@id\":\"https:\/\/ticsalutsocial.atoom.space\/es\/event\/connection-day-2025\/#primaryimage\"},\"thumbnailUrl\":\"https:\/\/ticsalutsocial.atoom.space\/wp-content\/uploads\/2025\/04\/CD2025_agenda_sponsors_20250401132541.jpeg\",\"datePublished\":\"2025-04-08T07:11:00+00:00\",\"dateModified\":\"2025-04-14T10:34:18+00:00\",\"breadcrumb\":{\"@id\":\"https:\/\/ticsalutsocial.atoom.space\/es\/event\/connection-day-2025\/#breadcrumb\"},\"inLanguage\":\"es\",\"potentialAction\":[{\"@type\":\"ReadAction\",\"target\":[\"https:\/\/ticsalutsocial.atoom.space\/es\/event\/connection-day-2025\/\"]}]},{\"@type\":\"ImageObject\",\"inLanguage\":\"es\",\"@id\":\"https:\/\/ticsalutsocial.atoom.space\/es\/event\/connection-day-2025\/#primaryimage\",\"url\":\"https:\/\/ticsalutsocial.atoom.space\/wp-content\/uploads\/2025\/04\/CD2025_agenda_sponsors_20250401132541.jpeg\",\"contentUrl\":\"https:\/\/ticsalutsocial.atoom.space\/wp-content\/uploads\/2025\/04\/CD2025_agenda_sponsors_20250401132541.jpeg\",\"width\":1980,\"height\":1237,\"caption\":\"Connection Day 2025\"},{\"@type\":\"BreadcrumbList\",\"@id\":\"https:\/\/ticsalutsocial.atoom.space\/es\/event\/connection-day-2025\/#breadcrumb\",\"itemListElement\":[{\"@type\":\"ListItem\",\"position\":1,\"name\":\"Inici\",\"item\":\"https:\/\/ticsalutsocial.atoom.space\/es\/\"},{\"@type\":\"ListItem\",\"position\":2,\"name\":\"Connection Day 2025\"}]},{\"@type\":\"WebSite\",\"@id\":\"https:\/\/ticsalutsocial.atoom.space\/es\/#website\",\"url\":\"https:\/\/ticsalutsocial.atoom.space\/es\/\",\"name\":\"Fundaci\u00f3 TIC Salut i Social\",\"description\":\"\",\"potentialAction\":[{\"@type\":\"SearchAction\",\"target\":{\"@type\":\"EntryPoint\",\"urlTemplate\":\"https:\/\/ticsalutsocial.atoom.space\/es\/?s={search_term_string}\"},\"query-input\":{\"@type\":\"PropertyValueSpecification\",\"valueRequired\":true,\"valueName\":\"search_term_string\"}}],\"inLanguage\":\"es\"}]}<\/script>\n<!-- \/ Yoast SEO plugin. -->","yoast_head_json":{"title":"Connection Day 2025 - Fundaci\u00f3 TIC Salut i Social","robots":{"index":"index","follow":"follow","max-snippet":"max-snippet:-1","max-image-preview":"max-image-preview:large","max-video-preview":"max-video-preview:-1"},"canonical":"https:\/\/ticsalutsocial.atoom.space\/es\/event\/connection-day-2025\/","og_locale":"es_ES","og_type":"article","og_title":"Connection Day 2025 - Fundaci\u00f3 TIC Salut i Social","og_description":"CATALONIA.HEALTH celebra la tercera edici\u00f3n del Connection Day el martes 29 de abril, en el World Trade Center Barcelona. El objetivo de la jornada es seguir siendo un espacio de referencia en la conexi\u00f3n B2B del sector salud, donde los m\u00e1s de 240 miembros de la comunidad CATALONIA.HEALTH, as\u00ed como otras empresas y entidades del [&hellip;]","og_url":"https:\/\/ticsalutsocial.atoom.space\/es\/event\/connection-day-2025\/","og_site_name":"Fundaci\u00f3 TIC Salut i Social","article_modified_time":"2025-04-14T10:34:18+00:00","og_image":[{"width":1980,"height":1237,"url":"https:\/\/ticsalutsocial.atoom.space\/wp-content\/uploads\/2025\/04\/CD2025_agenda_sponsors_20250401132541.jpeg","type":"image\/jpeg"}],"twitter_card":"summary_large_image","twitter_misc":{"Tiempo de lectura":"3 minutos"},"schema":{"@context":"https:\/\/schema.org","@graph":[{"@type":"WebPage","@id":"https:\/\/ticsalutsocial.atoom.space\/es\/event\/connection-day-2025\/","url":"https:\/\/ticsalutsocial.atoom.space\/es\/event\/connection-day-2025\/","name":"Connection Day 2025 - Fundaci\u00f3 TIC Salut i Social","isPartOf":{"@id":"https:\/\/ticsalutsocial.atoom.space\/es\/#website"},"primaryImageOfPage":{"@id":"https:\/\/ticsalutsocial.atoom.space\/es\/event\/connection-day-2025\/#primaryimage"},"image":{"@id":"https:\/\/ticsalutsocial.atoom.space\/es\/event\/connection-day-2025\/#primaryimage"},"thumbnailUrl":"https:\/\/ticsalutsocial.atoom.space\/wp-content\/uploads\/2025\/04\/CD2025_agenda_sponsors_20250401132541.jpeg","datePublished":"2025-04-08T07:11:00+00:00","dateModified":"2025-04-14T10:34:18+00:00","breadcrumb":{"@id":"https:\/\/ticsalutsocial.atoom.space\/es\/event\/connection-day-2025\/#breadcrumb"},"inLanguage":"es","potentialAction":[{"@type":"ReadAction","target":["https:\/\/ticsalutsocial.atoom.space\/es\/event\/connection-day-2025\/"]}]},{"@type":"ImageObject","inLanguage":"es","@id":"https:\/\/ticsalutsocial.atoom.space\/es\/event\/connection-day-2025\/#primaryimage","url":"https:\/\/ticsalutsocial.atoom.space\/wp-content\/uploads\/2025\/04\/CD2025_agenda_sponsors_20250401132541.jpeg","contentUrl":"https:\/\/ticsalutsocial.atoom.space\/wp-content\/uploads\/2025\/04\/CD2025_agenda_sponsors_20250401132541.jpeg","width":1980,"height":1237,"caption":"Connection Day 2025"},{"@type":"BreadcrumbList","@id":"https:\/\/ticsalutsocial.atoom.space\/es\/event\/connection-day-2025\/#breadcrumb","itemListElement":[{"@type":"ListItem","position":1,"name":"Inici","item":"https:\/\/ticsalutsocial.atoom.space\/es\/"},{"@type":"ListItem","position":2,"name":"Connection Day 2025"}]},{"@type":"WebSite","@id":"https:\/\/ticsalutsocial.atoom.space\/es\/#website","url":"https:\/\/ticsalutsocial.atoom.space\/es\/","name":"Fundaci\u00f3 TIC Salut i Social","description":"","potentialAction":[{"@type":"SearchAction","target":{"@type":"EntryPoint","urlTemplate":"https:\/\/ticsalutsocial.atoom.space\/es\/?s={search_term_string}"},"query-input":{"@type":"PropertyValueSpecification","valueRequired":true,"valueName":"search_term_string"}}],"inLanguage":"es"}]}},"_links":{"self":[{"href":"https:\/\/ticsalutsocial.atoom.space\/es\/wp-json\/wp\/v2\/event\/31255","targetHints":{"allow":["GET"]}}],"collection":[{"href":"https:\/\/ticsalutsocial.atoom.space\/es\/wp-json\/wp\/v2\/event"}],"about":[{"href":"https:\/\/ticsalutsocial.atoom.space\/es\/wp-json\/wp\/v2\/types\/event"}],"wp:featuredmedia":[{"embeddable":true,"href":"https:\/\/ticsalutsocial.atoom.space\/es\/wp-json\/wp\/v2\/media\/31211"}],"wp:attachment":[{"href":"https:\/\/ticsalutsocial.atoom.space\/es\/wp-json\/wp\/v2\/media?parent=31255"}],"wp:term":[{"taxonomy":"tipus","embeddable":true,"href":"https:\/\/ticsalutsocial.atoom.space\/es\/wp-json\/wp\/v2\/tipus?post=31255"},{"taxonomy":"topic","embeddable":true,"href":"https:\/\/ticsalutsocial.atoom.space\/es\/wp-json\/wp\/v2\/topic?post=31255"}],"curies":[{"name":"wp","href":"https:\/\/api.w.org\/{rel}","templated":true}]}}