
{"id":31732,"date":"2025-04-08T09:47:48","date_gmt":"2025-04-08T07:47:48","guid":{"rendered":"https:\/\/ticsalutsocial.atoom.space\/event\/himss-25-european-health-conference-exhibition\/"},"modified":"2025-04-16T10:21:35","modified_gmt":"2025-04-16T08:21:35","slug":"himss-25-european-health-conference-exhibition","status":"publish","type":"event","link":"https:\/\/ticsalutsocial.atoom.space\/es\/event\/himss-25-european-health-conference-exhibition\/","title":{"rendered":"HIMSS 25 | European Health Conference &#038; Exhibition"},"content":{"rendered":"<div class=\"rich-text color-admiral-dark-blue-800 mw-960 margin-bottom-3 text-left\">\n<p><strong>Vive el futuro de la atenci\u00f3n sanitaria en todo el mundo<\/strong><br data-start=\"133\" data-end=\"136\" \/>Mantente al d\u00eda de las tendencias del sector, con\u00e9ctate con profesionales afines o explora soluciones de vanguardia que est\u00e1n transformando la atenci\u00f3n sanitaria en<strong> HIMSS25<\/strong>.<\/p>\n<\/div>\n","protected":false},"featured_media":31224,"menu_order":0,"template":"","meta":{"_acf_changed":false,"inline_featured_image":false},"tipus":[],"topic":[],"class_list":["post-31732","event","type-event","status-publish","has-post-thumbnail","hentry"],"acf":{"informacio":{"ubicacio":"Palais des Congr\u00e8s de Paris, 2 Pl de la Pte Maillot, 75017 Par\u00eds, Fran\u00e7a","data":"10\/06\/2025","hora":"07:00 \/ 17:00","preu":"","inscripcions":"https:\/\/himss1.eventsair.com\/himss25-european-health-conference-exhibition\/reg-page\/Site\/Register?_gl=1*152i6tz*_gcl_au*ODk5NTc1MTc3LjE3NDQwOTU3Mzc.*_ga*MjA2MTI4NTU1Ni4xNzQ0MDk1NzM4*_ga_PEZQ60E422*MTc0NDA5ODE3My4yLjEuMTc0NDA5ODE5My40MC4wLjA."},"programa":{"titol":"","items":false},"documents":false},"yoast_head":"<!-- This site is optimized with the Yoast SEO plugin v27.1.1 - https:\/\/yoast.com\/product\/yoast-seo-wordpress\/ -->\n<title>HIMSS 25 | European Health Conference &amp; Exhibition - Fundaci\u00f3 TIC Salut i Social<\/title>\n<meta name=\"robots\" content=\"index, follow, max-snippet:-1, max-image-preview:large, max-video-preview:-1\" \/>\n<link rel=\"canonical\" href=\"https:\/\/ticsalutsocial.atoom.space\/es\/event\/himss-25-european-health-conference-exhibition\/\" \/>\n<meta property=\"og:locale\" content=\"es_ES\" \/>\n<meta property=\"og:type\" content=\"article\" \/>\n<meta property=\"og:title\" content=\"HIMSS 25 | European Health Conference &amp; Exhibition - Fundaci\u00f3 TIC Salut i Social\" \/>\n<meta property=\"og:description\" content=\"Vive el futuro de la atenci\u00f3n sanitaria en todo el mundoMantente al d\u00eda de las tendencias del sector, con\u00e9ctate con profesionales afines o explora soluciones de vanguardia que est\u00e1n transformando la atenci\u00f3n sanitaria en HIMSS25.\" \/>\n<meta property=\"og:url\" content=\"https:\/\/ticsalutsocial.atoom.space\/es\/event\/himss-25-european-health-conference-exhibition\/\" \/>\n<meta property=\"og:site_name\" content=\"Fundaci\u00f3 TIC Salut i Social\" \/>\n<meta property=\"article:modified_time\" content=\"2025-04-16T08:21:35+00:00\" \/>\n<meta property=\"og:image\" content=\"https:\/\/ticsalutsocial.atoom.space\/wp-content\/uploads\/2025\/04\/dd59c981e13947888a5edf04aceb48b7.png\" \/>\n\t<meta property=\"og:image:width\" content=\"1000\" \/>\n\t<meta property=\"og:image:height\" content=\"300\" \/>\n\t<meta property=\"og:image:type\" content=\"image\/png\" \/>\n<meta name=\"twitter:card\" content=\"summary_large_image\" \/>\n<meta name=\"twitter:label1\" content=\"Tiempo de lectura\" \/>\n\t<meta name=\"twitter:data1\" content=\"1 minuto\" \/>\n<script type=\"application\/ld+json\" class=\"yoast-schema-graph\">{\"@context\":\"https:\/\/schema.org\",\"@graph\":[{\"@type\":\"WebPage\",\"@id\":\"https:\/\/ticsalutsocial.atoom.space\/es\/event\/himss-25-european-health-conference-exhibition\/\",\"url\":\"https:\/\/ticsalutsocial.atoom.space\/es\/event\/himss-25-european-health-conference-exhibition\/\",\"name\":\"HIMSS 25 | European Health Conference & Exhibition - Fundaci\u00f3 TIC Salut i Social\",\"isPartOf\":{\"@id\":\"https:\/\/ticsalutsocial.atoom.space\/es\/#website\"},\"primaryImageOfPage\":{\"@id\":\"https:\/\/ticsalutsocial.atoom.space\/es\/event\/himss-25-european-health-conference-exhibition\/#primaryimage\"},\"image\":{\"@id\":\"https:\/\/ticsalutsocial.atoom.space\/es\/event\/himss-25-european-health-conference-exhibition\/#primaryimage\"},\"thumbnailUrl\":\"https:\/\/ticsalutsocial.atoom.space\/wp-content\/uploads\/2025\/04\/dd59c981e13947888a5edf04aceb48b7.png\",\"datePublished\":\"2025-04-08T07:47:48+00:00\",\"dateModified\":\"2025-04-16T08:21:35+00:00\",\"breadcrumb\":{\"@id\":\"https:\/\/ticsalutsocial.atoom.space\/es\/event\/himss-25-european-health-conference-exhibition\/#breadcrumb\"},\"inLanguage\":\"es\",\"potentialAction\":[{\"@type\":\"ReadAction\",\"target\":[\"https:\/\/ticsalutsocial.atoom.space\/es\/event\/himss-25-european-health-conference-exhibition\/\"]}]},{\"@type\":\"ImageObject\",\"inLanguage\":\"es\",\"@id\":\"https:\/\/ticsalutsocial.atoom.space\/es\/event\/himss-25-european-health-conference-exhibition\/#primaryimage\",\"url\":\"https:\/\/ticsalutsocial.atoom.space\/wp-content\/uploads\/2025\/04\/dd59c981e13947888a5edf04aceb48b7.png\",\"contentUrl\":\"https:\/\/ticsalutsocial.atoom.space\/wp-content\/uploads\/2025\/04\/dd59c981e13947888a5edf04aceb48b7.png\",\"width\":1000,\"height\":300,\"caption\":\"HIMSS 25\"},{\"@type\":\"BreadcrumbList\",\"@id\":\"https:\/\/ticsalutsocial.atoom.space\/es\/event\/himss-25-european-health-conference-exhibition\/#breadcrumb\",\"itemListElement\":[{\"@type\":\"ListItem\",\"position\":1,\"name\":\"Inici\",\"item\":\"https:\/\/ticsalutsocial.atoom.space\/es\/\"},{\"@type\":\"ListItem\",\"position\":2,\"name\":\"HIMSS 25 | European Health Conference &#038; Exhibition\"}]},{\"@type\":\"WebSite\",\"@id\":\"https:\/\/ticsalutsocial.atoom.space\/es\/#website\",\"url\":\"https:\/\/ticsalutsocial.atoom.space\/es\/\",\"name\":\"Fundaci\u00f3 TIC Salut i Social\",\"description\":\"\",\"potentialAction\":[{\"@type\":\"SearchAction\",\"target\":{\"@type\":\"EntryPoint\",\"urlTemplate\":\"https:\/\/ticsalutsocial.atoom.space\/es\/?s={search_term_string}\"},\"query-input\":{\"@type\":\"PropertyValueSpecification\",\"valueRequired\":true,\"valueName\":\"search_term_string\"}}],\"inLanguage\":\"es\"}]}<\/script>\n<!-- \/ Yoast SEO plugin. -->","yoast_head_json":{"title":"HIMSS 25 | European Health Conference & Exhibition - Fundaci\u00f3 TIC Salut i Social","robots":{"index":"index","follow":"follow","max-snippet":"max-snippet:-1","max-image-preview":"max-image-preview:large","max-video-preview":"max-video-preview:-1"},"canonical":"https:\/\/ticsalutsocial.atoom.space\/es\/event\/himss-25-european-health-conference-exhibition\/","og_locale":"es_ES","og_type":"article","og_title":"HIMSS 25 | European Health Conference & Exhibition - Fundaci\u00f3 TIC Salut i Social","og_description":"Vive el futuro de la atenci\u00f3n sanitaria en todo el mundoMantente al d\u00eda de las tendencias del sector, con\u00e9ctate con profesionales afines o explora soluciones de vanguardia que est\u00e1n transformando la atenci\u00f3n sanitaria en HIMSS25.","og_url":"https:\/\/ticsalutsocial.atoom.space\/es\/event\/himss-25-european-health-conference-exhibition\/","og_site_name":"Fundaci\u00f3 TIC Salut i Social","article_modified_time":"2025-04-16T08:21:35+00:00","og_image":[{"width":1000,"height":300,"url":"https:\/\/ticsalutsocial.atoom.space\/wp-content\/uploads\/2025\/04\/dd59c981e13947888a5edf04aceb48b7.png","type":"image\/png"}],"twitter_card":"summary_large_image","twitter_misc":{"Tiempo de lectura":"1 minuto"},"schema":{"@context":"https:\/\/schema.org","@graph":[{"@type":"WebPage","@id":"https:\/\/ticsalutsocial.atoom.space\/es\/event\/himss-25-european-health-conference-exhibition\/","url":"https:\/\/ticsalutsocial.atoom.space\/es\/event\/himss-25-european-health-conference-exhibition\/","name":"HIMSS 25 | European Health Conference & Exhibition - Fundaci\u00f3 TIC Salut i Social","isPartOf":{"@id":"https:\/\/ticsalutsocial.atoom.space\/es\/#website"},"primaryImageOfPage":{"@id":"https:\/\/ticsalutsocial.atoom.space\/es\/event\/himss-25-european-health-conference-exhibition\/#primaryimage"},"image":{"@id":"https:\/\/ticsalutsocial.atoom.space\/es\/event\/himss-25-european-health-conference-exhibition\/#primaryimage"},"thumbnailUrl":"https:\/\/ticsalutsocial.atoom.space\/wp-content\/uploads\/2025\/04\/dd59c981e13947888a5edf04aceb48b7.png","datePublished":"2025-04-08T07:47:48+00:00","dateModified":"2025-04-16T08:21:35+00:00","breadcrumb":{"@id":"https:\/\/ticsalutsocial.atoom.space\/es\/event\/himss-25-european-health-conference-exhibition\/#breadcrumb"},"inLanguage":"es","potentialAction":[{"@type":"ReadAction","target":["https:\/\/ticsalutsocial.atoom.space\/es\/event\/himss-25-european-health-conference-exhibition\/"]}]},{"@type":"ImageObject","inLanguage":"es","@id":"https:\/\/ticsalutsocial.atoom.space\/es\/event\/himss-25-european-health-conference-exhibition\/#primaryimage","url":"https:\/\/ticsalutsocial.atoom.space\/wp-content\/uploads\/2025\/04\/dd59c981e13947888a5edf04aceb48b7.png","contentUrl":"https:\/\/ticsalutsocial.atoom.space\/wp-content\/uploads\/2025\/04\/dd59c981e13947888a5edf04aceb48b7.png","width":1000,"height":300,"caption":"HIMSS 25"},{"@type":"BreadcrumbList","@id":"https:\/\/ticsalutsocial.atoom.space\/es\/event\/himss-25-european-health-conference-exhibition\/#breadcrumb","itemListElement":[{"@type":"ListItem","position":1,"name":"Inici","item":"https:\/\/ticsalutsocial.atoom.space\/es\/"},{"@type":"ListItem","position":2,"name":"HIMSS 25 | European Health Conference &#038; Exhibition"}]},{"@type":"WebSite","@id":"https:\/\/ticsalutsocial.atoom.space\/es\/#website","url":"https:\/\/ticsalutsocial.atoom.space\/es\/","name":"Fundaci\u00f3 TIC Salut i Social","description":"","potentialAction":[{"@type":"SearchAction","target":{"@type":"EntryPoint","urlTemplate":"https:\/\/ticsalutsocial.atoom.space\/es\/?s={search_term_string}"},"query-input":{"@type":"PropertyValueSpecification","valueRequired":true,"valueName":"search_term_string"}}],"inLanguage":"es"}]}},"_links":{"self":[{"href":"https:\/\/ticsalutsocial.atoom.space\/es\/wp-json\/wp\/v2\/event\/31732","targetHints":{"allow":["GET"]}}],"collection":[{"href":"https:\/\/ticsalutsocial.atoom.space\/es\/wp-json\/wp\/v2\/event"}],"about":[{"href":"https:\/\/ticsalutsocial.atoom.space\/es\/wp-json\/wp\/v2\/types\/event"}],"wp:featuredmedia":[{"embeddable":true,"href":"https:\/\/ticsalutsocial.atoom.space\/es\/wp-json\/wp\/v2\/media\/31224"}],"wp:attachment":[{"href":"https:\/\/ticsalutsocial.atoom.space\/es\/wp-json\/wp\/v2\/media?parent=31732"}],"wp:term":[{"taxonomy":"tipus","embeddable":true,"href":"https:\/\/ticsalutsocial.atoom.space\/es\/wp-json\/wp\/v2\/tipus?post=31732"},{"taxonomy":"topic","embeddable":true,"href":"https:\/\/ticsalutsocial.atoom.space\/es\/wp-json\/wp\/v2\/topic?post=31732"}],"curies":[{"name":"wp","href":"https:\/\/api.w.org\/{rel}","templated":true}]}}