
{"id":31785,"date":"2025-04-22T10:51:20","date_gmt":"2025-04-22T08:51:20","guid":{"rendered":"https:\/\/ticsalutsocial.atoom.space\/event\/ageing-deal-enfocament-al-llarg-de-la-vida-cap-a-un-envelliment-saludable-en-comu\/"},"modified":"2025-04-22T11:29:59","modified_gmt":"2025-04-22T09:29:59","slug":"ageing-deal-enfocament-al-llarg-de-la-vida-cap-a-un-envelliment-saludable-en-comu","status":"publish","type":"event","link":"https:\/\/ticsalutsocial.atoom.space\/es\/event\/ageing-deal-enfocament-al-llarg-de-la-vida-cap-a-un-envelliment-saludable-en-comu\/","title":{"rendered":"Ageing Deal: Enfoque a lo largo de la vida hacia un envejecimiento saludable en com\u00fan"},"content":{"rendered":"<p class=\"\" data-start=\"71\" data-end=\"380\">Una jornada completa dedicada a explorar estrategias y soluciones innovadoras para un envejecimiento saludable en Europa. El evento contar\u00e1 con la participaci\u00f3n de proyectos como <strong data-start=\"325\" data-end=\"339\">COMFORTage<\/strong>, <strong data-start=\"341\" data-end=\"350\">STAGE<\/strong> y <strong data-start=\"353\" data-end=\"362\">SmILE<\/strong>, as\u00ed como con representantes de la <strong data-start=\"398\" data-end=\"418\">Comisi\u00f3n Europea<\/strong> y del <strong data-start=\"425\" data-end=\"462\">Departamento de Salud de Catalu\u00f1a<\/strong>.<\/p>\n<h3 class=\"\" data-start=\"470\" data-end=\"483\">PROGRAMA:<\/h3>\n<p class=\"\" data-start=\"485\" data-end=\"526\"><strong data-start=\"485\" data-end=\"502\">09:00 \u2013 09:30<\/strong><br data-start=\"502\" data-end=\"505\" \/>Registro y bienvenida<\/p>\n<p class=\"\" data-start=\"528\" data-end=\"622\"><strong data-start=\"528\" data-end=\"545\">09:30 \u2013 10:00<\/strong><br data-start=\"545\" data-end=\"548\" \/>100% Ageing Deal<br data-start=\"564\" data-end=\"567\" \/>Sesi\u00f3n introductoria para dar inicio al evento conjunto<\/p>\n<p class=\"\" data-start=\"624\" data-end=\"736\"><strong data-start=\"624\" data-end=\"641\">10:00 \u2013 11:00<\/strong><br data-start=\"641\" data-end=\"644\" \/>Presentaciones<br data-start=\"658\" data-end=\"661\" \/>Presentaci\u00f3n de los proyectos del Ageing Deal y de los principales actores:<\/p>\n<ul data-start=\"738\" data-end=\"949\">\n<li class=\"\" data-start=\"738\" data-end=\"758\">\n<p class=\"\" data-start=\"740\" data-end=\"758\">COMFORTage (10\u2019)<\/p>\n<\/li>\n<li class=\"\" data-start=\"759\" data-end=\"774\">\n<p class=\"\" data-start=\"761\" data-end=\"774\">STAGE (10\u2019)<\/p>\n<\/li>\n<li class=\"\" data-start=\"775\" data-end=\"790\">\n<p class=\"\" data-start=\"777\" data-end=\"790\">SmILE (10\u2019)<\/p>\n<\/li>\n<li class=\"\" data-start=\"791\" data-end=\"839\">\n<p class=\"\" data-start=\"793\" data-end=\"839\">Comisi\u00f3n Europea \u2013 DG-Connect \/ DG-RTD (15\u2019)<\/p>\n<\/li>\n<li class=\"\" data-start=\"840\" data-end=\"895\">\n<p class=\"\" data-start=\"842\" data-end=\"895\">Representante institucional de Catalu\u00f1a (Pol\u00edticas)<\/p>\n<\/li>\n<li class=\"\" data-start=\"896\" data-end=\"949\">\n<p class=\"\" data-start=\"898\" data-end=\"949\">Departamento de Salud de Catalu\u00f1a \/ TIC Salut (15\u2019)<\/p>\n<\/li>\n<\/ul>\n<p class=\"\" data-start=\"951\" data-end=\"981\"><strong data-start=\"951\" data-end=\"968\">11:00 \u2013 11:30<\/strong><br data-start=\"968\" data-end=\"971\" \/>Pausa caf\u00e9<\/p>\n<p class=\"\" data-start=\"983\" data-end=\"1029\"><strong data-start=\"983\" data-end=\"1000\">11:30 \u2013 12:00<\/strong><br data-start=\"1000\" data-end=\"1003\" \/>Presentaci\u00f3n de 3 pilotos:<\/p>\n<ul data-start=\"1031\" data-end=\"1080\">\n<li class=\"\" data-start=\"1031\" data-end=\"1045\">\n<p class=\"\" data-start=\"1033\" data-end=\"1045\">COMFORTage<\/p>\n<\/li>\n<li class=\"\" data-start=\"1046\" data-end=\"1055\">\n<p class=\"\" data-start=\"1048\" data-end=\"1055\">STAGE<\/p>\n<\/li>\n<li class=\"\" data-start=\"1056\" data-end=\"1080\">\n<p class=\"\" data-start=\"1058\" data-end=\"1080\">Iniciativa de Catalu\u00f1a<\/p>\n<\/li>\n<\/ul>\n<p class=\"\" data-start=\"1082\" data-end=\"1142\"><strong data-start=\"1082\" data-end=\"1099\">12:00 \u2013 12:30<\/strong><br data-start=\"1099\" data-end=\"1102\" \/>Introducci\u00f3n a los temas de los talleres<\/p>\n<p class=\"\" data-start=\"1144\" data-end=\"1186\"><strong data-start=\"1144\" data-end=\"1161\">12:30 \u2013 13:30<\/strong><br data-start=\"1161\" data-end=\"1164\" \/>Pausa para el almuerzo<\/p>\n<p class=\"\" data-start=\"1188\" data-end=\"1239\"><strong data-start=\"1188\" data-end=\"1205\">13:30 \u2013 15:30<\/strong><br data-start=\"1205\" data-end=\"1208\" \/>Talleres (dos por participante)<\/p>\n<ul data-start=\"1241\" data-end=\"1793\">\n<li class=\"\" data-start=\"1241\" data-end=\"1347\">\n<p class=\"\" data-start=\"1243\" data-end=\"1347\"><strong data-start=\"1243\" data-end=\"1279\">Prevenci\u00f3n a lo largo de la vida<\/strong> (STAGE)<br data-start=\"1287\" data-end=\"1290\" \/>Estrategias para impulsar el cambio hacia la prevenci\u00f3n<\/p>\n<\/li>\n<li class=\"\" data-start=\"1349\" data-end=\"1482\">\n<p class=\"\" data-start=\"1351\" data-end=\"1482\"><strong data-start=\"1351\" data-end=\"1407\">Tecnolog\u00edas emergentes para un envejecimiento activo<\/strong> (COMFORTage)<br data-start=\"1420\" data-end=\"1423\" \/>Enfoque en la calidad de vida y la medicina personalizada<\/p>\n<\/li>\n<li class=\"\" data-start=\"1484\" data-end=\"1649\">\n<p class=\"\" data-start=\"1486\" data-end=\"1649\"><strong data-start=\"1486\" data-end=\"1506\">Envejecer juntos<\/strong> (STAGE)<br data-start=\"1514\" data-end=\"1517\" \/>\u00bfA qui\u00e9n va dirigido? Edadismo, desigualdades, estigma, intergeneracionalidad, g\u00e9nero y v\u00ednculo entre los \u00e1mbitos social y cl\u00ednico<\/p>\n<\/li>\n<li class=\"\" data-start=\"1651\" data-end=\"1793\">\n<p class=\"\" data-start=\"1653\" data-end=\"1793\"><strong data-start=\"1653\" data-end=\"1691\">Compromiso ciudadano y autogesti\u00f3n<\/strong> (COMFORTage)<br data-start=\"1704\" data-end=\"1707\" \/>Apoyo, formaci\u00f3n y estrategias motivacionales con din\u00e1micas de grupo y juegos de rol<\/p>\n<\/li>\n<\/ul>\n<p class=\"\" data-start=\"1795\" data-end=\"1825\"><strong data-start=\"1795\" data-end=\"1812\">15:30 \u2013 16:00<\/strong><br data-start=\"1812\" data-end=\"1815\" \/>Pausa caf\u00e9<\/p>\n<p class=\"\" data-start=\"1827\" data-end=\"1893\"><strong data-start=\"1827\" data-end=\"1844\">16:00 \u2013 17:00<\/strong><br data-start=\"1844\" data-end=\"1847\" \/>Sesi\u00f3n de cierre \u2013 Lanzamiento del Ageing Deal<\/p>\n<ul data-start=\"1895\" data-end=\"1978\">\n<li class=\"\" data-start=\"1895\" data-end=\"1928\">\n<p class=\"\" data-start=\"1897\" data-end=\"1928\">Resumen de los talleres (20\u2019)<\/p>\n<\/li>\n<li class=\"\" data-start=\"1929\" data-end=\"1951\">\n<p class=\"\" data-start=\"1931\" data-end=\"1951\">Mesa redonda (30\u2019)<\/p>\n<\/li>\n<li class=\"\" data-start=\"1952\" data-end=\"1978\">\n<p class=\"\" data-start=\"1954\" data-end=\"1978\">Palabras de cierre (10\u2019)<\/p>\n<\/li>\n<\/ul>\n<p class=\"\" data-start=\"1980\" data-end=\"2006\"><strong data-start=\"1980\" data-end=\"1989\">17:00<\/strong><br data-start=\"1989\" data-end=\"1992\" \/>Fin del evento<\/p>\n","protected":false},"featured_media":31783,"menu_order":0,"template":"","meta":{"_acf_changed":false,"inline_featured_image":false},"tipus":[],"topic":[],"class_list":["post-31785","event","type-event","status-publish","has-post-thumbnail","hentry"],"acf":{"informacio":{"ubicacio":"Casa Convalesc\u00e8ncia, Sant Pau Hospital (Sant Antoni Maria Claret, 171, 08041 Barcelona)","data":"08\/05\/2025","hora":"09:00 \/ 17:00","preu":"","inscripcions":""},"programa":{"titol":"","items":false},"documents":false},"yoast_head":"<!-- This site is optimized with the Yoast SEO plugin v27.1.1 - https:\/\/yoast.com\/product\/yoast-seo-wordpress\/ -->\n<title>Ageing Deal: Enfoque a lo largo de la vida hacia un envejecimiento saludable en com\u00fan - Fundaci\u00f3 TIC Salut i Social<\/title>\n<meta name=\"robots\" content=\"index, follow, max-snippet:-1, max-image-preview:large, max-video-preview:-1\" \/>\n<link rel=\"canonical\" href=\"https:\/\/ticsalutsocial.atoom.space\/es\/event\/ageing-deal-enfocament-al-llarg-de-la-vida-cap-a-un-envelliment-saludable-en-comu\/\" \/>\n<meta property=\"og:locale\" content=\"es_ES\" \/>\n<meta property=\"og:type\" content=\"article\" \/>\n<meta property=\"og:title\" content=\"Ageing Deal: Enfoque a lo largo de la vida hacia un envejecimiento saludable en com\u00fan - Fundaci\u00f3 TIC Salut i Social\" \/>\n<meta property=\"og:description\" content=\"Una jornada completa dedicada a explorar estrategias y soluciones innovadoras para un envejecimiento saludable en Europa. El evento contar\u00e1 con la participaci\u00f3n de proyectos como COMFORTage, STAGE y SmILE, as\u00ed como con representantes de la Comisi\u00f3n Europea y del Departamento de Salud de Catalu\u00f1a. PROGRAMA: 09:00 \u2013 09:30Registro y bienvenida 09:30 \u2013 10:00100% Ageing DealSesi\u00f3n [&hellip;]\" \/>\n<meta property=\"og:url\" content=\"https:\/\/ticsalutsocial.atoom.space\/es\/event\/ageing-deal-enfocament-al-llarg-de-la-vida-cap-a-un-envelliment-saludable-en-comu\/\" \/>\n<meta property=\"og:site_name\" content=\"Fundaci\u00f3 TIC Salut i Social\" \/>\n<meta property=\"article:modified_time\" content=\"2025-04-22T09:29:59+00:00\" \/>\n<meta property=\"og:image\" content=\"https:\/\/ticsalutsocial.atoom.space\/wp-content\/uploads\/2025\/04\/Joint-event_SAVE-THE-DATE.png\" \/>\n\t<meta property=\"og:image:width\" content=\"2238\" \/>\n\t<meta property=\"og:image:height\" content=\"570\" \/>\n\t<meta property=\"og:image:type\" content=\"image\/png\" \/>\n<meta name=\"twitter:card\" content=\"summary_large_image\" \/>\n<meta name=\"twitter:label1\" content=\"Tiempo de lectura\" \/>\n\t<meta name=\"twitter:data1\" content=\"2 minutos\" \/>\n<script type=\"application\/ld+json\" class=\"yoast-schema-graph\">{\"@context\":\"https:\/\/schema.org\",\"@graph\":[{\"@type\":\"WebPage\",\"@id\":\"https:\/\/ticsalutsocial.atoom.space\/es\/event\/ageing-deal-enfocament-al-llarg-de-la-vida-cap-a-un-envelliment-saludable-en-comu\/\",\"url\":\"https:\/\/ticsalutsocial.atoom.space\/es\/event\/ageing-deal-enfocament-al-llarg-de-la-vida-cap-a-un-envelliment-saludable-en-comu\/\",\"name\":\"Ageing Deal: Enfoque a lo largo de la vida hacia un envejecimiento saludable en com\u00fan - Fundaci\u00f3 TIC Salut i Social\",\"isPartOf\":{\"@id\":\"https:\/\/ticsalutsocial.atoom.space\/es\/#website\"},\"primaryImageOfPage\":{\"@id\":\"https:\/\/ticsalutsocial.atoom.space\/es\/event\/ageing-deal-enfocament-al-llarg-de-la-vida-cap-a-un-envelliment-saludable-en-comu\/#primaryimage\"},\"image\":{\"@id\":\"https:\/\/ticsalutsocial.atoom.space\/es\/event\/ageing-deal-enfocament-al-llarg-de-la-vida-cap-a-un-envelliment-saludable-en-comu\/#primaryimage\"},\"thumbnailUrl\":\"https:\/\/ticsalutsocial.atoom.space\/wp-content\/uploads\/2025\/04\/Joint-event_SAVE-THE-DATE.png\",\"datePublished\":\"2025-04-22T08:51:20+00:00\",\"dateModified\":\"2025-04-22T09:29:59+00:00\",\"breadcrumb\":{\"@id\":\"https:\/\/ticsalutsocial.atoom.space\/es\/event\/ageing-deal-enfocament-al-llarg-de-la-vida-cap-a-un-envelliment-saludable-en-comu\/#breadcrumb\"},\"inLanguage\":\"es\",\"potentialAction\":[{\"@type\":\"ReadAction\",\"target\":[\"https:\/\/ticsalutsocial.atoom.space\/es\/event\/ageing-deal-enfocament-al-llarg-de-la-vida-cap-a-un-envelliment-saludable-en-comu\/\"]}]},{\"@type\":\"ImageObject\",\"inLanguage\":\"es\",\"@id\":\"https:\/\/ticsalutsocial.atoom.space\/es\/event\/ageing-deal-enfocament-al-llarg-de-la-vida-cap-a-un-envelliment-saludable-en-comu\/#primaryimage\",\"url\":\"https:\/\/ticsalutsocial.atoom.space\/wp-content\/uploads\/2025\/04\/Joint-event_SAVE-THE-DATE.png\",\"contentUrl\":\"https:\/\/ticsalutsocial.atoom.space\/wp-content\/uploads\/2025\/04\/Joint-event_SAVE-THE-DATE.png\",\"width\":2238,\"height\":570,\"caption\":\"ageing deal\"},{\"@type\":\"BreadcrumbList\",\"@id\":\"https:\/\/ticsalutsocial.atoom.space\/es\/event\/ageing-deal-enfocament-al-llarg-de-la-vida-cap-a-un-envelliment-saludable-en-comu\/#breadcrumb\",\"itemListElement\":[{\"@type\":\"ListItem\",\"position\":1,\"name\":\"Inici\",\"item\":\"https:\/\/ticsalutsocial.atoom.space\/es\/\"},{\"@type\":\"ListItem\",\"position\":2,\"name\":\"Ageing Deal: Enfoque a lo largo de la vida hacia un envejecimiento saludable en com\u00fan\"}]},{\"@type\":\"WebSite\",\"@id\":\"https:\/\/ticsalutsocial.atoom.space\/es\/#website\",\"url\":\"https:\/\/ticsalutsocial.atoom.space\/es\/\",\"name\":\"Fundaci\u00f3 TIC Salut i Social\",\"description\":\"\",\"potentialAction\":[{\"@type\":\"SearchAction\",\"target\":{\"@type\":\"EntryPoint\",\"urlTemplate\":\"https:\/\/ticsalutsocial.atoom.space\/es\/?s={search_term_string}\"},\"query-input\":{\"@type\":\"PropertyValueSpecification\",\"valueRequired\":true,\"valueName\":\"search_term_string\"}}],\"inLanguage\":\"es\"}]}<\/script>\n<!-- \/ Yoast SEO plugin. -->","yoast_head_json":{"title":"Ageing Deal: Enfoque a lo largo de la vida hacia un envejecimiento saludable en com\u00fan - Fundaci\u00f3 TIC Salut i Social","robots":{"index":"index","follow":"follow","max-snippet":"max-snippet:-1","max-image-preview":"max-image-preview:large","max-video-preview":"max-video-preview:-1"},"canonical":"https:\/\/ticsalutsocial.atoom.space\/es\/event\/ageing-deal-enfocament-al-llarg-de-la-vida-cap-a-un-envelliment-saludable-en-comu\/","og_locale":"es_ES","og_type":"article","og_title":"Ageing Deal: Enfoque a lo largo de la vida hacia un envejecimiento saludable en com\u00fan - Fundaci\u00f3 TIC Salut i Social","og_description":"Una jornada completa dedicada a explorar estrategias y soluciones innovadoras para un envejecimiento saludable en Europa. El evento contar\u00e1 con la participaci\u00f3n de proyectos como COMFORTage, STAGE y SmILE, as\u00ed como con representantes de la Comisi\u00f3n Europea y del Departamento de Salud de Catalu\u00f1a. PROGRAMA: 09:00 \u2013 09:30Registro y bienvenida 09:30 \u2013 10:00100% Ageing DealSesi\u00f3n [&hellip;]","og_url":"https:\/\/ticsalutsocial.atoom.space\/es\/event\/ageing-deal-enfocament-al-llarg-de-la-vida-cap-a-un-envelliment-saludable-en-comu\/","og_site_name":"Fundaci\u00f3 TIC Salut i Social","article_modified_time":"2025-04-22T09:29:59+00:00","og_image":[{"width":2238,"height":570,"url":"https:\/\/ticsalutsocial.atoom.space\/wp-content\/uploads\/2025\/04\/Joint-event_SAVE-THE-DATE.png","type":"image\/png"}],"twitter_card":"summary_large_image","twitter_misc":{"Tiempo de lectura":"2 minutos"},"schema":{"@context":"https:\/\/schema.org","@graph":[{"@type":"WebPage","@id":"https:\/\/ticsalutsocial.atoom.space\/es\/event\/ageing-deal-enfocament-al-llarg-de-la-vida-cap-a-un-envelliment-saludable-en-comu\/","url":"https:\/\/ticsalutsocial.atoom.space\/es\/event\/ageing-deal-enfocament-al-llarg-de-la-vida-cap-a-un-envelliment-saludable-en-comu\/","name":"Ageing Deal: Enfoque a lo largo de la vida hacia un envejecimiento saludable en com\u00fan - Fundaci\u00f3 TIC Salut i Social","isPartOf":{"@id":"https:\/\/ticsalutsocial.atoom.space\/es\/#website"},"primaryImageOfPage":{"@id":"https:\/\/ticsalutsocial.atoom.space\/es\/event\/ageing-deal-enfocament-al-llarg-de-la-vida-cap-a-un-envelliment-saludable-en-comu\/#primaryimage"},"image":{"@id":"https:\/\/ticsalutsocial.atoom.space\/es\/event\/ageing-deal-enfocament-al-llarg-de-la-vida-cap-a-un-envelliment-saludable-en-comu\/#primaryimage"},"thumbnailUrl":"https:\/\/ticsalutsocial.atoom.space\/wp-content\/uploads\/2025\/04\/Joint-event_SAVE-THE-DATE.png","datePublished":"2025-04-22T08:51:20+00:00","dateModified":"2025-04-22T09:29:59+00:00","breadcrumb":{"@id":"https:\/\/ticsalutsocial.atoom.space\/es\/event\/ageing-deal-enfocament-al-llarg-de-la-vida-cap-a-un-envelliment-saludable-en-comu\/#breadcrumb"},"inLanguage":"es","potentialAction":[{"@type":"ReadAction","target":["https:\/\/ticsalutsocial.atoom.space\/es\/event\/ageing-deal-enfocament-al-llarg-de-la-vida-cap-a-un-envelliment-saludable-en-comu\/"]}]},{"@type":"ImageObject","inLanguage":"es","@id":"https:\/\/ticsalutsocial.atoom.space\/es\/event\/ageing-deal-enfocament-al-llarg-de-la-vida-cap-a-un-envelliment-saludable-en-comu\/#primaryimage","url":"https:\/\/ticsalutsocial.atoom.space\/wp-content\/uploads\/2025\/04\/Joint-event_SAVE-THE-DATE.png","contentUrl":"https:\/\/ticsalutsocial.atoom.space\/wp-content\/uploads\/2025\/04\/Joint-event_SAVE-THE-DATE.png","width":2238,"height":570,"caption":"ageing deal"},{"@type":"BreadcrumbList","@id":"https:\/\/ticsalutsocial.atoom.space\/es\/event\/ageing-deal-enfocament-al-llarg-de-la-vida-cap-a-un-envelliment-saludable-en-comu\/#breadcrumb","itemListElement":[{"@type":"ListItem","position":1,"name":"Inici","item":"https:\/\/ticsalutsocial.atoom.space\/es\/"},{"@type":"ListItem","position":2,"name":"Ageing Deal: Enfoque a lo largo de la vida hacia un envejecimiento saludable en com\u00fan"}]},{"@type":"WebSite","@id":"https:\/\/ticsalutsocial.atoom.space\/es\/#website","url":"https:\/\/ticsalutsocial.atoom.space\/es\/","name":"Fundaci\u00f3 TIC Salut i Social","description":"","potentialAction":[{"@type":"SearchAction","target":{"@type":"EntryPoint","urlTemplate":"https:\/\/ticsalutsocial.atoom.space\/es\/?s={search_term_string}"},"query-input":{"@type":"PropertyValueSpecification","valueRequired":true,"valueName":"search_term_string"}}],"inLanguage":"es"}]}},"_links":{"self":[{"href":"https:\/\/ticsalutsocial.atoom.space\/es\/wp-json\/wp\/v2\/event\/31785","targetHints":{"allow":["GET"]}}],"collection":[{"href":"https:\/\/ticsalutsocial.atoom.space\/es\/wp-json\/wp\/v2\/event"}],"about":[{"href":"https:\/\/ticsalutsocial.atoom.space\/es\/wp-json\/wp\/v2\/types\/event"}],"wp:featuredmedia":[{"embeddable":true,"href":"https:\/\/ticsalutsocial.atoom.space\/es\/wp-json\/wp\/v2\/media\/31783"}],"wp:attachment":[{"href":"https:\/\/ticsalutsocial.atoom.space\/es\/wp-json\/wp\/v2\/media?parent=31785"}],"wp:term":[{"taxonomy":"tipus","embeddable":true,"href":"https:\/\/ticsalutsocial.atoom.space\/es\/wp-json\/wp\/v2\/tipus?post=31785"},{"taxonomy":"topic","embeddable":true,"href":"https:\/\/ticsalutsocial.atoom.space\/es\/wp-json\/wp\/v2\/topic?post=31785"}],"curies":[{"name":"wp","href":"https:\/\/api.w.org\/{rel}","templated":true}]}}