
{"id":32060,"date":"2025-05-13T09:44:50","date_gmt":"2025-05-13T07:44:50","guid":{"rendered":"https:\/\/ticsalutsocial.atoom.space\/event\/jornada-de-networking-internacional-germany-meets-catalonia\/"},"modified":"2025-05-13T09:46:44","modified_gmt":"2025-05-13T07:46:44","slug":"jornada-de-networking-internacional-germany-meets-catalonia","status":"publish","type":"event","link":"https:\/\/ticsalutsocial.atoom.space\/es\/event\/jornada-de-networking-internacional-germany-meets-catalonia\/","title":{"rendered":"Jornada de Networking Internacional: \u00abGermany meets Catalonia\u00bb"},"content":{"rendered":"<p data-start=\"68\" data-end=\"404\">Este <strong data-start=\"73\" data-end=\"94\">jueves 15 de mayo<\/strong> se celebra la <strong data-start=\"109\" data-end=\"175\">Jornada de Networking Internacional: \u00abGermany meets Catalonia\u00bb<\/strong>, un encuentro \u00fanico para conocer de primera mano las \u00faltimas innovaciones en el \u00e1mbito de la salud y la atenci\u00f3n residencial, as\u00ed como para fortalecer las relaciones con entidades del ecosistema innovador de Alemania y Catalu\u00f1a.<\/p>\n<p data-start=\"406\" data-end=\"591\"><strong data-start=\"406\" data-end=\"431\">Agenda de la jornada:<\/strong><br data-start=\"431\" data-end=\"434\" \/>\u2022 <strong data-start=\"436\" data-end=\"451\">9:00 \u2013 9:15<\/strong> | Bienvenida e introducci\u00f3n a cargo de WeMind Cluster y Residencial Palau.<br data-start=\"526\" data-end=\"529\" \/>\u2022 <strong data-start=\"531\" data-end=\"547\">9:15 \u2013 10:00<\/strong> | Ponencias del ecosistema de innovaci\u00f3n:<\/p>\n<ul data-start=\"594\" data-end=\"744\">\n<li data-start=\"594\" data-end=\"689\">\n<p data-start=\"596\" data-end=\"689\"><strong data-start=\"596\" data-end=\"615\">INFORESIDENCIAS<\/strong> \u2013 Josep de Mart\u00ed, fundador de Inforesidencias (experto en gerontolog\u00eda)<\/p>\n<\/li>\n<li data-start=\"692\" data-end=\"744\">\n<p data-start=\"694\" data-end=\"744\"><strong data-start=\"694\" data-end=\"705\">EURECAT<\/strong> \u2013 Felip Miralles, director ejecutivo<\/p>\n<\/li>\n<\/ul>\n<p data-start=\"746\" data-end=\"785\">\u2022 <strong data-start=\"748\" data-end=\"765\">10:00 \u2013 11:00<\/strong> | Pitches breves:<\/p>\n<ul data-start=\"788\" data-end=\"1089\">\n<li data-start=\"788\" data-end=\"864\">\n<p data-start=\"790\" data-end=\"864\">Representantes del WeMind Cluster (5 organizaciones, 5 minutos cada una)<\/p>\n<\/li>\n<li data-start=\"867\" data-end=\"1004\">\n<p data-start=\"869\" data-end=\"1004\">Delegaci\u00f3n alemana con soluciones innovadoras para el sector salud y los centros residenciales (5 organizaciones, 5 minutos cada una)<\/p>\n<\/li>\n<li data-start=\"1007\" data-end=\"1089\">\n<p data-start=\"1009\" data-end=\"1089\">Ronda de preguntas y respuestas para resolver dudas e intercambiar impresiones<\/p>\n<\/li>\n<\/ul>\n<p data-start=\"1091\" data-end=\"1366\">Si est\u00e1s interesado en presentar un pitch durante la jornada, te invitamos a enviarnos una breve descripci\u00f3n de tu propuesta antes del martes 13\/05. \u00a1Creemos que es una excelente oportunidad para dar a conocer tu proyecto y compartir ideas con otros profesionales del sector!<\/p>\n<p data-start=\"1368\" data-end=\"1512\">\u2022 <strong data-start=\"1370\" data-end=\"1387\">11:00 \u2013 12:00<\/strong> | Visita guiada a las instalaciones de Residencial Palau<br data-start=\"1444\" data-end=\"1447\" \/>\u2022 <strong data-start=\"1449\" data-end=\"1466\">12:00 \u2013 13:00<\/strong> | Pausa para el caf\u00e9 y sesi\u00f3n de networking<\/p>\n<p data-start=\"1514\" data-end=\"1649\">Ser\u00e1 una excelente oportunidad para explorar nuevas ideas, conocer proyectos disruptivos y conectar con profesionales clave del sector.<\/p>\n<p data-start=\"1651\" data-end=\"2432\"><strong data-start=\"1651\" data-end=\"1694\">Participantes de la delegaci\u00f3n alemana:<\/strong><br data-start=\"1694\" data-end=\"1697\" \/>\u2022 Brandenburg Medical School Theodor Fontane (MHB): <a class=\"\" href=\"https:\/\/www.mhb-fontane.de\/de\/\" target=\"_new\" rel=\"noopener\" data-start=\"1749\" data-end=\"1779\">https:\/\/www.mhb-fontane.de\/de\/<\/a><br data-start=\"1779\" data-end=\"1782\" \/>\u2022 CrewLinQ GmbH: <a class=\"\" href=\"https:\/\/www.crewlinq.com\/\" target=\"_new\" rel=\"noopener\" data-start=\"1799\" data-end=\"1824\">https:\/\/www.crewlinq.com\/<\/a><br data-start=\"1824\" data-end=\"1827\" \/>\u2022 Digital Health Transformation eG: <a class=\"\" href=\"https:\/\/www.digital-health-transformation.de\/dht\" target=\"_new\" rel=\"noopener\" data-start=\"1863\" data-end=\"1911\">https:\/\/www.digital-health-transformation.de\/dht<\/a><br data-start=\"1911\" data-end=\"1914\" \/>\u2022 HealthCare Industries Cluster Berlin Brandenburg (HealthCapital): <a class=\"\" href=\"https:\/\/www.healthcapital.de\/en\/\" target=\"_new\" rel=\"noopener\" data-start=\"1982\" data-end=\"2014\">https:\/\/www.healthcapital.de\/en\/<\/a><br data-start=\"2014\" data-end=\"2017\" \/>\u2022 Hospital Ernst von Bergmann: <a class=\"\" href=\"https:\/\/www.evb-gesundheit.de\/klinikumevb\/\" target=\"_new\" rel=\"noopener\" data-start=\"2048\" data-end=\"2090\">https:\/\/www.evb-gesundheit.de\/klinikumevb\/<\/a><br data-start=\"2090\" data-end=\"2093\" \/>\u2022 HUM Systems GmbH: <a class=\"\" href=\"https:\/\/hum-systems.com\/\" target=\"_new\" rel=\"noopener\" data-start=\"2113\" data-end=\"2137\">https:\/\/hum-systems.com\/<\/a><br data-start=\"2137\" data-end=\"2140\" \/>\u2022 IMMUNEO Therapeutics GmbH: <a class=\"\" href=\"https:\/\/www.immuneo-therapeutics.de\/\" target=\"_new\" rel=\"noopener\" data-start=\"2169\" data-end=\"2205\">https:\/\/www.immuneo-therapeutics.de\/<\/a><br data-start=\"2205\" data-end=\"2208\" \/>\u2022 Kasimir und Lieselotte GmbH (pendiente de confirmar): <a class=\"\" href=\"https:\/\/www.kasimirlieselotte.de\/\" target=\"_new\" rel=\"noopener\" data-start=\"2264\" data-end=\"2297\">https:\/\/www.kasimirlieselotte.de\/<\/a><br data-start=\"2297\" data-end=\"2300\" \/>\u2022 LINDERA GmbH: <a class=\"\" href=\"https:\/\/lindera.de\/de-de\/lindera\" target=\"_new\" rel=\"noopener\" data-start=\"2316\" data-end=\"2348\">https:\/\/lindera.de\/de-de\/lindera<\/a><br data-start=\"2348\" data-end=\"2351\" \/>\u2022 Miltau GmbH: <a class=\"\" href=\"https:\/\/miltau.de\/\" target=\"_new\" rel=\"noopener\" data-start=\"2366\" data-end=\"2384\">https:\/\/miltau.de\/<\/a><br data-start=\"2384\" data-end=\"2387\" \/>\u2022 Remi Health GmbH: <a class=\"\" href=\"https:\/\/remihealth.com\/\" target=\"_new\" rel=\"noopener\" data-start=\"2407\" data-end=\"2430\">https:\/\/remihealth.com\/<\/a><\/p>\n<p data-start=\"2434\" data-end=\"2464\" data-is-last-node=\"\" data-is-only-node=\"\"><strong data-start=\"2434\" data-end=\"2464\" data-is-last-node=\"\">\u00a1Esperamos contar contigo!<\/strong><\/p>\n","protected":false},"featured_media":0,"menu_order":0,"template":"","meta":{"_acf_changed":false,"inline_featured_image":false},"tipus":[],"topic":[],"class_list":["post-32060","event","type-event","status-publish","hentry"],"acf":{"informacio":{"ubicacio":"Residencial Palau, Av. de Catalunya, 264, 08184 Palau-solit\u00e0 i Plegamans, Barcelona","data":"15\/05\/2025","hora":"09:00 \/ 13:30","preu":"","inscripcions":"https:\/\/www.b2match.com\/e\/digital-health-german-capital-region"},"programa":{"titol":"","items":false},"documents":false},"yoast_head":"<!-- This site is optimized with the Yoast SEO plugin v27.1.1 - https:\/\/yoast.com\/product\/yoast-seo-wordpress\/ -->\n<title>Jornada de Networking Internacional: &quot;Germany meets Catalonia&quot; - Fundaci\u00f3 TIC Salut i Social<\/title>\n<meta name=\"robots\" content=\"index, follow, max-snippet:-1, max-image-preview:large, max-video-preview:-1\" \/>\n<link rel=\"canonical\" href=\"https:\/\/ticsalutsocial.atoom.space\/es\/event\/jornada-de-networking-internacional-germany-meets-catalonia\/\" \/>\n<meta property=\"og:locale\" content=\"es_ES\" \/>\n<meta property=\"og:type\" content=\"article\" \/>\n<meta property=\"og:title\" content=\"Jornada de Networking Internacional: &quot;Germany meets Catalonia&quot; - Fundaci\u00f3 TIC Salut i Social\" \/>\n<meta property=\"og:description\" content=\"Este jueves 15 de mayo se celebra la Jornada de Networking Internacional: \u00abGermany meets Catalonia\u00bb, un encuentro \u00fanico para conocer de primera mano las \u00faltimas innovaciones en el \u00e1mbito de la salud y la atenci\u00f3n residencial, as\u00ed como para fortalecer las relaciones con entidades del ecosistema innovador de Alemania y Catalu\u00f1a. Agenda de la jornada:\u2022 [&hellip;]\" \/>\n<meta property=\"og:url\" content=\"https:\/\/ticsalutsocial.atoom.space\/es\/event\/jornada-de-networking-internacional-germany-meets-catalonia\/\" \/>\n<meta property=\"og:site_name\" content=\"Fundaci\u00f3 TIC Salut i Social\" \/>\n<meta property=\"article:modified_time\" content=\"2025-05-13T07:46:44+00:00\" \/>\n<meta name=\"twitter:card\" content=\"summary_large_image\" \/>\n<meta name=\"twitter:label1\" content=\"Tiempo de lectura\" \/>\n\t<meta name=\"twitter:data1\" content=\"2 minutos\" \/>\n<script type=\"application\/ld+json\" class=\"yoast-schema-graph\">{\"@context\":\"https:\/\/schema.org\",\"@graph\":[{\"@type\":\"WebPage\",\"@id\":\"https:\/\/ticsalutsocial.atoom.space\/es\/event\/jornada-de-networking-internacional-germany-meets-catalonia\/\",\"url\":\"https:\/\/ticsalutsocial.atoom.space\/es\/event\/jornada-de-networking-internacional-germany-meets-catalonia\/\",\"name\":\"Jornada de Networking Internacional: \\\"Germany meets Catalonia\\\" - Fundaci\u00f3 TIC Salut i Social\",\"isPartOf\":{\"@id\":\"https:\/\/ticsalutsocial.atoom.space\/es\/#website\"},\"datePublished\":\"2025-05-13T07:44:50+00:00\",\"dateModified\":\"2025-05-13T07:46:44+00:00\",\"breadcrumb\":{\"@id\":\"https:\/\/ticsalutsocial.atoom.space\/es\/event\/jornada-de-networking-internacional-germany-meets-catalonia\/#breadcrumb\"},\"inLanguage\":\"es\",\"potentialAction\":[{\"@type\":\"ReadAction\",\"target\":[\"https:\/\/ticsalutsocial.atoom.space\/es\/event\/jornada-de-networking-internacional-germany-meets-catalonia\/\"]}]},{\"@type\":\"BreadcrumbList\",\"@id\":\"https:\/\/ticsalutsocial.atoom.space\/es\/event\/jornada-de-networking-internacional-germany-meets-catalonia\/#breadcrumb\",\"itemListElement\":[{\"@type\":\"ListItem\",\"position\":1,\"name\":\"Inici\",\"item\":\"https:\/\/ticsalutsocial.atoom.space\/es\/\"},{\"@type\":\"ListItem\",\"position\":2,\"name\":\"Jornada de Networking Internacional: &#8220;Germany meets Catalonia&#8221;\"}]},{\"@type\":\"WebSite\",\"@id\":\"https:\/\/ticsalutsocial.atoom.space\/es\/#website\",\"url\":\"https:\/\/ticsalutsocial.atoom.space\/es\/\",\"name\":\"Fundaci\u00f3 TIC Salut i Social\",\"description\":\"\",\"potentialAction\":[{\"@type\":\"SearchAction\",\"target\":{\"@type\":\"EntryPoint\",\"urlTemplate\":\"https:\/\/ticsalutsocial.atoom.space\/es\/?s={search_term_string}\"},\"query-input\":{\"@type\":\"PropertyValueSpecification\",\"valueRequired\":true,\"valueName\":\"search_term_string\"}}],\"inLanguage\":\"es\"}]}<\/script>\n<!-- \/ Yoast SEO plugin. -->","yoast_head_json":{"title":"Jornada de Networking Internacional: \"Germany meets Catalonia\" - Fundaci\u00f3 TIC Salut i Social","robots":{"index":"index","follow":"follow","max-snippet":"max-snippet:-1","max-image-preview":"max-image-preview:large","max-video-preview":"max-video-preview:-1"},"canonical":"https:\/\/ticsalutsocial.atoom.space\/es\/event\/jornada-de-networking-internacional-germany-meets-catalonia\/","og_locale":"es_ES","og_type":"article","og_title":"Jornada de Networking Internacional: \"Germany meets Catalonia\" - Fundaci\u00f3 TIC Salut i Social","og_description":"Este jueves 15 de mayo se celebra la Jornada de Networking Internacional: \u00abGermany meets Catalonia\u00bb, un encuentro \u00fanico para conocer de primera mano las \u00faltimas innovaciones en el \u00e1mbito de la salud y la atenci\u00f3n residencial, as\u00ed como para fortalecer las relaciones con entidades del ecosistema innovador de Alemania y Catalu\u00f1a. Agenda de la jornada:\u2022 [&hellip;]","og_url":"https:\/\/ticsalutsocial.atoom.space\/es\/event\/jornada-de-networking-internacional-germany-meets-catalonia\/","og_site_name":"Fundaci\u00f3 TIC Salut i Social","article_modified_time":"2025-05-13T07:46:44+00:00","twitter_card":"summary_large_image","twitter_misc":{"Tiempo de lectura":"2 minutos"},"schema":{"@context":"https:\/\/schema.org","@graph":[{"@type":"WebPage","@id":"https:\/\/ticsalutsocial.atoom.space\/es\/event\/jornada-de-networking-internacional-germany-meets-catalonia\/","url":"https:\/\/ticsalutsocial.atoom.space\/es\/event\/jornada-de-networking-internacional-germany-meets-catalonia\/","name":"Jornada de Networking Internacional: \"Germany meets Catalonia\" - Fundaci\u00f3 TIC Salut i Social","isPartOf":{"@id":"https:\/\/ticsalutsocial.atoom.space\/es\/#website"},"datePublished":"2025-05-13T07:44:50+00:00","dateModified":"2025-05-13T07:46:44+00:00","breadcrumb":{"@id":"https:\/\/ticsalutsocial.atoom.space\/es\/event\/jornada-de-networking-internacional-germany-meets-catalonia\/#breadcrumb"},"inLanguage":"es","potentialAction":[{"@type":"ReadAction","target":["https:\/\/ticsalutsocial.atoom.space\/es\/event\/jornada-de-networking-internacional-germany-meets-catalonia\/"]}]},{"@type":"BreadcrumbList","@id":"https:\/\/ticsalutsocial.atoom.space\/es\/event\/jornada-de-networking-internacional-germany-meets-catalonia\/#breadcrumb","itemListElement":[{"@type":"ListItem","position":1,"name":"Inici","item":"https:\/\/ticsalutsocial.atoom.space\/es\/"},{"@type":"ListItem","position":2,"name":"Jornada de Networking Internacional: &#8220;Germany meets Catalonia&#8221;"}]},{"@type":"WebSite","@id":"https:\/\/ticsalutsocial.atoom.space\/es\/#website","url":"https:\/\/ticsalutsocial.atoom.space\/es\/","name":"Fundaci\u00f3 TIC Salut i Social","description":"","potentialAction":[{"@type":"SearchAction","target":{"@type":"EntryPoint","urlTemplate":"https:\/\/ticsalutsocial.atoom.space\/es\/?s={search_term_string}"},"query-input":{"@type":"PropertyValueSpecification","valueRequired":true,"valueName":"search_term_string"}}],"inLanguage":"es"}]}},"_links":{"self":[{"href":"https:\/\/ticsalutsocial.atoom.space\/es\/wp-json\/wp\/v2\/event\/32060","targetHints":{"allow":["GET"]}}],"collection":[{"href":"https:\/\/ticsalutsocial.atoom.space\/es\/wp-json\/wp\/v2\/event"}],"about":[{"href":"https:\/\/ticsalutsocial.atoom.space\/es\/wp-json\/wp\/v2\/types\/event"}],"wp:attachment":[{"href":"https:\/\/ticsalutsocial.atoom.space\/es\/wp-json\/wp\/v2\/media?parent=32060"}],"wp:term":[{"taxonomy":"tipus","embeddable":true,"href":"https:\/\/ticsalutsocial.atoom.space\/es\/wp-json\/wp\/v2\/tipus?post=32060"},{"taxonomy":"topic","embeddable":true,"href":"https:\/\/ticsalutsocial.atoom.space\/es\/wp-json\/wp\/v2\/topic?post=32060"}],"curies":[{"name":"wp","href":"https:\/\/api.w.org\/{rel}","templated":true}]}}