
{"id":32095,"date":"2025-05-14T11:50:06","date_gmt":"2025-05-14T09:50:06","guid":{"rendered":"https:\/\/ticsalutsocial.atoom.space\/event\/projecte-de-la-llei-de-lagencia-datencio-integrada-social-i-sanitaria-de-catalunya-impacte-i-implicacions\/"},"modified":"2025-05-14T11:52:15","modified_gmt":"2025-05-14T09:52:15","slug":"projecte-de-la-llei-de-lagencia-datencio-integrada-social-i-sanitaria-de-catalunya-impacte-i-implicacions","status":"publish","type":"event","link":"https:\/\/ticsalutsocial.atoom.space\/es\/event\/projecte-de-la-llei-de-lagencia-datencio-integrada-social-i-sanitaria-de-catalunya-impacte-i-implicacions\/","title":{"rendered":"Proyecto de Ley de la Agencia de Atenci\u00f3n Integrada Social y Sanitaria de Catalu\u00f1a: impacto e implicaciones"},"content":{"rendered":"<p data-start=\"143\" data-end=\"614\">Catalu\u00f1a se enfrenta a un reto de gran magnitud: transformar sus sistemas de salud y servicios sociales para hacer frente a las crecientes necesidades de una poblaci\u00f3n envejecida, con m\u00e1s situaciones de cronicidad, discapacidad y problemas de salud mental. En este contexto, el Proyecto de Ley de la Agencia de Atenci\u00f3n Integrada Social y Sanitaria, presentado en el Parlamento de Catalu\u00f1a el pasado mes de noviembre de 2024, abre la puerta a un nuevo modelo de atenci\u00f3n.<\/p>\n<p data-start=\"616\" data-end=\"971\">El acto <strong data-start=\"624\" data-end=\"737\">\u201cProyecto de Ley de la Agencia de Atenci\u00f3n Integrada Social y Sanitaria de Catalu\u00f1a: impacto e implicaciones\u201d<\/strong>, organizado por la Comisi\u00f3n de Economistas por una Econom\u00eda Social y la Comisi\u00f3n de Econom\u00eda de la Salud del Colegio de Economistas de Catalu\u00f1a, quiere ser un espacio de an\u00e1lisis sobre el impacto y las implicaciones de este proyecto.<\/p>\n<p data-start=\"973\" data-end=\"984\"><strong data-start=\"973\" data-end=\"984\">AGENDA:<\/strong><\/p>\n<p data-start=\"986\" data-end=\"1120\"><strong data-start=\"986\" data-end=\"1016\">Bienvenida y presentaci\u00f3n:<\/strong><br data-start=\"1016\" data-end=\"1019\" \/>Sra. Maite Soler, presidenta de la Comisi\u00f3n de Econom\u00eda Social del Colegio de Economistas de Catalu\u00f1a<\/p>\n<p data-start=\"1122\" data-end=\"1314\"><strong data-start=\"1122\" data-end=\"1159\">Presentaci\u00f3n del Proyecto de Ley:<\/strong><br data-start=\"1159\" data-end=\"1162\" \/>Sra. Conxita Barbeta, responsable de Atenci\u00f3n Integrada del Gabinete de la Consejera del Departamento de Derechos Sociales de la Generalitat de Catalu\u00f1a<\/p>\n<p data-start=\"1316\" data-end=\"1590\"><strong data-start=\"1316\" data-end=\"1333\">Mesa redonda:<\/strong><br data-start=\"1333\" data-end=\"1336\" \/>Sra. Cinta Pascual, presidenta de la Asociaci\u00f3n Catalana de Recursos Asistenciales (ACRA)<br data-start=\"1425\" data-end=\"1428\" \/>Sra. Noem\u00ed Pou, directora del \u00c1rea de Salud del Consorcio de Salud y Social de Catalu\u00f1a<br data-start=\"1515\" data-end=\"1518\" \/>Sr. Joan Guanyabens, director general de la Fundaci\u00f3n TIC Salut Social<\/p>\n<p data-start=\"1592\" data-end=\"1728\"><strong data-start=\"1592\" data-end=\"1606\">Moderador:<\/strong><br data-start=\"1606\" data-end=\"1609\" \/>Sr. Iv\u00e1n Gonz\u00e1lez, miembro de la Comisi\u00f3n de Economistas por una Econom\u00eda Social del Colegio de Economistas de Catalu\u00f1a<\/p>\n<p data-start=\"1730\" data-end=\"1769\"><strong data-start=\"1730\" data-end=\"1769\">Coloquio abierto con los asistentes<\/strong><\/p>\n<p data-start=\"1771\" data-end=\"2005\"><strong data-start=\"1771\" data-end=\"1784\">Clausura:<\/strong><br data-start=\"1784\" data-end=\"1787\" \/>Sra. Roser Fern\u00e1ndez Alegre, miembro de la Comisi\u00f3n Permanente de la Comisi\u00f3n de Econom\u00eda de la Salud del Colegio de Economistas de Catalu\u00f1a y directora general de La Uni\u00f3, Asociaci\u00f3n de Entidades Sanitarias y Sociales<\/p>\n","protected":false},"featured_media":32094,"menu_order":0,"template":"","meta":{"_acf_changed":false,"inline_featured_image":false},"tipus":[],"topic":[],"class_list":["post-32095","event","type-event","status-publish","has-post-thumbnail","hentry"],"acf":{"imatge":32094,"informacio":{"ubicacio":"Col\u00b7legi d\u2019Economistes de Catalunya (Pla\u00e7a Gal\u00b7la Plac\u00eddia, 32 - Barcelona)","data":"21\/05\/2025","hora":"17:00h","preu":"","inscripcions":"https:\/\/lnkd.in\/d5xGGKis"},"programa":{"titol":"","items":false},"documents":false},"yoast_head":"<!-- This site is optimized with the Yoast SEO plugin v27.1.1 - https:\/\/yoast.com\/product\/yoast-seo-wordpress\/ -->\n<title>Proyecto de Ley de la Agencia de Atenci\u00f3n Integrada Social y Sanitaria de Catalu\u00f1a: impacto e implicaciones - Fundaci\u00f3 TIC Salut i Social<\/title>\n<meta name=\"robots\" content=\"index, follow, max-snippet:-1, max-image-preview:large, max-video-preview:-1\" \/>\n<link rel=\"canonical\" href=\"https:\/\/ticsalutsocial.atoom.space\/es\/event\/projecte-de-la-llei-de-lagencia-datencio-integrada-social-i-sanitaria-de-catalunya-impacte-i-implicacions\/\" \/>\n<meta property=\"og:locale\" content=\"es_ES\" \/>\n<meta property=\"og:type\" content=\"article\" \/>\n<meta property=\"og:title\" content=\"Proyecto de Ley de la Agencia de Atenci\u00f3n Integrada Social y Sanitaria de Catalu\u00f1a: impacto e implicaciones - Fundaci\u00f3 TIC Salut i Social\" \/>\n<meta property=\"og:description\" content=\"Catalu\u00f1a se enfrenta a un reto de gran magnitud: transformar sus sistemas de salud y servicios sociales para hacer frente a las crecientes necesidades de una poblaci\u00f3n envejecida, con m\u00e1s situaciones de cronicidad, discapacidad y problemas de salud mental. En este contexto, el Proyecto de Ley de la Agencia de Atenci\u00f3n Integrada Social y Sanitaria, [&hellip;]\" \/>\n<meta property=\"og:url\" content=\"https:\/\/ticsalutsocial.atoom.space\/es\/event\/projecte-de-la-llei-de-lagencia-datencio-integrada-social-i-sanitaria-de-catalunya-impacte-i-implicacions\/\" \/>\n<meta property=\"og:site_name\" content=\"Fundaci\u00f3 TIC Salut i Social\" \/>\n<meta property=\"article:modified_time\" content=\"2025-05-14T09:52:15+00:00\" \/>\n<meta property=\"og:image\" content=\"https:\/\/ticsalutsocial.atoom.space\/wp-content\/uploads\/2025\/05\/1747145976781.jpg\" \/>\n\t<meta property=\"og:image:width\" content=\"1600\" \/>\n\t<meta property=\"og:image:height\" content=\"900\" \/>\n\t<meta property=\"og:image:type\" content=\"image\/jpeg\" \/>\n<meta name=\"twitter:card\" content=\"summary_large_image\" \/>\n<meta name=\"twitter:label1\" content=\"Tiempo de lectura\" \/>\n\t<meta name=\"twitter:data1\" content=\"2 minutos\" \/>\n<script type=\"application\/ld+json\" class=\"yoast-schema-graph\">{\"@context\":\"https:\/\/schema.org\",\"@graph\":[{\"@type\":\"WebPage\",\"@id\":\"https:\/\/ticsalutsocial.atoom.space\/es\/event\/projecte-de-la-llei-de-lagencia-datencio-integrada-social-i-sanitaria-de-catalunya-impacte-i-implicacions\/\",\"url\":\"https:\/\/ticsalutsocial.atoom.space\/es\/event\/projecte-de-la-llei-de-lagencia-datencio-integrada-social-i-sanitaria-de-catalunya-impacte-i-implicacions\/\",\"name\":\"Proyecto de Ley de la Agencia de Atenci\u00f3n Integrada Social y Sanitaria de Catalu\u00f1a: impacto e implicaciones - Fundaci\u00f3 TIC Salut i Social\",\"isPartOf\":{\"@id\":\"https:\/\/ticsalutsocial.atoom.space\/es\/#website\"},\"primaryImageOfPage\":{\"@id\":\"https:\/\/ticsalutsocial.atoom.space\/es\/event\/projecte-de-la-llei-de-lagencia-datencio-integrada-social-i-sanitaria-de-catalunya-impacte-i-implicacions\/#primaryimage\"},\"image\":{\"@id\":\"https:\/\/ticsalutsocial.atoom.space\/es\/event\/projecte-de-la-llei-de-lagencia-datencio-integrada-social-i-sanitaria-de-catalunya-impacte-i-implicacions\/#primaryimage\"},\"thumbnailUrl\":\"https:\/\/ticsalutsocial.atoom.space\/wp-content\/uploads\/2025\/05\/1747145976781.jpg\",\"datePublished\":\"2025-05-14T09:50:06+00:00\",\"dateModified\":\"2025-05-14T09:52:15+00:00\",\"breadcrumb\":{\"@id\":\"https:\/\/ticsalutsocial.atoom.space\/es\/event\/projecte-de-la-llei-de-lagencia-datencio-integrada-social-i-sanitaria-de-catalunya-impacte-i-implicacions\/#breadcrumb\"},\"inLanguage\":\"es\",\"potentialAction\":[{\"@type\":\"ReadAction\",\"target\":[\"https:\/\/ticsalutsocial.atoom.space\/es\/event\/projecte-de-la-llei-de-lagencia-datencio-integrada-social-i-sanitaria-de-catalunya-impacte-i-implicacions\/\"]}]},{\"@type\":\"ImageObject\",\"inLanguage\":\"es\",\"@id\":\"https:\/\/ticsalutsocial.atoom.space\/es\/event\/projecte-de-la-llei-de-lagencia-datencio-integrada-social-i-sanitaria-de-catalunya-impacte-i-implicacions\/#primaryimage\",\"url\":\"https:\/\/ticsalutsocial.atoom.space\/wp-content\/uploads\/2025\/05\/1747145976781.jpg\",\"contentUrl\":\"https:\/\/ticsalutsocial.atoom.space\/wp-content\/uploads\/2025\/05\/1747145976781.jpg\",\"width\":1600,\"height\":900},{\"@type\":\"BreadcrumbList\",\"@id\":\"https:\/\/ticsalutsocial.atoom.space\/es\/event\/projecte-de-la-llei-de-lagencia-datencio-integrada-social-i-sanitaria-de-catalunya-impacte-i-implicacions\/#breadcrumb\",\"itemListElement\":[{\"@type\":\"ListItem\",\"position\":1,\"name\":\"Inici\",\"item\":\"https:\/\/ticsalutsocial.atoom.space\/es\/\"},{\"@type\":\"ListItem\",\"position\":2,\"name\":\"Proyecto de Ley de la Agencia de Atenci\u00f3n Integrada Social y Sanitaria de Catalu\u00f1a: impacto e implicaciones\"}]},{\"@type\":\"WebSite\",\"@id\":\"https:\/\/ticsalutsocial.atoom.space\/es\/#website\",\"url\":\"https:\/\/ticsalutsocial.atoom.space\/es\/\",\"name\":\"Fundaci\u00f3 TIC Salut i Social\",\"description\":\"\",\"potentialAction\":[{\"@type\":\"SearchAction\",\"target\":{\"@type\":\"EntryPoint\",\"urlTemplate\":\"https:\/\/ticsalutsocial.atoom.space\/es\/?s={search_term_string}\"},\"query-input\":{\"@type\":\"PropertyValueSpecification\",\"valueRequired\":true,\"valueName\":\"search_term_string\"}}],\"inLanguage\":\"es\"}]}<\/script>\n<!-- \/ Yoast SEO plugin. -->","yoast_head_json":{"title":"Proyecto de Ley de la Agencia de Atenci\u00f3n Integrada Social y Sanitaria de Catalu\u00f1a: impacto e implicaciones - Fundaci\u00f3 TIC Salut i Social","robots":{"index":"index","follow":"follow","max-snippet":"max-snippet:-1","max-image-preview":"max-image-preview:large","max-video-preview":"max-video-preview:-1"},"canonical":"https:\/\/ticsalutsocial.atoom.space\/es\/event\/projecte-de-la-llei-de-lagencia-datencio-integrada-social-i-sanitaria-de-catalunya-impacte-i-implicacions\/","og_locale":"es_ES","og_type":"article","og_title":"Proyecto de Ley de la Agencia de Atenci\u00f3n Integrada Social y Sanitaria de Catalu\u00f1a: impacto e implicaciones - Fundaci\u00f3 TIC Salut i Social","og_description":"Catalu\u00f1a se enfrenta a un reto de gran magnitud: transformar sus sistemas de salud y servicios sociales para hacer frente a las crecientes necesidades de una poblaci\u00f3n envejecida, con m\u00e1s situaciones de cronicidad, discapacidad y problemas de salud mental. En este contexto, el Proyecto de Ley de la Agencia de Atenci\u00f3n Integrada Social y Sanitaria, [&hellip;]","og_url":"https:\/\/ticsalutsocial.atoom.space\/es\/event\/projecte-de-la-llei-de-lagencia-datencio-integrada-social-i-sanitaria-de-catalunya-impacte-i-implicacions\/","og_site_name":"Fundaci\u00f3 TIC Salut i Social","article_modified_time":"2025-05-14T09:52:15+00:00","og_image":[{"width":1600,"height":900,"url":"https:\/\/ticsalutsocial.atoom.space\/wp-content\/uploads\/2025\/05\/1747145976781.jpg","type":"image\/jpeg"}],"twitter_card":"summary_large_image","twitter_misc":{"Tiempo de lectura":"2 minutos"},"schema":{"@context":"https:\/\/schema.org","@graph":[{"@type":"WebPage","@id":"https:\/\/ticsalutsocial.atoom.space\/es\/event\/projecte-de-la-llei-de-lagencia-datencio-integrada-social-i-sanitaria-de-catalunya-impacte-i-implicacions\/","url":"https:\/\/ticsalutsocial.atoom.space\/es\/event\/projecte-de-la-llei-de-lagencia-datencio-integrada-social-i-sanitaria-de-catalunya-impacte-i-implicacions\/","name":"Proyecto de Ley de la Agencia de Atenci\u00f3n Integrada Social y Sanitaria de Catalu\u00f1a: impacto e implicaciones - Fundaci\u00f3 TIC Salut i Social","isPartOf":{"@id":"https:\/\/ticsalutsocial.atoom.space\/es\/#website"},"primaryImageOfPage":{"@id":"https:\/\/ticsalutsocial.atoom.space\/es\/event\/projecte-de-la-llei-de-lagencia-datencio-integrada-social-i-sanitaria-de-catalunya-impacte-i-implicacions\/#primaryimage"},"image":{"@id":"https:\/\/ticsalutsocial.atoom.space\/es\/event\/projecte-de-la-llei-de-lagencia-datencio-integrada-social-i-sanitaria-de-catalunya-impacte-i-implicacions\/#primaryimage"},"thumbnailUrl":"https:\/\/ticsalutsocial.atoom.space\/wp-content\/uploads\/2025\/05\/1747145976781.jpg","datePublished":"2025-05-14T09:50:06+00:00","dateModified":"2025-05-14T09:52:15+00:00","breadcrumb":{"@id":"https:\/\/ticsalutsocial.atoom.space\/es\/event\/projecte-de-la-llei-de-lagencia-datencio-integrada-social-i-sanitaria-de-catalunya-impacte-i-implicacions\/#breadcrumb"},"inLanguage":"es","potentialAction":[{"@type":"ReadAction","target":["https:\/\/ticsalutsocial.atoom.space\/es\/event\/projecte-de-la-llei-de-lagencia-datencio-integrada-social-i-sanitaria-de-catalunya-impacte-i-implicacions\/"]}]},{"@type":"ImageObject","inLanguage":"es","@id":"https:\/\/ticsalutsocial.atoom.space\/es\/event\/projecte-de-la-llei-de-lagencia-datencio-integrada-social-i-sanitaria-de-catalunya-impacte-i-implicacions\/#primaryimage","url":"https:\/\/ticsalutsocial.atoom.space\/wp-content\/uploads\/2025\/05\/1747145976781.jpg","contentUrl":"https:\/\/ticsalutsocial.atoom.space\/wp-content\/uploads\/2025\/05\/1747145976781.jpg","width":1600,"height":900},{"@type":"BreadcrumbList","@id":"https:\/\/ticsalutsocial.atoom.space\/es\/event\/projecte-de-la-llei-de-lagencia-datencio-integrada-social-i-sanitaria-de-catalunya-impacte-i-implicacions\/#breadcrumb","itemListElement":[{"@type":"ListItem","position":1,"name":"Inici","item":"https:\/\/ticsalutsocial.atoom.space\/es\/"},{"@type":"ListItem","position":2,"name":"Proyecto de Ley de la Agencia de Atenci\u00f3n Integrada Social y Sanitaria de Catalu\u00f1a: impacto e implicaciones"}]},{"@type":"WebSite","@id":"https:\/\/ticsalutsocial.atoom.space\/es\/#website","url":"https:\/\/ticsalutsocial.atoom.space\/es\/","name":"Fundaci\u00f3 TIC Salut i Social","description":"","potentialAction":[{"@type":"SearchAction","target":{"@type":"EntryPoint","urlTemplate":"https:\/\/ticsalutsocial.atoom.space\/es\/?s={search_term_string}"},"query-input":{"@type":"PropertyValueSpecification","valueRequired":true,"valueName":"search_term_string"}}],"inLanguage":"es"}]}},"_links":{"self":[{"href":"https:\/\/ticsalutsocial.atoom.space\/es\/wp-json\/wp\/v2\/event\/32095","targetHints":{"allow":["GET"]}}],"collection":[{"href":"https:\/\/ticsalutsocial.atoom.space\/es\/wp-json\/wp\/v2\/event"}],"about":[{"href":"https:\/\/ticsalutsocial.atoom.space\/es\/wp-json\/wp\/v2\/types\/event"}],"wp:featuredmedia":[{"embeddable":true,"href":"https:\/\/ticsalutsocial.atoom.space\/es\/wp-json\/wp\/v2\/media\/32094"}],"wp:attachment":[{"href":"https:\/\/ticsalutsocial.atoom.space\/es\/wp-json\/wp\/v2\/media?parent=32095"}],"wp:term":[{"taxonomy":"tipus","embeddable":true,"href":"https:\/\/ticsalutsocial.atoom.space\/es\/wp-json\/wp\/v2\/tipus?post=32095"},{"taxonomy":"topic","embeddable":true,"href":"https:\/\/ticsalutsocial.atoom.space\/es\/wp-json\/wp\/v2\/topic?post=32095"}],"curies":[{"name":"wp","href":"https:\/\/api.w.org\/{rel}","templated":true}]}}