
{"id":32164,"date":"2025-05-20T09:26:53","date_gmt":"2025-05-20T07:26:53","guid":{"rendered":"https:\/\/ticsalutsocial.atoom.space\/event\/wemind-international-forum-2025\/"},"modified":"2025-05-20T09:29:07","modified_gmt":"2025-05-20T07:29:07","slug":"wemind-international-forum-2025","status":"publish","type":"event","link":"https:\/\/ticsalutsocial.atoom.space\/es\/event\/wemind-international-forum-2025\/","title":{"rendered":"WeMind International Forum 2025"},"content":{"rendered":"<p data-start=\"16\" data-end=\"125\">Los pr\u00f3ximos d\u00edas 25 y 26 de noviembre se celebrar\u00e1n los WeMind Awards en el World Trade Center de Barcelona.<\/p>\n<p data-start=\"127\" data-end=\"570\">En el contexto del evento, la nueva edici\u00f3n de los WeMind Awards tiene como objetivo reconocer los proyectos innovadores que promueven el bienestar bio-psico-social de las personas desde una perspectiva centrada en la autonom\u00eda personal. Estos premios buscan visibilizar iniciativas transformadoras en \u00e1mbitos clave como los retos sociales, los nuevos modelos de vivienda, la atenci\u00f3n y los cuidados, la transformaci\u00f3n digital y la longevidad.<\/p>\n<p data-start=\"572\" data-end=\"675\">La convocatoria de candidaturas se abri\u00f3 el 16 de mayo y permanecer\u00e1 abierta hasta el 15 de septiembre.<\/p>\n<p data-start=\"677\" data-end=\"867\">La convocatoria est\u00e1 abierta a cualquier organizaci\u00f3n, entidad o equipo promotor que desee compartir su propuesta. No es necesario estar inscrito en el evento para presentar una candidatura.<\/p>\n<p data-start=\"869\" data-end=\"962\">Las candidaturas deber\u00e1n estar alineadas con alguno de los pilares estrat\u00e9gicos del congreso:<\/p>\n<ul data-start=\"964\" data-end=\"1077\">\n<li data-start=\"964\" data-end=\"982\">\n<p data-start=\"966\" data-end=\"982\">Retos sociales<\/p>\n<\/li>\n<li data-start=\"983\" data-end=\"1013\">\n<p data-start=\"985\" data-end=\"1013\">Nuevos modelos de vivienda<\/p>\n<\/li>\n<li data-start=\"1014\" data-end=\"1037\">\n<p data-start=\"1016\" data-end=\"1037\">Atenci\u00f3n y cuidados<\/p>\n<\/li>\n<li data-start=\"1038\" data-end=\"1064\">\n<p data-start=\"1040\" data-end=\"1064\">Transformaci\u00f3n digital<\/p>\n<\/li>\n<li data-start=\"1065\" data-end=\"1077\">\n<p data-start=\"1067\" data-end=\"1077\">Longevidad<\/p>\n<\/li>\n<\/ul>\n<p data-start=\"1079\" data-end=\"1093\">\u00a1Os esperamos!<\/p>\n","protected":false},"featured_media":0,"menu_order":0,"template":"","meta":{"_acf_changed":false,"inline_featured_image":false},"tipus":[],"topic":[],"class_list":["post-32164","event","type-event","status-publish","hentry"],"acf":{"informacio":{"ubicacio":"World Trade Center Barcelona","data":"25\/11\/2025","hora":"","preu":"","inscripcions":"https:\/\/www.wemindforum.com\/hosted-events\/wemind-awards\/"},"programa":{"titol":"","items":false},"documents":false},"yoast_head":"<!-- This site is optimized with the Yoast SEO plugin v27.1.1 - https:\/\/yoast.com\/product\/yoast-seo-wordpress\/ -->\n<title>WeMind International Forum 2025 - Fundaci\u00f3 TIC Salut i Social<\/title>\n<meta name=\"robots\" content=\"index, follow, max-snippet:-1, max-image-preview:large, max-video-preview:-1\" \/>\n<link rel=\"canonical\" href=\"https:\/\/ticsalutsocial.atoom.space\/es\/event\/wemind-international-forum-2025\/\" \/>\n<meta property=\"og:locale\" content=\"es_ES\" \/>\n<meta property=\"og:type\" content=\"article\" \/>\n<meta property=\"og:title\" content=\"WeMind International Forum 2025 - Fundaci\u00f3 TIC Salut i Social\" \/>\n<meta property=\"og:description\" content=\"Los pr\u00f3ximos d\u00edas 25 y 26 de noviembre se celebrar\u00e1n los WeMind Awards en el World Trade Center de Barcelona. En el contexto del evento, la nueva edici\u00f3n de los WeMind Awards tiene como objetivo reconocer los proyectos innovadores que promueven el bienestar bio-psico-social de las personas desde una perspectiva centrada en la autonom\u00eda personal. [&hellip;]\" \/>\n<meta property=\"og:url\" content=\"https:\/\/ticsalutsocial.atoom.space\/es\/event\/wemind-international-forum-2025\/\" \/>\n<meta property=\"og:site_name\" content=\"Fundaci\u00f3 TIC Salut i Social\" \/>\n<meta property=\"article:modified_time\" content=\"2025-05-20T07:29:07+00:00\" \/>\n<meta name=\"twitter:card\" content=\"summary_large_image\" \/>\n<meta name=\"twitter:label1\" content=\"Tiempo de lectura\" \/>\n\t<meta name=\"twitter:data1\" content=\"1 minuto\" \/>\n<script type=\"application\/ld+json\" class=\"yoast-schema-graph\">{\"@context\":\"https:\/\/schema.org\",\"@graph\":[{\"@type\":\"WebPage\",\"@id\":\"https:\/\/ticsalutsocial.atoom.space\/es\/event\/wemind-international-forum-2025\/\",\"url\":\"https:\/\/ticsalutsocial.atoom.space\/es\/event\/wemind-international-forum-2025\/\",\"name\":\"WeMind International Forum 2025 - Fundaci\u00f3 TIC Salut i Social\",\"isPartOf\":{\"@id\":\"https:\/\/ticsalutsocial.atoom.space\/es\/#website\"},\"datePublished\":\"2025-05-20T07:26:53+00:00\",\"dateModified\":\"2025-05-20T07:29:07+00:00\",\"breadcrumb\":{\"@id\":\"https:\/\/ticsalutsocial.atoom.space\/es\/event\/wemind-international-forum-2025\/#breadcrumb\"},\"inLanguage\":\"es\",\"potentialAction\":[{\"@type\":\"ReadAction\",\"target\":[\"https:\/\/ticsalutsocial.atoom.space\/es\/event\/wemind-international-forum-2025\/\"]}]},{\"@type\":\"BreadcrumbList\",\"@id\":\"https:\/\/ticsalutsocial.atoom.space\/es\/event\/wemind-international-forum-2025\/#breadcrumb\",\"itemListElement\":[{\"@type\":\"ListItem\",\"position\":1,\"name\":\"Inici\",\"item\":\"https:\/\/ticsalutsocial.atoom.space\/es\/\"},{\"@type\":\"ListItem\",\"position\":2,\"name\":\"WeMind International Forum 2025\"}]},{\"@type\":\"WebSite\",\"@id\":\"https:\/\/ticsalutsocial.atoom.space\/es\/#website\",\"url\":\"https:\/\/ticsalutsocial.atoom.space\/es\/\",\"name\":\"Fundaci\u00f3 TIC Salut i Social\",\"description\":\"\",\"potentialAction\":[{\"@type\":\"SearchAction\",\"target\":{\"@type\":\"EntryPoint\",\"urlTemplate\":\"https:\/\/ticsalutsocial.atoom.space\/es\/?s={search_term_string}\"},\"query-input\":{\"@type\":\"PropertyValueSpecification\",\"valueRequired\":true,\"valueName\":\"search_term_string\"}}],\"inLanguage\":\"es\"}]}<\/script>\n<!-- \/ Yoast SEO plugin. -->","yoast_head_json":{"title":"WeMind International Forum 2025 - Fundaci\u00f3 TIC Salut i Social","robots":{"index":"index","follow":"follow","max-snippet":"max-snippet:-1","max-image-preview":"max-image-preview:large","max-video-preview":"max-video-preview:-1"},"canonical":"https:\/\/ticsalutsocial.atoom.space\/es\/event\/wemind-international-forum-2025\/","og_locale":"es_ES","og_type":"article","og_title":"WeMind International Forum 2025 - Fundaci\u00f3 TIC Salut i Social","og_description":"Los pr\u00f3ximos d\u00edas 25 y 26 de noviembre se celebrar\u00e1n los WeMind Awards en el World Trade Center de Barcelona. En el contexto del evento, la nueva edici\u00f3n de los WeMind Awards tiene como objetivo reconocer los proyectos innovadores que promueven el bienestar bio-psico-social de las personas desde una perspectiva centrada en la autonom\u00eda personal. [&hellip;]","og_url":"https:\/\/ticsalutsocial.atoom.space\/es\/event\/wemind-international-forum-2025\/","og_site_name":"Fundaci\u00f3 TIC Salut i Social","article_modified_time":"2025-05-20T07:29:07+00:00","twitter_card":"summary_large_image","twitter_misc":{"Tiempo de lectura":"1 minuto"},"schema":{"@context":"https:\/\/schema.org","@graph":[{"@type":"WebPage","@id":"https:\/\/ticsalutsocial.atoom.space\/es\/event\/wemind-international-forum-2025\/","url":"https:\/\/ticsalutsocial.atoom.space\/es\/event\/wemind-international-forum-2025\/","name":"WeMind International Forum 2025 - Fundaci\u00f3 TIC Salut i Social","isPartOf":{"@id":"https:\/\/ticsalutsocial.atoom.space\/es\/#website"},"datePublished":"2025-05-20T07:26:53+00:00","dateModified":"2025-05-20T07:29:07+00:00","breadcrumb":{"@id":"https:\/\/ticsalutsocial.atoom.space\/es\/event\/wemind-international-forum-2025\/#breadcrumb"},"inLanguage":"es","potentialAction":[{"@type":"ReadAction","target":["https:\/\/ticsalutsocial.atoom.space\/es\/event\/wemind-international-forum-2025\/"]}]},{"@type":"BreadcrumbList","@id":"https:\/\/ticsalutsocial.atoom.space\/es\/event\/wemind-international-forum-2025\/#breadcrumb","itemListElement":[{"@type":"ListItem","position":1,"name":"Inici","item":"https:\/\/ticsalutsocial.atoom.space\/es\/"},{"@type":"ListItem","position":2,"name":"WeMind International Forum 2025"}]},{"@type":"WebSite","@id":"https:\/\/ticsalutsocial.atoom.space\/es\/#website","url":"https:\/\/ticsalutsocial.atoom.space\/es\/","name":"Fundaci\u00f3 TIC Salut i Social","description":"","potentialAction":[{"@type":"SearchAction","target":{"@type":"EntryPoint","urlTemplate":"https:\/\/ticsalutsocial.atoom.space\/es\/?s={search_term_string}"},"query-input":{"@type":"PropertyValueSpecification","valueRequired":true,"valueName":"search_term_string"}}],"inLanguage":"es"}]}},"_links":{"self":[{"href":"https:\/\/ticsalutsocial.atoom.space\/es\/wp-json\/wp\/v2\/event\/32164","targetHints":{"allow":["GET"]}}],"collection":[{"href":"https:\/\/ticsalutsocial.atoom.space\/es\/wp-json\/wp\/v2\/event"}],"about":[{"href":"https:\/\/ticsalutsocial.atoom.space\/es\/wp-json\/wp\/v2\/types\/event"}],"wp:attachment":[{"href":"https:\/\/ticsalutsocial.atoom.space\/es\/wp-json\/wp\/v2\/media?parent=32164"}],"wp:term":[{"taxonomy":"tipus","embeddable":true,"href":"https:\/\/ticsalutsocial.atoom.space\/es\/wp-json\/wp\/v2\/tipus?post=32164"},{"taxonomy":"topic","embeddable":true,"href":"https:\/\/ticsalutsocial.atoom.space\/es\/wp-json\/wp\/v2\/topic?post=32164"}],"curies":[{"name":"wp","href":"https:\/\/api.w.org\/{rel}","templated":true}]}}