
{"id":32196,"date":"2025-05-21T13:33:08","date_gmt":"2025-05-21T11:33:08","guid":{"rendered":"https:\/\/ticsalutsocial.atoom.space\/event\/innovacio-i-privacitat-en-ia-i-espai-de-dades-construccio-dun-model-compatible-amb-els-drets-de-les-persones\/"},"modified":"2025-05-21T13:38:26","modified_gmt":"2025-05-21T11:38:26","slug":"innovacio-i-privacitat-en-ia-i-espai-de-dades-construccio-dun-model-compatible-amb-els-drets-de-les-persones","status":"publish","type":"event","link":"https:\/\/ticsalutsocial.atoom.space\/es\/event\/innovacio-i-privacitat-en-ia-i-espai-de-dades-construccio-dun-model-compatible-amb-els-drets-de-les-persones\/","title":{"rendered":"Innovaci\u00f3n\u00a0 y privacidad en inteligencia artificial y espacio de datos: construcci\u00f3n de un modelo compatible con los derechos de las personas"},"content":{"rendered":"<p>La AEPD impartir\u00e1 el curso \u2018Innovaci\u00f3n y privacidad en inteligencia artificial y espacios de datos: construcci\u00f3n de un modelo compatible con los derechos de las personas\u2019 en las Actividades de Verano 2025 de la Universidad Internacional Men\u00e9ndez Pelayo \u00a0de Santander<\/p>\n<ul>\n<li>Tendr\u00e1 lugar los d\u00edas 9, 10 i 11 de Julio.<\/li>\n<li><a href=\"https:\/\/wapps001.uimp.es\/uxxiconsultas\/ficheros\/6\/7104565ZP.pdf\">Programa del curso<\/a>.<\/li>\n<\/ul>\n<p>El curso abordar\u00e1 el cumplimiento del nuevo Reglamento de IA, con especial atenci\u00f3n a los usos de alto riesgo en \u00e1mbitos relacionados con la protecci\u00f3n de datos, as\u00ed como el impacto de tecnolog\u00edas emergentes como el tratamiento de neurodatos y la toma de decisiones automatizadas. Adem\u00e1s, se debatir\u00e1 sobre la implantaci\u00f3n efectiva de los Espacios de Datos y la reutilizaci\u00f3n de datos para la investigaci\u00f3n y el desarrollo econ\u00f3mico, iniciativas clave de la Uni\u00f3n Europea para facilitar el acceso a informaci\u00f3n compartida bajo un modelo de gobernanza seguro y respetuoso con la privacidad.<\/p>\n<p>Respecto de todo ello, se analizar\u00e1 el papel de las autoridades de protecci\u00f3n de datos, como la AEPD, junto con las necesidades de pymes, startups y profesionales de la privacidad, en un contexto de r\u00e1pida evoluci\u00f3n normativa en la UE.<\/p>\n<p>Este curso representa una oportunidad \u00fanica para comprender c\u00f3mo equilibrar innovaci\u00f3n, regulaci\u00f3n y derechos en el actual ecosistema digital. Dirigido a empresas, administraciones p\u00fablicas, profesionales de la protecci\u00f3n de datos, investigadores e interesados en la materia, es clave para quienes buscan liderar la transformaci\u00f3n digital con garant\u00edas.<\/p>\n","protected":false},"featured_media":0,"menu_order":0,"template":"","meta":{"_acf_changed":false,"inline_featured_image":false},"tipus":[],"topic":[],"class_list":["post-32196","event","type-event","status-publish","hentry"],"acf":{"informacio":{"ubicacio":"Universitat Internacional Men\u00e9ndez Pelayo (UIMP), Santander","data":"09\/07\/2025","hora":"09:00 \/ 14:00","preu":"157,5\u20ac","inscripcions":"https:\/\/uimp.es\/agenda-link.html?id_actividad=65ZP&anyaca=2025-26"},"programa":{"titol":"","items":false},"documents":false},"yoast_head":"<!-- This site is optimized with the Yoast SEO plugin v27.1.1 - https:\/\/yoast.com\/product\/yoast-seo-wordpress\/ -->\n<title>Innovaci\u00f3n\u00a0 y privacidad en inteligencia artificial y espacio de datos: construcci\u00f3n de un modelo compatible con los derechos de las personas - Fundaci\u00f3 TIC Salut i Social<\/title>\n<meta name=\"robots\" content=\"index, follow, max-snippet:-1, max-image-preview:large, max-video-preview:-1\" \/>\n<link rel=\"canonical\" href=\"https:\/\/ticsalutsocial.atoom.space\/es\/event\/innovacio-i-privacitat-en-ia-i-espai-de-dades-construccio-dun-model-compatible-amb-els-drets-de-les-persones\/\" \/>\n<meta property=\"og:locale\" content=\"es_ES\" \/>\n<meta property=\"og:type\" content=\"article\" \/>\n<meta property=\"og:title\" content=\"Innovaci\u00f3n\u00a0 y privacidad en inteligencia artificial y espacio de datos: construcci\u00f3n de un modelo compatible con los derechos de las personas - Fundaci\u00f3 TIC Salut i Social\" \/>\n<meta property=\"og:description\" content=\"La AEPD impartir\u00e1 el curso \u2018Innovaci\u00f3n y privacidad en inteligencia artificial y espacios de datos: construcci\u00f3n de un modelo compatible con los derechos de las personas\u2019 en las Actividades de Verano 2025 de la Universidad Internacional Men\u00e9ndez Pelayo \u00a0de Santander Tendr\u00e1 lugar los d\u00edas 9, 10 i 11 de Julio. Programa del curso. El curso [&hellip;]\" \/>\n<meta property=\"og:url\" content=\"https:\/\/ticsalutsocial.atoom.space\/es\/event\/innovacio-i-privacitat-en-ia-i-espai-de-dades-construccio-dun-model-compatible-amb-els-drets-de-les-persones\/\" \/>\n<meta property=\"og:site_name\" content=\"Fundaci\u00f3 TIC Salut i Social\" \/>\n<meta property=\"article:modified_time\" content=\"2025-05-21T11:38:26+00:00\" \/>\n<meta name=\"twitter:card\" content=\"summary_large_image\" \/>\n<meta name=\"twitter:label1\" content=\"Tiempo de lectura\" \/>\n\t<meta name=\"twitter:data1\" content=\"2 minutos\" \/>\n<script type=\"application\/ld+json\" class=\"yoast-schema-graph\">{\"@context\":\"https:\/\/schema.org\",\"@graph\":[{\"@type\":\"WebPage\",\"@id\":\"https:\/\/ticsalutsocial.atoom.space\/es\/event\/innovacio-i-privacitat-en-ia-i-espai-de-dades-construccio-dun-model-compatible-amb-els-drets-de-les-persones\/\",\"url\":\"https:\/\/ticsalutsocial.atoom.space\/es\/event\/innovacio-i-privacitat-en-ia-i-espai-de-dades-construccio-dun-model-compatible-amb-els-drets-de-les-persones\/\",\"name\":\"Innovaci\u00f3n\u00a0 y privacidad en inteligencia artificial y espacio de datos: construcci\u00f3n de un modelo compatible con los derechos de las personas - Fundaci\u00f3 TIC Salut i Social\",\"isPartOf\":{\"@id\":\"https:\/\/ticsalutsocial.atoom.space\/es\/#website\"},\"datePublished\":\"2025-05-21T11:33:08+00:00\",\"dateModified\":\"2025-05-21T11:38:26+00:00\",\"breadcrumb\":{\"@id\":\"https:\/\/ticsalutsocial.atoom.space\/es\/event\/innovacio-i-privacitat-en-ia-i-espai-de-dades-construccio-dun-model-compatible-amb-els-drets-de-les-persones\/#breadcrumb\"},\"inLanguage\":\"es\",\"potentialAction\":[{\"@type\":\"ReadAction\",\"target\":[\"https:\/\/ticsalutsocial.atoom.space\/es\/event\/innovacio-i-privacitat-en-ia-i-espai-de-dades-construccio-dun-model-compatible-amb-els-drets-de-les-persones\/\"]}]},{\"@type\":\"BreadcrumbList\",\"@id\":\"https:\/\/ticsalutsocial.atoom.space\/es\/event\/innovacio-i-privacitat-en-ia-i-espai-de-dades-construccio-dun-model-compatible-amb-els-drets-de-les-persones\/#breadcrumb\",\"itemListElement\":[{\"@type\":\"ListItem\",\"position\":1,\"name\":\"Inici\",\"item\":\"https:\/\/ticsalutsocial.atoom.space\/es\/\"},{\"@type\":\"ListItem\",\"position\":2,\"name\":\"Innovaci\u00f3n\u00a0 y privacidad en inteligencia artificial y espacio de datos: construcci\u00f3n de un modelo compatible con los derechos de las personas\"}]},{\"@type\":\"WebSite\",\"@id\":\"https:\/\/ticsalutsocial.atoom.space\/es\/#website\",\"url\":\"https:\/\/ticsalutsocial.atoom.space\/es\/\",\"name\":\"Fundaci\u00f3 TIC Salut i Social\",\"description\":\"\",\"potentialAction\":[{\"@type\":\"SearchAction\",\"target\":{\"@type\":\"EntryPoint\",\"urlTemplate\":\"https:\/\/ticsalutsocial.atoom.space\/es\/?s={search_term_string}\"},\"query-input\":{\"@type\":\"PropertyValueSpecification\",\"valueRequired\":true,\"valueName\":\"search_term_string\"}}],\"inLanguage\":\"es\"}]}<\/script>\n<!-- \/ Yoast SEO plugin. -->","yoast_head_json":{"title":"Innovaci\u00f3n\u00a0 y privacidad en inteligencia artificial y espacio de datos: construcci\u00f3n de un modelo compatible con los derechos de las personas - Fundaci\u00f3 TIC Salut i Social","robots":{"index":"index","follow":"follow","max-snippet":"max-snippet:-1","max-image-preview":"max-image-preview:large","max-video-preview":"max-video-preview:-1"},"canonical":"https:\/\/ticsalutsocial.atoom.space\/es\/event\/innovacio-i-privacitat-en-ia-i-espai-de-dades-construccio-dun-model-compatible-amb-els-drets-de-les-persones\/","og_locale":"es_ES","og_type":"article","og_title":"Innovaci\u00f3n\u00a0 y privacidad en inteligencia artificial y espacio de datos: construcci\u00f3n de un modelo compatible con los derechos de las personas - Fundaci\u00f3 TIC Salut i Social","og_description":"La AEPD impartir\u00e1 el curso \u2018Innovaci\u00f3n y privacidad en inteligencia artificial y espacios de datos: construcci\u00f3n de un modelo compatible con los derechos de las personas\u2019 en las Actividades de Verano 2025 de la Universidad Internacional Men\u00e9ndez Pelayo \u00a0de Santander Tendr\u00e1 lugar los d\u00edas 9, 10 i 11 de Julio. Programa del curso. El curso [&hellip;]","og_url":"https:\/\/ticsalutsocial.atoom.space\/es\/event\/innovacio-i-privacitat-en-ia-i-espai-de-dades-construccio-dun-model-compatible-amb-els-drets-de-les-persones\/","og_site_name":"Fundaci\u00f3 TIC Salut i Social","article_modified_time":"2025-05-21T11:38:26+00:00","twitter_card":"summary_large_image","twitter_misc":{"Tiempo de lectura":"2 minutos"},"schema":{"@context":"https:\/\/schema.org","@graph":[{"@type":"WebPage","@id":"https:\/\/ticsalutsocial.atoom.space\/es\/event\/innovacio-i-privacitat-en-ia-i-espai-de-dades-construccio-dun-model-compatible-amb-els-drets-de-les-persones\/","url":"https:\/\/ticsalutsocial.atoom.space\/es\/event\/innovacio-i-privacitat-en-ia-i-espai-de-dades-construccio-dun-model-compatible-amb-els-drets-de-les-persones\/","name":"Innovaci\u00f3n\u00a0 y privacidad en inteligencia artificial y espacio de datos: construcci\u00f3n de un modelo compatible con los derechos de las personas - Fundaci\u00f3 TIC Salut i Social","isPartOf":{"@id":"https:\/\/ticsalutsocial.atoom.space\/es\/#website"},"datePublished":"2025-05-21T11:33:08+00:00","dateModified":"2025-05-21T11:38:26+00:00","breadcrumb":{"@id":"https:\/\/ticsalutsocial.atoom.space\/es\/event\/innovacio-i-privacitat-en-ia-i-espai-de-dades-construccio-dun-model-compatible-amb-els-drets-de-les-persones\/#breadcrumb"},"inLanguage":"es","potentialAction":[{"@type":"ReadAction","target":["https:\/\/ticsalutsocial.atoom.space\/es\/event\/innovacio-i-privacitat-en-ia-i-espai-de-dades-construccio-dun-model-compatible-amb-els-drets-de-les-persones\/"]}]},{"@type":"BreadcrumbList","@id":"https:\/\/ticsalutsocial.atoom.space\/es\/event\/innovacio-i-privacitat-en-ia-i-espai-de-dades-construccio-dun-model-compatible-amb-els-drets-de-les-persones\/#breadcrumb","itemListElement":[{"@type":"ListItem","position":1,"name":"Inici","item":"https:\/\/ticsalutsocial.atoom.space\/es\/"},{"@type":"ListItem","position":2,"name":"Innovaci\u00f3n\u00a0 y privacidad en inteligencia artificial y espacio de datos: construcci\u00f3n de un modelo compatible con los derechos de las personas"}]},{"@type":"WebSite","@id":"https:\/\/ticsalutsocial.atoom.space\/es\/#website","url":"https:\/\/ticsalutsocial.atoom.space\/es\/","name":"Fundaci\u00f3 TIC Salut i Social","description":"","potentialAction":[{"@type":"SearchAction","target":{"@type":"EntryPoint","urlTemplate":"https:\/\/ticsalutsocial.atoom.space\/es\/?s={search_term_string}"},"query-input":{"@type":"PropertyValueSpecification","valueRequired":true,"valueName":"search_term_string"}}],"inLanguage":"es"}]}},"_links":{"self":[{"href":"https:\/\/ticsalutsocial.atoom.space\/es\/wp-json\/wp\/v2\/event\/32196","targetHints":{"allow":["GET"]}}],"collection":[{"href":"https:\/\/ticsalutsocial.atoom.space\/es\/wp-json\/wp\/v2\/event"}],"about":[{"href":"https:\/\/ticsalutsocial.atoom.space\/es\/wp-json\/wp\/v2\/types\/event"}],"wp:attachment":[{"href":"https:\/\/ticsalutsocial.atoom.space\/es\/wp-json\/wp\/v2\/media?parent=32196"}],"wp:term":[{"taxonomy":"tipus","embeddable":true,"href":"https:\/\/ticsalutsocial.atoom.space\/es\/wp-json\/wp\/v2\/tipus?post=32196"},{"taxonomy":"topic","embeddable":true,"href":"https:\/\/ticsalutsocial.atoom.space\/es\/wp-json\/wp\/v2\/topic?post=32196"}],"curies":[{"name":"wp","href":"https:\/\/api.w.org\/{rel}","templated":true}]}}