
{"id":32219,"date":"2025-05-22T11:11:56","date_gmt":"2025-05-22T09:11:56","guid":{"rendered":"https:\/\/ticsalutsocial.atoom.space\/event\/jornada-anual-de-la-dca-drons\/"},"modified":"2025-05-22T11:18:45","modified_gmt":"2025-05-22T09:18:45","slug":"jornada-anual-de-la-dca-drons","status":"publish","type":"event","link":"https:\/\/ticsalutsocial.atoom.space\/es\/event\/jornada-anual-de-la-dca-drons\/","title":{"rendered":"Jornada anual de la DCA-Drones"},"content":{"rendered":"<p data-start=\"131\" data-end=\"427\">La comunidad de Drones de la Digital Catalonia Alliance celebra su encuentro anual el <strong data-start=\"217\" data-end=\"247\">martes 10 de junio de 2025<\/strong> en el auditorio de la Universitat Polit\u00e8cnica de Catalunya, ubicado en el edificio V\u00e8rtex del Campus Nord (plaza de Eusebi G\u00fcell, 6, 08034 Barcelona &#8211; Acceso por la calle Dulcet).<\/p>\n<p data-start=\"429\" data-end=\"612\">Con la coorganizaci\u00f3n de la UPC-BarcelonaTech y la colaboraci\u00f3n de los Mossos d&#8217;Esquadra, tambi\u00e9n se celebrar\u00e1 la presentaci\u00f3n del <strong data-start=\"560\" data-end=\"585\">Real Decreto 517\/2024<\/strong>, que regula el uso de UAS.<\/p>\n<p data-start=\"614\" data-end=\"930\">Durante la jornada se presentar\u00e1 el balance de la actividad llevada a cabo por la comunidad, as\u00ed como el proceso de creaci\u00f3n de una <strong data-start=\"746\" data-end=\"794\">ventanilla \u00fanica para los tr\u00e1mites de drones<\/strong>, un proyecto pionero en el Estado espa\u00f1ol que facilitar\u00e1 la relaci\u00f3n entre empresas y administraci\u00f3n p\u00fablica y agilizar\u00e1 las gestiones.<\/p>\n<p data-start=\"932\" data-end=\"1086\">Como es habitual, la jornada contar\u00e1 con un espacio de networking para facilitar el conocimiento y el intercambio entre los miembros asistentes de la DCA.<\/p>\n<p data-start=\"1088\" data-end=\"1100\"><strong data-start=\"1088\" data-end=\"1100\">Programa<\/strong><\/p>\n<p data-start=\"1102\" data-end=\"1189\"><strong data-start=\"1102\" data-end=\"1136\">Jornada anual de la DCA-Drones<\/strong><br data-start=\"1136\" data-end=\"1139\" \/>De 9:30 a 11:00 h<br data-start=\"1156\" data-end=\"1159\" \/>Incluye desayuno de networking<\/p>\n<p data-start=\"1191\" data-end=\"1281\"><strong data-start=\"1191\" data-end=\"1260\">Presentaci\u00f3n abierta del Real Decreto 517\/2024 &#8211; Operaciones EASA<\/strong><br data-start=\"1260\" data-end=\"1263\" \/>De 11:00 a 14:00 h<\/p>\n<p data-start=\"1283\" data-end=\"1376\"><strong data-start=\"1283\" data-end=\"1355\">Presentaci\u00f3n abierta del Real Decreto 517\/2024 &#8211; Operaciones no EASA<\/strong><br data-start=\"1355\" data-end=\"1358\" \/>De 15:00 a 18:30 h<\/p>\n","protected":false},"featured_media":0,"menu_order":0,"template":"","meta":{"_acf_changed":false,"inline_featured_image":false},"tipus":[],"topic":[],"class_list":["post-32219","event","type-event","status-publish","hentry"],"acf":{"informacio":{"ubicacio":"Auditori de l'Edifici V\u00e8rtex al Campus Nord de la UPC, 6 Pla\u00e7a d'Eusebi G\u00fcell 08034 Barcelona","data":"10\/06\/2025","hora":"09:30 \/ 19:00","preu":"Gratu\u00eft","inscripcions":"https:\/\/www.eventbrite.com\/e\/jornada-anual-de-la-dca-drons-presentacio-del-reial-decret-5172024-tickets-1367178450549?aff=erellivmlt&keep_tld=1"},"programa":{"titol":"","items":false},"documents":false},"yoast_head":"<!-- This site is optimized with the Yoast SEO plugin v27.1.1 - https:\/\/yoast.com\/product\/yoast-seo-wordpress\/ -->\n<title>Jornada anual de la DCA-Drones - Fundaci\u00f3 TIC Salut i Social<\/title>\n<meta name=\"robots\" content=\"index, follow, max-snippet:-1, max-image-preview:large, max-video-preview:-1\" \/>\n<link rel=\"canonical\" href=\"https:\/\/ticsalutsocial.atoom.space\/es\/event\/jornada-anual-de-la-dca-drons\/\" \/>\n<meta property=\"og:locale\" content=\"es_ES\" \/>\n<meta property=\"og:type\" content=\"article\" \/>\n<meta property=\"og:title\" content=\"Jornada anual de la DCA-Drones - Fundaci\u00f3 TIC Salut i Social\" \/>\n<meta property=\"og:description\" content=\"La comunidad de Drones de la Digital Catalonia Alliance celebra su encuentro anual el martes 10 de junio de 2025 en el auditorio de la Universitat Polit\u00e8cnica de Catalunya, ubicado en el edificio V\u00e8rtex del Campus Nord (plaza de Eusebi G\u00fcell, 6, 08034 Barcelona &#8211; Acceso por la calle Dulcet). Con la coorganizaci\u00f3n de la [&hellip;]\" \/>\n<meta property=\"og:url\" content=\"https:\/\/ticsalutsocial.atoom.space\/es\/event\/jornada-anual-de-la-dca-drons\/\" \/>\n<meta property=\"og:site_name\" content=\"Fundaci\u00f3 TIC Salut i Social\" \/>\n<meta property=\"article:modified_time\" content=\"2025-05-22T09:18:45+00:00\" \/>\n<meta name=\"twitter:card\" content=\"summary_large_image\" \/>\n<meta name=\"twitter:label1\" content=\"Tiempo de lectura\" \/>\n\t<meta name=\"twitter:data1\" content=\"2 minutos\" \/>\n<script type=\"application\/ld+json\" class=\"yoast-schema-graph\">{\"@context\":\"https:\/\/schema.org\",\"@graph\":[{\"@type\":\"WebPage\",\"@id\":\"https:\/\/ticsalutsocial.atoom.space\/es\/event\/jornada-anual-de-la-dca-drons\/\",\"url\":\"https:\/\/ticsalutsocial.atoom.space\/es\/event\/jornada-anual-de-la-dca-drons\/\",\"name\":\"Jornada anual de la DCA-Drones - Fundaci\u00f3 TIC Salut i Social\",\"isPartOf\":{\"@id\":\"https:\/\/ticsalutsocial.atoom.space\/es\/#website\"},\"datePublished\":\"2025-05-22T09:11:56+00:00\",\"dateModified\":\"2025-05-22T09:18:45+00:00\",\"breadcrumb\":{\"@id\":\"https:\/\/ticsalutsocial.atoom.space\/es\/event\/jornada-anual-de-la-dca-drons\/#breadcrumb\"},\"inLanguage\":\"es\",\"potentialAction\":[{\"@type\":\"ReadAction\",\"target\":[\"https:\/\/ticsalutsocial.atoom.space\/es\/event\/jornada-anual-de-la-dca-drons\/\"]}]},{\"@type\":\"BreadcrumbList\",\"@id\":\"https:\/\/ticsalutsocial.atoom.space\/es\/event\/jornada-anual-de-la-dca-drons\/#breadcrumb\",\"itemListElement\":[{\"@type\":\"ListItem\",\"position\":1,\"name\":\"Inici\",\"item\":\"https:\/\/ticsalutsocial.atoom.space\/es\/\"},{\"@type\":\"ListItem\",\"position\":2,\"name\":\"Jornada anual de la DCA-Drones\"}]},{\"@type\":\"WebSite\",\"@id\":\"https:\/\/ticsalutsocial.atoom.space\/es\/#website\",\"url\":\"https:\/\/ticsalutsocial.atoom.space\/es\/\",\"name\":\"Fundaci\u00f3 TIC Salut i Social\",\"description\":\"\",\"potentialAction\":[{\"@type\":\"SearchAction\",\"target\":{\"@type\":\"EntryPoint\",\"urlTemplate\":\"https:\/\/ticsalutsocial.atoom.space\/es\/?s={search_term_string}\"},\"query-input\":{\"@type\":\"PropertyValueSpecification\",\"valueRequired\":true,\"valueName\":\"search_term_string\"}}],\"inLanguage\":\"es\"}]}<\/script>\n<!-- \/ Yoast SEO plugin. -->","yoast_head_json":{"title":"Jornada anual de la DCA-Drones - Fundaci\u00f3 TIC Salut i Social","robots":{"index":"index","follow":"follow","max-snippet":"max-snippet:-1","max-image-preview":"max-image-preview:large","max-video-preview":"max-video-preview:-1"},"canonical":"https:\/\/ticsalutsocial.atoom.space\/es\/event\/jornada-anual-de-la-dca-drons\/","og_locale":"es_ES","og_type":"article","og_title":"Jornada anual de la DCA-Drones - Fundaci\u00f3 TIC Salut i Social","og_description":"La comunidad de Drones de la Digital Catalonia Alliance celebra su encuentro anual el martes 10 de junio de 2025 en el auditorio de la Universitat Polit\u00e8cnica de Catalunya, ubicado en el edificio V\u00e8rtex del Campus Nord (plaza de Eusebi G\u00fcell, 6, 08034 Barcelona &#8211; Acceso por la calle Dulcet). Con la coorganizaci\u00f3n de la [&hellip;]","og_url":"https:\/\/ticsalutsocial.atoom.space\/es\/event\/jornada-anual-de-la-dca-drons\/","og_site_name":"Fundaci\u00f3 TIC Salut i Social","article_modified_time":"2025-05-22T09:18:45+00:00","twitter_card":"summary_large_image","twitter_misc":{"Tiempo de lectura":"2 minutos"},"schema":{"@context":"https:\/\/schema.org","@graph":[{"@type":"WebPage","@id":"https:\/\/ticsalutsocial.atoom.space\/es\/event\/jornada-anual-de-la-dca-drons\/","url":"https:\/\/ticsalutsocial.atoom.space\/es\/event\/jornada-anual-de-la-dca-drons\/","name":"Jornada anual de la DCA-Drones - Fundaci\u00f3 TIC Salut i Social","isPartOf":{"@id":"https:\/\/ticsalutsocial.atoom.space\/es\/#website"},"datePublished":"2025-05-22T09:11:56+00:00","dateModified":"2025-05-22T09:18:45+00:00","breadcrumb":{"@id":"https:\/\/ticsalutsocial.atoom.space\/es\/event\/jornada-anual-de-la-dca-drons\/#breadcrumb"},"inLanguage":"es","potentialAction":[{"@type":"ReadAction","target":["https:\/\/ticsalutsocial.atoom.space\/es\/event\/jornada-anual-de-la-dca-drons\/"]}]},{"@type":"BreadcrumbList","@id":"https:\/\/ticsalutsocial.atoom.space\/es\/event\/jornada-anual-de-la-dca-drons\/#breadcrumb","itemListElement":[{"@type":"ListItem","position":1,"name":"Inici","item":"https:\/\/ticsalutsocial.atoom.space\/es\/"},{"@type":"ListItem","position":2,"name":"Jornada anual de la DCA-Drones"}]},{"@type":"WebSite","@id":"https:\/\/ticsalutsocial.atoom.space\/es\/#website","url":"https:\/\/ticsalutsocial.atoom.space\/es\/","name":"Fundaci\u00f3 TIC Salut i Social","description":"","potentialAction":[{"@type":"SearchAction","target":{"@type":"EntryPoint","urlTemplate":"https:\/\/ticsalutsocial.atoom.space\/es\/?s={search_term_string}"},"query-input":{"@type":"PropertyValueSpecification","valueRequired":true,"valueName":"search_term_string"}}],"inLanguage":"es"}]}},"_links":{"self":[{"href":"https:\/\/ticsalutsocial.atoom.space\/es\/wp-json\/wp\/v2\/event\/32219","targetHints":{"allow":["GET"]}}],"collection":[{"href":"https:\/\/ticsalutsocial.atoom.space\/es\/wp-json\/wp\/v2\/event"}],"about":[{"href":"https:\/\/ticsalutsocial.atoom.space\/es\/wp-json\/wp\/v2\/types\/event"}],"wp:attachment":[{"href":"https:\/\/ticsalutsocial.atoom.space\/es\/wp-json\/wp\/v2\/media?parent=32219"}],"wp:term":[{"taxonomy":"tipus","embeddable":true,"href":"https:\/\/ticsalutsocial.atoom.space\/es\/wp-json\/wp\/v2\/tipus?post=32219"},{"taxonomy":"topic","embeddable":true,"href":"https:\/\/ticsalutsocial.atoom.space\/es\/wp-json\/wp\/v2\/topic?post=32219"}],"curies":[{"name":"wp","href":"https:\/\/api.w.org\/{rel}","templated":true}]}}