
{"id":32231,"date":"2025-05-23T10:19:20","date_gmt":"2025-05-23T08:19:20","guid":{"rendered":"https:\/\/ticsalutsocial.atoom.space\/event\/espai-europeu-de-dades-de-salut-ehds\/"},"modified":"2025-05-23T10:23:30","modified_gmt":"2025-05-23T08:23:30","slug":"espai-europeu-de-dades-de-salut-ehds","status":"publish","type":"event","link":"https:\/\/ticsalutsocial.atoom.space\/es\/event\/espai-europeu-de-dades-de-salut-ehds\/","title":{"rendered":"Espai Europeu de Dades de Salut (EHDS)"},"content":{"rendered":"<p data-start=\"153\" data-end=\"414\">El pr\u00f2xim <strong data-start=\"163\" data-end=\"197\">28 de maig a les 13.00 h (CET)<\/strong>, uneix-te a la tercera reuni\u00f3 del grup de treball EHDS Implementers&#8217; Task Force per explorar com el nou Reglament de l\u2019<strong data-start=\"317\" data-end=\"359\">Espai Europeu de Dades de Salut (EHDS)<\/strong> afecta els teus productes, serveis i infraestructures.<\/p>\n<p data-start=\"416\" data-end=\"544\">Escoltarem l\u2019expert <strong data-start=\"436\" data-end=\"453\">Juha Mykk\u00e4nen<\/strong> (Institut Finland\u00e8s de Salut i Benestar \u2013 THL), que compartir\u00e0 les seves reflexions sobre:<\/p>\n<ul data-start=\"545\" data-end=\"811\">\n<li data-start=\"545\" data-end=\"695\">\n<p data-start=\"547\" data-end=\"695\">Com l\u2019EHDS i la seva \u00e0mplia definici\u00f3 dels sistemes d\u2019Hist\u00f2ria Cl\u00ednica Electr\u00f2nica (EHR) impactaran els Estats Membres i les seves infraestructures.<\/p>\n<\/li>\n<li data-start=\"696\" data-end=\"811\">\n<p data-start=\"698\" data-end=\"811\">Com poden adaptar-se al reglament tant els prove\u00efdors com els fabricants de productes i serveis de salut digital.<\/p>\n<\/li>\n<\/ul>\n<p data-start=\"813\" data-end=\"963\">Panellistes convidats: <strong data-start=\"839\" data-end=\"859\">Mariam Shokralla<\/strong> (HIMSS), <strong data-start=\"869\" data-end=\"894\">Anna Benavent Navarro<\/strong> (Fundaci\u00f3 TIC Salut Social), <strong data-start=\"924\" data-end=\"941\">Franck Frayer<\/strong> (CompuGroup Medical).<\/p>\n<p><strong data-start=\"1050\" data-end=\"1074\">Per qu\u00e8 assistir-hi?<\/strong><\/p>\n<ul>\n<li data-start=\"1050\" data-end=\"1157\">Orientaci\u00f3 pr\u00e0ctica<\/li>\n<li data-start=\"1050\" data-end=\"1157\">Coneixement expert<\/li>\n<li data-start=\"1050\" data-end=\"1157\">Respostes a les teves preguntes<\/li>\n<\/ul>\n<p data-start=\"1159\" data-end=\"1492\">\n<p data-start=\"1159\" data-end=\"1492\"><strong data-start=\"1162\" data-end=\"1223\">I si la implementaci\u00f3 de l\u2019EHDS \u00e9s una prioritat per a tu<\/strong>, reserva tamb\u00e9 la tarda del <strong data-start=\"1252\" data-end=\"1286\">28 de maig a les 16.00 h (CET)<\/strong> per al <strong data-start=\"1294\" data-end=\"1369\">webinar d\u2019xShare sobre el \u201cKit d\u2019adopci\u00f3 de l\u2019EHDS per a la ciutadania\u201d<\/strong>.<br data-start=\"1370\" data-end=\"1373\" \/>I participa, abans del <strong data-start=\"1399\" data-end=\"1413\">30 de juny<\/strong>, a la <strong data-start=\"1420\" data-end=\"1491\">convocat\u00f2ria oberta d\u2019xShare per a early adopters del Yellow Button<\/strong>!<\/p>\n","protected":false},"featured_media":0,"menu_order":0,"template":"","meta":{"_acf_changed":false,"inline_featured_image":false},"tipus":[],"topic":[],"class_list":["post-32231","event","type-event","status-publish","hentry"],"acf":{"informacio":{"ubicacio":"Online","data":"28\/05\/2025","hora":"13:30","preu":"","inscripcions":"https:\/\/events.teams.microsoft.com\/event\/8de54d13-25d5-43b4-bd74-f3629796577d@c96b8cef-25b4-4f8e-8e11-28fff2720117"},"programa":{"titol":"","items":false},"documents":false},"yoast_head":"<!-- This site is optimized with the Yoast SEO plugin v27.1.1 - https:\/\/yoast.com\/product\/yoast-seo-wordpress\/ -->\n<title>Espai Europeu de Dades de Salut (EHDS) - Fundaci\u00f3 TIC Salut i Social<\/title>\n<meta name=\"robots\" content=\"index, follow, max-snippet:-1, max-image-preview:large, max-video-preview:-1\" \/>\n<link rel=\"canonical\" href=\"https:\/\/ticsalutsocial.atoom.space\/es\/event\/espai-europeu-de-dades-de-salut-ehds\/\" \/>\n<meta property=\"og:locale\" content=\"es_ES\" \/>\n<meta property=\"og:type\" content=\"article\" \/>\n<meta property=\"og:title\" content=\"Espai Europeu de Dades de Salut (EHDS) - Fundaci\u00f3 TIC Salut i Social\" \/>\n<meta property=\"og:description\" content=\"El pr\u00f2xim 28 de maig a les 13.00 h (CET), uneix-te a la tercera reuni\u00f3 del grup de treball EHDS Implementers&#8217; Task Force per explorar com el nou Reglament de l\u2019Espai Europeu de Dades de Salut (EHDS) afecta els teus productes, serveis i infraestructures. Escoltarem l\u2019expert Juha Mykk\u00e4nen (Institut Finland\u00e8s de Salut i Benestar \u2013 [&hellip;]\" \/>\n<meta property=\"og:url\" content=\"https:\/\/ticsalutsocial.atoom.space\/es\/event\/espai-europeu-de-dades-de-salut-ehds\/\" \/>\n<meta property=\"og:site_name\" content=\"Fundaci\u00f3 TIC Salut i Social\" \/>\n<meta property=\"article:modified_time\" content=\"2025-05-23T08:23:30+00:00\" \/>\n<meta name=\"twitter:card\" content=\"summary_large_image\" \/>\n<meta name=\"twitter:label1\" content=\"Tiempo de lectura\" \/>\n\t<meta name=\"twitter:data1\" content=\"2 minutos\" \/>\n<script type=\"application\/ld+json\" class=\"yoast-schema-graph\">{\"@context\":\"https:\/\/schema.org\",\"@graph\":[{\"@type\":\"WebPage\",\"@id\":\"https:\/\/ticsalutsocial.atoom.space\/es\/event\/espai-europeu-de-dades-de-salut-ehds\/\",\"url\":\"https:\/\/ticsalutsocial.atoom.space\/es\/event\/espai-europeu-de-dades-de-salut-ehds\/\",\"name\":\"Espai Europeu de Dades de Salut (EHDS) - Fundaci\u00f3 TIC Salut i Social\",\"isPartOf\":{\"@id\":\"https:\/\/ticsalutsocial.atoom.space\/es\/#website\"},\"datePublished\":\"2025-05-23T08:19:20+00:00\",\"dateModified\":\"2025-05-23T08:23:30+00:00\",\"breadcrumb\":{\"@id\":\"https:\/\/ticsalutsocial.atoom.space\/es\/event\/espai-europeu-de-dades-de-salut-ehds\/#breadcrumb\"},\"inLanguage\":\"es\",\"potentialAction\":[{\"@type\":\"ReadAction\",\"target\":[\"https:\/\/ticsalutsocial.atoom.space\/es\/event\/espai-europeu-de-dades-de-salut-ehds\/\"]}]},{\"@type\":\"BreadcrumbList\",\"@id\":\"https:\/\/ticsalutsocial.atoom.space\/es\/event\/espai-europeu-de-dades-de-salut-ehds\/#breadcrumb\",\"itemListElement\":[{\"@type\":\"ListItem\",\"position\":1,\"name\":\"Inici\",\"item\":\"https:\/\/ticsalutsocial.atoom.space\/es\/\"},{\"@type\":\"ListItem\",\"position\":2,\"name\":\"Espai Europeu de Dades de Salut (EHDS)\"}]},{\"@type\":\"WebSite\",\"@id\":\"https:\/\/ticsalutsocial.atoom.space\/es\/#website\",\"url\":\"https:\/\/ticsalutsocial.atoom.space\/es\/\",\"name\":\"Fundaci\u00f3 TIC Salut i Social\",\"description\":\"\",\"potentialAction\":[{\"@type\":\"SearchAction\",\"target\":{\"@type\":\"EntryPoint\",\"urlTemplate\":\"https:\/\/ticsalutsocial.atoom.space\/es\/?s={search_term_string}\"},\"query-input\":{\"@type\":\"PropertyValueSpecification\",\"valueRequired\":true,\"valueName\":\"search_term_string\"}}],\"inLanguage\":\"es\"}]}<\/script>\n<!-- \/ Yoast SEO plugin. -->","yoast_head_json":{"title":"Espai Europeu de Dades de Salut (EHDS) - Fundaci\u00f3 TIC Salut i Social","robots":{"index":"index","follow":"follow","max-snippet":"max-snippet:-1","max-image-preview":"max-image-preview:large","max-video-preview":"max-video-preview:-1"},"canonical":"https:\/\/ticsalutsocial.atoom.space\/es\/event\/espai-europeu-de-dades-de-salut-ehds\/","og_locale":"es_ES","og_type":"article","og_title":"Espai Europeu de Dades de Salut (EHDS) - Fundaci\u00f3 TIC Salut i Social","og_description":"El pr\u00f2xim 28 de maig a les 13.00 h (CET), uneix-te a la tercera reuni\u00f3 del grup de treball EHDS Implementers&#8217; Task Force per explorar com el nou Reglament de l\u2019Espai Europeu de Dades de Salut (EHDS) afecta els teus productes, serveis i infraestructures. Escoltarem l\u2019expert Juha Mykk\u00e4nen (Institut Finland\u00e8s de Salut i Benestar \u2013 [&hellip;]","og_url":"https:\/\/ticsalutsocial.atoom.space\/es\/event\/espai-europeu-de-dades-de-salut-ehds\/","og_site_name":"Fundaci\u00f3 TIC Salut i Social","article_modified_time":"2025-05-23T08:23:30+00:00","twitter_card":"summary_large_image","twitter_misc":{"Tiempo de lectura":"2 minutos"},"schema":{"@context":"https:\/\/schema.org","@graph":[{"@type":"WebPage","@id":"https:\/\/ticsalutsocial.atoom.space\/es\/event\/espai-europeu-de-dades-de-salut-ehds\/","url":"https:\/\/ticsalutsocial.atoom.space\/es\/event\/espai-europeu-de-dades-de-salut-ehds\/","name":"Espai Europeu de Dades de Salut (EHDS) - Fundaci\u00f3 TIC Salut i Social","isPartOf":{"@id":"https:\/\/ticsalutsocial.atoom.space\/es\/#website"},"datePublished":"2025-05-23T08:19:20+00:00","dateModified":"2025-05-23T08:23:30+00:00","breadcrumb":{"@id":"https:\/\/ticsalutsocial.atoom.space\/es\/event\/espai-europeu-de-dades-de-salut-ehds\/#breadcrumb"},"inLanguage":"es","potentialAction":[{"@type":"ReadAction","target":["https:\/\/ticsalutsocial.atoom.space\/es\/event\/espai-europeu-de-dades-de-salut-ehds\/"]}]},{"@type":"BreadcrumbList","@id":"https:\/\/ticsalutsocial.atoom.space\/es\/event\/espai-europeu-de-dades-de-salut-ehds\/#breadcrumb","itemListElement":[{"@type":"ListItem","position":1,"name":"Inici","item":"https:\/\/ticsalutsocial.atoom.space\/es\/"},{"@type":"ListItem","position":2,"name":"Espai Europeu de Dades de Salut (EHDS)"}]},{"@type":"WebSite","@id":"https:\/\/ticsalutsocial.atoom.space\/es\/#website","url":"https:\/\/ticsalutsocial.atoom.space\/es\/","name":"Fundaci\u00f3 TIC Salut i Social","description":"","potentialAction":[{"@type":"SearchAction","target":{"@type":"EntryPoint","urlTemplate":"https:\/\/ticsalutsocial.atoom.space\/es\/?s={search_term_string}"},"query-input":{"@type":"PropertyValueSpecification","valueRequired":true,"valueName":"search_term_string"}}],"inLanguage":"es"}]}},"_links":{"self":[{"href":"https:\/\/ticsalutsocial.atoom.space\/es\/wp-json\/wp\/v2\/event\/32231","targetHints":{"allow":["GET"]}}],"collection":[{"href":"https:\/\/ticsalutsocial.atoom.space\/es\/wp-json\/wp\/v2\/event"}],"about":[{"href":"https:\/\/ticsalutsocial.atoom.space\/es\/wp-json\/wp\/v2\/types\/event"}],"wp:attachment":[{"href":"https:\/\/ticsalutsocial.atoom.space\/es\/wp-json\/wp\/v2\/media?parent=32231"}],"wp:term":[{"taxonomy":"tipus","embeddable":true,"href":"https:\/\/ticsalutsocial.atoom.space\/es\/wp-json\/wp\/v2\/tipus?post=32231"},{"taxonomy":"topic","embeddable":true,"href":"https:\/\/ticsalutsocial.atoom.space\/es\/wp-json\/wp\/v2\/topic?post=32231"}],"curies":[{"name":"wp","href":"https:\/\/api.w.org\/{rel}","templated":true}]}}