
{"id":32569,"date":"2025-06-04T13:13:06","date_gmt":"2025-06-04T11:13:06","guid":{"rendered":"https:\/\/ticsalutsocial.atoom.space\/event\/thais-2025-tauli-health-artificial-intelligence-symposium-2\/"},"modified":"2025-06-10T12:37:34","modified_gmt":"2025-06-10T10:37:34","slug":"thais-2025-tauli-health-artificial-intelligence-symposium-2","status":"publish","type":"event","link":"https:\/\/ticsalutsocial.atoom.space\/es\/event\/thais-2025-tauli-health-artificial-intelligence-symposium-2\/","title":{"rendered":"THAIS 2025 &#8211; Taul\u00ed Health Artificial Intelligence Symposium"},"content":{"rendered":"<p class=\"\" data-start=\"0\" data-end=\"227\"><strong data-start=\"128\" data-end=\"164\">\u00a1Llega la 4.\u00aa edici\u00f3n del THAIS!<\/strong><br data-start=\"164\" data-end=\"167\" \/><strong data-start=\"167\" data-end=\"202\">Curso Pre-Simposio: 16 de junio<\/strong><br data-start=\"202\" data-end=\"205\" \/><strong data-start=\"205\" data-end=\"235\">Symposium: 17 y 18 de junio<\/strong><\/p>\n<p data-start=\"242\" data-end=\"313\"><strong data-start=\"242\" data-end=\"313\">10:00 \u2013 11:00 h. IA Generativa: \u00bfest\u00e1 preparada para su aplicaci\u00f3n?<\/strong><\/p>\n<p data-start=\"315\" data-end=\"362\"><strong data-start=\"315\" data-end=\"331\">Moderadores:<\/strong> Remo Suppi, Matias Calandrelli<\/p>\n<ul data-start=\"364\" data-end=\"999\">\n<li data-start=\"364\" data-end=\"435\">\n<p data-start=\"366\" data-end=\"435\">IA generativa y agentes, \u00bfde qu\u00e9 estamos hablando? \u2013 Javier Serrano<\/p>\n<\/li>\n<li data-start=\"436\" data-end=\"571\">\n<p data-start=\"438\" data-end=\"571\">\u00bfQu\u00e9 busca el profesional y qu\u00e9 aporta la herramienta? \u2013 Ignacio Revuelta, Consultor Unidad de Trasplantes Renales, Hospital Cl\u00ednic<\/p>\n<\/li>\n<li data-start=\"572\" data-end=\"637\">\n<p data-start=\"574\" data-end=\"637\">C\u00f3mo gestionarla en el hospital \u2013 Rams\u00e9s Marrero, Anestesista<\/p>\n<\/li>\n<li data-start=\"638\" data-end=\"822\">\n<p data-start=\"640\" data-end=\"822\">El modelo del corpus CARMEN 1 \u2013 Martin Krallinger, Jefe de la Unidad de Procesamiento de Lenguaje Natural para el An\u00e1lisis de Informaci\u00f3n Biom\u00e9dica, Barcelona Supercomputing Center<\/p>\n<\/li>\n<li data-start=\"823\" data-end=\"981\">\n<p data-start=\"825\" data-end=\"981\">Gu\u00edas de buenas pr\u00e1cticas en LLM: \u00bfqu\u00e9 deber\u00edamos saber? \u2013 Susanna Auss\u00f3, Secretaria del Programa Salut\/IA y responsable de IA, Fundaci\u00f3n TIC Salut Social<\/p>\n<\/li>\n<li data-start=\"982\" data-end=\"999\">\n<p data-start=\"984\" data-end=\"999\">Discusi\u00f3n final<\/p>\n<\/li>\n<\/ul>\n<p>&nbsp;<\/p>\n<p data-start=\"1006\" data-end=\"1079\"><strong data-start=\"1006\" data-end=\"1079\">11:30 \u2013 12:30 h. Riesgos y sesgos de la IA: la otra cara de la moneda<\/strong><\/p>\n<p data-start=\"1081\" data-end=\"1126\"><strong data-start=\"1081\" data-end=\"1097\">Moderadores:<\/strong> Pablo Hernando, Anuska Llano<\/p>\n<ul data-start=\"1128\" data-end=\"1615\">\n<li data-start=\"1128\" data-end=\"1254\">\n<p data-start=\"1130\" data-end=\"1254\">\u00bfD\u00f3nde y c\u00f3mo buscarlos? \u2013 Susanna Auss\u00f3, Secretaria del Programa Salut\/IA y responsable de IA, Fundaci\u00f3n TIC Salut Social<\/p>\n<\/li>\n<li data-start=\"1255\" data-end=\"1353\">\n<p data-start=\"1257\" data-end=\"1353\">\u00bfSabemos qu\u00e9 es la ficha t\u00e9cnica y qu\u00e9 implica? \u2013 Jordi Cahu\u00e9, Director de Innovaci\u00f3n, Kyndryl<\/p>\n<\/li>\n<li data-start=\"1354\" data-end=\"1480\">\n<p data-start=\"1356\" data-end=\"1480\">El problema de los sesgos de g\u00e9nero y sexo \u2013 Maria Jos\u00e9 Rementer\u00eda, Social Link Analytics, Barcelona Supercomputing Center<\/p>\n<\/li>\n<li data-start=\"1481\" data-end=\"1565\">\n<p data-start=\"1483\" data-end=\"1565\">\u00bfC\u00f3mo se realiza la evaluaci\u00f3n sistem\u00e1tica? \u2013 Elena Lara, Ingeniera de IA, AQuAS<\/p>\n<\/li>\n<li data-start=\"1566\" data-end=\"1615\">\n<p data-start=\"1568\" data-end=\"1615\">Perspectiva legal, \u00bfqu\u00e9 implica? \u2013 Guillem Reig<\/p>\n<\/li>\n<\/ul>\n<p data-start=\"1622\" data-end=\"1690\"><strong data-start=\"1622\" data-end=\"1690\">16:00 \u2013 17:00 h. FORMACI\u00d3N: \u00bfen qu\u00e9 y c\u00f3mo deber\u00edamos formarnos?<\/strong><\/p>\n<p data-start=\"1692\" data-end=\"1733\"><strong data-start=\"1692\" data-end=\"1708\">Moderadores:<\/strong> Miquel Hueso, Remo Suppi<\/p>\n<ul data-start=\"1735\" data-end=\"2253\">\n<li data-start=\"1735\" data-end=\"1845\">\n<p data-start=\"1737\" data-end=\"1845\">Medicina de precisi\u00f3n: \u00bftenemos a los profesionales que liderar\u00e1n el cambio? \u2013 Anna Ripoll, Presidenta BIB<\/p>\n<\/li>\n<li data-start=\"1846\" data-end=\"1907\">\n<p data-start=\"1848\" data-end=\"1907\">\u00bfQu\u00e9 deben saber los ingenieros sobre salud? \u2013 D\u00e9bora Gil<\/p>\n<\/li>\n<li data-start=\"1908\" data-end=\"2004\">\n<p data-start=\"1910\" data-end=\"2004\">\u00bfQu\u00e9 deben saber los cl\u00ednicos sobre ingenier\u00eda? \u2013 Jose Ibeas, Director del Programa Salut\/IA<\/p>\n<\/li>\n<li data-start=\"2005\" data-end=\"2151\">\n<p data-start=\"2007\" data-end=\"2151\">\u00bfQu\u00e9 deben saber cl\u00ednicos e ingenieros sobre legislaci\u00f3n? \u2013 M\u00edriam M\u00e9ndez, Responsable de investigaci\u00f3n e innovaci\u00f3n, Oficina del DPD de Salut<\/p>\n<\/li>\n<li data-start=\"2152\" data-end=\"2253\">\n<p data-start=\"2154\" data-end=\"2253\">Financiaci\u00f3n competitiva: \u00bfsabemos c\u00f3mo hacerlo? \u2013 Dolores Rexachs, Profesora de IA y Big Data, UAB<\/p>\n<\/li>\n<\/ul>\n","protected":false},"featured_media":0,"menu_order":0,"template":"","meta":{"_acf_changed":false,"inline_featured_image":false},"tipus":[],"topic":[],"class_list":["post-32569","event","type-event","status-publish","hentry"],"acf":{"informacio":{"ubicacio":"Taul\u00ed, Sabadell, Barcelona","data":"18\/06\/2025","hora":"09:00 \/ 17:00","preu":"","inscripcions":"https:\/\/tauli.cat\/es\/tauli\/joomla\/cursosfpt\/Inscripcio.asp?Codi=202546&Tipus=Congr%C3%A9s&titol=4th%20Taul%C3%AD%20Health%20Artificial%20Intelligence%20Symposium&Inici=17\/06\/2025&Final=18\/06\/2025"},"programa":{"titol":"","items":false},"documents":false},"yoast_head":"<!-- This site is optimized with the Yoast SEO plugin v27.1.1 - https:\/\/yoast.com\/product\/yoast-seo-wordpress\/ -->\n<title>THAIS 2025 - Taul\u00ed Health Artificial Intelligence Symposium - Fundaci\u00f3 TIC Salut i Social<\/title>\n<meta name=\"robots\" content=\"index, follow, max-snippet:-1, max-image-preview:large, max-video-preview:-1\" \/>\n<link rel=\"canonical\" href=\"https:\/\/ticsalutsocial.atoom.space\/es\/event\/thais-2025-tauli-health-artificial-intelligence-symposium-2\/\" \/>\n<meta property=\"og:locale\" content=\"es_ES\" \/>\n<meta property=\"og:type\" content=\"article\" \/>\n<meta property=\"og:title\" content=\"THAIS 2025 - Taul\u00ed Health Artificial Intelligence Symposium - Fundaci\u00f3 TIC Salut i Social\" \/>\n<meta property=\"og:description\" content=\"\u00a1Llega la 4.\u00aa edici\u00f3n del THAIS!Curso Pre-Simposio: 16 de junioSymposium: 17 y 18 de junio 10:00 \u2013 11:00 h. IA Generativa: \u00bfest\u00e1 preparada para su aplicaci\u00f3n? Moderadores: Remo Suppi, Matias Calandrelli IA generativa y agentes, \u00bfde qu\u00e9 estamos hablando? \u2013 Javier Serrano \u00bfQu\u00e9 busca el profesional y qu\u00e9 aporta la herramienta? \u2013 Ignacio Revuelta, Consultor [&hellip;]\" \/>\n<meta property=\"og:url\" content=\"https:\/\/ticsalutsocial.atoom.space\/es\/event\/thais-2025-tauli-health-artificial-intelligence-symposium-2\/\" \/>\n<meta property=\"og:site_name\" content=\"Fundaci\u00f3 TIC Salut i Social\" \/>\n<meta property=\"article:modified_time\" content=\"2025-06-10T10:37:34+00:00\" \/>\n<meta name=\"twitter:card\" content=\"summary_large_image\" \/>\n<meta name=\"twitter:label1\" content=\"Tiempo de lectura\" \/>\n\t<meta name=\"twitter:data1\" content=\"2 minutos\" \/>\n<script type=\"application\/ld+json\" class=\"yoast-schema-graph\">{\"@context\":\"https:\/\/schema.org\",\"@graph\":[{\"@type\":\"WebPage\",\"@id\":\"https:\/\/ticsalutsocial.atoom.space\/es\/event\/thais-2025-tauli-health-artificial-intelligence-symposium-2\/\",\"url\":\"https:\/\/ticsalutsocial.atoom.space\/es\/event\/thais-2025-tauli-health-artificial-intelligence-symposium-2\/\",\"name\":\"THAIS 2025 - Taul\u00ed Health Artificial Intelligence Symposium - Fundaci\u00f3 TIC Salut i Social\",\"isPartOf\":{\"@id\":\"https:\/\/ticsalutsocial.atoom.space\/es\/#website\"},\"datePublished\":\"2025-06-04T11:13:06+00:00\",\"dateModified\":\"2025-06-10T10:37:34+00:00\",\"breadcrumb\":{\"@id\":\"https:\/\/ticsalutsocial.atoom.space\/es\/event\/thais-2025-tauli-health-artificial-intelligence-symposium-2\/#breadcrumb\"},\"inLanguage\":\"es\",\"potentialAction\":[{\"@type\":\"ReadAction\",\"target\":[\"https:\/\/ticsalutsocial.atoom.space\/es\/event\/thais-2025-tauli-health-artificial-intelligence-symposium-2\/\"]}]},{\"@type\":\"BreadcrumbList\",\"@id\":\"https:\/\/ticsalutsocial.atoom.space\/es\/event\/thais-2025-tauli-health-artificial-intelligence-symposium-2\/#breadcrumb\",\"itemListElement\":[{\"@type\":\"ListItem\",\"position\":1,\"name\":\"Inici\",\"item\":\"https:\/\/ticsalutsocial.atoom.space\/es\/\"},{\"@type\":\"ListItem\",\"position\":2,\"name\":\"THAIS 2025 &#8211; Taul\u00ed Health Artificial Intelligence Symposium\"}]},{\"@type\":\"WebSite\",\"@id\":\"https:\/\/ticsalutsocial.atoom.space\/es\/#website\",\"url\":\"https:\/\/ticsalutsocial.atoom.space\/es\/\",\"name\":\"Fundaci\u00f3 TIC Salut i Social\",\"description\":\"\",\"potentialAction\":[{\"@type\":\"SearchAction\",\"target\":{\"@type\":\"EntryPoint\",\"urlTemplate\":\"https:\/\/ticsalutsocial.atoom.space\/es\/?s={search_term_string}\"},\"query-input\":{\"@type\":\"PropertyValueSpecification\",\"valueRequired\":true,\"valueName\":\"search_term_string\"}}],\"inLanguage\":\"es\"}]}<\/script>\n<!-- \/ Yoast SEO plugin. -->","yoast_head_json":{"title":"THAIS 2025 - Taul\u00ed Health Artificial Intelligence Symposium - Fundaci\u00f3 TIC Salut i Social","robots":{"index":"index","follow":"follow","max-snippet":"max-snippet:-1","max-image-preview":"max-image-preview:large","max-video-preview":"max-video-preview:-1"},"canonical":"https:\/\/ticsalutsocial.atoom.space\/es\/event\/thais-2025-tauli-health-artificial-intelligence-symposium-2\/","og_locale":"es_ES","og_type":"article","og_title":"THAIS 2025 - Taul\u00ed Health Artificial Intelligence Symposium - Fundaci\u00f3 TIC Salut i Social","og_description":"\u00a1Llega la 4.\u00aa edici\u00f3n del THAIS!Curso Pre-Simposio: 16 de junioSymposium: 17 y 18 de junio 10:00 \u2013 11:00 h. IA Generativa: \u00bfest\u00e1 preparada para su aplicaci\u00f3n? Moderadores: Remo Suppi, Matias Calandrelli IA generativa y agentes, \u00bfde qu\u00e9 estamos hablando? \u2013 Javier Serrano \u00bfQu\u00e9 busca el profesional y qu\u00e9 aporta la herramienta? \u2013 Ignacio Revuelta, Consultor [&hellip;]","og_url":"https:\/\/ticsalutsocial.atoom.space\/es\/event\/thais-2025-tauli-health-artificial-intelligence-symposium-2\/","og_site_name":"Fundaci\u00f3 TIC Salut i Social","article_modified_time":"2025-06-10T10:37:34+00:00","twitter_card":"summary_large_image","twitter_misc":{"Tiempo de lectura":"2 minutos"},"schema":{"@context":"https:\/\/schema.org","@graph":[{"@type":"WebPage","@id":"https:\/\/ticsalutsocial.atoom.space\/es\/event\/thais-2025-tauli-health-artificial-intelligence-symposium-2\/","url":"https:\/\/ticsalutsocial.atoom.space\/es\/event\/thais-2025-tauli-health-artificial-intelligence-symposium-2\/","name":"THAIS 2025 - Taul\u00ed Health Artificial Intelligence Symposium - Fundaci\u00f3 TIC Salut i Social","isPartOf":{"@id":"https:\/\/ticsalutsocial.atoom.space\/es\/#website"},"datePublished":"2025-06-04T11:13:06+00:00","dateModified":"2025-06-10T10:37:34+00:00","breadcrumb":{"@id":"https:\/\/ticsalutsocial.atoom.space\/es\/event\/thais-2025-tauli-health-artificial-intelligence-symposium-2\/#breadcrumb"},"inLanguage":"es","potentialAction":[{"@type":"ReadAction","target":["https:\/\/ticsalutsocial.atoom.space\/es\/event\/thais-2025-tauli-health-artificial-intelligence-symposium-2\/"]}]},{"@type":"BreadcrumbList","@id":"https:\/\/ticsalutsocial.atoom.space\/es\/event\/thais-2025-tauli-health-artificial-intelligence-symposium-2\/#breadcrumb","itemListElement":[{"@type":"ListItem","position":1,"name":"Inici","item":"https:\/\/ticsalutsocial.atoom.space\/es\/"},{"@type":"ListItem","position":2,"name":"THAIS 2025 &#8211; Taul\u00ed Health Artificial Intelligence Symposium"}]},{"@type":"WebSite","@id":"https:\/\/ticsalutsocial.atoom.space\/es\/#website","url":"https:\/\/ticsalutsocial.atoom.space\/es\/","name":"Fundaci\u00f3 TIC Salut i Social","description":"","potentialAction":[{"@type":"SearchAction","target":{"@type":"EntryPoint","urlTemplate":"https:\/\/ticsalutsocial.atoom.space\/es\/?s={search_term_string}"},"query-input":{"@type":"PropertyValueSpecification","valueRequired":true,"valueName":"search_term_string"}}],"inLanguage":"es"}]}},"_links":{"self":[{"href":"https:\/\/ticsalutsocial.atoom.space\/es\/wp-json\/wp\/v2\/event\/32569","targetHints":{"allow":["GET"]}}],"collection":[{"href":"https:\/\/ticsalutsocial.atoom.space\/es\/wp-json\/wp\/v2\/event"}],"about":[{"href":"https:\/\/ticsalutsocial.atoom.space\/es\/wp-json\/wp\/v2\/types\/event"}],"wp:attachment":[{"href":"https:\/\/ticsalutsocial.atoom.space\/es\/wp-json\/wp\/v2\/media?parent=32569"}],"wp:term":[{"taxonomy":"tipus","embeddable":true,"href":"https:\/\/ticsalutsocial.atoom.space\/es\/wp-json\/wp\/v2\/tipus?post=32569"},{"taxonomy":"topic","embeddable":true,"href":"https:\/\/ticsalutsocial.atoom.space\/es\/wp-json\/wp\/v2\/topic?post=32569"}],"curies":[{"name":"wp","href":"https:\/\/api.w.org\/{rel}","templated":true}]}}