
{"id":32572,"date":"2025-06-05T13:02:27","date_gmt":"2025-06-05T11:02:27","guid":{"rendered":"https:\/\/ticsalutsocial.atoom.space\/event\/ii-simposi-sobre-el-futur-de-la-salut\/"},"modified":"2025-09-16T11:28:10","modified_gmt":"2025-09-16T09:28:10","slug":"ii-simposi-sobre-el-futur-de-la-salut","status":"publish","type":"event","link":"https:\/\/ticsalutsocial.atoom.space\/es\/event\/ii-simposi-sobre-el-futur-de-la-salut\/","title":{"rendered":"II Simposio sobre el Futuro de la Salud"},"content":{"rendered":"<p data-start=\"190\" data-end=\"332\">Vivimos en una sociedad en constante evoluci\u00f3n que se enfrenta a retos cada vez m\u00e1s complejos, y los sistemas sanitarios no son una excepci\u00f3n.<\/p>\n<p data-start=\"334\" data-end=\"534\">Un marco que ayude a definir y entender de d\u00f3nde venimos, d\u00f3nde estamos y, sobre todo, hacia d\u00f3nde queremos ir en los futuros enfoques de los sistemas de salud es esencial para facilitar su evoluci\u00f3n.<\/p>\n<p data-start=\"536\" data-end=\"740\">Muchos pa\u00edses, en particular los anglosajones y los n\u00f3rdicos, nos sirven de referencia. Nos interesa seguir sus innovaciones porque, afortunadamente, han definido este marco y est\u00e1n en continua evoluci\u00f3n.<\/p>\n<p data-start=\"742\" data-end=\"1053\">En nuestro pa\u00eds, no disponemos de un \u201cmarco\u201d que facilite las diferentes iniciativas que se desarrollan, lo cual provoca, en muchos casos, desorientaci\u00f3n, p\u00e9rdidas econ\u00f3micas y, probablemente lo m\u00e1s importante, decepci\u00f3n y desacuerdo por parte de muchos profesionales (un claro ejemplo es la atenci\u00f3n primaria).<\/p>\n<p data-start=\"1055\" data-end=\"1335\">Desde Innohealth Academy se han propuesto ayudar a abordar este problema organizando un simposio con expertos en salud que han aportado su talento y experiencia para identificar, a grandes rasgos, el marco de transformaci\u00f3n que necesitamos para sostener nuestro sistema sanitario.<\/p>\n<p data-start=\"1055\" data-end=\"1335\">\n<p data-start=\"1055\" data-end=\"1335\">PAra m\u00e1s informaci\u00f3n y acceso al programa <a href=\"https:\/\/innohealth.academy\/2025-iha-symposium\/\">accede a este enlace<\/a><\/p>\n","protected":false},"featured_media":0,"menu_order":0,"template":"","meta":{"_acf_changed":false,"inline_featured_image":false},"tipus":[],"topic":[117],"class_list":["post-32572","event","type-event","status-publish","hentry","topic-jornadas"],"acf":{"imatge":32473,"informacio":{"ubicacio":"Ca l'Alier. Barcelona","data":"23\/10\/2025","hora":"15:30 \/ 19:00","preu":"Gratuito previa inscripci\u00f3n","inscripcions":"https:\/\/bit.ly\/45y0gON"},"programa":{"titol":"","items":false},"documents":false},"yoast_head":"<!-- This site is optimized with the Yoast SEO plugin v27.1.1 - https:\/\/yoast.com\/product\/yoast-seo-wordpress\/ -->\n<title>II Simposio sobre el Futuro de la Salud - Fundaci\u00f3 TIC Salut i Social<\/title>\n<meta name=\"robots\" content=\"index, follow, max-snippet:-1, max-image-preview:large, max-video-preview:-1\" \/>\n<link rel=\"canonical\" href=\"https:\/\/ticsalutsocial.atoom.space\/es\/event\/ii-simposi-sobre-el-futur-de-la-salut\/\" \/>\n<meta property=\"og:locale\" content=\"es_ES\" \/>\n<meta property=\"og:type\" content=\"article\" \/>\n<meta property=\"og:title\" content=\"II Simposio sobre el Futuro de la Salud - Fundaci\u00f3 TIC Salut i Social\" \/>\n<meta property=\"og:description\" content=\"Vivimos en una sociedad en constante evoluci\u00f3n que se enfrenta a retos cada vez m\u00e1s complejos, y los sistemas sanitarios no son una excepci\u00f3n. Un marco que ayude a definir y entender de d\u00f3nde venimos, d\u00f3nde estamos y, sobre todo, hacia d\u00f3nde queremos ir en los futuros enfoques de los sistemas de salud es esencial [&hellip;]\" \/>\n<meta property=\"og:url\" content=\"https:\/\/ticsalutsocial.atoom.space\/es\/event\/ii-simposi-sobre-el-futur-de-la-salut\/\" \/>\n<meta property=\"og:site_name\" content=\"Fundaci\u00f3 TIC Salut i Social\" \/>\n<meta property=\"article:modified_time\" content=\"2025-09-16T09:28:10+00:00\" \/>\n<meta name=\"twitter:card\" content=\"summary_large_image\" \/>\n<meta name=\"twitter:label1\" content=\"Tiempo de lectura\" \/>\n\t<meta name=\"twitter:data1\" content=\"2 minutos\" \/>\n<script type=\"application\/ld+json\" class=\"yoast-schema-graph\">{\"@context\":\"https:\/\/schema.org\",\"@graph\":[{\"@type\":\"WebPage\",\"@id\":\"https:\/\/ticsalutsocial.atoom.space\/es\/event\/ii-simposi-sobre-el-futur-de-la-salut\/\",\"url\":\"https:\/\/ticsalutsocial.atoom.space\/es\/event\/ii-simposi-sobre-el-futur-de-la-salut\/\",\"name\":\"II Simposio sobre el Futuro de la Salud - Fundaci\u00f3 TIC Salut i Social\",\"isPartOf\":{\"@id\":\"https:\/\/ticsalutsocial.atoom.space\/es\/#website\"},\"datePublished\":\"2025-06-05T11:02:27+00:00\",\"dateModified\":\"2025-09-16T09:28:10+00:00\",\"breadcrumb\":{\"@id\":\"https:\/\/ticsalutsocial.atoom.space\/es\/event\/ii-simposi-sobre-el-futur-de-la-salut\/#breadcrumb\"},\"inLanguage\":\"es\",\"potentialAction\":[{\"@type\":\"ReadAction\",\"target\":[\"https:\/\/ticsalutsocial.atoom.space\/es\/event\/ii-simposi-sobre-el-futur-de-la-salut\/\"]}]},{\"@type\":\"BreadcrumbList\",\"@id\":\"https:\/\/ticsalutsocial.atoom.space\/es\/event\/ii-simposi-sobre-el-futur-de-la-salut\/#breadcrumb\",\"itemListElement\":[{\"@type\":\"ListItem\",\"position\":1,\"name\":\"Inici\",\"item\":\"https:\/\/ticsalutsocial.atoom.space\/es\/\"},{\"@type\":\"ListItem\",\"position\":2,\"name\":\"II Simposio sobre el Futuro de la Salud\"}]},{\"@type\":\"WebSite\",\"@id\":\"https:\/\/ticsalutsocial.atoom.space\/es\/#website\",\"url\":\"https:\/\/ticsalutsocial.atoom.space\/es\/\",\"name\":\"Fundaci\u00f3 TIC Salut i Social\",\"description\":\"\",\"potentialAction\":[{\"@type\":\"SearchAction\",\"target\":{\"@type\":\"EntryPoint\",\"urlTemplate\":\"https:\/\/ticsalutsocial.atoom.space\/es\/?s={search_term_string}\"},\"query-input\":{\"@type\":\"PropertyValueSpecification\",\"valueRequired\":true,\"valueName\":\"search_term_string\"}}],\"inLanguage\":\"es\"}]}<\/script>\n<!-- \/ Yoast SEO plugin. -->","yoast_head_json":{"title":"II Simposio sobre el Futuro de la Salud - Fundaci\u00f3 TIC Salut i Social","robots":{"index":"index","follow":"follow","max-snippet":"max-snippet:-1","max-image-preview":"max-image-preview:large","max-video-preview":"max-video-preview:-1"},"canonical":"https:\/\/ticsalutsocial.atoom.space\/es\/event\/ii-simposi-sobre-el-futur-de-la-salut\/","og_locale":"es_ES","og_type":"article","og_title":"II Simposio sobre el Futuro de la Salud - Fundaci\u00f3 TIC Salut i Social","og_description":"Vivimos en una sociedad en constante evoluci\u00f3n que se enfrenta a retos cada vez m\u00e1s complejos, y los sistemas sanitarios no son una excepci\u00f3n. Un marco que ayude a definir y entender de d\u00f3nde venimos, d\u00f3nde estamos y, sobre todo, hacia d\u00f3nde queremos ir en los futuros enfoques de los sistemas de salud es esencial [&hellip;]","og_url":"https:\/\/ticsalutsocial.atoom.space\/es\/event\/ii-simposi-sobre-el-futur-de-la-salut\/","og_site_name":"Fundaci\u00f3 TIC Salut i Social","article_modified_time":"2025-09-16T09:28:10+00:00","twitter_card":"summary_large_image","twitter_misc":{"Tiempo de lectura":"2 minutos"},"schema":{"@context":"https:\/\/schema.org","@graph":[{"@type":"WebPage","@id":"https:\/\/ticsalutsocial.atoom.space\/es\/event\/ii-simposi-sobre-el-futur-de-la-salut\/","url":"https:\/\/ticsalutsocial.atoom.space\/es\/event\/ii-simposi-sobre-el-futur-de-la-salut\/","name":"II Simposio sobre el Futuro de la Salud - Fundaci\u00f3 TIC Salut i Social","isPartOf":{"@id":"https:\/\/ticsalutsocial.atoom.space\/es\/#website"},"datePublished":"2025-06-05T11:02:27+00:00","dateModified":"2025-09-16T09:28:10+00:00","breadcrumb":{"@id":"https:\/\/ticsalutsocial.atoom.space\/es\/event\/ii-simposi-sobre-el-futur-de-la-salut\/#breadcrumb"},"inLanguage":"es","potentialAction":[{"@type":"ReadAction","target":["https:\/\/ticsalutsocial.atoom.space\/es\/event\/ii-simposi-sobre-el-futur-de-la-salut\/"]}]},{"@type":"BreadcrumbList","@id":"https:\/\/ticsalutsocial.atoom.space\/es\/event\/ii-simposi-sobre-el-futur-de-la-salut\/#breadcrumb","itemListElement":[{"@type":"ListItem","position":1,"name":"Inici","item":"https:\/\/ticsalutsocial.atoom.space\/es\/"},{"@type":"ListItem","position":2,"name":"II Simposio sobre el Futuro de la Salud"}]},{"@type":"WebSite","@id":"https:\/\/ticsalutsocial.atoom.space\/es\/#website","url":"https:\/\/ticsalutsocial.atoom.space\/es\/","name":"Fundaci\u00f3 TIC Salut i Social","description":"","potentialAction":[{"@type":"SearchAction","target":{"@type":"EntryPoint","urlTemplate":"https:\/\/ticsalutsocial.atoom.space\/es\/?s={search_term_string}"},"query-input":{"@type":"PropertyValueSpecification","valueRequired":true,"valueName":"search_term_string"}}],"inLanguage":"es"}]}},"_links":{"self":[{"href":"https:\/\/ticsalutsocial.atoom.space\/es\/wp-json\/wp\/v2\/event\/32572","targetHints":{"allow":["GET"]}}],"collection":[{"href":"https:\/\/ticsalutsocial.atoom.space\/es\/wp-json\/wp\/v2\/event"}],"about":[{"href":"https:\/\/ticsalutsocial.atoom.space\/es\/wp-json\/wp\/v2\/types\/event"}],"wp:attachment":[{"href":"https:\/\/ticsalutsocial.atoom.space\/es\/wp-json\/wp\/v2\/media?parent=32572"}],"wp:term":[{"taxonomy":"tipus","embeddable":true,"href":"https:\/\/ticsalutsocial.atoom.space\/es\/wp-json\/wp\/v2\/tipus?post=32572"},{"taxonomy":"topic","embeddable":true,"href":"https:\/\/ticsalutsocial.atoom.space\/es\/wp-json\/wp\/v2\/topic?post=32572"}],"curies":[{"name":"wp","href":"https:\/\/api.w.org\/{rel}","templated":true}]}}