
{"id":33150,"date":"2025-07-16T09:19:29","date_gmt":"2025-07-16T07:19:29","guid":{"rendered":"https:\/\/ticsalutsocial.atoom.space\/event\/tecnologia-per-impulsar-lpatencio-integrada-social-i-sanitaria\/"},"modified":"2025-07-16T18:01:59","modified_gmt":"2025-07-16T16:01:59","slug":"tecnologia-per-impulsar-lpatencio-integrada-social-i-sanitaria","status":"publish","type":"event","link":"https:\/\/ticsalutsocial.atoom.space\/es\/event\/tecnologia-per-impulsar-lpatencio-integrada-social-i-sanitaria\/","title":{"rendered":"Tecnolog\u00eda para impulsar la Atenci\u00f3n Integrada social y Sanitaria"},"content":{"rendered":"<p data-start=\"0\" data-end=\"306\">La Fundaci\u00f3 TIC Salut Social organiza una sesi\u00f3n informativa para presentar soluciones tecnol\u00f3gicas que faciliten el despliegue de la atenci\u00f3n integrada en todo el territorio catal\u00e1n. Conoce algunas soluciones tecnol\u00f3gicas que permiten incorporar valoraciones integrales de la persona y planes de atenci\u00f3n.<\/p>\n<p data-start=\"308\" data-end=\"576\">El acto se celebrar\u00e1 en el Cibernarium del edificio MediaTIC y contar\u00e1 con la participaci\u00f3n de profesionales de los servicios sociales, de la salud, gestoras del Departamento de Derechos Sociales e Inclusi\u00f3n y del Departamento de Salud, as\u00ed como empresas tecnol\u00f3gicas.<\/p>\n<p data-start=\"578\" data-end=\"627\" data-is-last-node=\"\" data-is-only-node=\"\">Consulta el programa e inscr\u00edbete. \u00a1Te esperamos!<\/p>\n<p><img loading=\"lazy\" decoding=\"async\" class=\"alignnone wp-image-33160 size-full\" src=\"https:\/\/ticsalutsocial.atoom.space\/wp-content\/uploads\/2025\/07\/Programa-IG-1.png\" alt=\"\" width=\"1200\" height=\"1500\" srcset=\"https:\/\/ticsalutsocial.atoom.space\/wp-content\/uploads\/2025\/07\/Programa-IG-1.png 1200w, https:\/\/ticsalutsocial.atoom.space\/wp-content\/uploads\/2025\/07\/Programa-IG-1-240x300.png 240w, https:\/\/ticsalutsocial.atoom.space\/wp-content\/uploads\/2025\/07\/Programa-IG-1-819x1024.png 819w, https:\/\/ticsalutsocial.atoom.space\/wp-content\/uploads\/2025\/07\/Programa-IG-1-768x960.png 768w\" sizes=\"auto, (max-width: 1200px) 100vw, 1200px\" \/><\/p>\n<p>&nbsp;<\/p>\n","protected":false},"featured_media":33147,"menu_order":0,"template":"","meta":{"_acf_changed":false,"inline_featured_image":false},"tipus":[],"topic":[117],"class_list":["post-33150","event","type-event","status-publish","has-post-thumbnail","hentry","topic-jornadas"],"acf":{"informacio":{"ubicacio":"Cibern\u00e0rium MediaTIC (C\/ Roc Boronat, 117 - 127, 08018 BCN)","data":"22\/07\/2025","hora":"9:00 a 13:30","preu":"Gratuito previa inscripci\u00f3n","inscripcions":"https:\/\/www.eventbrite.es\/e\/tecnologia-per-impulsar-latencio-integrada-social-i-sanitaria-tickets-1446921323629?aff=oddtdtcreator"},"programa":{"titol":"","items":false},"documents":false},"yoast_head":"<!-- This site is optimized with the Yoast SEO plugin v27.1.1 - https:\/\/yoast.com\/product\/yoast-seo-wordpress\/ -->\n<title>Tecnolog\u00eda para impulsar la Atenci\u00f3n Integrada social y Sanitaria - Fundaci\u00f3 TIC Salut i Social<\/title>\n<meta name=\"robots\" content=\"index, follow, max-snippet:-1, max-image-preview:large, max-video-preview:-1\" \/>\n<link rel=\"canonical\" href=\"https:\/\/ticsalutsocial.atoom.space\/es\/event\/tecnologia-per-impulsar-lpatencio-integrada-social-i-sanitaria\/\" \/>\n<meta property=\"og:locale\" content=\"es_ES\" \/>\n<meta property=\"og:type\" content=\"article\" \/>\n<meta property=\"og:title\" content=\"Tecnolog\u00eda para impulsar la Atenci\u00f3n Integrada social y Sanitaria - Fundaci\u00f3 TIC Salut i Social\" \/>\n<meta property=\"og:description\" content=\"La Fundaci\u00f3 TIC Salut Social organiza una sesi\u00f3n informativa para presentar soluciones tecnol\u00f3gicas que faciliten el despliegue de la atenci\u00f3n integrada en todo el territorio catal\u00e1n. Conoce algunas soluciones tecnol\u00f3gicas que permiten incorporar valoraciones integrales de la persona y planes de atenci\u00f3n. El acto se celebrar\u00e1 en el Cibernarium del edificio MediaTIC y contar\u00e1 con [&hellip;]\" \/>\n<meta property=\"og:url\" content=\"https:\/\/ticsalutsocial.atoom.space\/es\/event\/tecnologia-per-impulsar-lpatencio-integrada-social-i-sanitaria\/\" \/>\n<meta property=\"og:site_name\" content=\"Fundaci\u00f3 TIC Salut i Social\" \/>\n<meta property=\"article:modified_time\" content=\"2025-07-16T16:01:59+00:00\" \/>\n<meta property=\"og:image\" content=\"https:\/\/ticsalutsocial.atoom.space\/wp-content\/uploads\/2025\/07\/Creativitat-LinkedIn.png\" \/>\n\t<meta property=\"og:image:width\" content=\"1600\" \/>\n\t<meta property=\"og:image:height\" content=\"900\" \/>\n\t<meta property=\"og:image:type\" content=\"image\/png\" \/>\n<meta name=\"twitter:card\" content=\"summary_large_image\" \/>\n<meta name=\"twitter:label1\" content=\"Tiempo de lectura\" \/>\n\t<meta name=\"twitter:data1\" content=\"1 minuto\" \/>\n<script type=\"application\/ld+json\" class=\"yoast-schema-graph\">{\"@context\":\"https:\/\/schema.org\",\"@graph\":[{\"@type\":\"WebPage\",\"@id\":\"https:\/\/ticsalutsocial.atoom.space\/es\/event\/tecnologia-per-impulsar-lpatencio-integrada-social-i-sanitaria\/\",\"url\":\"https:\/\/ticsalutsocial.atoom.space\/es\/event\/tecnologia-per-impulsar-lpatencio-integrada-social-i-sanitaria\/\",\"name\":\"Tecnolog\u00eda para impulsar la Atenci\u00f3n Integrada social y Sanitaria - Fundaci\u00f3 TIC Salut i Social\",\"isPartOf\":{\"@id\":\"https:\/\/ticsalutsocial.atoom.space\/es\/#website\"},\"primaryImageOfPage\":{\"@id\":\"https:\/\/ticsalutsocial.atoom.space\/es\/event\/tecnologia-per-impulsar-lpatencio-integrada-social-i-sanitaria\/#primaryimage\"},\"image\":{\"@id\":\"https:\/\/ticsalutsocial.atoom.space\/es\/event\/tecnologia-per-impulsar-lpatencio-integrada-social-i-sanitaria\/#primaryimage\"},\"thumbnailUrl\":\"https:\/\/ticsalutsocial.atoom.space\/wp-content\/uploads\/2025\/07\/Creativitat-LinkedIn.png\",\"datePublished\":\"2025-07-16T07:19:29+00:00\",\"dateModified\":\"2025-07-16T16:01:59+00:00\",\"breadcrumb\":{\"@id\":\"https:\/\/ticsalutsocial.atoom.space\/es\/event\/tecnologia-per-impulsar-lpatencio-integrada-social-i-sanitaria\/#breadcrumb\"},\"inLanguage\":\"es\",\"potentialAction\":[{\"@type\":\"ReadAction\",\"target\":[\"https:\/\/ticsalutsocial.atoom.space\/es\/event\/tecnologia-per-impulsar-lpatencio-integrada-social-i-sanitaria\/\"]}]},{\"@type\":\"ImageObject\",\"inLanguage\":\"es\",\"@id\":\"https:\/\/ticsalutsocial.atoom.space\/es\/event\/tecnologia-per-impulsar-lpatencio-integrada-social-i-sanitaria\/#primaryimage\",\"url\":\"https:\/\/ticsalutsocial.atoom.space\/wp-content\/uploads\/2025\/07\/Creativitat-LinkedIn.png\",\"contentUrl\":\"https:\/\/ticsalutsocial.atoom.space\/wp-content\/uploads\/2025\/07\/Creativitat-LinkedIn.png\",\"width\":1600,\"height\":900},{\"@type\":\"BreadcrumbList\",\"@id\":\"https:\/\/ticsalutsocial.atoom.space\/es\/event\/tecnologia-per-impulsar-lpatencio-integrada-social-i-sanitaria\/#breadcrumb\",\"itemListElement\":[{\"@type\":\"ListItem\",\"position\":1,\"name\":\"Inici\",\"item\":\"https:\/\/ticsalutsocial.atoom.space\/es\/\"},{\"@type\":\"ListItem\",\"position\":2,\"name\":\"Tecnolog\u00eda para impulsar la Atenci\u00f3n Integrada social y Sanitaria\"}]},{\"@type\":\"WebSite\",\"@id\":\"https:\/\/ticsalutsocial.atoom.space\/es\/#website\",\"url\":\"https:\/\/ticsalutsocial.atoom.space\/es\/\",\"name\":\"Fundaci\u00f3 TIC Salut i Social\",\"description\":\"\",\"potentialAction\":[{\"@type\":\"SearchAction\",\"target\":{\"@type\":\"EntryPoint\",\"urlTemplate\":\"https:\/\/ticsalutsocial.atoom.space\/es\/?s={search_term_string}\"},\"query-input\":{\"@type\":\"PropertyValueSpecification\",\"valueRequired\":true,\"valueName\":\"search_term_string\"}}],\"inLanguage\":\"es\"}]}<\/script>\n<!-- \/ Yoast SEO plugin. -->","yoast_head_json":{"title":"Tecnolog\u00eda para impulsar la Atenci\u00f3n Integrada social y Sanitaria - Fundaci\u00f3 TIC Salut i Social","robots":{"index":"index","follow":"follow","max-snippet":"max-snippet:-1","max-image-preview":"max-image-preview:large","max-video-preview":"max-video-preview:-1"},"canonical":"https:\/\/ticsalutsocial.atoom.space\/es\/event\/tecnologia-per-impulsar-lpatencio-integrada-social-i-sanitaria\/","og_locale":"es_ES","og_type":"article","og_title":"Tecnolog\u00eda para impulsar la Atenci\u00f3n Integrada social y Sanitaria - Fundaci\u00f3 TIC Salut i Social","og_description":"La Fundaci\u00f3 TIC Salut Social organiza una sesi\u00f3n informativa para presentar soluciones tecnol\u00f3gicas que faciliten el despliegue de la atenci\u00f3n integrada en todo el territorio catal\u00e1n. Conoce algunas soluciones tecnol\u00f3gicas que permiten incorporar valoraciones integrales de la persona y planes de atenci\u00f3n. El acto se celebrar\u00e1 en el Cibernarium del edificio MediaTIC y contar\u00e1 con [&hellip;]","og_url":"https:\/\/ticsalutsocial.atoom.space\/es\/event\/tecnologia-per-impulsar-lpatencio-integrada-social-i-sanitaria\/","og_site_name":"Fundaci\u00f3 TIC Salut i Social","article_modified_time":"2025-07-16T16:01:59+00:00","og_image":[{"width":1600,"height":900,"url":"https:\/\/ticsalutsocial.atoom.space\/wp-content\/uploads\/2025\/07\/Creativitat-LinkedIn.png","type":"image\/png"}],"twitter_card":"summary_large_image","twitter_misc":{"Tiempo de lectura":"1 minuto"},"schema":{"@context":"https:\/\/schema.org","@graph":[{"@type":"WebPage","@id":"https:\/\/ticsalutsocial.atoom.space\/es\/event\/tecnologia-per-impulsar-lpatencio-integrada-social-i-sanitaria\/","url":"https:\/\/ticsalutsocial.atoom.space\/es\/event\/tecnologia-per-impulsar-lpatencio-integrada-social-i-sanitaria\/","name":"Tecnolog\u00eda para impulsar la Atenci\u00f3n Integrada social y Sanitaria - Fundaci\u00f3 TIC Salut i Social","isPartOf":{"@id":"https:\/\/ticsalutsocial.atoom.space\/es\/#website"},"primaryImageOfPage":{"@id":"https:\/\/ticsalutsocial.atoom.space\/es\/event\/tecnologia-per-impulsar-lpatencio-integrada-social-i-sanitaria\/#primaryimage"},"image":{"@id":"https:\/\/ticsalutsocial.atoom.space\/es\/event\/tecnologia-per-impulsar-lpatencio-integrada-social-i-sanitaria\/#primaryimage"},"thumbnailUrl":"https:\/\/ticsalutsocial.atoom.space\/wp-content\/uploads\/2025\/07\/Creativitat-LinkedIn.png","datePublished":"2025-07-16T07:19:29+00:00","dateModified":"2025-07-16T16:01:59+00:00","breadcrumb":{"@id":"https:\/\/ticsalutsocial.atoom.space\/es\/event\/tecnologia-per-impulsar-lpatencio-integrada-social-i-sanitaria\/#breadcrumb"},"inLanguage":"es","potentialAction":[{"@type":"ReadAction","target":["https:\/\/ticsalutsocial.atoom.space\/es\/event\/tecnologia-per-impulsar-lpatencio-integrada-social-i-sanitaria\/"]}]},{"@type":"ImageObject","inLanguage":"es","@id":"https:\/\/ticsalutsocial.atoom.space\/es\/event\/tecnologia-per-impulsar-lpatencio-integrada-social-i-sanitaria\/#primaryimage","url":"https:\/\/ticsalutsocial.atoom.space\/wp-content\/uploads\/2025\/07\/Creativitat-LinkedIn.png","contentUrl":"https:\/\/ticsalutsocial.atoom.space\/wp-content\/uploads\/2025\/07\/Creativitat-LinkedIn.png","width":1600,"height":900},{"@type":"BreadcrumbList","@id":"https:\/\/ticsalutsocial.atoom.space\/es\/event\/tecnologia-per-impulsar-lpatencio-integrada-social-i-sanitaria\/#breadcrumb","itemListElement":[{"@type":"ListItem","position":1,"name":"Inici","item":"https:\/\/ticsalutsocial.atoom.space\/es\/"},{"@type":"ListItem","position":2,"name":"Tecnolog\u00eda para impulsar la Atenci\u00f3n Integrada social y Sanitaria"}]},{"@type":"WebSite","@id":"https:\/\/ticsalutsocial.atoom.space\/es\/#website","url":"https:\/\/ticsalutsocial.atoom.space\/es\/","name":"Fundaci\u00f3 TIC Salut i Social","description":"","potentialAction":[{"@type":"SearchAction","target":{"@type":"EntryPoint","urlTemplate":"https:\/\/ticsalutsocial.atoom.space\/es\/?s={search_term_string}"},"query-input":{"@type":"PropertyValueSpecification","valueRequired":true,"valueName":"search_term_string"}}],"inLanguage":"es"}]}},"_links":{"self":[{"href":"https:\/\/ticsalutsocial.atoom.space\/es\/wp-json\/wp\/v2\/event\/33150","targetHints":{"allow":["GET"]}}],"collection":[{"href":"https:\/\/ticsalutsocial.atoom.space\/es\/wp-json\/wp\/v2\/event"}],"about":[{"href":"https:\/\/ticsalutsocial.atoom.space\/es\/wp-json\/wp\/v2\/types\/event"}],"wp:featuredmedia":[{"embeddable":true,"href":"https:\/\/ticsalutsocial.atoom.space\/es\/wp-json\/wp\/v2\/media\/33147"}],"wp:attachment":[{"href":"https:\/\/ticsalutsocial.atoom.space\/es\/wp-json\/wp\/v2\/media?parent=33150"}],"wp:term":[{"taxonomy":"tipus","embeddable":true,"href":"https:\/\/ticsalutsocial.atoom.space\/es\/wp-json\/wp\/v2\/tipus?post=33150"},{"taxonomy":"topic","embeddable":true,"href":"https:\/\/ticsalutsocial.atoom.space\/es\/wp-json\/wp\/v2\/topic?post=33150"}],"curies":[{"name":"wp","href":"https:\/\/api.w.org\/{rel}","templated":true}]}}