
{"id":33236,"date":"2025-07-24T13:16:07","date_gmt":"2025-07-24T11:16:07","guid":{"rendered":"https:\/\/ticsalutsocial.atoom.space\/?post_type=event&#038;p=33236"},"modified":"2025-09-23T13:46:53","modified_gmt":"2025-09-23T11:46:53","slug":"premios-donatic","status":"publish","type":"event","link":"https:\/\/ticsalutsocial.atoom.space\/es\/event\/premios-donatic\/","title":{"rendered":"Premios DonaTIC"},"content":{"rendered":"\r\n<p><strong>SAVE THE DATE<\/strong><\/p>\r\n\r\n\r\n\r\n<p>Los Premios DonaTIC 2025 con el objetivo de distinguir el papel de la mujer en el mundo profesional, empresarial y acad\u00e9mico del \u00e1mbito de las tecnolog\u00edas de la informaci\u00f3n y la comunicaci\u00f3n (TIC), y divulgar referentes en la sociedad para promover las vocaciones en ciencia, tecnolog\u00eda, ingenier\u00eda y matem\u00e1ticas (CTIM) y fomentar la presencia femenina en las carreras tecnol\u00f3gicas y las ingenier\u00edas.<\/p>\r\n\r\n\r\n\r\n<p>Los Premios tienen car\u00e1cter honor\u00edfico, sin dotaci\u00f3n econ\u00f3mica. Las candidaturas premiadas reciben reconocimiento p\u00fablico por su trabajo, actividad o proyecto presentado.<\/p>\r\n\r\n\r\n\r\n<p>&nbsp;<\/p>\r\n","protected":false},"featured_media":33622,"menu_order":0,"template":"","meta":{"_acf_changed":true,"inline_featured_image":false},"tipus":[],"topic":[117],"class_list":["post-33236","event","type-event","status-publish","has-post-thumbnail","hentry","topic-jornadas"],"acf":{"informacio":{"ubicacio":"Petit Palau - Palau de la M\u00fasica Catalana (carrer de Sant Pere M\u00e9s Alt, Barcelona)","data":"02\/10\/2025","hora":"18:00","preu":"","inscripcions":""},"programa":{"titol":"","items":false},"documents":false},"yoast_head":"<!-- This site is optimized with the Yoast SEO plugin v27.1.1 - https:\/\/yoast.com\/product\/yoast-seo-wordpress\/ -->\n<title>Premios DonaTIC - Fundaci\u00f3 TIC Salut i Social<\/title>\n<meta name=\"robots\" content=\"index, follow, max-snippet:-1, max-image-preview:large, max-video-preview:-1\" \/>\n<link rel=\"canonical\" href=\"https:\/\/ticsalutsocial.atoom.space\/es\/event\/premios-donatic\/\" \/>\n<meta property=\"og:locale\" content=\"es_ES\" \/>\n<meta property=\"og:type\" content=\"article\" \/>\n<meta property=\"og:title\" content=\"Premios DonaTIC - Fundaci\u00f3 TIC Salut i Social\" \/>\n<meta property=\"og:description\" content=\"SAVE THE DATE Los Premios DonaTIC 2025 con el objetivo de distinguir el papel de la mujer en el mundo profesional, empresarial y acad\u00e9mico del \u00e1mbito de las tecnolog\u00edas de la informaci\u00f3n y la comunicaci\u00f3n (TIC), y divulgar referentes en la sociedad para promover las vocaciones en ciencia, tecnolog\u00eda, ingenier\u00eda y matem\u00e1ticas (CTIM) y fomentar [&hellip;]\" \/>\n<meta property=\"og:url\" content=\"https:\/\/ticsalutsocial.atoom.space\/es\/event\/premios-donatic\/\" \/>\n<meta property=\"og:site_name\" content=\"Fundaci\u00f3 TIC Salut i Social\" \/>\n<meta property=\"article:modified_time\" content=\"2025-09-23T11:46:53+00:00\" \/>\n<meta property=\"og:image\" content=\"https:\/\/ticsalutsocial.atoom.space\/wp-content\/uploads\/2025\/07\/Captura-de-pantalla-2025-09-23-a-les-13.37.45.png\" \/>\n\t<meta property=\"og:image:width\" content=\"838\" \/>\n\t<meta property=\"og:image:height\" content=\"470\" \/>\n\t<meta property=\"og:image:type\" content=\"image\/png\" \/>\n<meta name=\"twitter:card\" content=\"summary_large_image\" \/>\n<meta name=\"twitter:label1\" content=\"Tiempo de lectura\" \/>\n\t<meta name=\"twitter:data1\" content=\"1 minuto\" \/>\n<script type=\"application\/ld+json\" class=\"yoast-schema-graph\">{\"@context\":\"https:\/\/schema.org\",\"@graph\":[{\"@type\":\"WebPage\",\"@id\":\"https:\/\/ticsalutsocial.atoom.space\/es\/event\/premios-donatic\/\",\"url\":\"https:\/\/ticsalutsocial.atoom.space\/es\/event\/premios-donatic\/\",\"name\":\"Premios DonaTIC - Fundaci\u00f3 TIC Salut i Social\",\"isPartOf\":{\"@id\":\"https:\/\/ticsalutsocial.atoom.space\/es\/#website\"},\"primaryImageOfPage\":{\"@id\":\"https:\/\/ticsalutsocial.atoom.space\/es\/event\/premios-donatic\/#primaryimage\"},\"image\":{\"@id\":\"https:\/\/ticsalutsocial.atoom.space\/es\/event\/premios-donatic\/#primaryimage\"},\"thumbnailUrl\":\"https:\/\/ticsalutsocial.atoom.space\/wp-content\/uploads\/2025\/07\/Captura-de-pantalla-2025-09-23-a-les-13.37.45.png\",\"datePublished\":\"2025-07-24T11:16:07+00:00\",\"dateModified\":\"2025-09-23T11:46:53+00:00\",\"breadcrumb\":{\"@id\":\"https:\/\/ticsalutsocial.atoom.space\/es\/event\/premios-donatic\/#breadcrumb\"},\"inLanguage\":\"es\",\"potentialAction\":[{\"@type\":\"ReadAction\",\"target\":[\"https:\/\/ticsalutsocial.atoom.space\/es\/event\/premios-donatic\/\"]}]},{\"@type\":\"ImageObject\",\"inLanguage\":\"es\",\"@id\":\"https:\/\/ticsalutsocial.atoom.space\/es\/event\/premios-donatic\/#primaryimage\",\"url\":\"https:\/\/ticsalutsocial.atoom.space\/wp-content\/uploads\/2025\/07\/Captura-de-pantalla-2025-09-23-a-les-13.37.45.png\",\"contentUrl\":\"https:\/\/ticsalutsocial.atoom.space\/wp-content\/uploads\/2025\/07\/Captura-de-pantalla-2025-09-23-a-les-13.37.45.png\",\"width\":838,\"height\":470},{\"@type\":\"BreadcrumbList\",\"@id\":\"https:\/\/ticsalutsocial.atoom.space\/es\/event\/premios-donatic\/#breadcrumb\",\"itemListElement\":[{\"@type\":\"ListItem\",\"position\":1,\"name\":\"Inici\",\"item\":\"https:\/\/ticsalutsocial.atoom.space\/es\/\"},{\"@type\":\"ListItem\",\"position\":2,\"name\":\"Premios DonaTIC\"}]},{\"@type\":\"WebSite\",\"@id\":\"https:\/\/ticsalutsocial.atoom.space\/es\/#website\",\"url\":\"https:\/\/ticsalutsocial.atoom.space\/es\/\",\"name\":\"Fundaci\u00f3 TIC Salut i Social\",\"description\":\"\",\"potentialAction\":[{\"@type\":\"SearchAction\",\"target\":{\"@type\":\"EntryPoint\",\"urlTemplate\":\"https:\/\/ticsalutsocial.atoom.space\/es\/?s={search_term_string}\"},\"query-input\":{\"@type\":\"PropertyValueSpecification\",\"valueRequired\":true,\"valueName\":\"search_term_string\"}}],\"inLanguage\":\"es\"}]}<\/script>\n<!-- \/ Yoast SEO plugin. -->","yoast_head_json":{"title":"Premios DonaTIC - Fundaci\u00f3 TIC Salut i Social","robots":{"index":"index","follow":"follow","max-snippet":"max-snippet:-1","max-image-preview":"max-image-preview:large","max-video-preview":"max-video-preview:-1"},"canonical":"https:\/\/ticsalutsocial.atoom.space\/es\/event\/premios-donatic\/","og_locale":"es_ES","og_type":"article","og_title":"Premios DonaTIC - Fundaci\u00f3 TIC Salut i Social","og_description":"SAVE THE DATE Los Premios DonaTIC 2025 con el objetivo de distinguir el papel de la mujer en el mundo profesional, empresarial y acad\u00e9mico del \u00e1mbito de las tecnolog\u00edas de la informaci\u00f3n y la comunicaci\u00f3n (TIC), y divulgar referentes en la sociedad para promover las vocaciones en ciencia, tecnolog\u00eda, ingenier\u00eda y matem\u00e1ticas (CTIM) y fomentar [&hellip;]","og_url":"https:\/\/ticsalutsocial.atoom.space\/es\/event\/premios-donatic\/","og_site_name":"Fundaci\u00f3 TIC Salut i Social","article_modified_time":"2025-09-23T11:46:53+00:00","og_image":[{"width":838,"height":470,"url":"https:\/\/ticsalutsocial.atoom.space\/wp-content\/uploads\/2025\/07\/Captura-de-pantalla-2025-09-23-a-les-13.37.45.png","type":"image\/png"}],"twitter_card":"summary_large_image","twitter_misc":{"Tiempo de lectura":"1 minuto"},"schema":{"@context":"https:\/\/schema.org","@graph":[{"@type":"WebPage","@id":"https:\/\/ticsalutsocial.atoom.space\/es\/event\/premios-donatic\/","url":"https:\/\/ticsalutsocial.atoom.space\/es\/event\/premios-donatic\/","name":"Premios DonaTIC - Fundaci\u00f3 TIC Salut i Social","isPartOf":{"@id":"https:\/\/ticsalutsocial.atoom.space\/es\/#website"},"primaryImageOfPage":{"@id":"https:\/\/ticsalutsocial.atoom.space\/es\/event\/premios-donatic\/#primaryimage"},"image":{"@id":"https:\/\/ticsalutsocial.atoom.space\/es\/event\/premios-donatic\/#primaryimage"},"thumbnailUrl":"https:\/\/ticsalutsocial.atoom.space\/wp-content\/uploads\/2025\/07\/Captura-de-pantalla-2025-09-23-a-les-13.37.45.png","datePublished":"2025-07-24T11:16:07+00:00","dateModified":"2025-09-23T11:46:53+00:00","breadcrumb":{"@id":"https:\/\/ticsalutsocial.atoom.space\/es\/event\/premios-donatic\/#breadcrumb"},"inLanguage":"es","potentialAction":[{"@type":"ReadAction","target":["https:\/\/ticsalutsocial.atoom.space\/es\/event\/premios-donatic\/"]}]},{"@type":"ImageObject","inLanguage":"es","@id":"https:\/\/ticsalutsocial.atoom.space\/es\/event\/premios-donatic\/#primaryimage","url":"https:\/\/ticsalutsocial.atoom.space\/wp-content\/uploads\/2025\/07\/Captura-de-pantalla-2025-09-23-a-les-13.37.45.png","contentUrl":"https:\/\/ticsalutsocial.atoom.space\/wp-content\/uploads\/2025\/07\/Captura-de-pantalla-2025-09-23-a-les-13.37.45.png","width":838,"height":470},{"@type":"BreadcrumbList","@id":"https:\/\/ticsalutsocial.atoom.space\/es\/event\/premios-donatic\/#breadcrumb","itemListElement":[{"@type":"ListItem","position":1,"name":"Inici","item":"https:\/\/ticsalutsocial.atoom.space\/es\/"},{"@type":"ListItem","position":2,"name":"Premios DonaTIC"}]},{"@type":"WebSite","@id":"https:\/\/ticsalutsocial.atoom.space\/es\/#website","url":"https:\/\/ticsalutsocial.atoom.space\/es\/","name":"Fundaci\u00f3 TIC Salut i Social","description":"","potentialAction":[{"@type":"SearchAction","target":{"@type":"EntryPoint","urlTemplate":"https:\/\/ticsalutsocial.atoom.space\/es\/?s={search_term_string}"},"query-input":{"@type":"PropertyValueSpecification","valueRequired":true,"valueName":"search_term_string"}}],"inLanguage":"es"}]}},"_links":{"self":[{"href":"https:\/\/ticsalutsocial.atoom.space\/es\/wp-json\/wp\/v2\/event\/33236","targetHints":{"allow":["GET"]}}],"collection":[{"href":"https:\/\/ticsalutsocial.atoom.space\/es\/wp-json\/wp\/v2\/event"}],"about":[{"href":"https:\/\/ticsalutsocial.atoom.space\/es\/wp-json\/wp\/v2\/types\/event"}],"wp:featuredmedia":[{"embeddable":true,"href":"https:\/\/ticsalutsocial.atoom.space\/es\/wp-json\/wp\/v2\/media\/33622"}],"wp:attachment":[{"href":"https:\/\/ticsalutsocial.atoom.space\/es\/wp-json\/wp\/v2\/media?parent=33236"}],"wp:term":[{"taxonomy":"tipus","embeddable":true,"href":"https:\/\/ticsalutsocial.atoom.space\/es\/wp-json\/wp\/v2\/tipus?post=33236"},{"taxonomy":"topic","embeddable":true,"href":"https:\/\/ticsalutsocial.atoom.space\/es\/wp-json\/wp\/v2\/topic?post=33236"}],"curies":[{"name":"wp","href":"https:\/\/api.w.org\/{rel}","templated":true}]}}