
{"id":33393,"date":"2025-09-15T09:55:40","date_gmt":"2025-09-15T07:55:40","guid":{"rendered":"https:\/\/ticsalutsocial.atoom.space\/event\/vic-idays-hackathon-contra-el-cancer-de-mama\/"},"modified":"2025-10-27T10:49:35","modified_gmt":"2025-10-27T08:49:35","slug":"vic-idays-hackathon-contra-el-cancer-de-mama","status":"publish","type":"event","link":"https:\/\/ticsalutsocial.atoom.space\/es\/event\/vic-idays-hackathon-contra-el-cancer-de-mama\/","title":{"rendered":"Vic iDays &#8211; Hackathon contra el c\u00e1ncer de mama"},"content":{"rendered":"<p data-start=\"47\" data-end=\"247\">Los pr\u00f3ximos d\u00edas 6 y 7 de noviembre se celebrar\u00e1 un hackathon para mejorar los tratamientos actuales o desarrollar elementos que permitan un mejor acompa\u00f1amiento relacionados con el c\u00e1ncer de mama.<\/p>\n<p data-start=\"249\" data-end=\"559\">Un bootcamp, organizado conjuntamente entre la Fundaci\u00f3 TIC Salut Social, la Universitat de Vic-UCC, el Hospital Germans Trias i Pujol y Eurecat, es una competici\u00f3n dirigida a estudiantes de grado, m\u00e1ster y posgrado de la universidad y de cualquier \u00e1mbito de conocimiento. Este a\u00f1o celebra su cuarta edici\u00f3n.<\/p>\n<p data-start=\"561\" data-end=\"961\">Para acceder al formulario de inscripciones es necesario hacer clic en el enlace que da acceso a la plataforma de aplicaciones de EIT Health y registrarse como \u00abestudiante individual\u00bb. Una vez activada vuestra cuenta, hay que confirmar el registro a trav\u00e9s de un correo recibido desde EIT Health. A continuaci\u00f3n, hay que hacer clic en \u00abEventos i-Days\u00bb y en \u00abSolicita ahora\u00bb en la ciudad i-Days Vic.<\/p>\n","protected":false},"featured_media":33401,"menu_order":0,"template":"","meta":{"_acf_changed":false,"inline_featured_image":false},"tipus":[],"topic":[117],"class_list":["post-33393","event","type-event","status-publish","has-post-thumbnail","hentry","topic-jornadas"],"acf":{"informacio":{"ubicacio":"Sagrada Fam\u00edlia, 7, 08500, Vic","data":"06\/11\/2025","hora":"9:00-17:00","preu":"Gratuito previa inscripci\u00f3n","inscripcions":"https:\/\/apply.eithealth.eu\/ex\/ex_routing.jsp?token=HwkPTRIaYA%3D%3D&lang=1"},"programa":{"titol":"","items":false},"documents":false},"yoast_head":"<!-- This site is optimized with the Yoast SEO plugin v27.1.1 - https:\/\/yoast.com\/product\/yoast-seo-wordpress\/ -->\n<title>Vic iDays - Hackathon contra el c\u00e1ncer de mama - Fundaci\u00f3 TIC Salut i Social<\/title>\n<meta name=\"robots\" content=\"index, follow, max-snippet:-1, max-image-preview:large, max-video-preview:-1\" \/>\n<link rel=\"canonical\" href=\"https:\/\/ticsalutsocial.atoom.space\/es\/event\/vic-idays-hackathon-contra-el-cancer-de-mama\/\" \/>\n<meta property=\"og:locale\" content=\"es_ES\" \/>\n<meta property=\"og:type\" content=\"article\" \/>\n<meta property=\"og:title\" content=\"Vic iDays - Hackathon contra el c\u00e1ncer de mama - Fundaci\u00f3 TIC Salut i Social\" \/>\n<meta property=\"og:description\" content=\"Los pr\u00f3ximos d\u00edas 6 y 7 de noviembre se celebrar\u00e1 un hackathon para mejorar los tratamientos actuales o desarrollar elementos que permitan un mejor acompa\u00f1amiento relacionados con el c\u00e1ncer de mama. Un bootcamp, organizado conjuntamente entre la Fundaci\u00f3 TIC Salut Social, la Universitat de Vic-UCC, el Hospital Germans Trias i Pujol y Eurecat, es una [&hellip;]\" \/>\n<meta property=\"og:url\" content=\"https:\/\/ticsalutsocial.atoom.space\/es\/event\/vic-idays-hackathon-contra-el-cancer-de-mama\/\" \/>\n<meta property=\"og:site_name\" content=\"Fundaci\u00f3 TIC Salut i Social\" \/>\n<meta property=\"article:modified_time\" content=\"2025-10-27T08:49:35+00:00\" \/>\n<meta property=\"og:image\" content=\"https:\/\/ticsalutsocial.atoom.space\/wp-content\/uploads\/2025\/09\/LINKEDIN_2025.png\" \/>\n\t<meta property=\"og:image:width\" content=\"1920\" \/>\n\t<meta property=\"og:image:height\" content=\"1080\" \/>\n\t<meta property=\"og:image:type\" content=\"image\/png\" \/>\n<meta name=\"twitter:card\" content=\"summary_large_image\" \/>\n<meta name=\"twitter:label1\" content=\"Tiempo de lectura\" \/>\n\t<meta name=\"twitter:data1\" content=\"1 minuto\" \/>\n<script type=\"application\/ld+json\" class=\"yoast-schema-graph\">{\"@context\":\"https:\/\/schema.org\",\"@graph\":[{\"@type\":\"WebPage\",\"@id\":\"https:\/\/ticsalutsocial.atoom.space\/es\/event\/vic-idays-hackathon-contra-el-cancer-de-mama\/\",\"url\":\"https:\/\/ticsalutsocial.atoom.space\/es\/event\/vic-idays-hackathon-contra-el-cancer-de-mama\/\",\"name\":\"Vic iDays - Hackathon contra el c\u00e1ncer de mama - Fundaci\u00f3 TIC Salut i Social\",\"isPartOf\":{\"@id\":\"https:\/\/ticsalutsocial.atoom.space\/es\/#website\"},\"primaryImageOfPage\":{\"@id\":\"https:\/\/ticsalutsocial.atoom.space\/es\/event\/vic-idays-hackathon-contra-el-cancer-de-mama\/#primaryimage\"},\"image\":{\"@id\":\"https:\/\/ticsalutsocial.atoom.space\/es\/event\/vic-idays-hackathon-contra-el-cancer-de-mama\/#primaryimage\"},\"thumbnailUrl\":\"https:\/\/ticsalutsocial.atoom.space\/wp-content\/uploads\/2025\/09\/LINKEDIN_2025.png\",\"datePublished\":\"2025-09-15T07:55:40+00:00\",\"dateModified\":\"2025-10-27T08:49:35+00:00\",\"breadcrumb\":{\"@id\":\"https:\/\/ticsalutsocial.atoom.space\/es\/event\/vic-idays-hackathon-contra-el-cancer-de-mama\/#breadcrumb\"},\"inLanguage\":\"es\",\"potentialAction\":[{\"@type\":\"ReadAction\",\"target\":[\"https:\/\/ticsalutsocial.atoom.space\/es\/event\/vic-idays-hackathon-contra-el-cancer-de-mama\/\"]}]},{\"@type\":\"ImageObject\",\"inLanguage\":\"es\",\"@id\":\"https:\/\/ticsalutsocial.atoom.space\/es\/event\/vic-idays-hackathon-contra-el-cancer-de-mama\/#primaryimage\",\"url\":\"https:\/\/ticsalutsocial.atoom.space\/wp-content\/uploads\/2025\/09\/LINKEDIN_2025.png\",\"contentUrl\":\"https:\/\/ticsalutsocial.atoom.space\/wp-content\/uploads\/2025\/09\/LINKEDIN_2025.png\",\"width\":1920,\"height\":1080,\"caption\":\"Vic iDays 2025\"},{\"@type\":\"BreadcrumbList\",\"@id\":\"https:\/\/ticsalutsocial.atoom.space\/es\/event\/vic-idays-hackathon-contra-el-cancer-de-mama\/#breadcrumb\",\"itemListElement\":[{\"@type\":\"ListItem\",\"position\":1,\"name\":\"Inici\",\"item\":\"https:\/\/ticsalutsocial.atoom.space\/es\/\"},{\"@type\":\"ListItem\",\"position\":2,\"name\":\"Vic iDays &#8211; Hackathon contra el c\u00e1ncer de mama\"}]},{\"@type\":\"WebSite\",\"@id\":\"https:\/\/ticsalutsocial.atoom.space\/es\/#website\",\"url\":\"https:\/\/ticsalutsocial.atoom.space\/es\/\",\"name\":\"Fundaci\u00f3 TIC Salut i Social\",\"description\":\"\",\"potentialAction\":[{\"@type\":\"SearchAction\",\"target\":{\"@type\":\"EntryPoint\",\"urlTemplate\":\"https:\/\/ticsalutsocial.atoom.space\/es\/?s={search_term_string}\"},\"query-input\":{\"@type\":\"PropertyValueSpecification\",\"valueRequired\":true,\"valueName\":\"search_term_string\"}}],\"inLanguage\":\"es\"}]}<\/script>\n<!-- \/ Yoast SEO plugin. -->","yoast_head_json":{"title":"Vic iDays - Hackathon contra el c\u00e1ncer de mama - Fundaci\u00f3 TIC Salut i Social","robots":{"index":"index","follow":"follow","max-snippet":"max-snippet:-1","max-image-preview":"max-image-preview:large","max-video-preview":"max-video-preview:-1"},"canonical":"https:\/\/ticsalutsocial.atoom.space\/es\/event\/vic-idays-hackathon-contra-el-cancer-de-mama\/","og_locale":"es_ES","og_type":"article","og_title":"Vic iDays - Hackathon contra el c\u00e1ncer de mama - Fundaci\u00f3 TIC Salut i Social","og_description":"Los pr\u00f3ximos d\u00edas 6 y 7 de noviembre se celebrar\u00e1 un hackathon para mejorar los tratamientos actuales o desarrollar elementos que permitan un mejor acompa\u00f1amiento relacionados con el c\u00e1ncer de mama. Un bootcamp, organizado conjuntamente entre la Fundaci\u00f3 TIC Salut Social, la Universitat de Vic-UCC, el Hospital Germans Trias i Pujol y Eurecat, es una [&hellip;]","og_url":"https:\/\/ticsalutsocial.atoom.space\/es\/event\/vic-idays-hackathon-contra-el-cancer-de-mama\/","og_site_name":"Fundaci\u00f3 TIC Salut i Social","article_modified_time":"2025-10-27T08:49:35+00:00","og_image":[{"width":1920,"height":1080,"url":"https:\/\/ticsalutsocial.atoom.space\/wp-content\/uploads\/2025\/09\/LINKEDIN_2025.png","type":"image\/png"}],"twitter_card":"summary_large_image","twitter_misc":{"Tiempo de lectura":"1 minuto"},"schema":{"@context":"https:\/\/schema.org","@graph":[{"@type":"WebPage","@id":"https:\/\/ticsalutsocial.atoom.space\/es\/event\/vic-idays-hackathon-contra-el-cancer-de-mama\/","url":"https:\/\/ticsalutsocial.atoom.space\/es\/event\/vic-idays-hackathon-contra-el-cancer-de-mama\/","name":"Vic iDays - Hackathon contra el c\u00e1ncer de mama - Fundaci\u00f3 TIC Salut i Social","isPartOf":{"@id":"https:\/\/ticsalutsocial.atoom.space\/es\/#website"},"primaryImageOfPage":{"@id":"https:\/\/ticsalutsocial.atoom.space\/es\/event\/vic-idays-hackathon-contra-el-cancer-de-mama\/#primaryimage"},"image":{"@id":"https:\/\/ticsalutsocial.atoom.space\/es\/event\/vic-idays-hackathon-contra-el-cancer-de-mama\/#primaryimage"},"thumbnailUrl":"https:\/\/ticsalutsocial.atoom.space\/wp-content\/uploads\/2025\/09\/LINKEDIN_2025.png","datePublished":"2025-09-15T07:55:40+00:00","dateModified":"2025-10-27T08:49:35+00:00","breadcrumb":{"@id":"https:\/\/ticsalutsocial.atoom.space\/es\/event\/vic-idays-hackathon-contra-el-cancer-de-mama\/#breadcrumb"},"inLanguage":"es","potentialAction":[{"@type":"ReadAction","target":["https:\/\/ticsalutsocial.atoom.space\/es\/event\/vic-idays-hackathon-contra-el-cancer-de-mama\/"]}]},{"@type":"ImageObject","inLanguage":"es","@id":"https:\/\/ticsalutsocial.atoom.space\/es\/event\/vic-idays-hackathon-contra-el-cancer-de-mama\/#primaryimage","url":"https:\/\/ticsalutsocial.atoom.space\/wp-content\/uploads\/2025\/09\/LINKEDIN_2025.png","contentUrl":"https:\/\/ticsalutsocial.atoom.space\/wp-content\/uploads\/2025\/09\/LINKEDIN_2025.png","width":1920,"height":1080,"caption":"Vic iDays 2025"},{"@type":"BreadcrumbList","@id":"https:\/\/ticsalutsocial.atoom.space\/es\/event\/vic-idays-hackathon-contra-el-cancer-de-mama\/#breadcrumb","itemListElement":[{"@type":"ListItem","position":1,"name":"Inici","item":"https:\/\/ticsalutsocial.atoom.space\/es\/"},{"@type":"ListItem","position":2,"name":"Vic iDays &#8211; Hackathon contra el c\u00e1ncer de mama"}]},{"@type":"WebSite","@id":"https:\/\/ticsalutsocial.atoom.space\/es\/#website","url":"https:\/\/ticsalutsocial.atoom.space\/es\/","name":"Fundaci\u00f3 TIC Salut i Social","description":"","potentialAction":[{"@type":"SearchAction","target":{"@type":"EntryPoint","urlTemplate":"https:\/\/ticsalutsocial.atoom.space\/es\/?s={search_term_string}"},"query-input":{"@type":"PropertyValueSpecification","valueRequired":true,"valueName":"search_term_string"}}],"inLanguage":"es"}]}},"_links":{"self":[{"href":"https:\/\/ticsalutsocial.atoom.space\/es\/wp-json\/wp\/v2\/event\/33393","targetHints":{"allow":["GET"]}}],"collection":[{"href":"https:\/\/ticsalutsocial.atoom.space\/es\/wp-json\/wp\/v2\/event"}],"about":[{"href":"https:\/\/ticsalutsocial.atoom.space\/es\/wp-json\/wp\/v2\/types\/event"}],"wp:featuredmedia":[{"embeddable":true,"href":"https:\/\/ticsalutsocial.atoom.space\/es\/wp-json\/wp\/v2\/media\/33401"}],"wp:attachment":[{"href":"https:\/\/ticsalutsocial.atoom.space\/es\/wp-json\/wp\/v2\/media?parent=33393"}],"wp:term":[{"taxonomy":"tipus","embeddable":true,"href":"https:\/\/ticsalutsocial.atoom.space\/es\/wp-json\/wp\/v2\/tipus?post=33393"},{"taxonomy":"topic","embeddable":true,"href":"https:\/\/ticsalutsocial.atoom.space\/es\/wp-json\/wp\/v2\/topic?post=33393"}],"curies":[{"name":"wp","href":"https:\/\/api.w.org\/{rel}","templated":true}]}}