
{"id":33444,"date":"2025-09-16T13:23:29","date_gmt":"2025-09-16T11:23:29","guid":{"rendered":"https:\/\/ticsalutsocial.atoom.space\/event\/model-de-ciberseguretat-a-les-entitats-sociosanitaries-i-de-salut-mental\/"},"modified":"2025-09-16T13:27:46","modified_gmt":"2025-09-16T11:27:46","slug":"model-de-ciberseguretat-a-les-entitats-sociosanitaries-i-de-salut-mental","status":"publish","type":"event","link":"https:\/\/ticsalutsocial.atoom.space\/es\/event\/model-de-ciberseguretat-a-les-entitats-sociosanitaries-i-de-salut-mental\/","title":{"rendered":"Modelo de ciberseguridad en las entidades sociosanitarias y de salud mental"},"content":{"rendered":"<p data-start=\"88\" data-end=\"346\">La Agencia de Ciberseguridad de Catalu\u00f1a, junto con el <em>Departament de Salut<\/em>, organiza la presentaci\u00f3n del <strong data-start=\"183\" data-end=\"262\">Modelo de ciberseguridad en las entidades sociosanitarias y de salud mental<\/strong> en el Espai Bital, de Hospitalet de Llobregat, el pr\u00f3ximo lunes 22 de septiembre.<\/p>\n<h3 data-start=\"348\" data-end=\"362\">PROGRAMA<\/h3>\n<p data-start=\"364\" data-end=\"464\"><strong data-start=\"364\" data-end=\"401\">10:00h \u2013 Bienvenida institucional<\/strong><br data-start=\"401\" data-end=\"404\" \/>Laura Caballero, directora de la Agencia de Ciberseguridad<\/p>\n<p data-start=\"466\" data-end=\"594\"><strong data-start=\"466\" data-end=\"520\">10:15h \u2013 Presentaci\u00f3n del modelo de ciberseguridad<\/strong><br data-start=\"520\" data-end=\"523\" \/>Pol P\u00e9rez, coordinador general de las TIC en el <em>Departament de Salut<\/em><\/p>\n<p data-start=\"596\" data-end=\"740\"><strong data-start=\"596\" data-end=\"648\">10:30h \u2013 Despliegue del modelo de ciberseguridad<\/strong><br data-start=\"648\" data-end=\"651\" \/>Roger Civit, responsable de Seguridad de la Informaci\u00f3n de la Agencia de Ciberseguridad<\/p>\n<p data-start=\"742\" data-end=\"909\"><strong data-start=\"742\" data-end=\"813\">10:45h \u2013 El modelo como respuesta: Aprendizaje de un ciberincidente<\/strong><br data-start=\"813\" data-end=\"816\" \/>Carles Aguil\u00f3, director t\u00e9cnico de Sistemas de Informaci\u00f3n y Comunicaciones del Grup Mutuam<\/p>\n<p data-start=\"911\" data-end=\"934\"><strong data-start=\"911\" data-end=\"932\">11:00h \u2013 Clausura<\/strong><\/p>\n","protected":false},"featured_media":0,"menu_order":0,"template":"","meta":{"_acf_changed":false,"inline_featured_image":false},"tipus":[],"topic":[117],"class_list":["post-33444","event","type-event","status-publish","hentry","topic-jornadas"],"acf":{"informacio":{"ubicacio":"Espai Bital","data":"22\/09\/2025","hora":"De 10:00 a 11:30","preu":"Gratuito con inscripci\u00f3n","inscripcions":"https:\/\/ciberseguretat.gencat.cat\/ca\/agencia\/projectes\/retech\/formulari-acte-entitats-salut\/index.html   "},"programa":{"titol":"","items":false},"documents":false},"yoast_head":"<!-- This site is optimized with the Yoast SEO plugin v27.1.1 - https:\/\/yoast.com\/product\/yoast-seo-wordpress\/ -->\n<title>Modelo de ciberseguridad en las entidades sociosanitarias y de salud mental - Fundaci\u00f3 TIC Salut i Social<\/title>\n<meta name=\"robots\" content=\"index, follow, max-snippet:-1, max-image-preview:large, max-video-preview:-1\" \/>\n<link rel=\"canonical\" href=\"https:\/\/ticsalutsocial.atoom.space\/es\/event\/model-de-ciberseguretat-a-les-entitats-sociosanitaries-i-de-salut-mental\/\" \/>\n<meta property=\"og:locale\" content=\"es_ES\" \/>\n<meta property=\"og:type\" content=\"article\" \/>\n<meta property=\"og:title\" content=\"Modelo de ciberseguridad en las entidades sociosanitarias y de salud mental - Fundaci\u00f3 TIC Salut i Social\" \/>\n<meta property=\"og:description\" content=\"La Agencia de Ciberseguridad de Catalu\u00f1a, junto con el Departament de Salut, organiza la presentaci\u00f3n del Modelo de ciberseguridad en las entidades sociosanitarias y de salud mental en el Espai Bital, de Hospitalet de Llobregat, el pr\u00f3ximo lunes 22 de septiembre. PROGRAMA 10:00h \u2013 Bienvenida institucionalLaura Caballero, directora de la Agencia de Ciberseguridad 10:15h \u2013 [&hellip;]\" \/>\n<meta property=\"og:url\" content=\"https:\/\/ticsalutsocial.atoom.space\/es\/event\/model-de-ciberseguretat-a-les-entitats-sociosanitaries-i-de-salut-mental\/\" \/>\n<meta property=\"og:site_name\" content=\"Fundaci\u00f3 TIC Salut i Social\" \/>\n<meta property=\"article:modified_time\" content=\"2025-09-16T11:27:46+00:00\" \/>\n<meta name=\"twitter:card\" content=\"summary_large_image\" \/>\n<meta name=\"twitter:label1\" content=\"Tiempo de lectura\" \/>\n\t<meta name=\"twitter:data1\" content=\"1 minuto\" \/>\n<script type=\"application\/ld+json\" class=\"yoast-schema-graph\">{\"@context\":\"https:\/\/schema.org\",\"@graph\":[{\"@type\":\"WebPage\",\"@id\":\"https:\/\/ticsalutsocial.atoom.space\/es\/event\/model-de-ciberseguretat-a-les-entitats-sociosanitaries-i-de-salut-mental\/\",\"url\":\"https:\/\/ticsalutsocial.atoom.space\/es\/event\/model-de-ciberseguretat-a-les-entitats-sociosanitaries-i-de-salut-mental\/\",\"name\":\"Modelo de ciberseguridad en las entidades sociosanitarias y de salud mental - Fundaci\u00f3 TIC Salut i Social\",\"isPartOf\":{\"@id\":\"https:\/\/ticsalutsocial.atoom.space\/es\/#website\"},\"datePublished\":\"2025-09-16T11:23:29+00:00\",\"dateModified\":\"2025-09-16T11:27:46+00:00\",\"breadcrumb\":{\"@id\":\"https:\/\/ticsalutsocial.atoom.space\/es\/event\/model-de-ciberseguretat-a-les-entitats-sociosanitaries-i-de-salut-mental\/#breadcrumb\"},\"inLanguage\":\"es\",\"potentialAction\":[{\"@type\":\"ReadAction\",\"target\":[\"https:\/\/ticsalutsocial.atoom.space\/es\/event\/model-de-ciberseguretat-a-les-entitats-sociosanitaries-i-de-salut-mental\/\"]}]},{\"@type\":\"BreadcrumbList\",\"@id\":\"https:\/\/ticsalutsocial.atoom.space\/es\/event\/model-de-ciberseguretat-a-les-entitats-sociosanitaries-i-de-salut-mental\/#breadcrumb\",\"itemListElement\":[{\"@type\":\"ListItem\",\"position\":1,\"name\":\"Inici\",\"item\":\"https:\/\/ticsalutsocial.atoom.space\/es\/\"},{\"@type\":\"ListItem\",\"position\":2,\"name\":\"Modelo de ciberseguridad en las entidades sociosanitarias y de salud mental\"}]},{\"@type\":\"WebSite\",\"@id\":\"https:\/\/ticsalutsocial.atoom.space\/es\/#website\",\"url\":\"https:\/\/ticsalutsocial.atoom.space\/es\/\",\"name\":\"Fundaci\u00f3 TIC Salut i Social\",\"description\":\"\",\"potentialAction\":[{\"@type\":\"SearchAction\",\"target\":{\"@type\":\"EntryPoint\",\"urlTemplate\":\"https:\/\/ticsalutsocial.atoom.space\/es\/?s={search_term_string}\"},\"query-input\":{\"@type\":\"PropertyValueSpecification\",\"valueRequired\":true,\"valueName\":\"search_term_string\"}}],\"inLanguage\":\"es\"}]}<\/script>\n<!-- \/ Yoast SEO plugin. -->","yoast_head_json":{"title":"Modelo de ciberseguridad en las entidades sociosanitarias y de salud mental - Fundaci\u00f3 TIC Salut i Social","robots":{"index":"index","follow":"follow","max-snippet":"max-snippet:-1","max-image-preview":"max-image-preview:large","max-video-preview":"max-video-preview:-1"},"canonical":"https:\/\/ticsalutsocial.atoom.space\/es\/event\/model-de-ciberseguretat-a-les-entitats-sociosanitaries-i-de-salut-mental\/","og_locale":"es_ES","og_type":"article","og_title":"Modelo de ciberseguridad en las entidades sociosanitarias y de salud mental - Fundaci\u00f3 TIC Salut i Social","og_description":"La Agencia de Ciberseguridad de Catalu\u00f1a, junto con el Departament de Salut, organiza la presentaci\u00f3n del Modelo de ciberseguridad en las entidades sociosanitarias y de salud mental en el Espai Bital, de Hospitalet de Llobregat, el pr\u00f3ximo lunes 22 de septiembre. PROGRAMA 10:00h \u2013 Bienvenida institucionalLaura Caballero, directora de la Agencia de Ciberseguridad 10:15h \u2013 [&hellip;]","og_url":"https:\/\/ticsalutsocial.atoom.space\/es\/event\/model-de-ciberseguretat-a-les-entitats-sociosanitaries-i-de-salut-mental\/","og_site_name":"Fundaci\u00f3 TIC Salut i Social","article_modified_time":"2025-09-16T11:27:46+00:00","twitter_card":"summary_large_image","twitter_misc":{"Tiempo de lectura":"1 minuto"},"schema":{"@context":"https:\/\/schema.org","@graph":[{"@type":"WebPage","@id":"https:\/\/ticsalutsocial.atoom.space\/es\/event\/model-de-ciberseguretat-a-les-entitats-sociosanitaries-i-de-salut-mental\/","url":"https:\/\/ticsalutsocial.atoom.space\/es\/event\/model-de-ciberseguretat-a-les-entitats-sociosanitaries-i-de-salut-mental\/","name":"Modelo de ciberseguridad en las entidades sociosanitarias y de salud mental - Fundaci\u00f3 TIC Salut i Social","isPartOf":{"@id":"https:\/\/ticsalutsocial.atoom.space\/es\/#website"},"datePublished":"2025-09-16T11:23:29+00:00","dateModified":"2025-09-16T11:27:46+00:00","breadcrumb":{"@id":"https:\/\/ticsalutsocial.atoom.space\/es\/event\/model-de-ciberseguretat-a-les-entitats-sociosanitaries-i-de-salut-mental\/#breadcrumb"},"inLanguage":"es","potentialAction":[{"@type":"ReadAction","target":["https:\/\/ticsalutsocial.atoom.space\/es\/event\/model-de-ciberseguretat-a-les-entitats-sociosanitaries-i-de-salut-mental\/"]}]},{"@type":"BreadcrumbList","@id":"https:\/\/ticsalutsocial.atoom.space\/es\/event\/model-de-ciberseguretat-a-les-entitats-sociosanitaries-i-de-salut-mental\/#breadcrumb","itemListElement":[{"@type":"ListItem","position":1,"name":"Inici","item":"https:\/\/ticsalutsocial.atoom.space\/es\/"},{"@type":"ListItem","position":2,"name":"Modelo de ciberseguridad en las entidades sociosanitarias y de salud mental"}]},{"@type":"WebSite","@id":"https:\/\/ticsalutsocial.atoom.space\/es\/#website","url":"https:\/\/ticsalutsocial.atoom.space\/es\/","name":"Fundaci\u00f3 TIC Salut i Social","description":"","potentialAction":[{"@type":"SearchAction","target":{"@type":"EntryPoint","urlTemplate":"https:\/\/ticsalutsocial.atoom.space\/es\/?s={search_term_string}"},"query-input":{"@type":"PropertyValueSpecification","valueRequired":true,"valueName":"search_term_string"}}],"inLanguage":"es"}]}},"_links":{"self":[{"href":"https:\/\/ticsalutsocial.atoom.space\/es\/wp-json\/wp\/v2\/event\/33444","targetHints":{"allow":["GET"]}}],"collection":[{"href":"https:\/\/ticsalutsocial.atoom.space\/es\/wp-json\/wp\/v2\/event"}],"about":[{"href":"https:\/\/ticsalutsocial.atoom.space\/es\/wp-json\/wp\/v2\/types\/event"}],"wp:attachment":[{"href":"https:\/\/ticsalutsocial.atoom.space\/es\/wp-json\/wp\/v2\/media?parent=33444"}],"wp:term":[{"taxonomy":"tipus","embeddable":true,"href":"https:\/\/ticsalutsocial.atoom.space\/es\/wp-json\/wp\/v2\/tipus?post=33444"},{"taxonomy":"topic","embeddable":true,"href":"https:\/\/ticsalutsocial.atoom.space\/es\/wp-json\/wp\/v2\/topic?post=33444"}],"curies":[{"name":"wp","href":"https:\/\/api.w.org\/{rel}","templated":true}]}}