
{"id":33589,"date":"2025-09-22T14:16:21","date_gmt":"2025-09-22T12:16:21","guid":{"rendered":"https:\/\/ticsalutsocial.atoom.space\/event\/lliurament-premis-dinnovacio-digital-de-catalunya-2025\/"},"modified":"2025-09-22T14:37:33","modified_gmt":"2025-09-22T12:37:33","slug":"lliurament-premis-dinnovacio-digital-de-catalunya-2025","status":"publish","type":"event","link":"https:\/\/ticsalutsocial.atoom.space\/es\/event\/lliurament-premis-dinnovacio-digital-de-catalunya-2025\/","title":{"rendered":"Entrega de los Premios de Innovaci\u00f3n Digital de Catalu\u00f1a 2025"},"content":{"rendered":"\r\n<p data-start=\"1217\" data-end=\"1625\">Los Premios de Innovaci\u00f3n Digital de Catalu\u00f1a, impulsados por Graustic, est\u00e1n dirigidos tanto a candidaturas del sector TIC como a aquellas de otros sectores que incorporen de forma significativa las TIC en sus procesos internos y externos o en sus productos y servicios. Su objetivo es reconocer iniciativas, empresas, profesionales o instituciones que destaquen por el uso innovador de las TIC en Catalu\u00f1a.<\/p>\r\n<p data-start=\"1627\" data-end=\"1997\">La <em>Fundaci\u00f3 TIC Salut i Social<\/em> coorganiza la categor\u00eda de innovaci\u00f3n en salud, que premia la capacidad de innovaci\u00f3n en la aplicaci\u00f3n de las TIC a la Transformaci\u00f3n Digital y a la creaci\u00f3n de nuevos productos, servicios o soluciones centradas en las necesidades de las personas, as\u00ed como en la creaci\u00f3n de valor en el ecosistema de Salud y en clave de atenci\u00f3n integrada.<\/p>\r\n<p data-start=\"1999\" data-end=\"2187\">La presentaci\u00f3n de candidaturas est\u00e1 abierta hasta el 17 de octubre de 2025, y la entrega de premios se realizar\u00e1 los d\u00edas 12 y 13 de noviembre de 2025 en la Torre Telef\u00f3nica de Barcelona.<\/p>\r\n<p data-start=\"2189\" data-end=\"2205\"><strong>M\u00e1s informaci\u00f3n:<\/strong><\/p>\r\n<ul data-start=\"2207\" data-end=\"2247\">\r\n<li data-start=\"2207\" data-end=\"2239\">\r\n<p data-start=\"2209\" data-end=\"2239\"><a href=\"https:\/\/graustic.cat\/premis\/\" target=\"_blank\" rel=\"noopener\">Presentaci\u00f3n de candidaturas<\/a><\/p>\r\n<\/li>\r\n<\/ul>\r\n<ul class=\"wp-block-list\">\r\n\r\n\r\n<li><a href=\"https:\/\/graustic.cat\/wp-content\/uploads\/2025\/06\/Bases-dels-Premis-2025-ok.pdf\" target=\"_blank\" rel=\"noreferrer noopener\">Bases<\/a><\/li>\r\n<\/ul>\r\n<!-- \/wp:post-content -->\r\n\r\n<!-- wp:paragraph -->\r\n<p>&nbsp;<\/p>\r\n<!-- \/wp:paragraph -->","protected":false},"featured_media":0,"menu_order":0,"template":"","meta":{"_acf_changed":false,"inline_featured_image":false},"tipus":[],"topic":[117],"class_list":["post-33589","event","type-event","status-publish","hentry","topic-jornadas"],"acf":{"imatge":33587,"informacio":{"ubicacio":"Torre Telef\u00f2nica, Barcelona","data":"12\/11\/2025","hora":"","preu":"","inscripcions":"https:\/\/graustic.cat\/premis\/"},"programa":{"titol":"","items":false},"documents":false},"yoast_head":"<!-- This site is optimized with the Yoast SEO plugin v27.1.1 - https:\/\/yoast.com\/product\/yoast-seo-wordpress\/ -->\n<title>Entrega de los Premios de Innovaci\u00f3n Digital de Catalu\u00f1a 2025 - Fundaci\u00f3 TIC Salut i Social<\/title>\n<meta name=\"description\" content=\"La Fundaci\u00f3 TIC Salut i Social coorganitza la categoria d&#039;innovaci\u00f3 en salut\" \/>\n<meta name=\"robots\" content=\"index, follow, max-snippet:-1, max-image-preview:large, max-video-preview:-1\" \/>\n<link rel=\"canonical\" href=\"https:\/\/ticsalutsocial.atoom.space\/es\/event\/lliurament-premis-dinnovacio-digital-de-catalunya-2025\/\" \/>\n<meta property=\"og:locale\" content=\"es_ES\" \/>\n<meta property=\"og:type\" content=\"article\" \/>\n<meta property=\"og:title\" content=\"Entrega de los Premios de Innovaci\u00f3n Digital de Catalu\u00f1a 2025 - Fundaci\u00f3 TIC Salut i Social\" \/>\n<meta property=\"og:description\" content=\"La Fundaci\u00f3 TIC Salut i Social coorganitza la categoria d&#039;innovaci\u00f3 en salut\" \/>\n<meta property=\"og:url\" content=\"https:\/\/ticsalutsocial.atoom.space\/es\/event\/lliurament-premis-dinnovacio-digital-de-catalunya-2025\/\" \/>\n<meta property=\"og:site_name\" content=\"Fundaci\u00f3 TIC Salut i Social\" \/>\n<meta property=\"article:modified_time\" content=\"2025-09-22T12:37:33+00:00\" \/>\n<meta name=\"twitter:card\" content=\"summary_large_image\" \/>\n<meta name=\"twitter:label1\" content=\"Tiempo de lectura\" \/>\n\t<meta name=\"twitter:data1\" content=\"1 minuto\" \/>\n<script type=\"application\/ld+json\" class=\"yoast-schema-graph\">{\"@context\":\"https:\/\/schema.org\",\"@graph\":[{\"@type\":\"WebPage\",\"@id\":\"https:\/\/ticsalutsocial.atoom.space\/es\/event\/lliurament-premis-dinnovacio-digital-de-catalunya-2025\/\",\"url\":\"https:\/\/ticsalutsocial.atoom.space\/es\/event\/lliurament-premis-dinnovacio-digital-de-catalunya-2025\/\",\"name\":\"Entrega de los Premios de Innovaci\u00f3n Digital de Catalu\u00f1a 2025 - Fundaci\u00f3 TIC Salut i Social\",\"isPartOf\":{\"@id\":\"https:\/\/ticsalutsocial.atoom.space\/es\/#website\"},\"datePublished\":\"2025-09-22T12:16:21+00:00\",\"dateModified\":\"2025-09-22T12:37:33+00:00\",\"description\":\"La Fundaci\u00f3 TIC Salut i Social coorganitza la categoria d'innovaci\u00f3 en salut\",\"breadcrumb\":{\"@id\":\"https:\/\/ticsalutsocial.atoom.space\/es\/event\/lliurament-premis-dinnovacio-digital-de-catalunya-2025\/#breadcrumb\"},\"inLanguage\":\"es\",\"potentialAction\":[{\"@type\":\"ReadAction\",\"target\":[\"https:\/\/ticsalutsocial.atoom.space\/es\/event\/lliurament-premis-dinnovacio-digital-de-catalunya-2025\/\"]}]},{\"@type\":\"BreadcrumbList\",\"@id\":\"https:\/\/ticsalutsocial.atoom.space\/es\/event\/lliurament-premis-dinnovacio-digital-de-catalunya-2025\/#breadcrumb\",\"itemListElement\":[{\"@type\":\"ListItem\",\"position\":1,\"name\":\"Inici\",\"item\":\"https:\/\/ticsalutsocial.atoom.space\/es\/\"},{\"@type\":\"ListItem\",\"position\":2,\"name\":\"Entrega de los Premios de Innovaci\u00f3n Digital de Catalu\u00f1a 2025\"}]},{\"@type\":\"WebSite\",\"@id\":\"https:\/\/ticsalutsocial.atoom.space\/es\/#website\",\"url\":\"https:\/\/ticsalutsocial.atoom.space\/es\/\",\"name\":\"Fundaci\u00f3 TIC Salut i Social\",\"description\":\"\",\"potentialAction\":[{\"@type\":\"SearchAction\",\"target\":{\"@type\":\"EntryPoint\",\"urlTemplate\":\"https:\/\/ticsalutsocial.atoom.space\/es\/?s={search_term_string}\"},\"query-input\":{\"@type\":\"PropertyValueSpecification\",\"valueRequired\":true,\"valueName\":\"search_term_string\"}}],\"inLanguage\":\"es\"}]}<\/script>\n<!-- \/ Yoast SEO plugin. -->","yoast_head_json":{"title":"Entrega de los Premios de Innovaci\u00f3n Digital de Catalu\u00f1a 2025 - Fundaci\u00f3 TIC Salut i Social","description":"La Fundaci\u00f3 TIC Salut i Social coorganitza la categoria d'innovaci\u00f3 en salut","robots":{"index":"index","follow":"follow","max-snippet":"max-snippet:-1","max-image-preview":"max-image-preview:large","max-video-preview":"max-video-preview:-1"},"canonical":"https:\/\/ticsalutsocial.atoom.space\/es\/event\/lliurament-premis-dinnovacio-digital-de-catalunya-2025\/","og_locale":"es_ES","og_type":"article","og_title":"Entrega de los Premios de Innovaci\u00f3n Digital de Catalu\u00f1a 2025 - Fundaci\u00f3 TIC Salut i Social","og_description":"La Fundaci\u00f3 TIC Salut i Social coorganitza la categoria d'innovaci\u00f3 en salut","og_url":"https:\/\/ticsalutsocial.atoom.space\/es\/event\/lliurament-premis-dinnovacio-digital-de-catalunya-2025\/","og_site_name":"Fundaci\u00f3 TIC Salut i Social","article_modified_time":"2025-09-22T12:37:33+00:00","twitter_card":"summary_large_image","twitter_misc":{"Tiempo de lectura":"1 minuto"},"schema":{"@context":"https:\/\/schema.org","@graph":[{"@type":"WebPage","@id":"https:\/\/ticsalutsocial.atoom.space\/es\/event\/lliurament-premis-dinnovacio-digital-de-catalunya-2025\/","url":"https:\/\/ticsalutsocial.atoom.space\/es\/event\/lliurament-premis-dinnovacio-digital-de-catalunya-2025\/","name":"Entrega de los Premios de Innovaci\u00f3n Digital de Catalu\u00f1a 2025 - Fundaci\u00f3 TIC Salut i Social","isPartOf":{"@id":"https:\/\/ticsalutsocial.atoom.space\/es\/#website"},"datePublished":"2025-09-22T12:16:21+00:00","dateModified":"2025-09-22T12:37:33+00:00","description":"La Fundaci\u00f3 TIC Salut i Social coorganitza la categoria d'innovaci\u00f3 en salut","breadcrumb":{"@id":"https:\/\/ticsalutsocial.atoom.space\/es\/event\/lliurament-premis-dinnovacio-digital-de-catalunya-2025\/#breadcrumb"},"inLanguage":"es","potentialAction":[{"@type":"ReadAction","target":["https:\/\/ticsalutsocial.atoom.space\/es\/event\/lliurament-premis-dinnovacio-digital-de-catalunya-2025\/"]}]},{"@type":"BreadcrumbList","@id":"https:\/\/ticsalutsocial.atoom.space\/es\/event\/lliurament-premis-dinnovacio-digital-de-catalunya-2025\/#breadcrumb","itemListElement":[{"@type":"ListItem","position":1,"name":"Inici","item":"https:\/\/ticsalutsocial.atoom.space\/es\/"},{"@type":"ListItem","position":2,"name":"Entrega de los Premios de Innovaci\u00f3n Digital de Catalu\u00f1a 2025"}]},{"@type":"WebSite","@id":"https:\/\/ticsalutsocial.atoom.space\/es\/#website","url":"https:\/\/ticsalutsocial.atoom.space\/es\/","name":"Fundaci\u00f3 TIC Salut i Social","description":"","potentialAction":[{"@type":"SearchAction","target":{"@type":"EntryPoint","urlTemplate":"https:\/\/ticsalutsocial.atoom.space\/es\/?s={search_term_string}"},"query-input":{"@type":"PropertyValueSpecification","valueRequired":true,"valueName":"search_term_string"}}],"inLanguage":"es"}]}},"_links":{"self":[{"href":"https:\/\/ticsalutsocial.atoom.space\/es\/wp-json\/wp\/v2\/event\/33589","targetHints":{"allow":["GET"]}}],"collection":[{"href":"https:\/\/ticsalutsocial.atoom.space\/es\/wp-json\/wp\/v2\/event"}],"about":[{"href":"https:\/\/ticsalutsocial.atoom.space\/es\/wp-json\/wp\/v2\/types\/event"}],"wp:attachment":[{"href":"https:\/\/ticsalutsocial.atoom.space\/es\/wp-json\/wp\/v2\/media?parent=33589"}],"wp:term":[{"taxonomy":"tipus","embeddable":true,"href":"https:\/\/ticsalutsocial.atoom.space\/es\/wp-json\/wp\/v2\/tipus?post=33589"},{"taxonomy":"topic","embeddable":true,"href":"https:\/\/ticsalutsocial.atoom.space\/es\/wp-json\/wp\/v2\/topic?post=33589"}],"curies":[{"name":"wp","href":"https:\/\/api.w.org\/{rel}","templated":true}]}}