
{"id":33661,"date":"2025-09-25T12:35:26","date_gmt":"2025-09-25T10:35:26","guid":{"rendered":"https:\/\/ticsalutsocial.atoom.space\/event\/augmentant-capacitats-i-millorant-suports\/"},"modified":"2025-09-25T12:56:51","modified_gmt":"2025-09-25T10:56:51","slug":"augmentant-capacitats-i-millorant-suports","status":"publish","type":"event","link":"https:\/\/ticsalutsocial.atoom.space\/es\/event\/augmentant-capacitats-i-millorant-suports\/","title":{"rendered":"Aumentando capacidades y mejorando apoyos"},"content":{"rendered":"<p data-start=\"97\" data-end=\"357\">La <strong data-start=\"100\" data-end=\"182\">Coordinadora de Centros para Personas con Discapacidad Intelectual de Catalu\u00f1a<\/strong> organiza una jornada para explorar c\u00f3mo la inteligencia artificial, la rob\u00f3tica y otras tecnolog\u00edas innovadoras se ponen al servicio de personas con diversidad intelectual.<\/p>\n<p data-start=\"359\" data-end=\"771\">El director de la <strong data-start=\"377\" data-end=\"408\">Fundaci\u00f3 TIC Salut i Social<\/strong>, <strong data-start=\"410\" data-end=\"429\">Joan Guanyabens<\/strong>, y la responsable de Atenci\u00f3n Integrada del Departamento de Derechos Sociales e Inclusi\u00f3n y codirectora del equipo motor de atenci\u00f3n integrada social, <strong data-start=\"581\" data-end=\"600\">Conxita Barbeta<\/strong>, participar\u00e1n en la mesa <em data-start=\"626\" data-end=\"768\">\u00abLa Atenci\u00f3n Integrada Social y Sanitaria: retos de presente y futuro en Catalu\u00f1a en la Integraci\u00f3n de Sistemas de Informaci\u00f3n y Tecnolog\u00eda\u00bb<\/em>.<\/p>\n<p data-start=\"773\" data-end=\"815\">\ud83d\udc49 Consulta todo el cartel e inscr\u00edbete:<\/p>\n<p><a href=\"https:\/\/ticsalutsocial.atoom.space\/wp-content\/uploads\/2025\/09\/PROGRAMA_.pdf\">PROGRAMA_<\/a><\/p>\n","protected":false},"featured_media":33658,"menu_order":0,"template":"","meta":{"_acf_changed":false,"inline_featured_image":false},"tipus":[94,879],"topic":[117],"class_list":["post-33661","event","type-event","status-publish","has-post-thumbnail","hentry","tipus-integracion-social-y-sanitaria","tipus-inteligencia-artificial","topic-jornadas"],"acf":{"informacio":{"ubicacio":"AUDITORI RECINTE FLOR DE MAIG (FUNDACI\u00d3 CATAL\u00d2NIA) Carretera Flor de Maig, km.2,8 (Cerdanyola del Vall\u00e8s)","data":"20\/11\/2025","hora":"De 9:30 a 14:30","preu":"Gratuito con inscripci\u00f3n","inscripcions":"https:\/\/docs.google.com\/forms\/d\/e\/1FAIpQLScnzV5mVNjILma32OpwiKKwZw-Iupccir-GDTZNKTMJonxbWA\/viewform"},"programa":{"titol":"","items":false},"documents":false},"yoast_head":"<!-- This site is optimized with the Yoast SEO plugin v27.1.1 - https:\/\/yoast.com\/product\/yoast-seo-wordpress\/ -->\n<title>Aumentando capacidades y mejorando apoyos - Fundaci\u00f3 TIC Salut i Social<\/title>\n<meta name=\"robots\" content=\"index, follow, max-snippet:-1, max-image-preview:large, max-video-preview:-1\" \/>\n<link rel=\"canonical\" href=\"https:\/\/ticsalutsocial.atoom.space\/es\/event\/augmentant-capacitats-i-millorant-suports\/\" \/>\n<meta property=\"og:locale\" content=\"es_ES\" \/>\n<meta property=\"og:type\" content=\"article\" \/>\n<meta property=\"og:title\" content=\"Aumentando capacidades y mejorando apoyos - Fundaci\u00f3 TIC Salut i Social\" \/>\n<meta property=\"og:description\" content=\"La Coordinadora de Centros para Personas con Discapacidad Intelectual de Catalu\u00f1a organiza una jornada para explorar c\u00f3mo la inteligencia artificial, la rob\u00f3tica y otras tecnolog\u00edas innovadoras se ponen al servicio de personas con diversidad intelectual. El director de la Fundaci\u00f3 TIC Salut i Social, Joan Guanyabens, y la responsable de Atenci\u00f3n Integrada del Departamento de [&hellip;]\" \/>\n<meta property=\"og:url\" content=\"https:\/\/ticsalutsocial.atoom.space\/es\/event\/augmentant-capacitats-i-millorant-suports\/\" \/>\n<meta property=\"og:site_name\" content=\"Fundaci\u00f3 TIC Salut i Social\" \/>\n<meta property=\"article:modified_time\" content=\"2025-09-25T10:56:51+00:00\" \/>\n<meta property=\"og:image\" content=\"https:\/\/ticsalutsocial.atoom.space\/wp-content\/uploads\/2025\/09\/Captura-de-pantalla-2025-09-25-a-les-12.33.40-1024x637.png\" \/>\n\t<meta property=\"og:image:width\" content=\"1024\" \/>\n\t<meta property=\"og:image:height\" content=\"637\" \/>\n\t<meta property=\"og:image:type\" content=\"image\/png\" \/>\n<meta name=\"twitter:card\" content=\"summary_large_image\" \/>\n<meta name=\"twitter:label1\" content=\"Tiempo de lectura\" \/>\n\t<meta name=\"twitter:data1\" content=\"1 minuto\" \/>\n<script type=\"application\/ld+json\" class=\"yoast-schema-graph\">{\"@context\":\"https:\/\/schema.org\",\"@graph\":[{\"@type\":\"WebPage\",\"@id\":\"https:\/\/ticsalutsocial.atoom.space\/es\/event\/augmentant-capacitats-i-millorant-suports\/\",\"url\":\"https:\/\/ticsalutsocial.atoom.space\/es\/event\/augmentant-capacitats-i-millorant-suports\/\",\"name\":\"Aumentando capacidades y mejorando apoyos - Fundaci\u00f3 TIC Salut i Social\",\"isPartOf\":{\"@id\":\"https:\/\/ticsalutsocial.atoom.space\/es\/#website\"},\"primaryImageOfPage\":{\"@id\":\"https:\/\/ticsalutsocial.atoom.space\/es\/event\/augmentant-capacitats-i-millorant-suports\/#primaryimage\"},\"image\":{\"@id\":\"https:\/\/ticsalutsocial.atoom.space\/es\/event\/augmentant-capacitats-i-millorant-suports\/#primaryimage\"},\"thumbnailUrl\":\"https:\/\/ticsalutsocial.atoom.space\/wp-content\/uploads\/2025\/09\/Captura-de-pantalla-2025-09-25-a-les-12.33.40.png\",\"datePublished\":\"2025-09-25T10:35:26+00:00\",\"dateModified\":\"2025-09-25T10:56:51+00:00\",\"breadcrumb\":{\"@id\":\"https:\/\/ticsalutsocial.atoom.space\/es\/event\/augmentant-capacitats-i-millorant-suports\/#breadcrumb\"},\"inLanguage\":\"es\",\"potentialAction\":[{\"@type\":\"ReadAction\",\"target\":[\"https:\/\/ticsalutsocial.atoom.space\/es\/event\/augmentant-capacitats-i-millorant-suports\/\"]}]},{\"@type\":\"ImageObject\",\"inLanguage\":\"es\",\"@id\":\"https:\/\/ticsalutsocial.atoom.space\/es\/event\/augmentant-capacitats-i-millorant-suports\/#primaryimage\",\"url\":\"https:\/\/ticsalutsocial.atoom.space\/wp-content\/uploads\/2025\/09\/Captura-de-pantalla-2025-09-25-a-les-12.33.40.png\",\"contentUrl\":\"https:\/\/ticsalutsocial.atoom.space\/wp-content\/uploads\/2025\/09\/Captura-de-pantalla-2025-09-25-a-les-12.33.40.png\",\"width\":2342,\"height\":1456},{\"@type\":\"BreadcrumbList\",\"@id\":\"https:\/\/ticsalutsocial.atoom.space\/es\/event\/augmentant-capacitats-i-millorant-suports\/#breadcrumb\",\"itemListElement\":[{\"@type\":\"ListItem\",\"position\":1,\"name\":\"Inici\",\"item\":\"https:\/\/ticsalutsocial.atoom.space\/es\/\"},{\"@type\":\"ListItem\",\"position\":2,\"name\":\"Aumentando capacidades y mejorando apoyos\"}]},{\"@type\":\"WebSite\",\"@id\":\"https:\/\/ticsalutsocial.atoom.space\/es\/#website\",\"url\":\"https:\/\/ticsalutsocial.atoom.space\/es\/\",\"name\":\"Fundaci\u00f3 TIC Salut i Social\",\"description\":\"\",\"potentialAction\":[{\"@type\":\"SearchAction\",\"target\":{\"@type\":\"EntryPoint\",\"urlTemplate\":\"https:\/\/ticsalutsocial.atoom.space\/es\/?s={search_term_string}\"},\"query-input\":{\"@type\":\"PropertyValueSpecification\",\"valueRequired\":true,\"valueName\":\"search_term_string\"}}],\"inLanguage\":\"es\"}]}<\/script>\n<!-- \/ Yoast SEO plugin. -->","yoast_head_json":{"title":"Aumentando capacidades y mejorando apoyos - Fundaci\u00f3 TIC Salut i Social","robots":{"index":"index","follow":"follow","max-snippet":"max-snippet:-1","max-image-preview":"max-image-preview:large","max-video-preview":"max-video-preview:-1"},"canonical":"https:\/\/ticsalutsocial.atoom.space\/es\/event\/augmentant-capacitats-i-millorant-suports\/","og_locale":"es_ES","og_type":"article","og_title":"Aumentando capacidades y mejorando apoyos - Fundaci\u00f3 TIC Salut i Social","og_description":"La Coordinadora de Centros para Personas con Discapacidad Intelectual de Catalu\u00f1a organiza una jornada para explorar c\u00f3mo la inteligencia artificial, la rob\u00f3tica y otras tecnolog\u00edas innovadoras se ponen al servicio de personas con diversidad intelectual. El director de la Fundaci\u00f3 TIC Salut i Social, Joan Guanyabens, y la responsable de Atenci\u00f3n Integrada del Departamento de [&hellip;]","og_url":"https:\/\/ticsalutsocial.atoom.space\/es\/event\/augmentant-capacitats-i-millorant-suports\/","og_site_name":"Fundaci\u00f3 TIC Salut i Social","article_modified_time":"2025-09-25T10:56:51+00:00","og_image":[{"width":1024,"height":637,"url":"https:\/\/ticsalutsocial.atoom.space\/wp-content\/uploads\/2025\/09\/Captura-de-pantalla-2025-09-25-a-les-12.33.40-1024x637.png","type":"image\/png"}],"twitter_card":"summary_large_image","twitter_misc":{"Tiempo de lectura":"1 minuto"},"schema":{"@context":"https:\/\/schema.org","@graph":[{"@type":"WebPage","@id":"https:\/\/ticsalutsocial.atoom.space\/es\/event\/augmentant-capacitats-i-millorant-suports\/","url":"https:\/\/ticsalutsocial.atoom.space\/es\/event\/augmentant-capacitats-i-millorant-suports\/","name":"Aumentando capacidades y mejorando apoyos - Fundaci\u00f3 TIC Salut i Social","isPartOf":{"@id":"https:\/\/ticsalutsocial.atoom.space\/es\/#website"},"primaryImageOfPage":{"@id":"https:\/\/ticsalutsocial.atoom.space\/es\/event\/augmentant-capacitats-i-millorant-suports\/#primaryimage"},"image":{"@id":"https:\/\/ticsalutsocial.atoom.space\/es\/event\/augmentant-capacitats-i-millorant-suports\/#primaryimage"},"thumbnailUrl":"https:\/\/ticsalutsocial.atoom.space\/wp-content\/uploads\/2025\/09\/Captura-de-pantalla-2025-09-25-a-les-12.33.40.png","datePublished":"2025-09-25T10:35:26+00:00","dateModified":"2025-09-25T10:56:51+00:00","breadcrumb":{"@id":"https:\/\/ticsalutsocial.atoom.space\/es\/event\/augmentant-capacitats-i-millorant-suports\/#breadcrumb"},"inLanguage":"es","potentialAction":[{"@type":"ReadAction","target":["https:\/\/ticsalutsocial.atoom.space\/es\/event\/augmentant-capacitats-i-millorant-suports\/"]}]},{"@type":"ImageObject","inLanguage":"es","@id":"https:\/\/ticsalutsocial.atoom.space\/es\/event\/augmentant-capacitats-i-millorant-suports\/#primaryimage","url":"https:\/\/ticsalutsocial.atoom.space\/wp-content\/uploads\/2025\/09\/Captura-de-pantalla-2025-09-25-a-les-12.33.40.png","contentUrl":"https:\/\/ticsalutsocial.atoom.space\/wp-content\/uploads\/2025\/09\/Captura-de-pantalla-2025-09-25-a-les-12.33.40.png","width":2342,"height":1456},{"@type":"BreadcrumbList","@id":"https:\/\/ticsalutsocial.atoom.space\/es\/event\/augmentant-capacitats-i-millorant-suports\/#breadcrumb","itemListElement":[{"@type":"ListItem","position":1,"name":"Inici","item":"https:\/\/ticsalutsocial.atoom.space\/es\/"},{"@type":"ListItem","position":2,"name":"Aumentando capacidades y mejorando apoyos"}]},{"@type":"WebSite","@id":"https:\/\/ticsalutsocial.atoom.space\/es\/#website","url":"https:\/\/ticsalutsocial.atoom.space\/es\/","name":"Fundaci\u00f3 TIC Salut i Social","description":"","potentialAction":[{"@type":"SearchAction","target":{"@type":"EntryPoint","urlTemplate":"https:\/\/ticsalutsocial.atoom.space\/es\/?s={search_term_string}"},"query-input":{"@type":"PropertyValueSpecification","valueRequired":true,"valueName":"search_term_string"}}],"inLanguage":"es"}]}},"_links":{"self":[{"href":"https:\/\/ticsalutsocial.atoom.space\/es\/wp-json\/wp\/v2\/event\/33661","targetHints":{"allow":["GET"]}}],"collection":[{"href":"https:\/\/ticsalutsocial.atoom.space\/es\/wp-json\/wp\/v2\/event"}],"about":[{"href":"https:\/\/ticsalutsocial.atoom.space\/es\/wp-json\/wp\/v2\/types\/event"}],"wp:featuredmedia":[{"embeddable":true,"href":"https:\/\/ticsalutsocial.atoom.space\/es\/wp-json\/wp\/v2\/media\/33658"}],"wp:attachment":[{"href":"https:\/\/ticsalutsocial.atoom.space\/es\/wp-json\/wp\/v2\/media?parent=33661"}],"wp:term":[{"taxonomy":"tipus","embeddable":true,"href":"https:\/\/ticsalutsocial.atoom.space\/es\/wp-json\/wp\/v2\/tipus?post=33661"},{"taxonomy":"topic","embeddable":true,"href":"https:\/\/ticsalutsocial.atoom.space\/es\/wp-json\/wp\/v2\/topic?post=33661"}],"curies":[{"name":"wp","href":"https:\/\/api.w.org\/{rel}","templated":true}]}}