
{"id":33670,"date":"2025-09-29T09:20:47","date_gmt":"2025-09-29T07:20:47","guid":{"rendered":"https:\/\/ticsalutsocial.atoom.space\/event\/2a-setmana-de-la-innovacio-de-lias-i-lics-girona\/"},"modified":"2025-09-29T09:31:24","modified_gmt":"2025-09-29T07:31:24","slug":"2a-setmana-de-la-innovacio-de-lias-i-lics-girona","status":"publish","type":"event","link":"https:\/\/ticsalutsocial.atoom.space\/es\/event\/2a-setmana-de-la-innovacio-de-lias-i-lics-girona\/","title":{"rendered":"2\u00aa Semana de la Innovaci\u00f3n del IAS y el ICS Girona"},"content":{"rendered":"\n<p>Desde el Instituto de Asistencia Sanitaria (IAS) y el Institut Catal\u00e0 de la Salut (ICS) Girona organizan la <strong>2\u00aa Semana de la Innovaci\u00f3n del IAS y el ICS Girona<\/strong>, que tendr\u00e1 lugar los d\u00edas <strong>14 y 16 de octubre de 2025<\/strong> en Girona.<\/p>\n\n\n\n<p>Este encuentro quiere consolidarse como un <strong>punto de referencia en innovaci\u00f3n en salud en Catalu\u00f1a<\/strong>, un espacio donde las ideas se transformen en proyectos y los proyectos en futuro. La segunda edici\u00f3n reunir\u00e1 a <strong>expertos, instituciones y empresas<\/strong> para compartir conocimiento y poner en valor las iniciativas que impulsan la innovaci\u00f3n como motor de transformaci\u00f3n de nuestro sistema de salud.<\/p>\n\n\n\n<p>Las inscripciones ya est\u00e1n abiertas y se pueden realizar de manera separada para cada jornada:<\/p>\n\n\n\n<p><strong>14 de octubre<\/strong> \u2013 Presentaci\u00f3n de la <strong>C\u00e1tedra Girona: Innovaci\u00f3n en Salud<\/strong>. Claustro de Sant Dom\u00e8nec (UdG) \u2013 <strong><a href=\"https:\/\/assistentsactes.salut.gencat.cat\/actes\/225\/formulari\" target=\"_blank\" rel=\"noreferrer noopener\">INSCRIPCI\u00d3N<\/a><\/strong><\/p>\n\n\n\n<p><strong>16 de octubre<\/strong> \u2013 Jornada <strong>Innovem Girona 2025<\/strong> \u2013 Premios Innovaci\u00f3n IAS ICS Girona. La Farinera (c. Santa Eug\u00e8nia, 42. Girona) \u2013 <strong><a href=\"https:\/\/assistentsactes.salut.gencat.cat\/actes\/226\/formulari\" target=\"_blank\" rel=\"noreferrer noopener\">INSCRIPCI\u00d3N<\/a><\/strong><\/p>\n\n\n\n<p><\/p>\n","protected":false},"featured_media":0,"menu_order":0,"template":"","meta":{"_acf_changed":false,"inline_featured_image":false},"tipus":[],"topic":[119],"class_list":["post-33670","event","type-event","status-publish","hentry","topic-innovacion"],"acf":{"imatge":33669,"informacio":{"ubicacio":"Girona","data":"14\/10\/2025","hora":"","preu":"","inscripcions":""},"programa":{"titol":"","items":false},"documents":false},"yoast_head":"<!-- This site is optimized with the Yoast SEO plugin v27.1.1 - https:\/\/yoast.com\/product\/yoast-seo-wordpress\/ -->\n<title>2\u00aa Semana de la Innovaci\u00f3n del IAS y el ICS Girona - Fundaci\u00f3 TIC Salut i Social<\/title>\n<meta name=\"description\" content=\"Des de l\u2019Institut d\u2019Assist\u00e8ncia Sanit\u00e0ria (IAS)\u00a0i l\u2019Institut Catal\u00e0 de la Salut (ICS) Girona\u00a0organitzen la\u00a02a Setmana de la Innovaci\u00f3 de l\u2019IAS i l\u2019ICS Girona\" \/>\n<meta name=\"robots\" content=\"index, follow, max-snippet:-1, max-image-preview:large, max-video-preview:-1\" \/>\n<link rel=\"canonical\" href=\"https:\/\/ticsalutsocial.atoom.space\/es\/event\/2a-setmana-de-la-innovacio-de-lias-i-lics-girona\/\" \/>\n<meta property=\"og:locale\" content=\"es_ES\" \/>\n<meta property=\"og:type\" content=\"article\" \/>\n<meta property=\"og:title\" content=\"2\u00aa Semana de la Innovaci\u00f3n del IAS y el ICS Girona - Fundaci\u00f3 TIC Salut i Social\" \/>\n<meta property=\"og:description\" content=\"Des de l\u2019Institut d\u2019Assist\u00e8ncia Sanit\u00e0ria (IAS)\u00a0i l\u2019Institut Catal\u00e0 de la Salut (ICS) Girona\u00a0organitzen la\u00a02a Setmana de la Innovaci\u00f3 de l\u2019IAS i l\u2019ICS Girona\" \/>\n<meta property=\"og:url\" content=\"https:\/\/ticsalutsocial.atoom.space\/es\/event\/2a-setmana-de-la-innovacio-de-lias-i-lics-girona\/\" \/>\n<meta property=\"og:site_name\" content=\"Fundaci\u00f3 TIC Salut i Social\" \/>\n<meta property=\"article:modified_time\" content=\"2025-09-29T07:31:24+00:00\" \/>\n<meta name=\"twitter:card\" content=\"summary_large_image\" \/>\n<meta name=\"twitter:label1\" content=\"Tiempo de lectura\" \/>\n\t<meta name=\"twitter:data1\" content=\"1 minuto\" \/>\n<script type=\"application\/ld+json\" class=\"yoast-schema-graph\">{\"@context\":\"https:\/\/schema.org\",\"@graph\":[{\"@type\":\"WebPage\",\"@id\":\"https:\/\/ticsalutsocial.atoom.space\/es\/event\/2a-setmana-de-la-innovacio-de-lias-i-lics-girona\/\",\"url\":\"https:\/\/ticsalutsocial.atoom.space\/es\/event\/2a-setmana-de-la-innovacio-de-lias-i-lics-girona\/\",\"name\":\"2\u00aa Semana de la Innovaci\u00f3n del IAS y el ICS Girona - Fundaci\u00f3 TIC Salut i Social\",\"isPartOf\":{\"@id\":\"https:\/\/ticsalutsocial.atoom.space\/es\/#website\"},\"datePublished\":\"2025-09-29T07:20:47+00:00\",\"dateModified\":\"2025-09-29T07:31:24+00:00\",\"description\":\"Des de l\u2019Institut d\u2019Assist\u00e8ncia Sanit\u00e0ria (IAS)\u00a0i l\u2019Institut Catal\u00e0 de la Salut (ICS) Girona\u00a0organitzen la\u00a02a Setmana de la Innovaci\u00f3 de l\u2019IAS i l\u2019ICS Girona\",\"breadcrumb\":{\"@id\":\"https:\/\/ticsalutsocial.atoom.space\/es\/event\/2a-setmana-de-la-innovacio-de-lias-i-lics-girona\/#breadcrumb\"},\"inLanguage\":\"es\",\"potentialAction\":[{\"@type\":\"ReadAction\",\"target\":[\"https:\/\/ticsalutsocial.atoom.space\/es\/event\/2a-setmana-de-la-innovacio-de-lias-i-lics-girona\/\"]}]},{\"@type\":\"BreadcrumbList\",\"@id\":\"https:\/\/ticsalutsocial.atoom.space\/es\/event\/2a-setmana-de-la-innovacio-de-lias-i-lics-girona\/#breadcrumb\",\"itemListElement\":[{\"@type\":\"ListItem\",\"position\":1,\"name\":\"Inici\",\"item\":\"https:\/\/ticsalutsocial.atoom.space\/es\/\"},{\"@type\":\"ListItem\",\"position\":2,\"name\":\"2\u00aa Semana de la Innovaci\u00f3n del IAS y el ICS Girona\"}]},{\"@type\":\"WebSite\",\"@id\":\"https:\/\/ticsalutsocial.atoom.space\/es\/#website\",\"url\":\"https:\/\/ticsalutsocial.atoom.space\/es\/\",\"name\":\"Fundaci\u00f3 TIC Salut i Social\",\"description\":\"\",\"potentialAction\":[{\"@type\":\"SearchAction\",\"target\":{\"@type\":\"EntryPoint\",\"urlTemplate\":\"https:\/\/ticsalutsocial.atoom.space\/es\/?s={search_term_string}\"},\"query-input\":{\"@type\":\"PropertyValueSpecification\",\"valueRequired\":true,\"valueName\":\"search_term_string\"}}],\"inLanguage\":\"es\"}]}<\/script>\n<!-- \/ Yoast SEO plugin. -->","yoast_head_json":{"title":"2\u00aa Semana de la Innovaci\u00f3n del IAS y el ICS Girona - Fundaci\u00f3 TIC Salut i Social","description":"Des de l\u2019Institut d\u2019Assist\u00e8ncia Sanit\u00e0ria (IAS)\u00a0i l\u2019Institut Catal\u00e0 de la Salut (ICS) Girona\u00a0organitzen la\u00a02a Setmana de la Innovaci\u00f3 de l\u2019IAS i l\u2019ICS Girona","robots":{"index":"index","follow":"follow","max-snippet":"max-snippet:-1","max-image-preview":"max-image-preview:large","max-video-preview":"max-video-preview:-1"},"canonical":"https:\/\/ticsalutsocial.atoom.space\/es\/event\/2a-setmana-de-la-innovacio-de-lias-i-lics-girona\/","og_locale":"es_ES","og_type":"article","og_title":"2\u00aa Semana de la Innovaci\u00f3n del IAS y el ICS Girona - Fundaci\u00f3 TIC Salut i Social","og_description":"Des de l\u2019Institut d\u2019Assist\u00e8ncia Sanit\u00e0ria (IAS)\u00a0i l\u2019Institut Catal\u00e0 de la Salut (ICS) Girona\u00a0organitzen la\u00a02a Setmana de la Innovaci\u00f3 de l\u2019IAS i l\u2019ICS Girona","og_url":"https:\/\/ticsalutsocial.atoom.space\/es\/event\/2a-setmana-de-la-innovacio-de-lias-i-lics-girona\/","og_site_name":"Fundaci\u00f3 TIC Salut i Social","article_modified_time":"2025-09-29T07:31:24+00:00","twitter_card":"summary_large_image","twitter_misc":{"Tiempo de lectura":"1 minuto"},"schema":{"@context":"https:\/\/schema.org","@graph":[{"@type":"WebPage","@id":"https:\/\/ticsalutsocial.atoom.space\/es\/event\/2a-setmana-de-la-innovacio-de-lias-i-lics-girona\/","url":"https:\/\/ticsalutsocial.atoom.space\/es\/event\/2a-setmana-de-la-innovacio-de-lias-i-lics-girona\/","name":"2\u00aa Semana de la Innovaci\u00f3n del IAS y el ICS Girona - Fundaci\u00f3 TIC Salut i Social","isPartOf":{"@id":"https:\/\/ticsalutsocial.atoom.space\/es\/#website"},"datePublished":"2025-09-29T07:20:47+00:00","dateModified":"2025-09-29T07:31:24+00:00","description":"Des de l\u2019Institut d\u2019Assist\u00e8ncia Sanit\u00e0ria (IAS)\u00a0i l\u2019Institut Catal\u00e0 de la Salut (ICS) Girona\u00a0organitzen la\u00a02a Setmana de la Innovaci\u00f3 de l\u2019IAS i l\u2019ICS Girona","breadcrumb":{"@id":"https:\/\/ticsalutsocial.atoom.space\/es\/event\/2a-setmana-de-la-innovacio-de-lias-i-lics-girona\/#breadcrumb"},"inLanguage":"es","potentialAction":[{"@type":"ReadAction","target":["https:\/\/ticsalutsocial.atoom.space\/es\/event\/2a-setmana-de-la-innovacio-de-lias-i-lics-girona\/"]}]},{"@type":"BreadcrumbList","@id":"https:\/\/ticsalutsocial.atoom.space\/es\/event\/2a-setmana-de-la-innovacio-de-lias-i-lics-girona\/#breadcrumb","itemListElement":[{"@type":"ListItem","position":1,"name":"Inici","item":"https:\/\/ticsalutsocial.atoom.space\/es\/"},{"@type":"ListItem","position":2,"name":"2\u00aa Semana de la Innovaci\u00f3n del IAS y el ICS Girona"}]},{"@type":"WebSite","@id":"https:\/\/ticsalutsocial.atoom.space\/es\/#website","url":"https:\/\/ticsalutsocial.atoom.space\/es\/","name":"Fundaci\u00f3 TIC Salut i Social","description":"","potentialAction":[{"@type":"SearchAction","target":{"@type":"EntryPoint","urlTemplate":"https:\/\/ticsalutsocial.atoom.space\/es\/?s={search_term_string}"},"query-input":{"@type":"PropertyValueSpecification","valueRequired":true,"valueName":"search_term_string"}}],"inLanguage":"es"}]}},"_links":{"self":[{"href":"https:\/\/ticsalutsocial.atoom.space\/es\/wp-json\/wp\/v2\/event\/33670","targetHints":{"allow":["GET"]}}],"collection":[{"href":"https:\/\/ticsalutsocial.atoom.space\/es\/wp-json\/wp\/v2\/event"}],"about":[{"href":"https:\/\/ticsalutsocial.atoom.space\/es\/wp-json\/wp\/v2\/types\/event"}],"wp:attachment":[{"href":"https:\/\/ticsalutsocial.atoom.space\/es\/wp-json\/wp\/v2\/media?parent=33670"}],"wp:term":[{"taxonomy":"tipus","embeddable":true,"href":"https:\/\/ticsalutsocial.atoom.space\/es\/wp-json\/wp\/v2\/tipus?post=33670"},{"taxonomy":"topic","embeddable":true,"href":"https:\/\/ticsalutsocial.atoom.space\/es\/wp-json\/wp\/v2\/topic?post=33670"}],"curies":[{"name":"wp","href":"https:\/\/api.w.org\/{rel}","templated":true}]}}