
{"id":33679,"date":"2025-09-29T10:52:08","date_gmt":"2025-09-29T08:52:08","guid":{"rendered":"https:\/\/ticsalutsocial.atoom.space\/event\/healthtech2030-3\/"},"modified":"2025-09-29T10:59:05","modified_gmt":"2025-09-29T08:59:05","slug":"healthtech2030-3","status":"publish","type":"event","link":"https:\/\/ticsalutsocial.atoom.space\/es\/event\/healthtech2030-3\/","title":{"rendered":"HealthTech2030"},"content":{"rendered":"\n<p>El HealthTech2030, organizado por Xartec Salut, tendr\u00e1 lugar el 16 de octubre en Nau Bostik. El programa incluye ponencias inspiradoras, mesas redondas, debates, talleres y oportunidades de networking, todo enfocado en un objetivo clave: descubrir y dar forma a las soluciones que marcar\u00e1n la medicina del futuro. Una de las cosas m\u00e1s destacadas de esta edici\u00f3n es la creaci\u00f3n de un espacio donde se reunir\u00e1n pacientes reales con doctores e investigadores, con el fin de dar soluciones innovadoras a problemas reales, en tiempo real.<\/p>\n\n\n\n<p><strong><a href=\"https:\/\/www.healthtech2030.com\/inscription?utm_source=other&amp;utm_medium=cpc&amp;utm_\" target=\"_blank\" rel=\"noreferrer noopener\">M\u00e1s informaci\u00f3n<\/a><\/strong><\/p>\n","protected":false},"featured_media":33677,"menu_order":0,"template":"","meta":{"_acf_changed":false,"inline_featured_image":false},"tipus":[],"topic":[117],"class_list":["post-33679","event","type-event","status-publish","has-post-thumbnail","hentry","topic-jornadas"],"acf":{"imatge":33677,"informacio":{"ubicacio":"Nau Bostik, Barcelona","data":"16\/10\/2025","hora":"","preu":"","inscripcions":"https:\/\/www.healthtech2030.com\/inscription?utm_source=other&utm_medium=cpc&utm_"},"programa":{"titol":"","items":false},"documents":false},"yoast_head":"<!-- This site is optimized with the Yoast SEO plugin v27.1.1 - https:\/\/yoast.com\/product\/yoast-seo-wordpress\/ -->\n<title>HealthTech2030 - Fundaci\u00f3 TIC Salut i Social<\/title>\n<meta name=\"description\" content=\"El\u00a0HealthTech2030, organitzat per Xartec Salut,\u00a0tindr\u00e0 lloc el\u00a016 d&#039;octubre a Nau Bostik.\" \/>\n<meta name=\"robots\" content=\"index, follow, max-snippet:-1, max-image-preview:large, max-video-preview:-1\" \/>\n<link rel=\"canonical\" href=\"https:\/\/ticsalutsocial.atoom.space\/es\/event\/healthtech2030-3\/\" \/>\n<meta property=\"og:locale\" content=\"es_ES\" \/>\n<meta property=\"og:type\" content=\"article\" \/>\n<meta property=\"og:title\" content=\"HealthTech2030 - Fundaci\u00f3 TIC Salut i Social\" \/>\n<meta property=\"og:description\" content=\"El\u00a0HealthTech2030, organitzat per Xartec Salut,\u00a0tindr\u00e0 lloc el\u00a016 d&#039;octubre a Nau Bostik.\" \/>\n<meta property=\"og:url\" content=\"https:\/\/ticsalutsocial.atoom.space\/es\/event\/healthtech2030-3\/\" \/>\n<meta property=\"og:site_name\" content=\"Fundaci\u00f3 TIC Salut i Social\" \/>\n<meta property=\"article:modified_time\" content=\"2025-09-29T08:59:05+00:00\" \/>\n<meta property=\"og:image\" content=\"https:\/\/ticsalutsocial.atoom.space\/wp-content\/uploads\/2025\/09\/Captura-de-pantalla-2025-09-29-a-las-10.47.57-1024x528.png\" \/>\n\t<meta property=\"og:image:width\" content=\"1024\" \/>\n\t<meta property=\"og:image:height\" content=\"528\" \/>\n\t<meta property=\"og:image:type\" content=\"image\/png\" \/>\n<meta name=\"twitter:card\" content=\"summary_large_image\" \/>\n<meta name=\"twitter:label1\" content=\"Tiempo de lectura\" \/>\n\t<meta name=\"twitter:data1\" content=\"1 minuto\" \/>\n<script type=\"application\/ld+json\" class=\"yoast-schema-graph\">{\"@context\":\"https:\/\/schema.org\",\"@graph\":[{\"@type\":\"WebPage\",\"@id\":\"https:\/\/ticsalutsocial.atoom.space\/es\/event\/healthtech2030-3\/\",\"url\":\"https:\/\/ticsalutsocial.atoom.space\/es\/event\/healthtech2030-3\/\",\"name\":\"HealthTech2030 - Fundaci\u00f3 TIC Salut i Social\",\"isPartOf\":{\"@id\":\"https:\/\/ticsalutsocial.atoom.space\/es\/#website\"},\"primaryImageOfPage\":{\"@id\":\"https:\/\/ticsalutsocial.atoom.space\/es\/event\/healthtech2030-3\/#primaryimage\"},\"image\":{\"@id\":\"https:\/\/ticsalutsocial.atoom.space\/es\/event\/healthtech2030-3\/#primaryimage\"},\"thumbnailUrl\":\"https:\/\/ticsalutsocial.atoom.space\/wp-content\/uploads\/2025\/09\/Captura-de-pantalla-2025-09-29-a-las-10.47.57.png\",\"datePublished\":\"2025-09-29T08:52:08+00:00\",\"dateModified\":\"2025-09-29T08:59:05+00:00\",\"description\":\"El\u00a0HealthTech2030, organitzat per Xartec Salut,\u00a0tindr\u00e0 lloc el\u00a016 d'octubre a Nau Bostik.\",\"breadcrumb\":{\"@id\":\"https:\/\/ticsalutsocial.atoom.space\/es\/event\/healthtech2030-3\/#breadcrumb\"},\"inLanguage\":\"es\",\"potentialAction\":[{\"@type\":\"ReadAction\",\"target\":[\"https:\/\/ticsalutsocial.atoom.space\/es\/event\/healthtech2030-3\/\"]}]},{\"@type\":\"ImageObject\",\"inLanguage\":\"es\",\"@id\":\"https:\/\/ticsalutsocial.atoom.space\/es\/event\/healthtech2030-3\/#primaryimage\",\"url\":\"https:\/\/ticsalutsocial.atoom.space\/wp-content\/uploads\/2025\/09\/Captura-de-pantalla-2025-09-29-a-las-10.47.57.png\",\"contentUrl\":\"https:\/\/ticsalutsocial.atoom.space\/wp-content\/uploads\/2025\/09\/Captura-de-pantalla-2025-09-29-a-las-10.47.57.png\",\"width\":2368,\"height\":1222},{\"@type\":\"BreadcrumbList\",\"@id\":\"https:\/\/ticsalutsocial.atoom.space\/es\/event\/healthtech2030-3\/#breadcrumb\",\"itemListElement\":[{\"@type\":\"ListItem\",\"position\":1,\"name\":\"Inici\",\"item\":\"https:\/\/ticsalutsocial.atoom.space\/es\/\"},{\"@type\":\"ListItem\",\"position\":2,\"name\":\"HealthTech2030\"}]},{\"@type\":\"WebSite\",\"@id\":\"https:\/\/ticsalutsocial.atoom.space\/es\/#website\",\"url\":\"https:\/\/ticsalutsocial.atoom.space\/es\/\",\"name\":\"Fundaci\u00f3 TIC Salut i Social\",\"description\":\"\",\"potentialAction\":[{\"@type\":\"SearchAction\",\"target\":{\"@type\":\"EntryPoint\",\"urlTemplate\":\"https:\/\/ticsalutsocial.atoom.space\/es\/?s={search_term_string}\"},\"query-input\":{\"@type\":\"PropertyValueSpecification\",\"valueRequired\":true,\"valueName\":\"search_term_string\"}}],\"inLanguage\":\"es\"}]}<\/script>\n<!-- \/ Yoast SEO plugin. -->","yoast_head_json":{"title":"HealthTech2030 - Fundaci\u00f3 TIC Salut i Social","description":"El\u00a0HealthTech2030, organitzat per Xartec Salut,\u00a0tindr\u00e0 lloc el\u00a016 d'octubre a Nau Bostik.","robots":{"index":"index","follow":"follow","max-snippet":"max-snippet:-1","max-image-preview":"max-image-preview:large","max-video-preview":"max-video-preview:-1"},"canonical":"https:\/\/ticsalutsocial.atoom.space\/es\/event\/healthtech2030-3\/","og_locale":"es_ES","og_type":"article","og_title":"HealthTech2030 - Fundaci\u00f3 TIC Salut i Social","og_description":"El\u00a0HealthTech2030, organitzat per Xartec Salut,\u00a0tindr\u00e0 lloc el\u00a016 d'octubre a Nau Bostik.","og_url":"https:\/\/ticsalutsocial.atoom.space\/es\/event\/healthtech2030-3\/","og_site_name":"Fundaci\u00f3 TIC Salut i Social","article_modified_time":"2025-09-29T08:59:05+00:00","og_image":[{"width":1024,"height":528,"url":"https:\/\/ticsalutsocial.atoom.space\/wp-content\/uploads\/2025\/09\/Captura-de-pantalla-2025-09-29-a-las-10.47.57-1024x528.png","type":"image\/png"}],"twitter_card":"summary_large_image","twitter_misc":{"Tiempo de lectura":"1 minuto"},"schema":{"@context":"https:\/\/schema.org","@graph":[{"@type":"WebPage","@id":"https:\/\/ticsalutsocial.atoom.space\/es\/event\/healthtech2030-3\/","url":"https:\/\/ticsalutsocial.atoom.space\/es\/event\/healthtech2030-3\/","name":"HealthTech2030 - Fundaci\u00f3 TIC Salut i Social","isPartOf":{"@id":"https:\/\/ticsalutsocial.atoom.space\/es\/#website"},"primaryImageOfPage":{"@id":"https:\/\/ticsalutsocial.atoom.space\/es\/event\/healthtech2030-3\/#primaryimage"},"image":{"@id":"https:\/\/ticsalutsocial.atoom.space\/es\/event\/healthtech2030-3\/#primaryimage"},"thumbnailUrl":"https:\/\/ticsalutsocial.atoom.space\/wp-content\/uploads\/2025\/09\/Captura-de-pantalla-2025-09-29-a-las-10.47.57.png","datePublished":"2025-09-29T08:52:08+00:00","dateModified":"2025-09-29T08:59:05+00:00","description":"El\u00a0HealthTech2030, organitzat per Xartec Salut,\u00a0tindr\u00e0 lloc el\u00a016 d'octubre a Nau Bostik.","breadcrumb":{"@id":"https:\/\/ticsalutsocial.atoom.space\/es\/event\/healthtech2030-3\/#breadcrumb"},"inLanguage":"es","potentialAction":[{"@type":"ReadAction","target":["https:\/\/ticsalutsocial.atoom.space\/es\/event\/healthtech2030-3\/"]}]},{"@type":"ImageObject","inLanguage":"es","@id":"https:\/\/ticsalutsocial.atoom.space\/es\/event\/healthtech2030-3\/#primaryimage","url":"https:\/\/ticsalutsocial.atoom.space\/wp-content\/uploads\/2025\/09\/Captura-de-pantalla-2025-09-29-a-las-10.47.57.png","contentUrl":"https:\/\/ticsalutsocial.atoom.space\/wp-content\/uploads\/2025\/09\/Captura-de-pantalla-2025-09-29-a-las-10.47.57.png","width":2368,"height":1222},{"@type":"BreadcrumbList","@id":"https:\/\/ticsalutsocial.atoom.space\/es\/event\/healthtech2030-3\/#breadcrumb","itemListElement":[{"@type":"ListItem","position":1,"name":"Inici","item":"https:\/\/ticsalutsocial.atoom.space\/es\/"},{"@type":"ListItem","position":2,"name":"HealthTech2030"}]},{"@type":"WebSite","@id":"https:\/\/ticsalutsocial.atoom.space\/es\/#website","url":"https:\/\/ticsalutsocial.atoom.space\/es\/","name":"Fundaci\u00f3 TIC Salut i Social","description":"","potentialAction":[{"@type":"SearchAction","target":{"@type":"EntryPoint","urlTemplate":"https:\/\/ticsalutsocial.atoom.space\/es\/?s={search_term_string}"},"query-input":{"@type":"PropertyValueSpecification","valueRequired":true,"valueName":"search_term_string"}}],"inLanguage":"es"}]}},"_links":{"self":[{"href":"https:\/\/ticsalutsocial.atoom.space\/es\/wp-json\/wp\/v2\/event\/33679","targetHints":{"allow":["GET"]}}],"collection":[{"href":"https:\/\/ticsalutsocial.atoom.space\/es\/wp-json\/wp\/v2\/event"}],"about":[{"href":"https:\/\/ticsalutsocial.atoom.space\/es\/wp-json\/wp\/v2\/types\/event"}],"wp:featuredmedia":[{"embeddable":true,"href":"https:\/\/ticsalutsocial.atoom.space\/es\/wp-json\/wp\/v2\/media\/33677"}],"wp:attachment":[{"href":"https:\/\/ticsalutsocial.atoom.space\/es\/wp-json\/wp\/v2\/media?parent=33679"}],"wp:term":[{"taxonomy":"tipus","embeddable":true,"href":"https:\/\/ticsalutsocial.atoom.space\/es\/wp-json\/wp\/v2\/tipus?post=33679"},{"taxonomy":"topic","embeddable":true,"href":"https:\/\/ticsalutsocial.atoom.space\/es\/wp-json\/wp\/v2\/topic?post=33679"}],"curies":[{"name":"wp","href":"https:\/\/api.w.org\/{rel}","templated":true}]}}