
{"id":33707,"date":"2025-09-29T13:10:33","date_gmt":"2025-09-29T11:10:33","guid":{"rendered":"https:\/\/ticsalutsocial.atoom.space\/event\/connecta-i-transforma-canvis-socials-des-de-la-innovacio-digital\/"},"modified":"2025-09-29T13:16:33","modified_gmt":"2025-09-29T11:16:33","slug":"connecta-i-transforma-canvis-socials-des-de-la-innovacio-digital","status":"publish","type":"event","link":"https:\/\/ticsalutsocial.atoom.space\/es\/event\/connecta-i-transforma-canvis-socials-des-de-la-innovacio-digital\/","title":{"rendered":"Conecta y transforma: cambios sociales desde la innovaci\u00f3n digital"},"content":{"rendered":"\n<p>m4Social organiza una jornada con federaciones, alianzas y administraciones para avanzar conjuntamente en las principales l\u00edneas del proyecto.<\/p>\n\n\n\n<p>El encuentro, previsto para todo el d\u00eda, quiere abordar tres ejes clave: la lucha contra la brecha digital, el uso de los datos en las entidades sociales y el potencial de la inteligencia artificial para mejorar tanto los procesos internos como la atenci\u00f3n a los colectivos en situaci\u00f3n de vulnerabilidad.<\/p>\n\n\n\n<p><a href=\"https:\/\/www.tercersector.cat\/form\/jornada-innovacio-digital-8-octu\" target=\"_blank\" rel=\"noreferrer noopener\">M\u00e1s informaci\u00f3n<\/a><\/p>\n","protected":false},"featured_media":0,"menu_order":0,"template":"","meta":{"_acf_changed":false,"inline_featured_image":false},"tipus":[1181],"topic":[117],"class_list":["post-33707","event","type-event","status-publish","hentry","tipus-ambit-social-es","topic-jornadas"],"acf":{"imatge":33705,"informacio":{"ubicacio":"Palau Macaya, Barcelona","data":"08\/10\/2025","hora":"","preu":"","inscripcions":"https:\/\/www.tercersector.cat\/form\/jornada-innovacio-digital-8-octu"},"programa":{"titol":"","items":false},"documents":false},"yoast_head":"<!-- This site is optimized with the Yoast SEO plugin v27.1.1 - https:\/\/yoast.com\/product\/yoast-seo-wordpress\/ -->\n<title>Conecta y transforma: cambios sociales desde la innovaci\u00f3n digital - Fundaci\u00f3 TIC Salut i Social<\/title>\n<meta name=\"description\" content=\"m4Social organitza una jornada amb federacions, aliances i administracions per avan\u00e7ar conjuntament en les principals l\u00ednies del projecte\" \/>\n<meta name=\"robots\" content=\"index, follow, max-snippet:-1, max-image-preview:large, max-video-preview:-1\" \/>\n<link rel=\"canonical\" href=\"https:\/\/ticsalutsocial.atoom.space\/es\/event\/connecta-i-transforma-canvis-socials-des-de-la-innovacio-digital\/\" \/>\n<meta property=\"og:locale\" content=\"es_ES\" \/>\n<meta property=\"og:type\" content=\"article\" \/>\n<meta property=\"og:title\" content=\"Conecta y transforma: cambios sociales desde la innovaci\u00f3n digital - Fundaci\u00f3 TIC Salut i Social\" \/>\n<meta property=\"og:description\" content=\"m4Social organitza una jornada amb federacions, aliances i administracions per avan\u00e7ar conjuntament en les principals l\u00ednies del projecte\" \/>\n<meta property=\"og:url\" content=\"https:\/\/ticsalutsocial.atoom.space\/es\/event\/connecta-i-transforma-canvis-socials-des-de-la-innovacio-digital\/\" \/>\n<meta property=\"og:site_name\" content=\"Fundaci\u00f3 TIC Salut i Social\" \/>\n<meta property=\"article:modified_time\" content=\"2025-09-29T11:16:33+00:00\" \/>\n<meta name=\"twitter:card\" content=\"summary_large_image\" \/>\n<meta name=\"twitter:label1\" content=\"Tiempo de lectura\" \/>\n\t<meta name=\"twitter:data1\" content=\"1 minuto\" \/>\n<script type=\"application\/ld+json\" class=\"yoast-schema-graph\">{\"@context\":\"https:\/\/schema.org\",\"@graph\":[{\"@type\":\"WebPage\",\"@id\":\"https:\/\/ticsalutsocial.atoom.space\/es\/event\/connecta-i-transforma-canvis-socials-des-de-la-innovacio-digital\/\",\"url\":\"https:\/\/ticsalutsocial.atoom.space\/es\/event\/connecta-i-transforma-canvis-socials-des-de-la-innovacio-digital\/\",\"name\":\"Conecta y transforma: cambios sociales desde la innovaci\u00f3n digital - Fundaci\u00f3 TIC Salut i Social\",\"isPartOf\":{\"@id\":\"https:\/\/ticsalutsocial.atoom.space\/es\/#website\"},\"datePublished\":\"2025-09-29T11:10:33+00:00\",\"dateModified\":\"2025-09-29T11:16:33+00:00\",\"description\":\"m4Social organitza una jornada amb federacions, aliances i administracions per avan\u00e7ar conjuntament en les principals l\u00ednies del projecte\",\"breadcrumb\":{\"@id\":\"https:\/\/ticsalutsocial.atoom.space\/es\/event\/connecta-i-transforma-canvis-socials-des-de-la-innovacio-digital\/#breadcrumb\"},\"inLanguage\":\"es\",\"potentialAction\":[{\"@type\":\"ReadAction\",\"target\":[\"https:\/\/ticsalutsocial.atoom.space\/es\/event\/connecta-i-transforma-canvis-socials-des-de-la-innovacio-digital\/\"]}]},{\"@type\":\"BreadcrumbList\",\"@id\":\"https:\/\/ticsalutsocial.atoom.space\/es\/event\/connecta-i-transforma-canvis-socials-des-de-la-innovacio-digital\/#breadcrumb\",\"itemListElement\":[{\"@type\":\"ListItem\",\"position\":1,\"name\":\"Inici\",\"item\":\"https:\/\/ticsalutsocial.atoom.space\/es\/\"},{\"@type\":\"ListItem\",\"position\":2,\"name\":\"Conecta y transforma: cambios sociales desde la innovaci\u00f3n digital\"}]},{\"@type\":\"WebSite\",\"@id\":\"https:\/\/ticsalutsocial.atoom.space\/es\/#website\",\"url\":\"https:\/\/ticsalutsocial.atoom.space\/es\/\",\"name\":\"Fundaci\u00f3 TIC Salut i Social\",\"description\":\"\",\"potentialAction\":[{\"@type\":\"SearchAction\",\"target\":{\"@type\":\"EntryPoint\",\"urlTemplate\":\"https:\/\/ticsalutsocial.atoom.space\/es\/?s={search_term_string}\"},\"query-input\":{\"@type\":\"PropertyValueSpecification\",\"valueRequired\":true,\"valueName\":\"search_term_string\"}}],\"inLanguage\":\"es\"}]}<\/script>\n<!-- \/ Yoast SEO plugin. -->","yoast_head_json":{"title":"Conecta y transforma: cambios sociales desde la innovaci\u00f3n digital - Fundaci\u00f3 TIC Salut i Social","description":"m4Social organitza una jornada amb federacions, aliances i administracions per avan\u00e7ar conjuntament en les principals l\u00ednies del projecte","robots":{"index":"index","follow":"follow","max-snippet":"max-snippet:-1","max-image-preview":"max-image-preview:large","max-video-preview":"max-video-preview:-1"},"canonical":"https:\/\/ticsalutsocial.atoom.space\/es\/event\/connecta-i-transforma-canvis-socials-des-de-la-innovacio-digital\/","og_locale":"es_ES","og_type":"article","og_title":"Conecta y transforma: cambios sociales desde la innovaci\u00f3n digital - Fundaci\u00f3 TIC Salut i Social","og_description":"m4Social organitza una jornada amb federacions, aliances i administracions per avan\u00e7ar conjuntament en les principals l\u00ednies del projecte","og_url":"https:\/\/ticsalutsocial.atoom.space\/es\/event\/connecta-i-transforma-canvis-socials-des-de-la-innovacio-digital\/","og_site_name":"Fundaci\u00f3 TIC Salut i Social","article_modified_time":"2025-09-29T11:16:33+00:00","twitter_card":"summary_large_image","twitter_misc":{"Tiempo de lectura":"1 minuto"},"schema":{"@context":"https:\/\/schema.org","@graph":[{"@type":"WebPage","@id":"https:\/\/ticsalutsocial.atoom.space\/es\/event\/connecta-i-transforma-canvis-socials-des-de-la-innovacio-digital\/","url":"https:\/\/ticsalutsocial.atoom.space\/es\/event\/connecta-i-transforma-canvis-socials-des-de-la-innovacio-digital\/","name":"Conecta y transforma: cambios sociales desde la innovaci\u00f3n digital - Fundaci\u00f3 TIC Salut i Social","isPartOf":{"@id":"https:\/\/ticsalutsocial.atoom.space\/es\/#website"},"datePublished":"2025-09-29T11:10:33+00:00","dateModified":"2025-09-29T11:16:33+00:00","description":"m4Social organitza una jornada amb federacions, aliances i administracions per avan\u00e7ar conjuntament en les principals l\u00ednies del projecte","breadcrumb":{"@id":"https:\/\/ticsalutsocial.atoom.space\/es\/event\/connecta-i-transforma-canvis-socials-des-de-la-innovacio-digital\/#breadcrumb"},"inLanguage":"es","potentialAction":[{"@type":"ReadAction","target":["https:\/\/ticsalutsocial.atoom.space\/es\/event\/connecta-i-transforma-canvis-socials-des-de-la-innovacio-digital\/"]}]},{"@type":"BreadcrumbList","@id":"https:\/\/ticsalutsocial.atoom.space\/es\/event\/connecta-i-transforma-canvis-socials-des-de-la-innovacio-digital\/#breadcrumb","itemListElement":[{"@type":"ListItem","position":1,"name":"Inici","item":"https:\/\/ticsalutsocial.atoom.space\/es\/"},{"@type":"ListItem","position":2,"name":"Conecta y transforma: cambios sociales desde la innovaci\u00f3n digital"}]},{"@type":"WebSite","@id":"https:\/\/ticsalutsocial.atoom.space\/es\/#website","url":"https:\/\/ticsalutsocial.atoom.space\/es\/","name":"Fundaci\u00f3 TIC Salut i Social","description":"","potentialAction":[{"@type":"SearchAction","target":{"@type":"EntryPoint","urlTemplate":"https:\/\/ticsalutsocial.atoom.space\/es\/?s={search_term_string}"},"query-input":{"@type":"PropertyValueSpecification","valueRequired":true,"valueName":"search_term_string"}}],"inLanguage":"es"}]}},"_links":{"self":[{"href":"https:\/\/ticsalutsocial.atoom.space\/es\/wp-json\/wp\/v2\/event\/33707","targetHints":{"allow":["GET"]}}],"collection":[{"href":"https:\/\/ticsalutsocial.atoom.space\/es\/wp-json\/wp\/v2\/event"}],"about":[{"href":"https:\/\/ticsalutsocial.atoom.space\/es\/wp-json\/wp\/v2\/types\/event"}],"wp:attachment":[{"href":"https:\/\/ticsalutsocial.atoom.space\/es\/wp-json\/wp\/v2\/media?parent=33707"}],"wp:term":[{"taxonomy":"tipus","embeddable":true,"href":"https:\/\/ticsalutsocial.atoom.space\/es\/wp-json\/wp\/v2\/tipus?post=33707"},{"taxonomy":"topic","embeddable":true,"href":"https:\/\/ticsalutsocial.atoom.space\/es\/wp-json\/wp\/v2\/topic?post=33707"}],"curies":[{"name":"wp","href":"https:\/\/api.w.org\/{rel}","templated":true}]}}