
{"id":33807,"date":"2025-10-06T12:06:55","date_gmt":"2025-10-06T10:06:55","guid":{"rendered":"https:\/\/ticsalutsocial.atoom.space\/event\/jornada-transformacio-digital-en-salut-impulsant-la-medicina-de-precisio-la-bioinformatica-i-la-intelligencia-artificial-a-catalunya\/"},"modified":"2025-10-21T10:16:00","modified_gmt":"2025-10-21T08:16:00","slug":"jornada-transformacio-digital-en-salut-impulsant-la-medicina-de-precisio-la-bioinformatica-i-la-intelligencia-artificial-a-catalunya","status":"publish","type":"event","link":"https:\/\/ticsalutsocial.atoom.space\/es\/event\/jornada-transformacio-digital-en-salut-impulsant-la-medicina-de-precisio-la-bioinformatica-i-la-intelligencia-artificial-a-catalunya\/","title":{"rendered":"Jornada de transformaci\u00f3n digital en salud: Impulsando la medicina de precisi\u00f3n, la bioinform\u00e1tica y la Inteligencia Artificial en Catalu\u00f1a"},"content":{"rendered":"\n<p>Esta jornada, organizada por Bioinformatics Barcelona (BiB), quiere ser un espacio de reflexi\u00f3n y debate en el que se pongan en com\u00fan la visi\u00f3n y la estrategia del sistema de salud catal\u00e1n en este \u00e1mbito, as\u00ed como los avances alcanzados y los retos a\u00fan pendientes. Pretende reunir a profesionales, responsables institucionales, expertos en tecnolog\u00eda y representantes del sector sanitario y social para compartir conocimiento, experiencias y buenas pr\u00e1cticas.<\/p>\n\n\n\n<p>La responsable de Imagen M\u00e9dica y Formaci\u00f3n de la Fundaci\u00f3 TIC Salut i Social, Elisenda Reixach, participar\u00e1 en la mesa redonda \u201cFormaci\u00f3n y capacitaci\u00f3n de profesionales: prepar\u00e1ndonos para el futuro digital\u201d.<\/p>\n\n\n\n<p><a href=\"https:\/\/transformaciodigital.bioinformaticsbarcelona.eu\/\" target=\"_blank\" rel=\"noreferrer noopener\">M\u00e1s informaci\u00f3n<\/a><\/p>\n","protected":false},"featured_media":33803,"menu_order":0,"template":"","meta":{"_acf_changed":false,"inline_featured_image":false},"tipus":[879],"topic":[117],"class_list":["post-33807","event","type-event","status-publish","has-post-thumbnail","hentry","tipus-inteligencia-artificial","topic-jornadas"],"acf":{"imatge":33803,"informacio":{"ubicacio":"Museu de la Ci\u00e8ncia CosmoCaixa, Barcelona.","data":"24\/10\/2025","hora":"","preu":"","inscripcions":"https:\/\/transformaciodigital.bioinformaticsbarcelona.eu\/"},"programa":{"titol":"","items":false},"documents":false},"yoast_head":"<!-- This site is optimized with the Yoast SEO plugin v27.1.1 - https:\/\/yoast.com\/product\/yoast-seo-wordpress\/ -->\n<title>Jornada de transformaci\u00f3n digital en salud: Impulsando la medicina de precisi\u00f3n, la bioinform\u00e1tica y la Inteligencia Artificial en Catalu\u00f1a - Fundaci\u00f3 TIC Salut i Social<\/title>\n<meta name=\"robots\" content=\"index, follow, max-snippet:-1, max-image-preview:large, max-video-preview:-1\" \/>\n<link rel=\"canonical\" href=\"https:\/\/ticsalutsocial.atoom.space\/es\/event\/jornada-transformacio-digital-en-salut-impulsant-la-medicina-de-precisio-la-bioinformatica-i-la-intelligencia-artificial-a-catalunya\/\" \/>\n<meta property=\"og:locale\" content=\"es_ES\" \/>\n<meta property=\"og:type\" content=\"article\" \/>\n<meta property=\"og:title\" content=\"Jornada de transformaci\u00f3n digital en salud: Impulsando la medicina de precisi\u00f3n, la bioinform\u00e1tica y la Inteligencia Artificial en Catalu\u00f1a - Fundaci\u00f3 TIC Salut i Social\" \/>\n<meta property=\"og:description\" content=\"Esta jornada, organizada por Bioinformatics Barcelona (BiB), quiere ser un espacio de reflexi\u00f3n y debate en el que se pongan en com\u00fan la visi\u00f3n y la estrategia del sistema de salud catal\u00e1n en este \u00e1mbito, as\u00ed como los avances alcanzados y los retos a\u00fan pendientes. Pretende reunir a profesionales, responsables institucionales, expertos en tecnolog\u00eda y [&hellip;]\" \/>\n<meta property=\"og:url\" content=\"https:\/\/ticsalutsocial.atoom.space\/es\/event\/jornada-transformacio-digital-en-salut-impulsant-la-medicina-de-precisio-la-bioinformatica-i-la-intelligencia-artificial-a-catalunya\/\" \/>\n<meta property=\"og:site_name\" content=\"Fundaci\u00f3 TIC Salut i Social\" \/>\n<meta property=\"article:modified_time\" content=\"2025-10-21T08:16:00+00:00\" \/>\n<meta property=\"og:image\" content=\"https:\/\/ticsalutsocial.atoom.space\/wp-content\/uploads\/2025\/10\/Jornada-transformacio-digital-en-salut.png\" \/>\n\t<meta property=\"og:image:width\" content=\"824\" \/>\n\t<meta property=\"og:image:height\" content=\"547\" \/>\n\t<meta property=\"og:image:type\" content=\"image\/png\" \/>\n<meta name=\"twitter:card\" content=\"summary_large_image\" \/>\n<meta name=\"twitter:label1\" content=\"Tiempo de lectura\" \/>\n\t<meta name=\"twitter:data1\" content=\"1 minuto\" \/>\n<script type=\"application\/ld+json\" class=\"yoast-schema-graph\">{\"@context\":\"https:\/\/schema.org\",\"@graph\":[{\"@type\":\"WebPage\",\"@id\":\"https:\/\/ticsalutsocial.atoom.space\/es\/event\/jornada-transformacio-digital-en-salut-impulsant-la-medicina-de-precisio-la-bioinformatica-i-la-intelligencia-artificial-a-catalunya\/\",\"url\":\"https:\/\/ticsalutsocial.atoom.space\/es\/event\/jornada-transformacio-digital-en-salut-impulsant-la-medicina-de-precisio-la-bioinformatica-i-la-intelligencia-artificial-a-catalunya\/\",\"name\":\"Jornada de transformaci\u00f3n digital en salud: Impulsando la medicina de precisi\u00f3n, la bioinform\u00e1tica y la Inteligencia Artificial en Catalu\u00f1a - Fundaci\u00f3 TIC Salut i Social\",\"isPartOf\":{\"@id\":\"https:\/\/ticsalutsocial.atoom.space\/es\/#website\"},\"primaryImageOfPage\":{\"@id\":\"https:\/\/ticsalutsocial.atoom.space\/es\/event\/jornada-transformacio-digital-en-salut-impulsant-la-medicina-de-precisio-la-bioinformatica-i-la-intelligencia-artificial-a-catalunya\/#primaryimage\"},\"image\":{\"@id\":\"https:\/\/ticsalutsocial.atoom.space\/es\/event\/jornada-transformacio-digital-en-salut-impulsant-la-medicina-de-precisio-la-bioinformatica-i-la-intelligencia-artificial-a-catalunya\/#primaryimage\"},\"thumbnailUrl\":\"https:\/\/ticsalutsocial.atoom.space\/wp-content\/uploads\/2025\/10\/Jornada-transformacio-digital-en-salut.png\",\"datePublished\":\"2025-10-06T10:06:55+00:00\",\"dateModified\":\"2025-10-21T08:16:00+00:00\",\"breadcrumb\":{\"@id\":\"https:\/\/ticsalutsocial.atoom.space\/es\/event\/jornada-transformacio-digital-en-salut-impulsant-la-medicina-de-precisio-la-bioinformatica-i-la-intelligencia-artificial-a-catalunya\/#breadcrumb\"},\"inLanguage\":\"es\",\"potentialAction\":[{\"@type\":\"ReadAction\",\"target\":[\"https:\/\/ticsalutsocial.atoom.space\/es\/event\/jornada-transformacio-digital-en-salut-impulsant-la-medicina-de-precisio-la-bioinformatica-i-la-intelligencia-artificial-a-catalunya\/\"]}]},{\"@type\":\"ImageObject\",\"inLanguage\":\"es\",\"@id\":\"https:\/\/ticsalutsocial.atoom.space\/es\/event\/jornada-transformacio-digital-en-salut-impulsant-la-medicina-de-precisio-la-bioinformatica-i-la-intelligencia-artificial-a-catalunya\/#primaryimage\",\"url\":\"https:\/\/ticsalutsocial.atoom.space\/wp-content\/uploads\/2025\/10\/Jornada-transformacio-digital-en-salut.png\",\"contentUrl\":\"https:\/\/ticsalutsocial.atoom.space\/wp-content\/uploads\/2025\/10\/Jornada-transformacio-digital-en-salut.png\",\"width\":824,\"height\":547},{\"@type\":\"BreadcrumbList\",\"@id\":\"https:\/\/ticsalutsocial.atoom.space\/es\/event\/jornada-transformacio-digital-en-salut-impulsant-la-medicina-de-precisio-la-bioinformatica-i-la-intelligencia-artificial-a-catalunya\/#breadcrumb\",\"itemListElement\":[{\"@type\":\"ListItem\",\"position\":1,\"name\":\"Inici\",\"item\":\"https:\/\/ticsalutsocial.atoom.space\/es\/\"},{\"@type\":\"ListItem\",\"position\":2,\"name\":\"Jornada de transformaci\u00f3n digital en salud: Impulsando la medicina de precisi\u00f3n, la bioinform\u00e1tica y la Inteligencia Artificial en Catalu\u00f1a\"}]},{\"@type\":\"WebSite\",\"@id\":\"https:\/\/ticsalutsocial.atoom.space\/es\/#website\",\"url\":\"https:\/\/ticsalutsocial.atoom.space\/es\/\",\"name\":\"Fundaci\u00f3 TIC Salut i Social\",\"description\":\"\",\"potentialAction\":[{\"@type\":\"SearchAction\",\"target\":{\"@type\":\"EntryPoint\",\"urlTemplate\":\"https:\/\/ticsalutsocial.atoom.space\/es\/?s={search_term_string}\"},\"query-input\":{\"@type\":\"PropertyValueSpecification\",\"valueRequired\":true,\"valueName\":\"search_term_string\"}}],\"inLanguage\":\"es\"}]}<\/script>\n<!-- \/ Yoast SEO plugin. -->","yoast_head_json":{"title":"Jornada de transformaci\u00f3n digital en salud: Impulsando la medicina de precisi\u00f3n, la bioinform\u00e1tica y la Inteligencia Artificial en Catalu\u00f1a - Fundaci\u00f3 TIC Salut i Social","robots":{"index":"index","follow":"follow","max-snippet":"max-snippet:-1","max-image-preview":"max-image-preview:large","max-video-preview":"max-video-preview:-1"},"canonical":"https:\/\/ticsalutsocial.atoom.space\/es\/event\/jornada-transformacio-digital-en-salut-impulsant-la-medicina-de-precisio-la-bioinformatica-i-la-intelligencia-artificial-a-catalunya\/","og_locale":"es_ES","og_type":"article","og_title":"Jornada de transformaci\u00f3n digital en salud: Impulsando la medicina de precisi\u00f3n, la bioinform\u00e1tica y la Inteligencia Artificial en Catalu\u00f1a - Fundaci\u00f3 TIC Salut i Social","og_description":"Esta jornada, organizada por Bioinformatics Barcelona (BiB), quiere ser un espacio de reflexi\u00f3n y debate en el que se pongan en com\u00fan la visi\u00f3n y la estrategia del sistema de salud catal\u00e1n en este \u00e1mbito, as\u00ed como los avances alcanzados y los retos a\u00fan pendientes. Pretende reunir a profesionales, responsables institucionales, expertos en tecnolog\u00eda y [&hellip;]","og_url":"https:\/\/ticsalutsocial.atoom.space\/es\/event\/jornada-transformacio-digital-en-salut-impulsant-la-medicina-de-precisio-la-bioinformatica-i-la-intelligencia-artificial-a-catalunya\/","og_site_name":"Fundaci\u00f3 TIC Salut i Social","article_modified_time":"2025-10-21T08:16:00+00:00","og_image":[{"width":824,"height":547,"url":"https:\/\/ticsalutsocial.atoom.space\/wp-content\/uploads\/2025\/10\/Jornada-transformacio-digital-en-salut.png","type":"image\/png"}],"twitter_card":"summary_large_image","twitter_misc":{"Tiempo de lectura":"1 minuto"},"schema":{"@context":"https:\/\/schema.org","@graph":[{"@type":"WebPage","@id":"https:\/\/ticsalutsocial.atoom.space\/es\/event\/jornada-transformacio-digital-en-salut-impulsant-la-medicina-de-precisio-la-bioinformatica-i-la-intelligencia-artificial-a-catalunya\/","url":"https:\/\/ticsalutsocial.atoom.space\/es\/event\/jornada-transformacio-digital-en-salut-impulsant-la-medicina-de-precisio-la-bioinformatica-i-la-intelligencia-artificial-a-catalunya\/","name":"Jornada de transformaci\u00f3n digital en salud: Impulsando la medicina de precisi\u00f3n, la bioinform\u00e1tica y la Inteligencia Artificial en Catalu\u00f1a - Fundaci\u00f3 TIC Salut i Social","isPartOf":{"@id":"https:\/\/ticsalutsocial.atoom.space\/es\/#website"},"primaryImageOfPage":{"@id":"https:\/\/ticsalutsocial.atoom.space\/es\/event\/jornada-transformacio-digital-en-salut-impulsant-la-medicina-de-precisio-la-bioinformatica-i-la-intelligencia-artificial-a-catalunya\/#primaryimage"},"image":{"@id":"https:\/\/ticsalutsocial.atoom.space\/es\/event\/jornada-transformacio-digital-en-salut-impulsant-la-medicina-de-precisio-la-bioinformatica-i-la-intelligencia-artificial-a-catalunya\/#primaryimage"},"thumbnailUrl":"https:\/\/ticsalutsocial.atoom.space\/wp-content\/uploads\/2025\/10\/Jornada-transformacio-digital-en-salut.png","datePublished":"2025-10-06T10:06:55+00:00","dateModified":"2025-10-21T08:16:00+00:00","breadcrumb":{"@id":"https:\/\/ticsalutsocial.atoom.space\/es\/event\/jornada-transformacio-digital-en-salut-impulsant-la-medicina-de-precisio-la-bioinformatica-i-la-intelligencia-artificial-a-catalunya\/#breadcrumb"},"inLanguage":"es","potentialAction":[{"@type":"ReadAction","target":["https:\/\/ticsalutsocial.atoom.space\/es\/event\/jornada-transformacio-digital-en-salut-impulsant-la-medicina-de-precisio-la-bioinformatica-i-la-intelligencia-artificial-a-catalunya\/"]}]},{"@type":"ImageObject","inLanguage":"es","@id":"https:\/\/ticsalutsocial.atoom.space\/es\/event\/jornada-transformacio-digital-en-salut-impulsant-la-medicina-de-precisio-la-bioinformatica-i-la-intelligencia-artificial-a-catalunya\/#primaryimage","url":"https:\/\/ticsalutsocial.atoom.space\/wp-content\/uploads\/2025\/10\/Jornada-transformacio-digital-en-salut.png","contentUrl":"https:\/\/ticsalutsocial.atoom.space\/wp-content\/uploads\/2025\/10\/Jornada-transformacio-digital-en-salut.png","width":824,"height":547},{"@type":"BreadcrumbList","@id":"https:\/\/ticsalutsocial.atoom.space\/es\/event\/jornada-transformacio-digital-en-salut-impulsant-la-medicina-de-precisio-la-bioinformatica-i-la-intelligencia-artificial-a-catalunya\/#breadcrumb","itemListElement":[{"@type":"ListItem","position":1,"name":"Inici","item":"https:\/\/ticsalutsocial.atoom.space\/es\/"},{"@type":"ListItem","position":2,"name":"Jornada de transformaci\u00f3n digital en salud: Impulsando la medicina de precisi\u00f3n, la bioinform\u00e1tica y la Inteligencia Artificial en Catalu\u00f1a"}]},{"@type":"WebSite","@id":"https:\/\/ticsalutsocial.atoom.space\/es\/#website","url":"https:\/\/ticsalutsocial.atoom.space\/es\/","name":"Fundaci\u00f3 TIC Salut i Social","description":"","potentialAction":[{"@type":"SearchAction","target":{"@type":"EntryPoint","urlTemplate":"https:\/\/ticsalutsocial.atoom.space\/es\/?s={search_term_string}"},"query-input":{"@type":"PropertyValueSpecification","valueRequired":true,"valueName":"search_term_string"}}],"inLanguage":"es"}]}},"_links":{"self":[{"href":"https:\/\/ticsalutsocial.atoom.space\/es\/wp-json\/wp\/v2\/event\/33807","targetHints":{"allow":["GET"]}}],"collection":[{"href":"https:\/\/ticsalutsocial.atoom.space\/es\/wp-json\/wp\/v2\/event"}],"about":[{"href":"https:\/\/ticsalutsocial.atoom.space\/es\/wp-json\/wp\/v2\/types\/event"}],"wp:featuredmedia":[{"embeddable":true,"href":"https:\/\/ticsalutsocial.atoom.space\/es\/wp-json\/wp\/v2\/media\/33803"}],"wp:attachment":[{"href":"https:\/\/ticsalutsocial.atoom.space\/es\/wp-json\/wp\/v2\/media?parent=33807"}],"wp:term":[{"taxonomy":"tipus","embeddable":true,"href":"https:\/\/ticsalutsocial.atoom.space\/es\/wp-json\/wp\/v2\/tipus?post=33807"},{"taxonomy":"topic","embeddable":true,"href":"https:\/\/ticsalutsocial.atoom.space\/es\/wp-json\/wp\/v2\/topic?post=33807"}],"curies":[{"name":"wp","href":"https:\/\/api.w.org\/{rel}","templated":true}]}}