
{"id":33815,"date":"2025-10-06T13:55:40","date_gmt":"2025-10-06T11:55:40","guid":{"rendered":"https:\/\/ticsalutsocial.atoom.space\/event\/xxxii-jornadas-nacionales-de-innovacion-y-salud-en-andalucia\/"},"modified":"2025-10-06T14:14:26","modified_gmt":"2025-10-06T12:14:26","slug":"xxxii-jornadas-nacionales-de-innovacion-y-salud-en-andalucia","status":"publish","type":"event","link":"https:\/\/ticsalutsocial.atoom.space\/es\/event\/xxxii-jornadas-nacionales-de-innovacion-y-salud-en-andalucia\/","title":{"rendered":"XXXII Jornadas Nacionales de Innovaci\u00f3n y Salud en Andaluc\u00eda"},"content":{"rendered":"\n<p>Las <strong>XXXII Jornadas Nacionales de Innovaci\u00f3n y Salud en Andaluc\u00eda (JISA2025)<\/strong>, bajo el lema <em>\u201cRelaciones saludables\u201d<\/em>, promueven un ejercicio de reflexi\u00f3n colectiva a lo largo del a\u00f1o en torno a <strong>16 retos clave<\/strong> en innovaci\u00f3n sanitaria. A trav\u00e9s del <em>m\u00e9todo socr\u00e1tico<\/em>, se buscan acciones concretas y viables para avanzar hacia un nuevo modelo de salud m\u00e1s colaborativo y tecnol\u00f3gico.<\/p>\n\n\n\n<p>El programa incluye <strong>sesiones plenarias<\/strong>, <strong>talleres<\/strong> y una <strong>mesa redonda<\/strong>, que abordan temas como la medicina gen\u00f3mica, la inteligencia artificial, los datos federados de salud, la personalizaci\u00f3n de los servicios sanitarios y la gobernanza compartida. Participan <strong>sociedades cient\u00edficas, instituciones sanitarias y organismos p\u00fablicos<\/strong> comprometidos con la transformaci\u00f3n digital y la mejora del sistema de salud.<\/p>\n\n\n\n<p>La responsable de Atenci\u00f3n Personalizada en Salud de la Fundaci\u00f3 TIC Salut i Social, <strong>N\u00faria Abd\u00f3n<\/strong>, participar\u00e1 en el taller <em>\u201cPersonalizaci\u00f3n de servicios de salud\u201d<\/em>, el <strong>23 de octubre a las 12:00h<\/strong>.<\/p>\n\n\n\n<p><a href=\"https:\/\/seis.es\/xxxii-jornadas-andalucia\/\">M\u00e1s informaci\u00f3n<\/a><\/p>\n","protected":false},"featured_media":33813,"menu_order":0,"template":"","meta":{"_acf_changed":false,"inline_featured_image":false},"tipus":[1174],"topic":[117],"class_list":["post-33815","event","type-event","status-publish","has-post-thumbnail","hentry","tipus-atencio-digital-personalitzada-es","topic-jornadas"],"acf":{"imatge":33813,"informacio":{"ubicacio":"Hotel Melia Sol Principe, Torremolinos","data":"22\/10\/2025","hora":"","preu":"","inscripcions":"https:\/\/seis.es\/xxxii-jornadas-andalucia\/"},"programa":{"titol":"","items":false},"documents":false},"yoast_head":"<!-- This site is optimized with the Yoast SEO plugin v27.1.1 - https:\/\/yoast.com\/product\/yoast-seo-wordpress\/ -->\n<title>XXXII Jornadas Nacionales de Innovaci\u00f3n y Salud en Andaluc\u00eda - Fundaci\u00f3 TIC Salut i Social<\/title>\n<meta name=\"robots\" content=\"index, follow, max-snippet:-1, max-image-preview:large, max-video-preview:-1\" \/>\n<link rel=\"canonical\" href=\"https:\/\/ticsalutsocial.atoom.space\/es\/event\/xxxii-jornadas-nacionales-de-innovacion-y-salud-en-andalucia\/\" \/>\n<meta property=\"og:locale\" content=\"es_ES\" \/>\n<meta property=\"og:type\" content=\"article\" \/>\n<meta property=\"og:title\" content=\"XXXII Jornadas Nacionales de Innovaci\u00f3n y Salud en Andaluc\u00eda - Fundaci\u00f3 TIC Salut i Social\" \/>\n<meta property=\"og:description\" content=\"Las XXXII Jornadas Nacionales de Innovaci\u00f3n y Salud en Andaluc\u00eda (JISA2025), bajo el lema \u201cRelaciones saludables\u201d, promueven un ejercicio de reflexi\u00f3n colectiva a lo largo del a\u00f1o en torno a 16 retos clave en innovaci\u00f3n sanitaria. A trav\u00e9s del m\u00e9todo socr\u00e1tico, se buscan acciones concretas y viables para avanzar hacia un nuevo modelo de salud [&hellip;]\" \/>\n<meta property=\"og:url\" content=\"https:\/\/ticsalutsocial.atoom.space\/es\/event\/xxxii-jornadas-nacionales-de-innovacion-y-salud-en-andalucia\/\" \/>\n<meta property=\"og:site_name\" content=\"Fundaci\u00f3 TIC Salut i Social\" \/>\n<meta property=\"article:modified_time\" content=\"2025-10-06T12:14:26+00:00\" \/>\n<meta property=\"og:image\" content=\"https:\/\/ticsalutsocial.atoom.space\/wp-content\/uploads\/2025\/10\/Jornadas-innovacion-SEIS-Andalucia.png\" \/>\n\t<meta property=\"og:image:width\" content=\"1100\" \/>\n\t<meta property=\"og:image:height\" content=\"716\" \/>\n\t<meta property=\"og:image:type\" content=\"image\/png\" \/>\n<meta name=\"twitter:card\" content=\"summary_large_image\" \/>\n<meta name=\"twitter:label1\" content=\"Tiempo de lectura\" \/>\n\t<meta name=\"twitter:data1\" content=\"2 minutos\" \/>\n<script type=\"application\/ld+json\" class=\"yoast-schema-graph\">{\"@context\":\"https:\/\/schema.org\",\"@graph\":[{\"@type\":\"WebPage\",\"@id\":\"https:\/\/ticsalutsocial.atoom.space\/es\/event\/xxxii-jornadas-nacionales-de-innovacion-y-salud-en-andalucia\/\",\"url\":\"https:\/\/ticsalutsocial.atoom.space\/es\/event\/xxxii-jornadas-nacionales-de-innovacion-y-salud-en-andalucia\/\",\"name\":\"XXXII Jornadas Nacionales de Innovaci\u00f3n y Salud en Andaluc\u00eda - Fundaci\u00f3 TIC Salut i Social\",\"isPartOf\":{\"@id\":\"https:\/\/ticsalutsocial.atoom.space\/es\/#website\"},\"primaryImageOfPage\":{\"@id\":\"https:\/\/ticsalutsocial.atoom.space\/es\/event\/xxxii-jornadas-nacionales-de-innovacion-y-salud-en-andalucia\/#primaryimage\"},\"image\":{\"@id\":\"https:\/\/ticsalutsocial.atoom.space\/es\/event\/xxxii-jornadas-nacionales-de-innovacion-y-salud-en-andalucia\/#primaryimage\"},\"thumbnailUrl\":\"https:\/\/ticsalutsocial.atoom.space\/wp-content\/uploads\/2025\/10\/Jornadas-innovacion-SEIS-Andalucia.png\",\"datePublished\":\"2025-10-06T11:55:40+00:00\",\"dateModified\":\"2025-10-06T12:14:26+00:00\",\"breadcrumb\":{\"@id\":\"https:\/\/ticsalutsocial.atoom.space\/es\/event\/xxxii-jornadas-nacionales-de-innovacion-y-salud-en-andalucia\/#breadcrumb\"},\"inLanguage\":\"es\",\"potentialAction\":[{\"@type\":\"ReadAction\",\"target\":[\"https:\/\/ticsalutsocial.atoom.space\/es\/event\/xxxii-jornadas-nacionales-de-innovacion-y-salud-en-andalucia\/\"]}]},{\"@type\":\"ImageObject\",\"inLanguage\":\"es\",\"@id\":\"https:\/\/ticsalutsocial.atoom.space\/es\/event\/xxxii-jornadas-nacionales-de-innovacion-y-salud-en-andalucia\/#primaryimage\",\"url\":\"https:\/\/ticsalutsocial.atoom.space\/wp-content\/uploads\/2025\/10\/Jornadas-innovacion-SEIS-Andalucia.png\",\"contentUrl\":\"https:\/\/ticsalutsocial.atoom.space\/wp-content\/uploads\/2025\/10\/Jornadas-innovacion-SEIS-Andalucia.png\",\"width\":1100,\"height\":716,\"caption\":\"Jornadas innovacio\u0301n SEIS Andaluci\u0301a\"},{\"@type\":\"BreadcrumbList\",\"@id\":\"https:\/\/ticsalutsocial.atoom.space\/es\/event\/xxxii-jornadas-nacionales-de-innovacion-y-salud-en-andalucia\/#breadcrumb\",\"itemListElement\":[{\"@type\":\"ListItem\",\"position\":1,\"name\":\"Inici\",\"item\":\"https:\/\/ticsalutsocial.atoom.space\/es\/\"},{\"@type\":\"ListItem\",\"position\":2,\"name\":\"XXXII Jornadas Nacionales de Innovaci\u00f3n y Salud en Andaluc\u00eda\"}]},{\"@type\":\"WebSite\",\"@id\":\"https:\/\/ticsalutsocial.atoom.space\/es\/#website\",\"url\":\"https:\/\/ticsalutsocial.atoom.space\/es\/\",\"name\":\"Fundaci\u00f3 TIC Salut i Social\",\"description\":\"\",\"potentialAction\":[{\"@type\":\"SearchAction\",\"target\":{\"@type\":\"EntryPoint\",\"urlTemplate\":\"https:\/\/ticsalutsocial.atoom.space\/es\/?s={search_term_string}\"},\"query-input\":{\"@type\":\"PropertyValueSpecification\",\"valueRequired\":true,\"valueName\":\"search_term_string\"}}],\"inLanguage\":\"es\"}]}<\/script>\n<!-- \/ Yoast SEO plugin. -->","yoast_head_json":{"title":"XXXII Jornadas Nacionales de Innovaci\u00f3n y Salud en Andaluc\u00eda - Fundaci\u00f3 TIC Salut i Social","robots":{"index":"index","follow":"follow","max-snippet":"max-snippet:-1","max-image-preview":"max-image-preview:large","max-video-preview":"max-video-preview:-1"},"canonical":"https:\/\/ticsalutsocial.atoom.space\/es\/event\/xxxii-jornadas-nacionales-de-innovacion-y-salud-en-andalucia\/","og_locale":"es_ES","og_type":"article","og_title":"XXXII Jornadas Nacionales de Innovaci\u00f3n y Salud en Andaluc\u00eda - Fundaci\u00f3 TIC Salut i Social","og_description":"Las XXXII Jornadas Nacionales de Innovaci\u00f3n y Salud en Andaluc\u00eda (JISA2025), bajo el lema \u201cRelaciones saludables\u201d, promueven un ejercicio de reflexi\u00f3n colectiva a lo largo del a\u00f1o en torno a 16 retos clave en innovaci\u00f3n sanitaria. A trav\u00e9s del m\u00e9todo socr\u00e1tico, se buscan acciones concretas y viables para avanzar hacia un nuevo modelo de salud [&hellip;]","og_url":"https:\/\/ticsalutsocial.atoom.space\/es\/event\/xxxii-jornadas-nacionales-de-innovacion-y-salud-en-andalucia\/","og_site_name":"Fundaci\u00f3 TIC Salut i Social","article_modified_time":"2025-10-06T12:14:26+00:00","og_image":[{"width":1100,"height":716,"url":"https:\/\/ticsalutsocial.atoom.space\/wp-content\/uploads\/2025\/10\/Jornadas-innovacion-SEIS-Andalucia.png","type":"image\/png"}],"twitter_card":"summary_large_image","twitter_misc":{"Tiempo de lectura":"2 minutos"},"schema":{"@context":"https:\/\/schema.org","@graph":[{"@type":"WebPage","@id":"https:\/\/ticsalutsocial.atoom.space\/es\/event\/xxxii-jornadas-nacionales-de-innovacion-y-salud-en-andalucia\/","url":"https:\/\/ticsalutsocial.atoom.space\/es\/event\/xxxii-jornadas-nacionales-de-innovacion-y-salud-en-andalucia\/","name":"XXXII Jornadas Nacionales de Innovaci\u00f3n y Salud en Andaluc\u00eda - Fundaci\u00f3 TIC Salut i Social","isPartOf":{"@id":"https:\/\/ticsalutsocial.atoom.space\/es\/#website"},"primaryImageOfPage":{"@id":"https:\/\/ticsalutsocial.atoom.space\/es\/event\/xxxii-jornadas-nacionales-de-innovacion-y-salud-en-andalucia\/#primaryimage"},"image":{"@id":"https:\/\/ticsalutsocial.atoom.space\/es\/event\/xxxii-jornadas-nacionales-de-innovacion-y-salud-en-andalucia\/#primaryimage"},"thumbnailUrl":"https:\/\/ticsalutsocial.atoom.space\/wp-content\/uploads\/2025\/10\/Jornadas-innovacion-SEIS-Andalucia.png","datePublished":"2025-10-06T11:55:40+00:00","dateModified":"2025-10-06T12:14:26+00:00","breadcrumb":{"@id":"https:\/\/ticsalutsocial.atoom.space\/es\/event\/xxxii-jornadas-nacionales-de-innovacion-y-salud-en-andalucia\/#breadcrumb"},"inLanguage":"es","potentialAction":[{"@type":"ReadAction","target":["https:\/\/ticsalutsocial.atoom.space\/es\/event\/xxxii-jornadas-nacionales-de-innovacion-y-salud-en-andalucia\/"]}]},{"@type":"ImageObject","inLanguage":"es","@id":"https:\/\/ticsalutsocial.atoom.space\/es\/event\/xxxii-jornadas-nacionales-de-innovacion-y-salud-en-andalucia\/#primaryimage","url":"https:\/\/ticsalutsocial.atoom.space\/wp-content\/uploads\/2025\/10\/Jornadas-innovacion-SEIS-Andalucia.png","contentUrl":"https:\/\/ticsalutsocial.atoom.space\/wp-content\/uploads\/2025\/10\/Jornadas-innovacion-SEIS-Andalucia.png","width":1100,"height":716,"caption":"Jornadas innovacio\u0301n SEIS Andaluci\u0301a"},{"@type":"BreadcrumbList","@id":"https:\/\/ticsalutsocial.atoom.space\/es\/event\/xxxii-jornadas-nacionales-de-innovacion-y-salud-en-andalucia\/#breadcrumb","itemListElement":[{"@type":"ListItem","position":1,"name":"Inici","item":"https:\/\/ticsalutsocial.atoom.space\/es\/"},{"@type":"ListItem","position":2,"name":"XXXII Jornadas Nacionales de Innovaci\u00f3n y Salud en Andaluc\u00eda"}]},{"@type":"WebSite","@id":"https:\/\/ticsalutsocial.atoom.space\/es\/#website","url":"https:\/\/ticsalutsocial.atoom.space\/es\/","name":"Fundaci\u00f3 TIC Salut i Social","description":"","potentialAction":[{"@type":"SearchAction","target":{"@type":"EntryPoint","urlTemplate":"https:\/\/ticsalutsocial.atoom.space\/es\/?s={search_term_string}"},"query-input":{"@type":"PropertyValueSpecification","valueRequired":true,"valueName":"search_term_string"}}],"inLanguage":"es"}]}},"_links":{"self":[{"href":"https:\/\/ticsalutsocial.atoom.space\/es\/wp-json\/wp\/v2\/event\/33815","targetHints":{"allow":["GET"]}}],"collection":[{"href":"https:\/\/ticsalutsocial.atoom.space\/es\/wp-json\/wp\/v2\/event"}],"about":[{"href":"https:\/\/ticsalutsocial.atoom.space\/es\/wp-json\/wp\/v2\/types\/event"}],"wp:featuredmedia":[{"embeddable":true,"href":"https:\/\/ticsalutsocial.atoom.space\/es\/wp-json\/wp\/v2\/media\/33813"}],"wp:attachment":[{"href":"https:\/\/ticsalutsocial.atoom.space\/es\/wp-json\/wp\/v2\/media?parent=33815"}],"wp:term":[{"taxonomy":"tipus","embeddable":true,"href":"https:\/\/ticsalutsocial.atoom.space\/es\/wp-json\/wp\/v2\/tipus?post=33815"},{"taxonomy":"topic","embeddable":true,"href":"https:\/\/ticsalutsocial.atoom.space\/es\/wp-json\/wp\/v2\/topic?post=33815"}],"curies":[{"name":"wp","href":"https:\/\/api.w.org\/{rel}","templated":true}]}}