
{"id":34003,"date":"2025-10-22T15:53:59","date_gmt":"2025-10-22T13:53:59","guid":{"rendered":"https:\/\/ticsalutsocial.atoom.space\/event\/ii-trobada-de-dpd-en-xarxa\/"},"modified":"2025-10-22T15:55:28","modified_gmt":"2025-10-22T13:55:28","slug":"ii-trobada-de-dpd-en-xarxa","status":"publish","type":"event","link":"https:\/\/ticsalutsocial.atoom.space\/es\/event\/ii-trobada-de-dpd-en-xarxa\/","title":{"rendered":"II Encuentro de \u2018DPD en red\u2019"},"content":{"rendered":"<div class=\"row\">\n<p class=\"p1\"><span class=\"s1\">El Espai Bital acoger\u00e1 el pr\u00f3ximo <\/span><b>30 de octubre<\/b><span class=\"s1\"> el <\/span><b>segundo encuentro presencial de la comunidad de delegados y delegadas de protecci\u00f3n de datos de Catalu\u00f1a<\/b><span class=\"s1\">, que este a\u00f1o contar\u00e1 con <\/span><b>conferencias, debates y grupos de trabajo<\/b><span class=\"s1\"> centrados en una <\/span><b>inteligencia artificial \u00e9tica y confiable<\/b><span class=\"s1\">, as\u00ed como en los <\/span><b>retos que supone para los DPD<\/b><span class=\"s1\">, la <\/span><b>evaluaci\u00f3n de impacto sobre los derechos fundamentales<\/b><span class=\"s1\">, el <\/span><b>Espacio Europeo de Datos de Salud<\/b><span class=\"s1\"> y las <\/span><b>transferencias internacionales de datos<\/b><span class=\"s1\">, entre otros temas.<\/span><\/p>\n<h3><b>PROGRAMA<\/b><\/h3>\n<p class=\"p1\"><b>9:30 h \u2013 Registro de asistentes<\/b><\/p>\n<p class=\"p1\"><b>10:00 h \u2013 Bienvenida<\/b><\/p>\n<p class=\"p4\">Meritxell Borr\u00e0s i Sol\u00e9, Directora de la APDCAT<\/p>\n<p class=\"p1\"><b>10:15 h \u2013 Ponencia \u201cIA y protecci\u00f3n de datos: un nuevo reto para los DPD\u201d<\/b><\/p>\n<p class=\"p4\">Dr. Josep Domingo Ferrer, Catedr\u00e1tico de Ingenier\u00eda Inform\u00e1tica de la Universidad Rovira i Virgili.<\/p>\n<p class=\"p4\">Presidente del Consejo Asesor de Protecci\u00f3n de Datos.<\/p>\n<p class=\"p1\"><b>11:00 h \u2013 Pausa caf\u00e9<\/b><\/p>\n<p class=\"p1\"><b>11:30 h \u2013 Panel APDCAT: nuevas actuaciones y posicionamientos<\/b><\/p>\n<ul>\n<li>\n<p class=\"p1\">Xavier Urios Aparisi, Jefe de la Asesor\u00eda Jur\u00eddica de la APDCAT<\/p>\n<\/li>\n<li>\n<p class=\"p1\">Josena Valls Vila, Jefa del \u00c1rea de Inspecci\u00f3n y T\u00e9cnica de la APDCAT<\/p>\n<\/li>\n<li>\n<p class=\"p1\">Albert Serra Pag\u00e8s, Coordinador de Tecnolog\u00eda y Seguridad de la Informaci\u00f3n de la APDCAT<\/p>\n<\/li>\n<\/ul>\n<p class=\"p1\"><b>12:30 h \u2013 Grupos de trabajo tem\u00e1ticos (primera sesi\u00f3n)<\/b><\/p>\n<ul>\n<li>\n<p class=\"p1\">Inteligencia artificial \u00e9tica y responsable<\/p>\n<\/li>\n<li>\n<p class=\"p1\">FRIA-PIA<\/p>\n<\/li>\n<li>\n<p class=\"p1\">Espacio Europeo de Datos de Salud<\/p>\n<\/li>\n<li>\n<p class=\"p1\">Transferencias internacionales de datos (TID)<\/p>\n<\/li>\n<li>\n<p class=\"p1\">Nuevos retos de futuro en \u201cDPD en red\u201d<\/p>\n<\/li>\n<li>\n<p class=\"p1\">Gobernanza algor\u00edtmica<\/p>\n<\/li>\n<\/ul>\n<p class=\"p1\"><b>14:00 h \u2013 Pausa \u2013 almuerzo<\/b><\/p>\n<p class=\"p1\"><b>15:00 h \u2013 Grupos de trabajo tem\u00e1ticos (segunda sesi\u00f3n)<\/b><\/p>\n<p class=\"p1\"><b>16:00 h \u2013 Presentaci\u00f3n de conclusiones de los grupos de trabajo<\/b><\/p>\n<p class=\"p1\"><b>17:30 h \u2013 Clausura<\/b><\/p>\n<\/div>\n","protected":false},"featured_media":0,"menu_order":0,"template":"","meta":{"_acf_changed":false,"inline_featured_image":false},"tipus":[106],"topic":[121,123],"class_list":["post-34003","event","type-event","status-publish","hentry","tipus-dpd-salud","topic-dpd-es","topic-actualidad"],"acf":{"informacio":{"ubicacio":"Espai Bital. L'Hospitalet de Llobregat.","data":"30\/10\/2025","hora":"De 9:30 a 17:30","preu":"Gratuito previa inscripci\u00f3n","inscripcions":"https:\/\/forms.office.com\/Pages\/ResponsePage.aspx?id=3CeUOw7TvEOMBv9yU2dv7PIX7Ur9DNRHvy0V8cb2VIpUQzJGNDhKRkdUNVdUM0UxU1VCQlVNTlFIVS4u&origin=Invitation&channel=0"},"programa":{"titol":"","items":false},"documents":false},"yoast_head":"<!-- This site is optimized with the Yoast SEO plugin v27.1.1 - https:\/\/yoast.com\/product\/yoast-seo-wordpress\/ -->\n<title>II Encuentro de \u2018DPD en red\u2019 - Fundaci\u00f3 TIC Salut i Social<\/title>\n<meta name=\"robots\" content=\"index, follow, max-snippet:-1, max-image-preview:large, max-video-preview:-1\" \/>\n<link rel=\"canonical\" href=\"https:\/\/ticsalutsocial.atoom.space\/es\/event\/ii-trobada-de-dpd-en-xarxa\/\" \/>\n<meta property=\"og:locale\" content=\"es_ES\" \/>\n<meta property=\"og:type\" content=\"article\" \/>\n<meta property=\"og:title\" content=\"II Encuentro de \u2018DPD en red\u2019 - Fundaci\u00f3 TIC Salut i Social\" \/>\n<meta property=\"og:description\" content=\"El Espai Bital acoger\u00e1 el pr\u00f3ximo 30 de octubre el segundo encuentro presencial de la comunidad de delegados y delegadas de protecci\u00f3n de datos de Catalu\u00f1a, que este a\u00f1o contar\u00e1 con conferencias, debates y grupos de trabajo centrados en una inteligencia artificial \u00e9tica y confiable, as\u00ed como en los retos que supone para los DPD, [&hellip;]\" \/>\n<meta property=\"og:url\" content=\"https:\/\/ticsalutsocial.atoom.space\/es\/event\/ii-trobada-de-dpd-en-xarxa\/\" \/>\n<meta property=\"og:site_name\" content=\"Fundaci\u00f3 TIC Salut i Social\" \/>\n<meta property=\"article:modified_time\" content=\"2025-10-22T13:55:28+00:00\" \/>\n<meta name=\"twitter:card\" content=\"summary_large_image\" \/>\n<meta name=\"twitter:label1\" content=\"Tiempo de lectura\" \/>\n\t<meta name=\"twitter:data1\" content=\"2 minutos\" \/>\n<script type=\"application\/ld+json\" class=\"yoast-schema-graph\">{\"@context\":\"https:\/\/schema.org\",\"@graph\":[{\"@type\":\"WebPage\",\"@id\":\"https:\/\/ticsalutsocial.atoom.space\/es\/event\/ii-trobada-de-dpd-en-xarxa\/\",\"url\":\"https:\/\/ticsalutsocial.atoom.space\/es\/event\/ii-trobada-de-dpd-en-xarxa\/\",\"name\":\"II Encuentro de \u2018DPD en red\u2019 - Fundaci\u00f3 TIC Salut i Social\",\"isPartOf\":{\"@id\":\"https:\/\/ticsalutsocial.atoom.space\/es\/#website\"},\"datePublished\":\"2025-10-22T13:53:59+00:00\",\"dateModified\":\"2025-10-22T13:55:28+00:00\",\"breadcrumb\":{\"@id\":\"https:\/\/ticsalutsocial.atoom.space\/es\/event\/ii-trobada-de-dpd-en-xarxa\/#breadcrumb\"},\"inLanguage\":\"es\",\"potentialAction\":[{\"@type\":\"ReadAction\",\"target\":[\"https:\/\/ticsalutsocial.atoom.space\/es\/event\/ii-trobada-de-dpd-en-xarxa\/\"]}]},{\"@type\":\"BreadcrumbList\",\"@id\":\"https:\/\/ticsalutsocial.atoom.space\/es\/event\/ii-trobada-de-dpd-en-xarxa\/#breadcrumb\",\"itemListElement\":[{\"@type\":\"ListItem\",\"position\":1,\"name\":\"Inici\",\"item\":\"https:\/\/ticsalutsocial.atoom.space\/es\/\"},{\"@type\":\"ListItem\",\"position\":2,\"name\":\"II Encuentro de \u2018DPD en red\u2019\"}]},{\"@type\":\"WebSite\",\"@id\":\"https:\/\/ticsalutsocial.atoom.space\/es\/#website\",\"url\":\"https:\/\/ticsalutsocial.atoom.space\/es\/\",\"name\":\"Fundaci\u00f3 TIC Salut i Social\",\"description\":\"\",\"potentialAction\":[{\"@type\":\"SearchAction\",\"target\":{\"@type\":\"EntryPoint\",\"urlTemplate\":\"https:\/\/ticsalutsocial.atoom.space\/es\/?s={search_term_string}\"},\"query-input\":{\"@type\":\"PropertyValueSpecification\",\"valueRequired\":true,\"valueName\":\"search_term_string\"}}],\"inLanguage\":\"es\"}]}<\/script>\n<!-- \/ Yoast SEO plugin. -->","yoast_head_json":{"title":"II Encuentro de \u2018DPD en red\u2019 - Fundaci\u00f3 TIC Salut i Social","robots":{"index":"index","follow":"follow","max-snippet":"max-snippet:-1","max-image-preview":"max-image-preview:large","max-video-preview":"max-video-preview:-1"},"canonical":"https:\/\/ticsalutsocial.atoom.space\/es\/event\/ii-trobada-de-dpd-en-xarxa\/","og_locale":"es_ES","og_type":"article","og_title":"II Encuentro de \u2018DPD en red\u2019 - Fundaci\u00f3 TIC Salut i Social","og_description":"El Espai Bital acoger\u00e1 el pr\u00f3ximo 30 de octubre el segundo encuentro presencial de la comunidad de delegados y delegadas de protecci\u00f3n de datos de Catalu\u00f1a, que este a\u00f1o contar\u00e1 con conferencias, debates y grupos de trabajo centrados en una inteligencia artificial \u00e9tica y confiable, as\u00ed como en los retos que supone para los DPD, [&hellip;]","og_url":"https:\/\/ticsalutsocial.atoom.space\/es\/event\/ii-trobada-de-dpd-en-xarxa\/","og_site_name":"Fundaci\u00f3 TIC Salut i Social","article_modified_time":"2025-10-22T13:55:28+00:00","twitter_card":"summary_large_image","twitter_misc":{"Tiempo de lectura":"2 minutos"},"schema":{"@context":"https:\/\/schema.org","@graph":[{"@type":"WebPage","@id":"https:\/\/ticsalutsocial.atoom.space\/es\/event\/ii-trobada-de-dpd-en-xarxa\/","url":"https:\/\/ticsalutsocial.atoom.space\/es\/event\/ii-trobada-de-dpd-en-xarxa\/","name":"II Encuentro de \u2018DPD en red\u2019 - Fundaci\u00f3 TIC Salut i Social","isPartOf":{"@id":"https:\/\/ticsalutsocial.atoom.space\/es\/#website"},"datePublished":"2025-10-22T13:53:59+00:00","dateModified":"2025-10-22T13:55:28+00:00","breadcrumb":{"@id":"https:\/\/ticsalutsocial.atoom.space\/es\/event\/ii-trobada-de-dpd-en-xarxa\/#breadcrumb"},"inLanguage":"es","potentialAction":[{"@type":"ReadAction","target":["https:\/\/ticsalutsocial.atoom.space\/es\/event\/ii-trobada-de-dpd-en-xarxa\/"]}]},{"@type":"BreadcrumbList","@id":"https:\/\/ticsalutsocial.atoom.space\/es\/event\/ii-trobada-de-dpd-en-xarxa\/#breadcrumb","itemListElement":[{"@type":"ListItem","position":1,"name":"Inici","item":"https:\/\/ticsalutsocial.atoom.space\/es\/"},{"@type":"ListItem","position":2,"name":"II Encuentro de \u2018DPD en red\u2019"}]},{"@type":"WebSite","@id":"https:\/\/ticsalutsocial.atoom.space\/es\/#website","url":"https:\/\/ticsalutsocial.atoom.space\/es\/","name":"Fundaci\u00f3 TIC Salut i Social","description":"","potentialAction":[{"@type":"SearchAction","target":{"@type":"EntryPoint","urlTemplate":"https:\/\/ticsalutsocial.atoom.space\/es\/?s={search_term_string}"},"query-input":{"@type":"PropertyValueSpecification","valueRequired":true,"valueName":"search_term_string"}}],"inLanguage":"es"}]}},"_links":{"self":[{"href":"https:\/\/ticsalutsocial.atoom.space\/es\/wp-json\/wp\/v2\/event\/34003","targetHints":{"allow":["GET"]}}],"collection":[{"href":"https:\/\/ticsalutsocial.atoom.space\/es\/wp-json\/wp\/v2\/event"}],"about":[{"href":"https:\/\/ticsalutsocial.atoom.space\/es\/wp-json\/wp\/v2\/types\/event"}],"wp:attachment":[{"href":"https:\/\/ticsalutsocial.atoom.space\/es\/wp-json\/wp\/v2\/media?parent=34003"}],"wp:term":[{"taxonomy":"tipus","embeddable":true,"href":"https:\/\/ticsalutsocial.atoom.space\/es\/wp-json\/wp\/v2\/tipus?post=34003"},{"taxonomy":"topic","embeddable":true,"href":"https:\/\/ticsalutsocial.atoom.space\/es\/wp-json\/wp\/v2\/topic?post=34003"}],"curies":[{"name":"wp","href":"https:\/\/api.w.org\/{rel}","templated":true}]}}