
{"id":34046,"date":"2025-10-27T14:46:54","date_gmt":"2025-10-27T12:46:54","guid":{"rendered":"https:\/\/ticsalutsocial.atoom.space\/event\/importancia-de-la-radiologia-en-el-diagnostic-i-tractament-de-la-neoplasia-de-mama\/"},"modified":"2025-10-27T14:53:36","modified_gmt":"2025-10-27T12:53:36","slug":"importancia-de-la-radiologia-en-el-diagnostic-i-tractament-de-la-neoplasia-de-mama","status":"publish","type":"event","link":"https:\/\/ticsalutsocial.atoom.space\/es\/event\/importancia-de-la-radiologia-en-el-diagnostic-i-tractament-de-la-neoplasia-de-mama\/","title":{"rendered":"Radiolog\u00eda en el diagn\u00f3stico y tratamiento de la neoplasia de mama"},"content":{"rendered":"<p class=\"p1\"><span class=\"s1\">on motivo del <\/span><b>D\u00eda Mundial de la Radiolog\u00eda<\/b><span class=\"s1\">, la <\/span><b>Sociedad Europea de Radiolog\u00eda<\/b><span class=\"s1\"> organiza la jornada <\/span><b>\u201cImportancia de la radiolog\u00eda en el diagn\u00f3stico y tratamiento de la neoplasia de mama\u201d<\/b><span class=\"s1\">.<\/span><\/p>\n<p class=\"p1\"><span class=\"s1\">El objetivo de este acto es <\/span><b>difundir la importancia de la radiolog\u00eda en el tratamiento y gesti\u00f3n de las personas<\/b><span class=\"s1\">.<\/span><\/p>\n<p class=\"p1\"><span class=\"s1\">Este a\u00f1o, la jornada se centra en el <\/span><b>\u00e1mbito de la mama<\/b><span class=\"s1\">, revisando las <\/span><b>claves de un programa de cribado de neoplasia de mama<\/b><span class=\"s1\"> y los <\/span><b>retos a superar para implementar los avances en el diagn\u00f3stico y el tratamiento intervencionista<\/b><span class=\"s1\"> de esta enfermedad.<\/span><\/p>\n<h3><\/h3>\n<h3><b>PROGRAMA<\/b><\/h3>\n<p class=\"p4\"><span class=\"s3\"><b>9:00\u20139:30<\/b><\/span> <strong>Recepci\u00f3n e inscripciones<\/strong><\/p>\n<p class=\"p4\"><strong><span class=\"s3\">9:30\u201310:00<\/span> Bienvenida institucional<\/strong><\/p>\n<ul>\n<li>\n<p class=\"p1\">Salvador Pedraza, Presidente<\/p>\n<\/li>\n<li>\n<p class=\"p1\">Josep Munuera, Vicepresidente<\/p>\n<\/li>\n<li>\n<p class=\"p1\">Joan Guanyabens, Director de la Fundaci\u00f3 TIC Salut i Social<\/p>\n<\/li>\n<\/ul>\n<p class=\"p4\"><span class=\"s3\"><b>10:00\u201311:00<\/b><\/span> <strong>Mesa redonda: Elementos esenciales en el cribado de mama<\/strong><\/p>\n<p class=\"p4\">Moderaci\u00f3n: Teresa Maristany y Ma. Antonia Blanch<\/p>\n<ul>\n<li>\n<p class=\"p1\">Bel\u00e9n Ejarque, T\u00e9cnica, Hospital del Mar<\/p>\n<\/li>\n<li>\n<p class=\"p1\">Stefania Orlando, Radi\u00f3loga, Hospital Vall d\u2019Hebron<\/p>\n<\/li>\n<li>\n<p class=\"p1\">Maria Vidal, Onc\u00f3loga, Hospital Cl\u00ednic<\/p>\n<\/li>\n<li>\n<p class=\"p1\">Josep Alfons Espin\u00e0s, Epidemi\u00f3logo, Coordinador de la Oficina de Cribado de C\u00e1ncer, Plan Director de Oncolog\u00eda de Catalu\u00f1a<\/p>\n<\/li>\n<\/ul>\n<p class=\"p4\"><span class=\"s3\"><b>11:00\u201311:20<\/b><\/span> <strong>Entrega de premios de Radi\u00f3logos de Catalu\u00f1a<\/strong><\/p>\n<ul>\n<li>\n<p class=\"p1\">Nahum Calvo y Arantxa Gelabert<\/p>\n<\/li>\n<\/ul>\n<p class=\"p4\"><span class=\"s3\"><b>11:20\u201311:30<\/b><\/span> <strong>Anuncio de becas de investigaci\u00f3n de Radi\u00f3logos de Catalu\u00f1a<\/strong><\/p>\n<ul>\n<li>\n<p class=\"p1\">Josep Munuera, Presidente<\/p>\n<\/li>\n<\/ul>\n<p class=\"p4\"><span class=\"s3\"><b>11:30\u201312:00<\/b><\/span> Pausa caf\u00e9<\/p>\n<p class=\"p4\"><span class=\"s3\"><b>12:00\u201313<\/b><strong>:00<\/strong><\/span><strong> Mesa redonda: Retos principales en la radiolog\u00eda de mama<\/strong><\/p>\n<p class=\"p4\">Moderaci\u00f3n: Juan Pablo Salazar y Maite Fern\u00e1ndez<\/p>\n<ul>\n<li>\n<p class=\"p1\">Anna Gum\u00e0, Radi\u00f3loga, Hospital de Bellvitge<\/p>\n<\/li>\n<li>\n<p class=\"p1\">Xavier Bargall\u00f3, Radi\u00f3logo, Hospital Cl\u00ednic<\/p>\n<\/li>\n<li>\n<p class=\"p1\">Elisenda Vall, Radi\u00f3loga, Hospital del Mar<\/p>\n<\/li>\n<\/ul>\n<p class=\"p4\"><span class=\"s3\"><b>13:00\u201313:45<\/b><\/span> <strong>Mesa redonda: Salud y g\u00e9nero en el arte a lo largo de la historia<\/strong><\/p>\n<p class=\"p4\">Moderaci\u00f3n: Sira Domenech y Esther Granell<\/p>\n<ul>\n<li>\n<p class=\"p1\">Marta Porta, Radi\u00f3loga, Hospital Cl\u00ednic<\/p>\n<\/li>\n<li>\n<p class=\"p1\">Ester Benages, Profesora asociada UAB y colaboradora del MNAC<\/p>\n<\/li>\n<\/ul>\n<p class=\"p4\"><span class=\"s3\"><b>13:45\u201314:00<\/b><\/span> <strong>Conclusiones<\/strong><\/p>\n<ul>\n<li>\n<p class=\"p1\">Salvador Pedraza, Presidente<\/p>\n<\/li>\n<li>\n<p class=\"p1\">Josep Munuera, Vicepresidente<\/p>\n<\/li>\n<\/ul>\n<p class=\"p1\"><b>14:00\u201315:00<\/b><strong><span class=\"s1\"> Almuerzo<\/span><\/strong><\/p>\n","protected":false},"featured_media":34044,"menu_order":0,"template":"","meta":{"_acf_changed":false,"inline_featured_image":false},"tipus":[],"topic":[117],"class_list":["post-34046","event","type-event","status-publish","has-post-thumbnail","hentry","topic-jornadas"],"acf":{"informacio":{"ubicacio":"Ateneu Barcelon\u00e8s (C\/ Canuda, 6 de Barcelona).","data":"13\/11\/2025","hora":"De 9:30 a 14:00","preu":"Gratuito previa inscripci\u00f3n","inscripcions":"https:\/\/inscripcions.academia.cat\/form.php?id=3286&lang=es-CA"},"programa":{"titol":"","items":false},"documents":false},"yoast_head":"<!-- This site is optimized with the Yoast SEO plugin v27.1.1 - https:\/\/yoast.com\/product\/yoast-seo-wordpress\/ -->\n<title>Radiolog\u00eda en el diagn\u00f3stico y tratamiento de la neoplasia de mama - Fundaci\u00f3 TIC Salut i Social<\/title>\n<meta name=\"robots\" content=\"index, follow, max-snippet:-1, max-image-preview:large, max-video-preview:-1\" \/>\n<link rel=\"canonical\" href=\"https:\/\/ticsalutsocial.atoom.space\/es\/event\/importancia-de-la-radiologia-en-el-diagnostic-i-tractament-de-la-neoplasia-de-mama\/\" \/>\n<meta property=\"og:locale\" content=\"es_ES\" \/>\n<meta property=\"og:type\" content=\"article\" \/>\n<meta property=\"og:title\" content=\"Radiolog\u00eda en el diagn\u00f3stico y tratamiento de la neoplasia de mama - Fundaci\u00f3 TIC Salut i Social\" \/>\n<meta property=\"og:description\" content=\"on motivo del D\u00eda Mundial de la Radiolog\u00eda, la Sociedad Europea de Radiolog\u00eda organiza la jornada \u201cImportancia de la radiolog\u00eda en el diagn\u00f3stico y tratamiento de la neoplasia de mama\u201d. El objetivo de este acto es difundir la importancia de la radiolog\u00eda en el tratamiento y gesti\u00f3n de las personas. Este a\u00f1o, la jornada se [&hellip;]\" \/>\n<meta property=\"og:url\" content=\"https:\/\/ticsalutsocial.atoom.space\/es\/event\/importancia-de-la-radiologia-en-el-diagnostic-i-tractament-de-la-neoplasia-de-mama\/\" \/>\n<meta property=\"og:site_name\" content=\"Fundaci\u00f3 TIC Salut i Social\" \/>\n<meta property=\"article:modified_time\" content=\"2025-10-27T12:53:36+00:00\" \/>\n<meta property=\"og:image\" content=\"https:\/\/ticsalutsocial.atoom.space\/wp-content\/uploads\/2025\/10\/IDOR_Poster_2025_Page_banner.png\" \/>\n\t<meta property=\"og:image:width\" content=\"2560\" \/>\n\t<meta property=\"og:image:height\" content=\"540\" \/>\n\t<meta property=\"og:image:type\" content=\"image\/png\" \/>\n<meta name=\"twitter:card\" content=\"summary_large_image\" \/>\n<meta name=\"twitter:label1\" content=\"Tiempo de lectura\" \/>\n\t<meta name=\"twitter:data1\" content=\"2 minutos\" \/>\n<script type=\"application\/ld+json\" class=\"yoast-schema-graph\">{\"@context\":\"https:\/\/schema.org\",\"@graph\":[{\"@type\":\"WebPage\",\"@id\":\"https:\/\/ticsalutsocial.atoom.space\/es\/event\/importancia-de-la-radiologia-en-el-diagnostic-i-tractament-de-la-neoplasia-de-mama\/\",\"url\":\"https:\/\/ticsalutsocial.atoom.space\/es\/event\/importancia-de-la-radiologia-en-el-diagnostic-i-tractament-de-la-neoplasia-de-mama\/\",\"name\":\"Radiolog\u00eda en el diagn\u00f3stico y tratamiento de la neoplasia de mama - Fundaci\u00f3 TIC Salut i Social\",\"isPartOf\":{\"@id\":\"https:\/\/ticsalutsocial.atoom.space\/es\/#website\"},\"primaryImageOfPage\":{\"@id\":\"https:\/\/ticsalutsocial.atoom.space\/es\/event\/importancia-de-la-radiologia-en-el-diagnostic-i-tractament-de-la-neoplasia-de-mama\/#primaryimage\"},\"image\":{\"@id\":\"https:\/\/ticsalutsocial.atoom.space\/es\/event\/importancia-de-la-radiologia-en-el-diagnostic-i-tractament-de-la-neoplasia-de-mama\/#primaryimage\"},\"thumbnailUrl\":\"https:\/\/ticsalutsocial.atoom.space\/wp-content\/uploads\/2025\/10\/IDOR_Poster_2025_Page_banner.png\",\"datePublished\":\"2025-10-27T12:46:54+00:00\",\"dateModified\":\"2025-10-27T12:53:36+00:00\",\"breadcrumb\":{\"@id\":\"https:\/\/ticsalutsocial.atoom.space\/es\/event\/importancia-de-la-radiologia-en-el-diagnostic-i-tractament-de-la-neoplasia-de-mama\/#breadcrumb\"},\"inLanguage\":\"es\",\"potentialAction\":[{\"@type\":\"ReadAction\",\"target\":[\"https:\/\/ticsalutsocial.atoom.space\/es\/event\/importancia-de-la-radiologia-en-el-diagnostic-i-tractament-de-la-neoplasia-de-mama\/\"]}]},{\"@type\":\"ImageObject\",\"inLanguage\":\"es\",\"@id\":\"https:\/\/ticsalutsocial.atoom.space\/es\/event\/importancia-de-la-radiologia-en-el-diagnostic-i-tractament-de-la-neoplasia-de-mama\/#primaryimage\",\"url\":\"https:\/\/ticsalutsocial.atoom.space\/wp-content\/uploads\/2025\/10\/IDOR_Poster_2025_Page_banner.png\",\"contentUrl\":\"https:\/\/ticsalutsocial.atoom.space\/wp-content\/uploads\/2025\/10\/IDOR_Poster_2025_Page_banner.png\",\"width\":2560,\"height\":540},{\"@type\":\"BreadcrumbList\",\"@id\":\"https:\/\/ticsalutsocial.atoom.space\/es\/event\/importancia-de-la-radiologia-en-el-diagnostic-i-tractament-de-la-neoplasia-de-mama\/#breadcrumb\",\"itemListElement\":[{\"@type\":\"ListItem\",\"position\":1,\"name\":\"Inici\",\"item\":\"https:\/\/ticsalutsocial.atoom.space\/es\/\"},{\"@type\":\"ListItem\",\"position\":2,\"name\":\"Radiolog\u00eda en el diagn\u00f3stico y tratamiento de la neoplasia de mama\"}]},{\"@type\":\"WebSite\",\"@id\":\"https:\/\/ticsalutsocial.atoom.space\/es\/#website\",\"url\":\"https:\/\/ticsalutsocial.atoom.space\/es\/\",\"name\":\"Fundaci\u00f3 TIC Salut i Social\",\"description\":\"\",\"potentialAction\":[{\"@type\":\"SearchAction\",\"target\":{\"@type\":\"EntryPoint\",\"urlTemplate\":\"https:\/\/ticsalutsocial.atoom.space\/es\/?s={search_term_string}\"},\"query-input\":{\"@type\":\"PropertyValueSpecification\",\"valueRequired\":true,\"valueName\":\"search_term_string\"}}],\"inLanguage\":\"es\"}]}<\/script>\n<!-- \/ Yoast SEO plugin. -->","yoast_head_json":{"title":"Radiolog\u00eda en el diagn\u00f3stico y tratamiento de la neoplasia de mama - Fundaci\u00f3 TIC Salut i Social","robots":{"index":"index","follow":"follow","max-snippet":"max-snippet:-1","max-image-preview":"max-image-preview:large","max-video-preview":"max-video-preview:-1"},"canonical":"https:\/\/ticsalutsocial.atoom.space\/es\/event\/importancia-de-la-radiologia-en-el-diagnostic-i-tractament-de-la-neoplasia-de-mama\/","og_locale":"es_ES","og_type":"article","og_title":"Radiolog\u00eda en el diagn\u00f3stico y tratamiento de la neoplasia de mama - Fundaci\u00f3 TIC Salut i Social","og_description":"on motivo del D\u00eda Mundial de la Radiolog\u00eda, la Sociedad Europea de Radiolog\u00eda organiza la jornada \u201cImportancia de la radiolog\u00eda en el diagn\u00f3stico y tratamiento de la neoplasia de mama\u201d. El objetivo de este acto es difundir la importancia de la radiolog\u00eda en el tratamiento y gesti\u00f3n de las personas. Este a\u00f1o, la jornada se [&hellip;]","og_url":"https:\/\/ticsalutsocial.atoom.space\/es\/event\/importancia-de-la-radiologia-en-el-diagnostic-i-tractament-de-la-neoplasia-de-mama\/","og_site_name":"Fundaci\u00f3 TIC Salut i Social","article_modified_time":"2025-10-27T12:53:36+00:00","og_image":[{"width":2560,"height":540,"url":"https:\/\/ticsalutsocial.atoom.space\/wp-content\/uploads\/2025\/10\/IDOR_Poster_2025_Page_banner.png","type":"image\/png"}],"twitter_card":"summary_large_image","twitter_misc":{"Tiempo de lectura":"2 minutos"},"schema":{"@context":"https:\/\/schema.org","@graph":[{"@type":"WebPage","@id":"https:\/\/ticsalutsocial.atoom.space\/es\/event\/importancia-de-la-radiologia-en-el-diagnostic-i-tractament-de-la-neoplasia-de-mama\/","url":"https:\/\/ticsalutsocial.atoom.space\/es\/event\/importancia-de-la-radiologia-en-el-diagnostic-i-tractament-de-la-neoplasia-de-mama\/","name":"Radiolog\u00eda en el diagn\u00f3stico y tratamiento de la neoplasia de mama - Fundaci\u00f3 TIC Salut i Social","isPartOf":{"@id":"https:\/\/ticsalutsocial.atoom.space\/es\/#website"},"primaryImageOfPage":{"@id":"https:\/\/ticsalutsocial.atoom.space\/es\/event\/importancia-de-la-radiologia-en-el-diagnostic-i-tractament-de-la-neoplasia-de-mama\/#primaryimage"},"image":{"@id":"https:\/\/ticsalutsocial.atoom.space\/es\/event\/importancia-de-la-radiologia-en-el-diagnostic-i-tractament-de-la-neoplasia-de-mama\/#primaryimage"},"thumbnailUrl":"https:\/\/ticsalutsocial.atoom.space\/wp-content\/uploads\/2025\/10\/IDOR_Poster_2025_Page_banner.png","datePublished":"2025-10-27T12:46:54+00:00","dateModified":"2025-10-27T12:53:36+00:00","breadcrumb":{"@id":"https:\/\/ticsalutsocial.atoom.space\/es\/event\/importancia-de-la-radiologia-en-el-diagnostic-i-tractament-de-la-neoplasia-de-mama\/#breadcrumb"},"inLanguage":"es","potentialAction":[{"@type":"ReadAction","target":["https:\/\/ticsalutsocial.atoom.space\/es\/event\/importancia-de-la-radiologia-en-el-diagnostic-i-tractament-de-la-neoplasia-de-mama\/"]}]},{"@type":"ImageObject","inLanguage":"es","@id":"https:\/\/ticsalutsocial.atoom.space\/es\/event\/importancia-de-la-radiologia-en-el-diagnostic-i-tractament-de-la-neoplasia-de-mama\/#primaryimage","url":"https:\/\/ticsalutsocial.atoom.space\/wp-content\/uploads\/2025\/10\/IDOR_Poster_2025_Page_banner.png","contentUrl":"https:\/\/ticsalutsocial.atoom.space\/wp-content\/uploads\/2025\/10\/IDOR_Poster_2025_Page_banner.png","width":2560,"height":540},{"@type":"BreadcrumbList","@id":"https:\/\/ticsalutsocial.atoom.space\/es\/event\/importancia-de-la-radiologia-en-el-diagnostic-i-tractament-de-la-neoplasia-de-mama\/#breadcrumb","itemListElement":[{"@type":"ListItem","position":1,"name":"Inici","item":"https:\/\/ticsalutsocial.atoom.space\/es\/"},{"@type":"ListItem","position":2,"name":"Radiolog\u00eda en el diagn\u00f3stico y tratamiento de la neoplasia de mama"}]},{"@type":"WebSite","@id":"https:\/\/ticsalutsocial.atoom.space\/es\/#website","url":"https:\/\/ticsalutsocial.atoom.space\/es\/","name":"Fundaci\u00f3 TIC Salut i Social","description":"","potentialAction":[{"@type":"SearchAction","target":{"@type":"EntryPoint","urlTemplate":"https:\/\/ticsalutsocial.atoom.space\/es\/?s={search_term_string}"},"query-input":{"@type":"PropertyValueSpecification","valueRequired":true,"valueName":"search_term_string"}}],"inLanguage":"es"}]}},"_links":{"self":[{"href":"https:\/\/ticsalutsocial.atoom.space\/es\/wp-json\/wp\/v2\/event\/34046","targetHints":{"allow":["GET"]}}],"collection":[{"href":"https:\/\/ticsalutsocial.atoom.space\/es\/wp-json\/wp\/v2\/event"}],"about":[{"href":"https:\/\/ticsalutsocial.atoom.space\/es\/wp-json\/wp\/v2\/types\/event"}],"wp:featuredmedia":[{"embeddable":true,"href":"https:\/\/ticsalutsocial.atoom.space\/es\/wp-json\/wp\/v2\/media\/34044"}],"wp:attachment":[{"href":"https:\/\/ticsalutsocial.atoom.space\/es\/wp-json\/wp\/v2\/media?parent=34046"}],"wp:term":[{"taxonomy":"tipus","embeddable":true,"href":"https:\/\/ticsalutsocial.atoom.space\/es\/wp-json\/wp\/v2\/tipus?post=34046"},{"taxonomy":"topic","embeddable":true,"href":"https:\/\/ticsalutsocial.atoom.space\/es\/wp-json\/wp\/v2\/topic?post=34046"}],"curies":[{"name":"wp","href":"https:\/\/api.w.org\/{rel}","templated":true}]}}