
{"id":34195,"date":"2025-11-06T14:54:46","date_gmt":"2025-11-06T12:54:46","guid":{"rendered":"https:\/\/ticsalutsocial.atoom.space\/event\/plenari-tic-de-la-unio-la-intelligencia-artificial-i-la-ciberseguretat-accions-sistemiques-i-operatives\/"},"modified":"2025-11-06T14:57:08","modified_gmt":"2025-11-06T12:57:08","slug":"plenari-tic-de-la-unio-la-intelligencia-artificial-i-la-ciberseguretat-accions-sistemiques-i-operatives","status":"publish","type":"event","link":"https:\/\/ticsalutsocial.atoom.space\/es\/event\/plenari-tic-de-la-unio-la-intelligencia-artificial-i-la-ciberseguretat-accions-sistemiques-i-operatives\/","title":{"rendered":"Plenario TIC de La Uni\u00f3. La Inteligencia Artificial y la ciberseguridad: acciones sist\u00e9micas y operativas"},"content":{"rendered":"\n<p>El Consejo T\u00e9cnico Asesor TIC de La Uni\u00f3 convoca un Plenario, que constar\u00e1 de dos partes diferenciadas, con el objetivo de revisar las acciones sist\u00e9micas y operativas que se est\u00e1n implementando en los \u00e1mbitos de la Inteligencia Artificial (IA) y la ciberseguridad.<\/p>\n\n\n\n<p>La primera parte de la sesi\u00f3n abordar\u00e1 la visi\u00f3n sist\u00e9mica de la IA, y se presentar\u00e1n casos de uso de entidades asociadas a La Uni\u00f3. El Director de la Fundaci\u00f3n TIC Salut i Social,&nbsp;<strong>Joan Guanyabens<\/strong>, pronunciar\u00e1 una conferencia general sobre el uso de la IA en el \u00e1mbito sanitario y social, y el Responsable de IA de la Fundaci\u00f3n TIC Salut i Social,&nbsp;<strong>Antoni Berenguer<\/strong>, presentar\u00e1 el Observatorio de IA en Salud.<\/p>\n\n\n\n<p>La segunda parte de la sesi\u00f3n se centrar\u00e1 en repasar brevemente la situaci\u00f3n actual del modelo de ciberseguridad desde una perspectiva sist\u00e9mica, y en presentar la nueva Oficina T\u00e9cnica de Ciberseguridad de la Fundaci\u00f3n Uni\u00f3, en colaboraci\u00f3n con Say\u00f3s i Carrera.<\/p>\n\n\n\n<p><a href=\"https:\/\/www.uch.cat\/comunicacio\/activitats-101\/la-intelligencia-artificial-i-la-ciberseguretat-accions-sistemiques-i-operatives-100.html\" target=\"_blank\" rel=\"noreferrer noopener\">Haz clic aqu\u00ed para obtener m\u00e1s informaci\u00f3n e inscripciones.<\/a><\/p>\n","protected":false},"featured_media":34193,"menu_order":0,"template":"","meta":{"_acf_changed":false,"inline_featured_image":false},"tipus":[879],"topic":[117],"class_list":["post-34195","event","type-event","status-publish","has-post-thumbnail","hentry","tipus-inteligencia-artificial","topic-jornadas"],"acf":{"imatge":34193,"informacio":{"ubicacio":"Online","data":"25\/11\/2025","hora":"9:00-11:00","preu":"","inscripcions":"https:\/\/www.uch.cat\/comunicacio\/activitats-101\/la-intelligencia-artificial-i-la-ciberseguretat-accions-sistemiques-i-operatives-100.html"},"programa":{"titol":"","items":false},"documents":false},"yoast_head":"<!-- This site is optimized with the Yoast SEO plugin v27.1.1 - https:\/\/yoast.com\/product\/yoast-seo-wordpress\/ -->\n<title>Plenario TIC de La Uni\u00f3. La Inteligencia Artificial y la ciberseguridad: acciones sist\u00e9micas y operativas - Fundaci\u00f3 TIC Salut i Social<\/title>\n<meta name=\"robots\" content=\"index, follow, max-snippet:-1, max-image-preview:large, max-video-preview:-1\" \/>\n<link rel=\"canonical\" href=\"https:\/\/ticsalutsocial.atoom.space\/es\/event\/plenari-tic-de-la-unio-la-intelligencia-artificial-i-la-ciberseguretat-accions-sistemiques-i-operatives\/\" \/>\n<meta property=\"og:locale\" content=\"es_ES\" \/>\n<meta property=\"og:type\" content=\"article\" \/>\n<meta property=\"og:title\" content=\"Plenario TIC de La Uni\u00f3. La Inteligencia Artificial y la ciberseguridad: acciones sist\u00e9micas y operativas - Fundaci\u00f3 TIC Salut i Social\" \/>\n<meta property=\"og:description\" content=\"El Consejo T\u00e9cnico Asesor TIC de La Uni\u00f3 convoca un Plenario, que constar\u00e1 de dos partes diferenciadas, con el objetivo de revisar las acciones sist\u00e9micas y operativas que se est\u00e1n implementando en los \u00e1mbitos de la Inteligencia Artificial (IA) y la ciberseguridad. La primera parte de la sesi\u00f3n abordar\u00e1 la visi\u00f3n sist\u00e9mica de la IA, [&hellip;]\" \/>\n<meta property=\"og:url\" content=\"https:\/\/ticsalutsocial.atoom.space\/es\/event\/plenari-tic-de-la-unio-la-intelligencia-artificial-i-la-ciberseguretat-accions-sistemiques-i-operatives\/\" \/>\n<meta property=\"og:site_name\" content=\"Fundaci\u00f3 TIC Salut i Social\" \/>\n<meta property=\"article:modified_time\" content=\"2025-11-06T12:57:08+00:00\" \/>\n<meta property=\"og:image\" content=\"https:\/\/ticsalutsocial.atoom.space\/wp-content\/uploads\/2025\/11\/plenari-Unio.png\" \/>\n\t<meta property=\"og:image:width\" content=\"600\" \/>\n\t<meta property=\"og:image:height\" content=\"338\" \/>\n\t<meta property=\"og:image:type\" content=\"image\/png\" \/>\n<meta name=\"twitter:card\" content=\"summary_large_image\" \/>\n<meta name=\"twitter:label1\" content=\"Tiempo de lectura\" \/>\n\t<meta name=\"twitter:data1\" content=\"2 minutos\" \/>\n<script type=\"application\/ld+json\" class=\"yoast-schema-graph\">{\"@context\":\"https:\/\/schema.org\",\"@graph\":[{\"@type\":\"WebPage\",\"@id\":\"https:\/\/ticsalutsocial.atoom.space\/es\/event\/plenari-tic-de-la-unio-la-intelligencia-artificial-i-la-ciberseguretat-accions-sistemiques-i-operatives\/\",\"url\":\"https:\/\/ticsalutsocial.atoom.space\/es\/event\/plenari-tic-de-la-unio-la-intelligencia-artificial-i-la-ciberseguretat-accions-sistemiques-i-operatives\/\",\"name\":\"Plenario TIC de La Uni\u00f3. La Inteligencia Artificial y la ciberseguridad: acciones sist\u00e9micas y operativas - Fundaci\u00f3 TIC Salut i Social\",\"isPartOf\":{\"@id\":\"https:\/\/ticsalutsocial.atoom.space\/es\/#website\"},\"primaryImageOfPage\":{\"@id\":\"https:\/\/ticsalutsocial.atoom.space\/es\/event\/plenari-tic-de-la-unio-la-intelligencia-artificial-i-la-ciberseguretat-accions-sistemiques-i-operatives\/#primaryimage\"},\"image\":{\"@id\":\"https:\/\/ticsalutsocial.atoom.space\/es\/event\/plenari-tic-de-la-unio-la-intelligencia-artificial-i-la-ciberseguretat-accions-sistemiques-i-operatives\/#primaryimage\"},\"thumbnailUrl\":\"https:\/\/ticsalutsocial.atoom.space\/wp-content\/uploads\/2025\/11\/plenari-Unio.png\",\"datePublished\":\"2025-11-06T12:54:46+00:00\",\"dateModified\":\"2025-11-06T12:57:08+00:00\",\"breadcrumb\":{\"@id\":\"https:\/\/ticsalutsocial.atoom.space\/es\/event\/plenari-tic-de-la-unio-la-intelligencia-artificial-i-la-ciberseguretat-accions-sistemiques-i-operatives\/#breadcrumb\"},\"inLanguage\":\"es\",\"potentialAction\":[{\"@type\":\"ReadAction\",\"target\":[\"https:\/\/ticsalutsocial.atoom.space\/es\/event\/plenari-tic-de-la-unio-la-intelligencia-artificial-i-la-ciberseguretat-accions-sistemiques-i-operatives\/\"]}]},{\"@type\":\"ImageObject\",\"inLanguage\":\"es\",\"@id\":\"https:\/\/ticsalutsocial.atoom.space\/es\/event\/plenari-tic-de-la-unio-la-intelligencia-artificial-i-la-ciberseguretat-accions-sistemiques-i-operatives\/#primaryimage\",\"url\":\"https:\/\/ticsalutsocial.atoom.space\/wp-content\/uploads\/2025\/11\/plenari-Unio.png\",\"contentUrl\":\"https:\/\/ticsalutsocial.atoom.space\/wp-content\/uploads\/2025\/11\/plenari-Unio.png\",\"width\":600,\"height\":338},{\"@type\":\"BreadcrumbList\",\"@id\":\"https:\/\/ticsalutsocial.atoom.space\/es\/event\/plenari-tic-de-la-unio-la-intelligencia-artificial-i-la-ciberseguretat-accions-sistemiques-i-operatives\/#breadcrumb\",\"itemListElement\":[{\"@type\":\"ListItem\",\"position\":1,\"name\":\"Inici\",\"item\":\"https:\/\/ticsalutsocial.atoom.space\/es\/\"},{\"@type\":\"ListItem\",\"position\":2,\"name\":\"Plenario TIC de La Uni\u00f3. La Inteligencia Artificial y la ciberseguridad: acciones sist\u00e9micas y operativas\"}]},{\"@type\":\"WebSite\",\"@id\":\"https:\/\/ticsalutsocial.atoom.space\/es\/#website\",\"url\":\"https:\/\/ticsalutsocial.atoom.space\/es\/\",\"name\":\"Fundaci\u00f3 TIC Salut i Social\",\"description\":\"\",\"potentialAction\":[{\"@type\":\"SearchAction\",\"target\":{\"@type\":\"EntryPoint\",\"urlTemplate\":\"https:\/\/ticsalutsocial.atoom.space\/es\/?s={search_term_string}\"},\"query-input\":{\"@type\":\"PropertyValueSpecification\",\"valueRequired\":true,\"valueName\":\"search_term_string\"}}],\"inLanguage\":\"es\"}]}<\/script>\n<!-- \/ Yoast SEO plugin. -->","yoast_head_json":{"title":"Plenario TIC de La Uni\u00f3. La Inteligencia Artificial y la ciberseguridad: acciones sist\u00e9micas y operativas - Fundaci\u00f3 TIC Salut i Social","robots":{"index":"index","follow":"follow","max-snippet":"max-snippet:-1","max-image-preview":"max-image-preview:large","max-video-preview":"max-video-preview:-1"},"canonical":"https:\/\/ticsalutsocial.atoom.space\/es\/event\/plenari-tic-de-la-unio-la-intelligencia-artificial-i-la-ciberseguretat-accions-sistemiques-i-operatives\/","og_locale":"es_ES","og_type":"article","og_title":"Plenario TIC de La Uni\u00f3. La Inteligencia Artificial y la ciberseguridad: acciones sist\u00e9micas y operativas - Fundaci\u00f3 TIC Salut i Social","og_description":"El Consejo T\u00e9cnico Asesor TIC de La Uni\u00f3 convoca un Plenario, que constar\u00e1 de dos partes diferenciadas, con el objetivo de revisar las acciones sist\u00e9micas y operativas que se est\u00e1n implementando en los \u00e1mbitos de la Inteligencia Artificial (IA) y la ciberseguridad. La primera parte de la sesi\u00f3n abordar\u00e1 la visi\u00f3n sist\u00e9mica de la IA, [&hellip;]","og_url":"https:\/\/ticsalutsocial.atoom.space\/es\/event\/plenari-tic-de-la-unio-la-intelligencia-artificial-i-la-ciberseguretat-accions-sistemiques-i-operatives\/","og_site_name":"Fundaci\u00f3 TIC Salut i Social","article_modified_time":"2025-11-06T12:57:08+00:00","og_image":[{"width":600,"height":338,"url":"https:\/\/ticsalutsocial.atoom.space\/wp-content\/uploads\/2025\/11\/plenari-Unio.png","type":"image\/png"}],"twitter_card":"summary_large_image","twitter_misc":{"Tiempo de lectura":"2 minutos"},"schema":{"@context":"https:\/\/schema.org","@graph":[{"@type":"WebPage","@id":"https:\/\/ticsalutsocial.atoom.space\/es\/event\/plenari-tic-de-la-unio-la-intelligencia-artificial-i-la-ciberseguretat-accions-sistemiques-i-operatives\/","url":"https:\/\/ticsalutsocial.atoom.space\/es\/event\/plenari-tic-de-la-unio-la-intelligencia-artificial-i-la-ciberseguretat-accions-sistemiques-i-operatives\/","name":"Plenario TIC de La Uni\u00f3. La Inteligencia Artificial y la ciberseguridad: acciones sist\u00e9micas y operativas - Fundaci\u00f3 TIC Salut i Social","isPartOf":{"@id":"https:\/\/ticsalutsocial.atoom.space\/es\/#website"},"primaryImageOfPage":{"@id":"https:\/\/ticsalutsocial.atoom.space\/es\/event\/plenari-tic-de-la-unio-la-intelligencia-artificial-i-la-ciberseguretat-accions-sistemiques-i-operatives\/#primaryimage"},"image":{"@id":"https:\/\/ticsalutsocial.atoom.space\/es\/event\/plenari-tic-de-la-unio-la-intelligencia-artificial-i-la-ciberseguretat-accions-sistemiques-i-operatives\/#primaryimage"},"thumbnailUrl":"https:\/\/ticsalutsocial.atoom.space\/wp-content\/uploads\/2025\/11\/plenari-Unio.png","datePublished":"2025-11-06T12:54:46+00:00","dateModified":"2025-11-06T12:57:08+00:00","breadcrumb":{"@id":"https:\/\/ticsalutsocial.atoom.space\/es\/event\/plenari-tic-de-la-unio-la-intelligencia-artificial-i-la-ciberseguretat-accions-sistemiques-i-operatives\/#breadcrumb"},"inLanguage":"es","potentialAction":[{"@type":"ReadAction","target":["https:\/\/ticsalutsocial.atoom.space\/es\/event\/plenari-tic-de-la-unio-la-intelligencia-artificial-i-la-ciberseguretat-accions-sistemiques-i-operatives\/"]}]},{"@type":"ImageObject","inLanguage":"es","@id":"https:\/\/ticsalutsocial.atoom.space\/es\/event\/plenari-tic-de-la-unio-la-intelligencia-artificial-i-la-ciberseguretat-accions-sistemiques-i-operatives\/#primaryimage","url":"https:\/\/ticsalutsocial.atoom.space\/wp-content\/uploads\/2025\/11\/plenari-Unio.png","contentUrl":"https:\/\/ticsalutsocial.atoom.space\/wp-content\/uploads\/2025\/11\/plenari-Unio.png","width":600,"height":338},{"@type":"BreadcrumbList","@id":"https:\/\/ticsalutsocial.atoom.space\/es\/event\/plenari-tic-de-la-unio-la-intelligencia-artificial-i-la-ciberseguretat-accions-sistemiques-i-operatives\/#breadcrumb","itemListElement":[{"@type":"ListItem","position":1,"name":"Inici","item":"https:\/\/ticsalutsocial.atoom.space\/es\/"},{"@type":"ListItem","position":2,"name":"Plenario TIC de La Uni\u00f3. La Inteligencia Artificial y la ciberseguridad: acciones sist\u00e9micas y operativas"}]},{"@type":"WebSite","@id":"https:\/\/ticsalutsocial.atoom.space\/es\/#website","url":"https:\/\/ticsalutsocial.atoom.space\/es\/","name":"Fundaci\u00f3 TIC Salut i Social","description":"","potentialAction":[{"@type":"SearchAction","target":{"@type":"EntryPoint","urlTemplate":"https:\/\/ticsalutsocial.atoom.space\/es\/?s={search_term_string}"},"query-input":{"@type":"PropertyValueSpecification","valueRequired":true,"valueName":"search_term_string"}}],"inLanguage":"es"}]}},"_links":{"self":[{"href":"https:\/\/ticsalutsocial.atoom.space\/es\/wp-json\/wp\/v2\/event\/34195","targetHints":{"allow":["GET"]}}],"collection":[{"href":"https:\/\/ticsalutsocial.atoom.space\/es\/wp-json\/wp\/v2\/event"}],"about":[{"href":"https:\/\/ticsalutsocial.atoom.space\/es\/wp-json\/wp\/v2\/types\/event"}],"wp:featuredmedia":[{"embeddable":true,"href":"https:\/\/ticsalutsocial.atoom.space\/es\/wp-json\/wp\/v2\/media\/34193"}],"wp:attachment":[{"href":"https:\/\/ticsalutsocial.atoom.space\/es\/wp-json\/wp\/v2\/media?parent=34195"}],"wp:term":[{"taxonomy":"tipus","embeddable":true,"href":"https:\/\/ticsalutsocial.atoom.space\/es\/wp-json\/wp\/v2\/tipus?post=34195"},{"taxonomy":"topic","embeddable":true,"href":"https:\/\/ticsalutsocial.atoom.space\/es\/wp-json\/wp\/v2\/topic?post=34195"}],"curies":[{"name":"wp","href":"https:\/\/api.w.org\/{rel}","templated":true}]}}