
{"id":35725,"date":"2026-02-13T09:43:41","date_gmt":"2026-02-13T07:43:41","guid":{"rendered":"https:\/\/ticsalutsocial.atoom.space\/event\/presentacio-de-la-consulta-al-mercat-del-repte-de-cribratge-de-cancer-de-mama\/"},"modified":"2026-02-16T13:55:10","modified_gmt":"2026-02-16T11:55:10","slug":"presentacio-de-la-consulta-al-mercat-del-repte-de-cribratge-de-cancer-de-mama","status":"publish","type":"event","link":"https:\/\/ticsalutsocial.atoom.space\/es\/event\/presentacio-de-la-consulta-al-mercat-del-repte-de-cribratge-de-cancer-de-mama\/","title":{"rendered":"Presentaci\u00f3n de la consulta al mercado del reto de cribado de c\u00e1ncer de mama"},"content":{"rendered":"\n<p>Acto de presentaci\u00f3n de la consulta abierta al mercado, o consulta preliminar de mercado, para recoger la disponibilidad del mercado o las posibilidades de que este pueda proveer e integrar de manera sist\u00e9mica soluciones basadas en IA para apoyar el programa de detecci\u00f3n precoz de c\u00e1ncer de mama de Catalu\u00f1a. En concreto, el principal inter\u00e9s es que la aplicaci\u00f3n de herramientas de IA permita optimizar los recursos del programa de detecci\u00f3n precoz, facilitando la ampliaci\u00f3n de la franja de edad del cribado, de 45 a 74 a\u00f1os, garantizando la supervisi\u00f3n humana y la calidad del servicio.<\/p>\n\n\n\n<p>Durante el acto se presentar\u00e1 el encaje de esta iniciativa como reto del Programa Salut IA, las necesidades y los procedimientos del Programa de detecci\u00f3n precoz del c\u00e1ncer de mama, y qu\u00e9 aspectos deben tenerse en cuenta para implementar IA ya certificada. Tambi\u00e9n se compartir\u00e1n todos los detalles sobre c\u00f3mo se desarrollar\u00e1 la consulta.<\/p>\n\n\n\n<p>El reto est\u00e1 impulsado por el Plan director de oncolog\u00eda y coordinado a trav\u00e9s del Programa Salut IA, en el que participan el Departamento de Salud, el CatSalut, la Fundaci\u00f3 TIC Salut i Social, la AQuAS y el Instituto de Diagn\u00f3stico por la Imagen. En el caso de esta iniciativa, tambi\u00e9n colaborar\u00e1n representantes de las unidades de radiolog\u00eda de centros hospitalarios de Catalu\u00f1a y de otros sectores de la salud.<\/p>\n\n\n\n<p><strong>Inscripciones:<\/strong><\/p>\n\n\n\n<p>&#8211; <a href=\"https:\/\/assistentsactes.salut.gencat.cat\/actes\/355\/formulari\" target=\"_blank\" rel=\"noreferrer noopener\">Presencial (haz clic aqu\u00ed)<\/a><\/p>\n\n\n\n<p>&#8211; <a href=\"https:\/\/docs.google.com\/forms\/d\/e\/1FAIpQLScpT1wprr3mETPKYZxYX58OqqhiiYclIgpjEarHOdsyzzaHjA\/viewform\" target=\"_blank\" rel=\"noreferrer noopener\">En remoto (haz clic aqu\u00ed)<\/a><\/p>\n","protected":false},"featured_media":35723,"menu_order":0,"template":"","meta":{"_acf_changed":true,"inline_featured_image":false},"tipus":[879],"topic":[],"class_list":["post-35725","event","type-event","status-publish","has-post-thumbnail","hentry","tipus-inteligencia-artificial"],"acf":{"imatge":35723,"informacio":{"ubicacio":"Sala d'actes, Edifici Salvany. Carrer d'Arag\u00f3 330, Barcelona.","data":"17\/02\/2026","hora":"10:00h","preu":"","inscripcions":"https:\/\/assistentsactes.salut.gencat.cat\/actes\/355\/formulari"},"programa":{"titol":"","items":false},"documents":false},"yoast_head":"<!-- This site is optimized with the Yoast SEO plugin v27.1.1 - https:\/\/yoast.com\/product\/yoast-seo-wordpress\/ -->\n<title>Presentaci\u00f3n de la consulta al mercado del reto de cribado de c\u00e1ncer de mama - Fundaci\u00f3 TIC Salut i Social<\/title>\n<meta name=\"description\" content=\"Acto de presentaci\u00f3n de la consulta abierta al mercado para proveer e integrar de manera sist\u00e9mica soluciones basadas en IA para apoyar el programa de detecci\u00f3n precoz de c\u00e1ncer de mama de Catalu\u00f1a.\" \/>\n<meta name=\"robots\" content=\"index, follow, max-snippet:-1, max-image-preview:large, max-video-preview:-1\" \/>\n<link rel=\"canonical\" href=\"https:\/\/ticsalutsocial.atoom.space\/es\/event\/presentacio-de-la-consulta-al-mercat-del-repte-de-cribratge-de-cancer-de-mama\/\" \/>\n<meta property=\"og:locale\" content=\"es_ES\" \/>\n<meta property=\"og:type\" content=\"article\" \/>\n<meta property=\"og:title\" content=\"Presentaci\u00f3n de la consulta al mercado del reto de cribado de c\u00e1ncer de mama - Fundaci\u00f3 TIC Salut i Social\" \/>\n<meta property=\"og:description\" content=\"Acto de presentaci\u00f3n de la consulta abierta al mercado para proveer e integrar de manera sist\u00e9mica soluciones basadas en IA para apoyar el programa de detecci\u00f3n precoz de c\u00e1ncer de mama de Catalu\u00f1a.\" \/>\n<meta property=\"og:url\" content=\"https:\/\/ticsalutsocial.atoom.space\/es\/event\/presentacio-de-la-consulta-al-mercat-del-repte-de-cribratge-de-cancer-de-mama\/\" \/>\n<meta property=\"og:site_name\" content=\"Fundaci\u00f3 TIC Salut i Social\" \/>\n<meta property=\"article:modified_time\" content=\"2026-02-16T11:55:10+00:00\" \/>\n<meta property=\"og:image\" content=\"https:\/\/ticsalutsocial.atoom.space\/wp-content\/uploads\/2026\/02\/Repte-cribratge-cancer-mama.png\" \/>\n\t<meta property=\"og:image:width\" content=\"1280\" \/>\n\t<meta property=\"og:image:height\" content=\"960\" \/>\n\t<meta property=\"og:image:type\" content=\"image\/png\" \/>\n<meta name=\"twitter:card\" content=\"summary_large_image\" \/>\n<meta name=\"twitter:label1\" content=\"Tiempo de lectura\" \/>\n\t<meta name=\"twitter:data1\" content=\"2 minutos\" \/>\n<script type=\"application\/ld+json\" class=\"yoast-schema-graph\">{\"@context\":\"https:\/\/schema.org\",\"@graph\":[{\"@type\":\"WebPage\",\"@id\":\"https:\/\/ticsalutsocial.atoom.space\/es\/event\/presentacio-de-la-consulta-al-mercat-del-repte-de-cribratge-de-cancer-de-mama\/\",\"url\":\"https:\/\/ticsalutsocial.atoom.space\/es\/event\/presentacio-de-la-consulta-al-mercat-del-repte-de-cribratge-de-cancer-de-mama\/\",\"name\":\"Presentaci\u00f3n de la consulta al mercado del reto de cribado de c\u00e1ncer de mama - Fundaci\u00f3 TIC Salut i Social\",\"isPartOf\":{\"@id\":\"https:\/\/ticsalutsocial.atoom.space\/es\/#website\"},\"primaryImageOfPage\":{\"@id\":\"https:\/\/ticsalutsocial.atoom.space\/es\/event\/presentacio-de-la-consulta-al-mercat-del-repte-de-cribratge-de-cancer-de-mama\/#primaryimage\"},\"image\":{\"@id\":\"https:\/\/ticsalutsocial.atoom.space\/es\/event\/presentacio-de-la-consulta-al-mercat-del-repte-de-cribratge-de-cancer-de-mama\/#primaryimage\"},\"thumbnailUrl\":\"https:\/\/ticsalutsocial.atoom.space\/wp-content\/uploads\/2026\/02\/Repte-cribratge-cancer-mama.png\",\"datePublished\":\"2026-02-13T07:43:41+00:00\",\"dateModified\":\"2026-02-16T11:55:10+00:00\",\"description\":\"Acto de presentaci\u00f3n de la consulta abierta al mercado para proveer e integrar de manera sist\u00e9mica soluciones basadas en IA para apoyar el programa de detecci\u00f3n precoz de c\u00e1ncer de mama de Catalu\u00f1a.\",\"breadcrumb\":{\"@id\":\"https:\/\/ticsalutsocial.atoom.space\/es\/event\/presentacio-de-la-consulta-al-mercat-del-repte-de-cribratge-de-cancer-de-mama\/#breadcrumb\"},\"inLanguage\":\"es\",\"potentialAction\":[{\"@type\":\"ReadAction\",\"target\":[\"https:\/\/ticsalutsocial.atoom.space\/es\/event\/presentacio-de-la-consulta-al-mercat-del-repte-de-cribratge-de-cancer-de-mama\/\"]}]},{\"@type\":\"ImageObject\",\"inLanguage\":\"es\",\"@id\":\"https:\/\/ticsalutsocial.atoom.space\/es\/event\/presentacio-de-la-consulta-al-mercat-del-repte-de-cribratge-de-cancer-de-mama\/#primaryimage\",\"url\":\"https:\/\/ticsalutsocial.atoom.space\/wp-content\/uploads\/2026\/02\/Repte-cribratge-cancer-mama.png\",\"contentUrl\":\"https:\/\/ticsalutsocial.atoom.space\/wp-content\/uploads\/2026\/02\/Repte-cribratge-cancer-mama.png\",\"width\":1280,\"height\":960,\"caption\":\"Repte cribratge ca\u0300ncer mama\"},{\"@type\":\"BreadcrumbList\",\"@id\":\"https:\/\/ticsalutsocial.atoom.space\/es\/event\/presentacio-de-la-consulta-al-mercat-del-repte-de-cribratge-de-cancer-de-mama\/#breadcrumb\",\"itemListElement\":[{\"@type\":\"ListItem\",\"position\":1,\"name\":\"Inici\",\"item\":\"https:\/\/ticsalutsocial.atoom.space\/es\/\"},{\"@type\":\"ListItem\",\"position\":2,\"name\":\"Presentaci\u00f3n de la consulta al mercado del reto de cribado de c\u00e1ncer de mama\"}]},{\"@type\":\"WebSite\",\"@id\":\"https:\/\/ticsalutsocial.atoom.space\/es\/#website\",\"url\":\"https:\/\/ticsalutsocial.atoom.space\/es\/\",\"name\":\"Fundaci\u00f3 TIC Salut i Social\",\"description\":\"\",\"potentialAction\":[{\"@type\":\"SearchAction\",\"target\":{\"@type\":\"EntryPoint\",\"urlTemplate\":\"https:\/\/ticsalutsocial.atoom.space\/es\/?s={search_term_string}\"},\"query-input\":{\"@type\":\"PropertyValueSpecification\",\"valueRequired\":true,\"valueName\":\"search_term_string\"}}],\"inLanguage\":\"es\"}]}<\/script>\n<!-- \/ Yoast SEO plugin. -->","yoast_head_json":{"title":"Presentaci\u00f3n de la consulta al mercado del reto de cribado de c\u00e1ncer de mama - Fundaci\u00f3 TIC Salut i Social","description":"Acto de presentaci\u00f3n de la consulta abierta al mercado para proveer e integrar de manera sist\u00e9mica soluciones basadas en IA para apoyar el programa de detecci\u00f3n precoz de c\u00e1ncer de mama de Catalu\u00f1a.","robots":{"index":"index","follow":"follow","max-snippet":"max-snippet:-1","max-image-preview":"max-image-preview:large","max-video-preview":"max-video-preview:-1"},"canonical":"https:\/\/ticsalutsocial.atoom.space\/es\/event\/presentacio-de-la-consulta-al-mercat-del-repte-de-cribratge-de-cancer-de-mama\/","og_locale":"es_ES","og_type":"article","og_title":"Presentaci\u00f3n de la consulta al mercado del reto de cribado de c\u00e1ncer de mama - Fundaci\u00f3 TIC Salut i Social","og_description":"Acto de presentaci\u00f3n de la consulta abierta al mercado para proveer e integrar de manera sist\u00e9mica soluciones basadas en IA para apoyar el programa de detecci\u00f3n precoz de c\u00e1ncer de mama de Catalu\u00f1a.","og_url":"https:\/\/ticsalutsocial.atoom.space\/es\/event\/presentacio-de-la-consulta-al-mercat-del-repte-de-cribratge-de-cancer-de-mama\/","og_site_name":"Fundaci\u00f3 TIC Salut i Social","article_modified_time":"2026-02-16T11:55:10+00:00","og_image":[{"width":1280,"height":960,"url":"https:\/\/ticsalutsocial.atoom.space\/wp-content\/uploads\/2026\/02\/Repte-cribratge-cancer-mama.png","type":"image\/png"}],"twitter_card":"summary_large_image","twitter_misc":{"Tiempo de lectura":"2 minutos"},"schema":{"@context":"https:\/\/schema.org","@graph":[{"@type":"WebPage","@id":"https:\/\/ticsalutsocial.atoom.space\/es\/event\/presentacio-de-la-consulta-al-mercat-del-repte-de-cribratge-de-cancer-de-mama\/","url":"https:\/\/ticsalutsocial.atoom.space\/es\/event\/presentacio-de-la-consulta-al-mercat-del-repte-de-cribratge-de-cancer-de-mama\/","name":"Presentaci\u00f3n de la consulta al mercado del reto de cribado de c\u00e1ncer de mama - Fundaci\u00f3 TIC Salut i Social","isPartOf":{"@id":"https:\/\/ticsalutsocial.atoom.space\/es\/#website"},"primaryImageOfPage":{"@id":"https:\/\/ticsalutsocial.atoom.space\/es\/event\/presentacio-de-la-consulta-al-mercat-del-repte-de-cribratge-de-cancer-de-mama\/#primaryimage"},"image":{"@id":"https:\/\/ticsalutsocial.atoom.space\/es\/event\/presentacio-de-la-consulta-al-mercat-del-repte-de-cribratge-de-cancer-de-mama\/#primaryimage"},"thumbnailUrl":"https:\/\/ticsalutsocial.atoom.space\/wp-content\/uploads\/2026\/02\/Repte-cribratge-cancer-mama.png","datePublished":"2026-02-13T07:43:41+00:00","dateModified":"2026-02-16T11:55:10+00:00","description":"Acto de presentaci\u00f3n de la consulta abierta al mercado para proveer e integrar de manera sist\u00e9mica soluciones basadas en IA para apoyar el programa de detecci\u00f3n precoz de c\u00e1ncer de mama de Catalu\u00f1a.","breadcrumb":{"@id":"https:\/\/ticsalutsocial.atoom.space\/es\/event\/presentacio-de-la-consulta-al-mercat-del-repte-de-cribratge-de-cancer-de-mama\/#breadcrumb"},"inLanguage":"es","potentialAction":[{"@type":"ReadAction","target":["https:\/\/ticsalutsocial.atoom.space\/es\/event\/presentacio-de-la-consulta-al-mercat-del-repte-de-cribratge-de-cancer-de-mama\/"]}]},{"@type":"ImageObject","inLanguage":"es","@id":"https:\/\/ticsalutsocial.atoom.space\/es\/event\/presentacio-de-la-consulta-al-mercat-del-repte-de-cribratge-de-cancer-de-mama\/#primaryimage","url":"https:\/\/ticsalutsocial.atoom.space\/wp-content\/uploads\/2026\/02\/Repte-cribratge-cancer-mama.png","contentUrl":"https:\/\/ticsalutsocial.atoom.space\/wp-content\/uploads\/2026\/02\/Repte-cribratge-cancer-mama.png","width":1280,"height":960,"caption":"Repte cribratge ca\u0300ncer mama"},{"@type":"BreadcrumbList","@id":"https:\/\/ticsalutsocial.atoom.space\/es\/event\/presentacio-de-la-consulta-al-mercat-del-repte-de-cribratge-de-cancer-de-mama\/#breadcrumb","itemListElement":[{"@type":"ListItem","position":1,"name":"Inici","item":"https:\/\/ticsalutsocial.atoom.space\/es\/"},{"@type":"ListItem","position":2,"name":"Presentaci\u00f3n de la consulta al mercado del reto de cribado de c\u00e1ncer de mama"}]},{"@type":"WebSite","@id":"https:\/\/ticsalutsocial.atoom.space\/es\/#website","url":"https:\/\/ticsalutsocial.atoom.space\/es\/","name":"Fundaci\u00f3 TIC Salut i Social","description":"","potentialAction":[{"@type":"SearchAction","target":{"@type":"EntryPoint","urlTemplate":"https:\/\/ticsalutsocial.atoom.space\/es\/?s={search_term_string}"},"query-input":{"@type":"PropertyValueSpecification","valueRequired":true,"valueName":"search_term_string"}}],"inLanguage":"es"}]}},"_links":{"self":[{"href":"https:\/\/ticsalutsocial.atoom.space\/es\/wp-json\/wp\/v2\/event\/35725","targetHints":{"allow":["GET"]}}],"collection":[{"href":"https:\/\/ticsalutsocial.atoom.space\/es\/wp-json\/wp\/v2\/event"}],"about":[{"href":"https:\/\/ticsalutsocial.atoom.space\/es\/wp-json\/wp\/v2\/types\/event"}],"wp:featuredmedia":[{"embeddable":true,"href":"https:\/\/ticsalutsocial.atoom.space\/es\/wp-json\/wp\/v2\/media\/35723"}],"wp:attachment":[{"href":"https:\/\/ticsalutsocial.atoom.space\/es\/wp-json\/wp\/v2\/media?parent=35725"}],"wp:term":[{"taxonomy":"tipus","embeddable":true,"href":"https:\/\/ticsalutsocial.atoom.space\/es\/wp-json\/wp\/v2\/tipus?post=35725"},{"taxonomy":"topic","embeddable":true,"href":"https:\/\/ticsalutsocial.atoom.space\/es\/wp-json\/wp\/v2\/topic?post=35725"}],"curies":[{"name":"wp","href":"https:\/\/api.w.org\/{rel}","templated":true}]}}