
{"id":5741,"date":"2018-06-13T10:07:55","date_gmt":"2018-06-13T08:07:55","guid":{"rendered":"https:\/\/ticsalutsocial.atoom.space\/?post_type=event&#038;p=5741"},"modified":"2021-07-21T16:24:16","modified_gmt":"2021-07-21T14:24:16","slug":"jornada-experiencies-en-lus-dels-sistemes-de-gestio-de-dosis-en-diagnostic-per-la-imatge","status":"publish","type":"event","link":"https:\/\/ticsalutsocial.atoom.space\/es\/event\/jornada-experiencies-en-lus-dels-sistemes-de-gestio-de-dosis-en-diagnostic-per-la-imatge\/","title":{"rendered":"JORNADA \u201cExperi\u00e8ncies en l\u00b4\u00fas dels sistemes de gesti\u00f3 de dosis en diagn\u00f2stic per la imatge\u201d"},"content":{"rendered":"<p><strong>INTRODUCCI\u00d3<\/strong><br \/>\nEs pret\u00e9n realitzar una revisi\u00f3 de les experi\u00e8ncies pr\u00e0ctiques sobre la gesti\u00f3 de la dosi de radiaci\u00f3 en diagn\u00f2stic per la imatge amb el suport de programes inform\u00e0tics espec\u00edfics. Es comentaran les recomanacions dels experts sobre la metodologia de registre de la dosi en els diferents equips radiol\u00f2gics, aix\u00ed com l\u2019experi\u00e8ncia en l\u00b4\u00fas d&#8217;aquesta informaci\u00f3 per reduir la dosi de radiaci\u00f3 als pacients.<\/p>\n<p><strong>OBJECTIUS<\/strong><br \/>\nExplicaci\u00f3 i discussi\u00f3 de la metodologia del registre de la dosi en els diferents equips radiol\u00f2gics.<br \/>\nExplicaci\u00f3 i discussi\u00f3 dels comit\u00e8s multidisciplinars per la gesti\u00f3 de la dosi.<br \/>\nExperi\u00e8ncia en estrat\u00e8gies per l\u00b4optimitzaci\u00f3 de la gesti\u00f3 de la dosi.<br \/>\nPresentaci\u00f3 i discussi\u00f3 de les recomanacions pr\u00e0ctiques i de l\u00b4experi\u00e8ncia de cada ponent.<\/p>\n<p><strong>ACREDITACI\u00d3<\/strong><br \/>\nLa jornada est\u00e0 acreditada per FENIN<\/p>\n<p><strong>AUDI\u00c8NCIA<\/strong><br \/>\nLa jornada est\u00e0 oberta a tots els professionals assistencials implicats en la realitzaci\u00f3 di\u00e0ria dels estudis de diagn\u00f2stic per la imatge com radi\u00f2legs, metge nuclears, f\u00edsics, DUI i t\u00e8cnics en radiologia, aix\u00ed com tots els especialistes que realitzen procediments intervencionistes guiats per la imatge. Tamb\u00e9 participaran experts en qualitat, directors y gerents dels centres sanitaris i autoritats sanit\u00e0ries.<\/p>\n<p><strong>METODOLOGIA<\/strong><br \/>\nPrograma amb taules rodones integrades per experts en cadascun dels models de gesti\u00f3 de dosi.<br \/>\nEs realitzar\u00e0 un debat entre moderadors i ponents i s\u00b4incentivar\u00e0 la participaci\u00f3 activa de la audi\u00e8ncia.<\/p>\n<p><strong>INSCRIPCIONS<\/strong><br \/>\nLa jornada es d\u2019acc\u00e9s lliure per tots els professionals sanitaris interessats en el tema.<\/p>\n<p>Per inscripcions: Enviar correu electr\u00f2nic a<br \/>\nsecretaria@radiolegscat.cat amb:<br \/>\n\u2022 Assumpte: Inscripci\u00f3 Jornada Gesti\u00f3 de Dosi<br \/>\n\u2022 Nom i cognoms:<br \/>\n\u2022 Correu electr\u00f2nic:<br \/>\n\u2022 Localitat:<br \/>\n\u2022 Professi\u00f3 \/ c\u00e0rrec:<br \/>\n\u2022 Centre de treball:<\/p>\n","protected":false},"featured_media":0,"menu_order":0,"template":"","meta":{"_acf_changed":false,"inline_featured_image":false},"tipus":[],"topic":[121],"class_list":["post-5741","event","type-event","status-publish","hentry","topic-dpd-es"],"acf":{"informacio":{"ubicacio":"Sala de actes. Acad\u00e8mia de Ci\u00e8ncies M\u00e8diques i de la Salut de Catalunya i Balears","data":"25\/06\/2018","hora":"De 8.30 h a 15.00 h","preu":"La jornada es d\u2019acc\u00e9s lliure per tots els professionals sanitaris interessats en el tema.","inscripcions":""}},"yoast_head":"<!-- This site is optimized with the Yoast SEO plugin v27.1.1 - https:\/\/yoast.com\/product\/yoast-seo-wordpress\/ -->\n<title>JORNADA \u201cExperi\u00e8ncies en l\u00b4\u00fas dels sistemes de gesti\u00f3 de dosis en diagn\u00f2stic per la imatge\u201d - Fundaci\u00f3 TIC Salut i Social<\/title>\n<meta name=\"robots\" content=\"index, follow, max-snippet:-1, max-image-preview:large, max-video-preview:-1\" \/>\n<link rel=\"canonical\" href=\"https:\/\/ticsalutsocial.atoom.space\/es\/event\/jornada-experiencies-en-lus-dels-sistemes-de-gestio-de-dosis-en-diagnostic-per-la-imatge\/\" \/>\n<meta property=\"og:locale\" content=\"es_ES\" \/>\n<meta property=\"og:type\" content=\"article\" \/>\n<meta property=\"og:title\" content=\"JORNADA \u201cExperi\u00e8ncies en l\u00b4\u00fas dels sistemes de gesti\u00f3 de dosis en diagn\u00f2stic per la imatge\u201d - Fundaci\u00f3 TIC Salut i Social\" \/>\n<meta property=\"og:description\" content=\"INTRODUCCI\u00d3 Es pret\u00e9n realitzar una revisi\u00f3 de les experi\u00e8ncies pr\u00e0ctiques sobre la gesti\u00f3 de la dosi de radiaci\u00f3 en diagn\u00f2stic per la imatge amb el suport de programes inform\u00e0tics espec\u00edfics. Es comentaran les recomanacions dels experts sobre la metodologia de registre de la dosi en els diferents equips radiol\u00f2gics, aix\u00ed com l\u2019experi\u00e8ncia en l\u00b4\u00fas d&#8217;aquesta [&hellip;]\" \/>\n<meta property=\"og:url\" content=\"https:\/\/ticsalutsocial.atoom.space\/es\/event\/jornada-experiencies-en-lus-dels-sistemes-de-gestio-de-dosis-en-diagnostic-per-la-imatge\/\" \/>\n<meta property=\"og:site_name\" content=\"Fundaci\u00f3 TIC Salut i Social\" \/>\n<meta property=\"article:modified_time\" content=\"2021-07-21T14:24:16+00:00\" \/>\n<meta name=\"twitter:card\" content=\"summary_large_image\" \/>\n<meta name=\"twitter:label1\" content=\"Tiempo de lectura\" \/>\n\t<meta name=\"twitter:data1\" content=\"1 minuto\" \/>\n<script type=\"application\/ld+json\" class=\"yoast-schema-graph\">{\"@context\":\"https:\/\/schema.org\",\"@graph\":[{\"@type\":\"WebPage\",\"@id\":\"https:\/\/ticsalutsocial.atoom.space\/es\/event\/jornada-experiencies-en-lus-dels-sistemes-de-gestio-de-dosis-en-diagnostic-per-la-imatge\/\",\"url\":\"https:\/\/ticsalutsocial.atoom.space\/es\/event\/jornada-experiencies-en-lus-dels-sistemes-de-gestio-de-dosis-en-diagnostic-per-la-imatge\/\",\"name\":\"JORNADA \u201cExperi\u00e8ncies en l\u00b4\u00fas dels sistemes de gesti\u00f3 de dosis en diagn\u00f2stic per la imatge\u201d - Fundaci\u00f3 TIC Salut i Social\",\"isPartOf\":{\"@id\":\"https:\/\/ticsalutsocial.atoom.space\/es\/#website\"},\"datePublished\":\"2018-06-13T08:07:55+00:00\",\"dateModified\":\"2021-07-21T14:24:16+00:00\",\"breadcrumb\":{\"@id\":\"https:\/\/ticsalutsocial.atoom.space\/es\/event\/jornada-experiencies-en-lus-dels-sistemes-de-gestio-de-dosis-en-diagnostic-per-la-imatge\/#breadcrumb\"},\"inLanguage\":\"es\",\"potentialAction\":[{\"@type\":\"ReadAction\",\"target\":[\"https:\/\/ticsalutsocial.atoom.space\/es\/event\/jornada-experiencies-en-lus-dels-sistemes-de-gestio-de-dosis-en-diagnostic-per-la-imatge\/\"]}]},{\"@type\":\"BreadcrumbList\",\"@id\":\"https:\/\/ticsalutsocial.atoom.space\/es\/event\/jornada-experiencies-en-lus-dels-sistemes-de-gestio-de-dosis-en-diagnostic-per-la-imatge\/#breadcrumb\",\"itemListElement\":[{\"@type\":\"ListItem\",\"position\":1,\"name\":\"Inici\",\"item\":\"https:\/\/ticsalutsocial.atoom.space\/es\/\"},{\"@type\":\"ListItem\",\"position\":2,\"name\":\"JORNADA \u201cExperi\u00e8ncies en l\u00b4\u00fas dels sistemes de gesti\u00f3 de dosis en diagn\u00f2stic per la imatge\u201d\"}]},{\"@type\":\"WebSite\",\"@id\":\"https:\/\/ticsalutsocial.atoom.space\/es\/#website\",\"url\":\"https:\/\/ticsalutsocial.atoom.space\/es\/\",\"name\":\"Fundaci\u00f3 TIC Salut i Social\",\"description\":\"\",\"potentialAction\":[{\"@type\":\"SearchAction\",\"target\":{\"@type\":\"EntryPoint\",\"urlTemplate\":\"https:\/\/ticsalutsocial.atoom.space\/es\/?s={search_term_string}\"},\"query-input\":{\"@type\":\"PropertyValueSpecification\",\"valueRequired\":true,\"valueName\":\"search_term_string\"}}],\"inLanguage\":\"es\"}]}<\/script>\n<!-- \/ Yoast SEO plugin. -->","yoast_head_json":{"title":"JORNADA \u201cExperi\u00e8ncies en l\u00b4\u00fas dels sistemes de gesti\u00f3 de dosis en diagn\u00f2stic per la imatge\u201d - Fundaci\u00f3 TIC Salut i Social","robots":{"index":"index","follow":"follow","max-snippet":"max-snippet:-1","max-image-preview":"max-image-preview:large","max-video-preview":"max-video-preview:-1"},"canonical":"https:\/\/ticsalutsocial.atoom.space\/es\/event\/jornada-experiencies-en-lus-dels-sistemes-de-gestio-de-dosis-en-diagnostic-per-la-imatge\/","og_locale":"es_ES","og_type":"article","og_title":"JORNADA \u201cExperi\u00e8ncies en l\u00b4\u00fas dels sistemes de gesti\u00f3 de dosis en diagn\u00f2stic per la imatge\u201d - Fundaci\u00f3 TIC Salut i Social","og_description":"INTRODUCCI\u00d3 Es pret\u00e9n realitzar una revisi\u00f3 de les experi\u00e8ncies pr\u00e0ctiques sobre la gesti\u00f3 de la dosi de radiaci\u00f3 en diagn\u00f2stic per la imatge amb el suport de programes inform\u00e0tics espec\u00edfics. Es comentaran les recomanacions dels experts sobre la metodologia de registre de la dosi en els diferents equips radiol\u00f2gics, aix\u00ed com l\u2019experi\u00e8ncia en l\u00b4\u00fas d&#8217;aquesta [&hellip;]","og_url":"https:\/\/ticsalutsocial.atoom.space\/es\/event\/jornada-experiencies-en-lus-dels-sistemes-de-gestio-de-dosis-en-diagnostic-per-la-imatge\/","og_site_name":"Fundaci\u00f3 TIC Salut i Social","article_modified_time":"2021-07-21T14:24:16+00:00","twitter_card":"summary_large_image","twitter_misc":{"Tiempo de lectura":"1 minuto"},"schema":{"@context":"https:\/\/schema.org","@graph":[{"@type":"WebPage","@id":"https:\/\/ticsalutsocial.atoom.space\/es\/event\/jornada-experiencies-en-lus-dels-sistemes-de-gestio-de-dosis-en-diagnostic-per-la-imatge\/","url":"https:\/\/ticsalutsocial.atoom.space\/es\/event\/jornada-experiencies-en-lus-dels-sistemes-de-gestio-de-dosis-en-diagnostic-per-la-imatge\/","name":"JORNADA \u201cExperi\u00e8ncies en l\u00b4\u00fas dels sistemes de gesti\u00f3 de dosis en diagn\u00f2stic per la imatge\u201d - Fundaci\u00f3 TIC Salut i Social","isPartOf":{"@id":"https:\/\/ticsalutsocial.atoom.space\/es\/#website"},"datePublished":"2018-06-13T08:07:55+00:00","dateModified":"2021-07-21T14:24:16+00:00","breadcrumb":{"@id":"https:\/\/ticsalutsocial.atoom.space\/es\/event\/jornada-experiencies-en-lus-dels-sistemes-de-gestio-de-dosis-en-diagnostic-per-la-imatge\/#breadcrumb"},"inLanguage":"es","potentialAction":[{"@type":"ReadAction","target":["https:\/\/ticsalutsocial.atoom.space\/es\/event\/jornada-experiencies-en-lus-dels-sistemes-de-gestio-de-dosis-en-diagnostic-per-la-imatge\/"]}]},{"@type":"BreadcrumbList","@id":"https:\/\/ticsalutsocial.atoom.space\/es\/event\/jornada-experiencies-en-lus-dels-sistemes-de-gestio-de-dosis-en-diagnostic-per-la-imatge\/#breadcrumb","itemListElement":[{"@type":"ListItem","position":1,"name":"Inici","item":"https:\/\/ticsalutsocial.atoom.space\/es\/"},{"@type":"ListItem","position":2,"name":"JORNADA \u201cExperi\u00e8ncies en l\u00b4\u00fas dels sistemes de gesti\u00f3 de dosis en diagn\u00f2stic per la imatge\u201d"}]},{"@type":"WebSite","@id":"https:\/\/ticsalutsocial.atoom.space\/es\/#website","url":"https:\/\/ticsalutsocial.atoom.space\/es\/","name":"Fundaci\u00f3 TIC Salut i Social","description":"","potentialAction":[{"@type":"SearchAction","target":{"@type":"EntryPoint","urlTemplate":"https:\/\/ticsalutsocial.atoom.space\/es\/?s={search_term_string}"},"query-input":{"@type":"PropertyValueSpecification","valueRequired":true,"valueName":"search_term_string"}}],"inLanguage":"es"}]}},"_links":{"self":[{"href":"https:\/\/ticsalutsocial.atoom.space\/es\/wp-json\/wp\/v2\/event\/5741","targetHints":{"allow":["GET"]}}],"collection":[{"href":"https:\/\/ticsalutsocial.atoom.space\/es\/wp-json\/wp\/v2\/event"}],"about":[{"href":"https:\/\/ticsalutsocial.atoom.space\/es\/wp-json\/wp\/v2\/types\/event"}],"wp:attachment":[{"href":"https:\/\/ticsalutsocial.atoom.space\/es\/wp-json\/wp\/v2\/media?parent=5741"}],"wp:term":[{"taxonomy":"tipus","embeddable":true,"href":"https:\/\/ticsalutsocial.atoom.space\/es\/wp-json\/wp\/v2\/tipus?post=5741"},{"taxonomy":"topic","embeddable":true,"href":"https:\/\/ticsalutsocial.atoom.space\/es\/wp-json\/wp\/v2\/topic?post=5741"}],"curies":[{"name":"wp","href":"https:\/\/api.w.org\/{rel}","templated":true}]}}