
{"id":5754,"date":"2018-07-19T10:02:00","date_gmt":"2018-07-19T08:02:00","guid":{"rendered":"https:\/\/ticsalutsocial.atoom.space\/?post_type=event&#038;p=5754"},"modified":"2021-07-21T16:24:27","modified_gmt":"2021-07-21T14:24:27","slug":"healthio-2018","status":"publish","type":"event","link":"https:\/\/ticsalutsocial.atoom.space\/es\/event\/healthio-2018\/","title":{"rendered":"HEALTHIO 2018"},"content":{"rendered":"<h3>L&#8217;\u00fanic esdeveniment que reuneix a ciutadans, pacients, innovacions m\u00e8diques, professionals i empreses del sector salut.<\/h3>\n<p class=\"lead\"><strong>HEALTHIO<\/strong>\u00a0ofereix una nova oportunitat per a l&#8217;<strong>empoderament del pacient<\/strong>i del prove\u00efdor sanitari amb el principal objectiu de millorar el resultat del pacient o ciutad\u00e0 a trav\u00e9s de diverses innovacions que ajudin a resoldre els reptes sanitaris d&#8217;avui i de dem\u00e0.<\/p>\n<p class=\"lead\">A\u00a0<strong>HEALTHIO<\/strong>\u00a0tindr\u00e0s l&#8217;oportunitat d&#8217;experimentar amb les innovacions de\u00a0<strong>tres grans \u00e0rees que abasten el cicle de la vida<\/strong>: El Benestar, la Medicina personalitzada, les Malalties cr\u00f2niques i l&#8217;Envelliment.<\/p>\n<p class=\"h1-big\"><strong>HEALTHIO ITINERARIS I \u00c0GORES:<\/strong><\/p>\n<p class=\"lead\">Pots descobrir pel teu compte les innovacions en salut que presenten les empreses i institucions que participen en els Itineraris o b\u00e9 pots sumar-te a les visites guiades que tindran lloc cada 15 minuts.<\/p>\n<ul>\n<li><a href=\"http:\/\/www.healthio-global.com\/#1\">Salut i Benestar<\/a><\/li>\n<li><a href=\"http:\/\/www.healthio-global.com\/#1\">Medicina Personalitzada<\/a><\/li>\n<li><a href=\"http:\/\/www.healthio-global.com\/#1\">Malalties Cr\u00f2niques i Envelliment<\/a><\/li>\n<\/ul>\n<p><a href=\"https:\/\/registration.firabarcelona.com\/#\/es_ES\/S101018\/WEB\"><img decoding=\"async\" class=\"alignnone size-full wp-image-9128\" src=\"https:\/\/ticsalutsocial.atoom.space\/wp-content\/uploads\/2018\/09\/captura-3.png\" alt=\"\" \/><\/a><\/p>\n","protected":false},"featured_media":3522,"menu_order":0,"template":"","meta":{"_acf_changed":false,"inline_featured_image":false},"tipus":[84,654],"topic":[121],"class_list":["post-5754","event","type-event","status-publish","has-post-thumbnail","hentry","tipus-oficina-interoperabilidad","tipus-activos-digitales","topic-dpd-es"],"acf":{"imatge":3524,"informacio":{"ubicacio":"Recinte Montju\u00efc","data":"16\/10\/2018","hora":"","preu":"Gratu\u00eft previ registre","inscripcions":""}},"yoast_head":"<!-- This site is optimized with the Yoast SEO plugin v27.1.1 - https:\/\/yoast.com\/product\/yoast-seo-wordpress\/ -->\n<title>HEALTHIO 2018 - Fundaci\u00f3 TIC Salut i Social<\/title>\n<meta name=\"robots\" content=\"index, follow, max-snippet:-1, max-image-preview:large, max-video-preview:-1\" \/>\n<link rel=\"canonical\" href=\"https:\/\/ticsalutsocial.atoom.space\/es\/event\/healthio-2018\/\" \/>\n<meta property=\"og:locale\" content=\"es_ES\" \/>\n<meta property=\"og:type\" content=\"article\" \/>\n<meta property=\"og:title\" content=\"HEALTHIO 2018 - Fundaci\u00f3 TIC Salut i Social\" \/>\n<meta property=\"og:description\" content=\"L&#8217;\u00fanic esdeveniment que reuneix a ciutadans, pacients, innovacions m\u00e8diques, professionals i empreses del sector salut. HEALTHIO\u00a0ofereix una nova oportunitat per a l&#8217;empoderament del pacienti del prove\u00efdor sanitari amb el principal objectiu de millorar el resultat del pacient o ciutad\u00e0 a trav\u00e9s de diverses innovacions que ajudin a resoldre els reptes sanitaris d&#8217;avui i de dem\u00e0. [&hellip;]\" \/>\n<meta property=\"og:url\" content=\"https:\/\/ticsalutsocial.atoom.space\/es\/event\/healthio-2018\/\" \/>\n<meta property=\"og:site_name\" content=\"Fundaci\u00f3 TIC Salut i Social\" \/>\n<meta property=\"article:modified_time\" content=\"2021-07-21T14:24:27+00:00\" \/>\n<meta property=\"og:image\" content=\"https:\/\/ticsalutsocial.atoom.space\/wp-content\/uploads\/2018\/09\/captura-2.png\" \/>\n\t<meta property=\"og:image:width\" content=\"1532\" \/>\n\t<meta property=\"og:image:height\" content=\"304\" \/>\n\t<meta property=\"og:image:type\" content=\"image\/png\" \/>\n<meta name=\"twitter:card\" content=\"summary_large_image\" \/>\n<meta name=\"twitter:label1\" content=\"Tiempo de lectura\" \/>\n\t<meta name=\"twitter:data1\" content=\"1 minuto\" \/>\n<script type=\"application\/ld+json\" class=\"yoast-schema-graph\">{\"@context\":\"https:\/\/schema.org\",\"@graph\":[{\"@type\":\"WebPage\",\"@id\":\"https:\/\/ticsalutsocial.atoom.space\/es\/event\/healthio-2018\/\",\"url\":\"https:\/\/ticsalutsocial.atoom.space\/es\/event\/healthio-2018\/\",\"name\":\"HEALTHIO 2018 - Fundaci\u00f3 TIC Salut i Social\",\"isPartOf\":{\"@id\":\"https:\/\/ticsalutsocial.atoom.space\/es\/#website\"},\"primaryImageOfPage\":{\"@id\":\"https:\/\/ticsalutsocial.atoom.space\/es\/event\/healthio-2018\/#primaryimage\"},\"image\":{\"@id\":\"https:\/\/ticsalutsocial.atoom.space\/es\/event\/healthio-2018\/#primaryimage\"},\"thumbnailUrl\":\"https:\/\/ticsalutsocial.atoom.space\/wp-content\/uploads\/2018\/09\/captura-2.png\",\"datePublished\":\"2018-07-19T08:02:00+00:00\",\"dateModified\":\"2021-07-21T14:24:27+00:00\",\"breadcrumb\":{\"@id\":\"https:\/\/ticsalutsocial.atoom.space\/es\/event\/healthio-2018\/#breadcrumb\"},\"inLanguage\":\"es\",\"potentialAction\":[{\"@type\":\"ReadAction\",\"target\":[\"https:\/\/ticsalutsocial.atoom.space\/es\/event\/healthio-2018\/\"]}]},{\"@type\":\"ImageObject\",\"inLanguage\":\"es\",\"@id\":\"https:\/\/ticsalutsocial.atoom.space\/es\/event\/healthio-2018\/#primaryimage\",\"url\":\"https:\/\/ticsalutsocial.atoom.space\/wp-content\/uploads\/2018\/09\/captura-2.png\",\"contentUrl\":\"https:\/\/ticsalutsocial.atoom.space\/wp-content\/uploads\/2018\/09\/captura-2.png\",\"width\":1532,\"height\":304},{\"@type\":\"BreadcrumbList\",\"@id\":\"https:\/\/ticsalutsocial.atoom.space\/es\/event\/healthio-2018\/#breadcrumb\",\"itemListElement\":[{\"@type\":\"ListItem\",\"position\":1,\"name\":\"Inici\",\"item\":\"https:\/\/ticsalutsocial.atoom.space\/es\/\"},{\"@type\":\"ListItem\",\"position\":2,\"name\":\"HEALTHIO 2018\"}]},{\"@type\":\"WebSite\",\"@id\":\"https:\/\/ticsalutsocial.atoom.space\/es\/#website\",\"url\":\"https:\/\/ticsalutsocial.atoom.space\/es\/\",\"name\":\"Fundaci\u00f3 TIC Salut i Social\",\"description\":\"\",\"potentialAction\":[{\"@type\":\"SearchAction\",\"target\":{\"@type\":\"EntryPoint\",\"urlTemplate\":\"https:\/\/ticsalutsocial.atoom.space\/es\/?s={search_term_string}\"},\"query-input\":{\"@type\":\"PropertyValueSpecification\",\"valueRequired\":true,\"valueName\":\"search_term_string\"}}],\"inLanguage\":\"es\"}]}<\/script>\n<!-- \/ Yoast SEO plugin. -->","yoast_head_json":{"title":"HEALTHIO 2018 - Fundaci\u00f3 TIC Salut i Social","robots":{"index":"index","follow":"follow","max-snippet":"max-snippet:-1","max-image-preview":"max-image-preview:large","max-video-preview":"max-video-preview:-1"},"canonical":"https:\/\/ticsalutsocial.atoom.space\/es\/event\/healthio-2018\/","og_locale":"es_ES","og_type":"article","og_title":"HEALTHIO 2018 - Fundaci\u00f3 TIC Salut i Social","og_description":"L&#8217;\u00fanic esdeveniment que reuneix a ciutadans, pacients, innovacions m\u00e8diques, professionals i empreses del sector salut. HEALTHIO\u00a0ofereix una nova oportunitat per a l&#8217;empoderament del pacienti del prove\u00efdor sanitari amb el principal objectiu de millorar el resultat del pacient o ciutad\u00e0 a trav\u00e9s de diverses innovacions que ajudin a resoldre els reptes sanitaris d&#8217;avui i de dem\u00e0. [&hellip;]","og_url":"https:\/\/ticsalutsocial.atoom.space\/es\/event\/healthio-2018\/","og_site_name":"Fundaci\u00f3 TIC Salut i Social","article_modified_time":"2021-07-21T14:24:27+00:00","og_image":[{"width":1532,"height":304,"url":"https:\/\/ticsalutsocial.atoom.space\/wp-content\/uploads\/2018\/09\/captura-2.png","type":"image\/png"}],"twitter_card":"summary_large_image","twitter_misc":{"Tiempo de lectura":"1 minuto"},"schema":{"@context":"https:\/\/schema.org","@graph":[{"@type":"WebPage","@id":"https:\/\/ticsalutsocial.atoom.space\/es\/event\/healthio-2018\/","url":"https:\/\/ticsalutsocial.atoom.space\/es\/event\/healthio-2018\/","name":"HEALTHIO 2018 - Fundaci\u00f3 TIC Salut i Social","isPartOf":{"@id":"https:\/\/ticsalutsocial.atoom.space\/es\/#website"},"primaryImageOfPage":{"@id":"https:\/\/ticsalutsocial.atoom.space\/es\/event\/healthio-2018\/#primaryimage"},"image":{"@id":"https:\/\/ticsalutsocial.atoom.space\/es\/event\/healthio-2018\/#primaryimage"},"thumbnailUrl":"https:\/\/ticsalutsocial.atoom.space\/wp-content\/uploads\/2018\/09\/captura-2.png","datePublished":"2018-07-19T08:02:00+00:00","dateModified":"2021-07-21T14:24:27+00:00","breadcrumb":{"@id":"https:\/\/ticsalutsocial.atoom.space\/es\/event\/healthio-2018\/#breadcrumb"},"inLanguage":"es","potentialAction":[{"@type":"ReadAction","target":["https:\/\/ticsalutsocial.atoom.space\/es\/event\/healthio-2018\/"]}]},{"@type":"ImageObject","inLanguage":"es","@id":"https:\/\/ticsalutsocial.atoom.space\/es\/event\/healthio-2018\/#primaryimage","url":"https:\/\/ticsalutsocial.atoom.space\/wp-content\/uploads\/2018\/09\/captura-2.png","contentUrl":"https:\/\/ticsalutsocial.atoom.space\/wp-content\/uploads\/2018\/09\/captura-2.png","width":1532,"height":304},{"@type":"BreadcrumbList","@id":"https:\/\/ticsalutsocial.atoom.space\/es\/event\/healthio-2018\/#breadcrumb","itemListElement":[{"@type":"ListItem","position":1,"name":"Inici","item":"https:\/\/ticsalutsocial.atoom.space\/es\/"},{"@type":"ListItem","position":2,"name":"HEALTHIO 2018"}]},{"@type":"WebSite","@id":"https:\/\/ticsalutsocial.atoom.space\/es\/#website","url":"https:\/\/ticsalutsocial.atoom.space\/es\/","name":"Fundaci\u00f3 TIC Salut i Social","description":"","potentialAction":[{"@type":"SearchAction","target":{"@type":"EntryPoint","urlTemplate":"https:\/\/ticsalutsocial.atoom.space\/es\/?s={search_term_string}"},"query-input":{"@type":"PropertyValueSpecification","valueRequired":true,"valueName":"search_term_string"}}],"inLanguage":"es"}]}},"_links":{"self":[{"href":"https:\/\/ticsalutsocial.atoom.space\/es\/wp-json\/wp\/v2\/event\/5754","targetHints":{"allow":["GET"]}}],"collection":[{"href":"https:\/\/ticsalutsocial.atoom.space\/es\/wp-json\/wp\/v2\/event"}],"about":[{"href":"https:\/\/ticsalutsocial.atoom.space\/es\/wp-json\/wp\/v2\/types\/event"}],"wp:featuredmedia":[{"embeddable":true,"href":"https:\/\/ticsalutsocial.atoom.space\/es\/wp-json\/wp\/v2\/media\/3522"}],"wp:attachment":[{"href":"https:\/\/ticsalutsocial.atoom.space\/es\/wp-json\/wp\/v2\/media?parent=5754"}],"wp:term":[{"taxonomy":"tipus","embeddable":true,"href":"https:\/\/ticsalutsocial.atoom.space\/es\/wp-json\/wp\/v2\/tipus?post=5754"},{"taxonomy":"topic","embeddable":true,"href":"https:\/\/ticsalutsocial.atoom.space\/es\/wp-json\/wp\/v2\/topic?post=5754"}],"curies":[{"name":"wp","href":"https:\/\/api.w.org\/{rel}","templated":true}]}}