
{"id":5780,"date":"2018-10-16T14:52:26","date_gmt":"2018-10-16T12:52:26","guid":{"rendered":"https:\/\/ticsalutsocial.atoom.space\/?post_type=event&#038;p=5780"},"modified":"2021-07-21T16:24:43","modified_gmt":"2021-07-21T14:24:43","slug":"3rd-hack-health","status":"publish","type":"event","link":"https:\/\/ticsalutsocial.atoom.space\/es\/event\/3rd-hack-health\/","title":{"rendered":"3rd Hack &#038; Health"},"content":{"rendered":"<p>El Ayuntament de Terrassa\u00a0organiza la tercera edici\u00f3n del\u00a0<strong>Hack&amp;Health<\/strong>, que se realizar\u00e1 los d\u00edas <strong>9 y 10 de noviembre<\/strong> en el edificio de la ESEIAAT de la UPC (C\/<strong> Colom n\u00fam. 1)<\/strong>.<\/p>\n<div>#hackandhealth<\/div>\n<div>\n<p>Bajo el marco de las iniciativas vinculadas al Parque Cient\u00edfico y Tecnol\u00f3gico, Orbital.40, el Ayuntamiento de Terrassa promueve la celebraci\u00f3n de la <strong>tercera edici\u00f3n del Hack &amp; Health<\/strong>. Un <em>hackathon<\/em> de <em>big data<\/em> especializado en salud, dirigido a toda persona con iniciativa, creativa, emprendedora y que quiera aportar soluciones dirigidas a mejorar la calidad de vida de la ciudadan\u00eda.<\/p>\n<p>El Hack &amp; Health 2018 se celebrar\u00e1 en dos fases diferenciadas. La primera un <em>webinar<\/em> que se celebrar\u00e1 el d\u00eda <strong>24 de octubre<\/strong> y se podr\u00e1 seguir v\u00eda <em>streaming<\/em>. El objetivo es proponer los dos retos sobre los que los equipos participantes deber\u00e1n encontrar las soluciones\u00a0durante el hackathon, ofrecer informaci\u00f3n sobre los aspectos t\u00e9cnicos del mismo, las fuentes de datos a utilizar y las herramientas disponibles para trabajar.<\/p>\n<p>La segunda fase se llevar\u00e1 a cabo los d\u00edas <strong>9 y 10 de noviembre<\/strong> en las instalaciones\u00a0del ESEIAAT en la <strong>calle Col\u00f3n n\u00fam. 1<\/strong> (UPC Campus Terrassa) donde los equipos participantes podr\u00e1n desarrollar sus propuestas y, adem\u00e1s, se impartir\u00e1n varios talleres t\u00e9cnicos.<\/p>\n<\/div>\n<p>Inscripciones habilitadas hasta el 6 de noviembre, plazas limitadas: <a href=\"https:\/\/goo.gl\/ZnAePq\">https:\/\/goo.gl\/ZnAePq<\/a><\/p>\n","protected":false},"featured_media":5777,"menu_order":0,"template":"","meta":{"_acf_changed":false,"inline_featured_image":false},"tipus":[],"topic":[121],"class_list":["post-5780","event","type-event","status-publish","has-post-thumbnail","hentry","topic-dpd-es"],"acf":{"imatge":5779,"informacio":{"ubicacio":" Escola Superior d\u2019Enginyeries Industrial, Aeroespacial i Audiovisual de Terrassa (UPC)","data":"09\/11\/2018","hora":"","preu":"Gratuito","inscripcions":""}},"yoast_head":"<!-- This site is optimized with the Yoast SEO plugin v27.1.1 - https:\/\/yoast.com\/product\/yoast-seo-wordpress\/ -->\n<title>3rd Hack &amp; Health - Fundaci\u00f3 TIC Salut i Social<\/title>\n<meta name=\"robots\" content=\"index, follow, max-snippet:-1, max-image-preview:large, max-video-preview:-1\" \/>\n<link rel=\"canonical\" href=\"https:\/\/ticsalutsocial.atoom.space\/es\/event\/3rd-hack-health\/\" \/>\n<meta property=\"og:locale\" content=\"es_ES\" \/>\n<meta property=\"og:type\" content=\"article\" \/>\n<meta property=\"og:title\" content=\"3rd Hack &amp; Health - Fundaci\u00f3 TIC Salut i Social\" \/>\n<meta property=\"og:description\" content=\"El Ayuntament de Terrassa\u00a0organiza la tercera edici\u00f3n del\u00a0Hack&amp;Health, que se realizar\u00e1 los d\u00edas 9 y 10 de noviembre en el edificio de la ESEIAAT de la UPC (C\/ Colom n\u00fam. 1). #hackandhealth Bajo el marco de las iniciativas vinculadas al Parque Cient\u00edfico y Tecnol\u00f3gico, Orbital.40, el Ayuntamiento de Terrassa promueve la celebraci\u00f3n de la tercera [&hellip;]\" \/>\n<meta property=\"og:url\" content=\"https:\/\/ticsalutsocial.atoom.space\/es\/event\/3rd-hack-health\/\" \/>\n<meta property=\"og:site_name\" content=\"Fundaci\u00f3 TIC Salut i Social\" \/>\n<meta property=\"article:modified_time\" content=\"2021-07-21T14:24:43+00:00\" \/>\n<meta property=\"og:image\" content=\"https:\/\/ticsalutsocial.atoom.space\/wp-content\/uploads\/2018\/10\/logo-hh-2018.jpg\" \/>\n\t<meta property=\"og:image:width\" content=\"1116\" \/>\n\t<meta property=\"og:image:height\" content=\"728\" \/>\n\t<meta property=\"og:image:type\" content=\"image\/jpeg\" \/>\n<meta name=\"twitter:card\" content=\"summary_large_image\" \/>\n<meta name=\"twitter:label1\" content=\"Tiempo de lectura\" \/>\n\t<meta name=\"twitter:data1\" content=\"1 minuto\" \/>\n<script type=\"application\/ld+json\" class=\"yoast-schema-graph\">{\"@context\":\"https:\/\/schema.org\",\"@graph\":[{\"@type\":\"WebPage\",\"@id\":\"https:\/\/ticsalutsocial.atoom.space\/es\/event\/3rd-hack-health\/\",\"url\":\"https:\/\/ticsalutsocial.atoom.space\/es\/event\/3rd-hack-health\/\",\"name\":\"3rd Hack & Health - Fundaci\u00f3 TIC Salut i Social\",\"isPartOf\":{\"@id\":\"https:\/\/ticsalutsocial.atoom.space\/es\/#website\"},\"primaryImageOfPage\":{\"@id\":\"https:\/\/ticsalutsocial.atoom.space\/es\/event\/3rd-hack-health\/#primaryimage\"},\"image\":{\"@id\":\"https:\/\/ticsalutsocial.atoom.space\/es\/event\/3rd-hack-health\/#primaryimage\"},\"thumbnailUrl\":\"https:\/\/ticsalutsocial.atoom.space\/wp-content\/uploads\/2018\/10\/logo-hh-2018.jpg\",\"datePublished\":\"2018-10-16T12:52:26+00:00\",\"dateModified\":\"2021-07-21T14:24:43+00:00\",\"breadcrumb\":{\"@id\":\"https:\/\/ticsalutsocial.atoom.space\/es\/event\/3rd-hack-health\/#breadcrumb\"},\"inLanguage\":\"es\",\"potentialAction\":[{\"@type\":\"ReadAction\",\"target\":[\"https:\/\/ticsalutsocial.atoom.space\/es\/event\/3rd-hack-health\/\"]}]},{\"@type\":\"ImageObject\",\"inLanguage\":\"es\",\"@id\":\"https:\/\/ticsalutsocial.atoom.space\/es\/event\/3rd-hack-health\/#primaryimage\",\"url\":\"https:\/\/ticsalutsocial.atoom.space\/wp-content\/uploads\/2018\/10\/logo-hh-2018.jpg\",\"contentUrl\":\"https:\/\/ticsalutsocial.atoom.space\/wp-content\/uploads\/2018\/10\/logo-hh-2018.jpg\",\"width\":1116,\"height\":728},{\"@type\":\"BreadcrumbList\",\"@id\":\"https:\/\/ticsalutsocial.atoom.space\/es\/event\/3rd-hack-health\/#breadcrumb\",\"itemListElement\":[{\"@type\":\"ListItem\",\"position\":1,\"name\":\"Inici\",\"item\":\"https:\/\/ticsalutsocial.atoom.space\/es\/\"},{\"@type\":\"ListItem\",\"position\":2,\"name\":\"3rd Hack &#038; Health\"}]},{\"@type\":\"WebSite\",\"@id\":\"https:\/\/ticsalutsocial.atoom.space\/es\/#website\",\"url\":\"https:\/\/ticsalutsocial.atoom.space\/es\/\",\"name\":\"Fundaci\u00f3 TIC Salut i Social\",\"description\":\"\",\"potentialAction\":[{\"@type\":\"SearchAction\",\"target\":{\"@type\":\"EntryPoint\",\"urlTemplate\":\"https:\/\/ticsalutsocial.atoom.space\/es\/?s={search_term_string}\"},\"query-input\":{\"@type\":\"PropertyValueSpecification\",\"valueRequired\":true,\"valueName\":\"search_term_string\"}}],\"inLanguage\":\"es\"}]}<\/script>\n<!-- \/ Yoast SEO plugin. -->","yoast_head_json":{"title":"3rd Hack & Health - Fundaci\u00f3 TIC Salut i Social","robots":{"index":"index","follow":"follow","max-snippet":"max-snippet:-1","max-image-preview":"max-image-preview:large","max-video-preview":"max-video-preview:-1"},"canonical":"https:\/\/ticsalutsocial.atoom.space\/es\/event\/3rd-hack-health\/","og_locale":"es_ES","og_type":"article","og_title":"3rd Hack & Health - Fundaci\u00f3 TIC Salut i Social","og_description":"El Ayuntament de Terrassa\u00a0organiza la tercera edici\u00f3n del\u00a0Hack&amp;Health, que se realizar\u00e1 los d\u00edas 9 y 10 de noviembre en el edificio de la ESEIAAT de la UPC (C\/ Colom n\u00fam. 1). #hackandhealth Bajo el marco de las iniciativas vinculadas al Parque Cient\u00edfico y Tecnol\u00f3gico, Orbital.40, el Ayuntamiento de Terrassa promueve la celebraci\u00f3n de la tercera [&hellip;]","og_url":"https:\/\/ticsalutsocial.atoom.space\/es\/event\/3rd-hack-health\/","og_site_name":"Fundaci\u00f3 TIC Salut i Social","article_modified_time":"2021-07-21T14:24:43+00:00","og_image":[{"width":1116,"height":728,"url":"https:\/\/ticsalutsocial.atoom.space\/wp-content\/uploads\/2018\/10\/logo-hh-2018.jpg","type":"image\/jpeg"}],"twitter_card":"summary_large_image","twitter_misc":{"Tiempo de lectura":"1 minuto"},"schema":{"@context":"https:\/\/schema.org","@graph":[{"@type":"WebPage","@id":"https:\/\/ticsalutsocial.atoom.space\/es\/event\/3rd-hack-health\/","url":"https:\/\/ticsalutsocial.atoom.space\/es\/event\/3rd-hack-health\/","name":"3rd Hack & Health - Fundaci\u00f3 TIC Salut i Social","isPartOf":{"@id":"https:\/\/ticsalutsocial.atoom.space\/es\/#website"},"primaryImageOfPage":{"@id":"https:\/\/ticsalutsocial.atoom.space\/es\/event\/3rd-hack-health\/#primaryimage"},"image":{"@id":"https:\/\/ticsalutsocial.atoom.space\/es\/event\/3rd-hack-health\/#primaryimage"},"thumbnailUrl":"https:\/\/ticsalutsocial.atoom.space\/wp-content\/uploads\/2018\/10\/logo-hh-2018.jpg","datePublished":"2018-10-16T12:52:26+00:00","dateModified":"2021-07-21T14:24:43+00:00","breadcrumb":{"@id":"https:\/\/ticsalutsocial.atoom.space\/es\/event\/3rd-hack-health\/#breadcrumb"},"inLanguage":"es","potentialAction":[{"@type":"ReadAction","target":["https:\/\/ticsalutsocial.atoom.space\/es\/event\/3rd-hack-health\/"]}]},{"@type":"ImageObject","inLanguage":"es","@id":"https:\/\/ticsalutsocial.atoom.space\/es\/event\/3rd-hack-health\/#primaryimage","url":"https:\/\/ticsalutsocial.atoom.space\/wp-content\/uploads\/2018\/10\/logo-hh-2018.jpg","contentUrl":"https:\/\/ticsalutsocial.atoom.space\/wp-content\/uploads\/2018\/10\/logo-hh-2018.jpg","width":1116,"height":728},{"@type":"BreadcrumbList","@id":"https:\/\/ticsalutsocial.atoom.space\/es\/event\/3rd-hack-health\/#breadcrumb","itemListElement":[{"@type":"ListItem","position":1,"name":"Inici","item":"https:\/\/ticsalutsocial.atoom.space\/es\/"},{"@type":"ListItem","position":2,"name":"3rd Hack &#038; Health"}]},{"@type":"WebSite","@id":"https:\/\/ticsalutsocial.atoom.space\/es\/#website","url":"https:\/\/ticsalutsocial.atoom.space\/es\/","name":"Fundaci\u00f3 TIC Salut i Social","description":"","potentialAction":[{"@type":"SearchAction","target":{"@type":"EntryPoint","urlTemplate":"https:\/\/ticsalutsocial.atoom.space\/es\/?s={search_term_string}"},"query-input":{"@type":"PropertyValueSpecification","valueRequired":true,"valueName":"search_term_string"}}],"inLanguage":"es"}]}},"_links":{"self":[{"href":"https:\/\/ticsalutsocial.atoom.space\/es\/wp-json\/wp\/v2\/event\/5780","targetHints":{"allow":["GET"]}}],"collection":[{"href":"https:\/\/ticsalutsocial.atoom.space\/es\/wp-json\/wp\/v2\/event"}],"about":[{"href":"https:\/\/ticsalutsocial.atoom.space\/es\/wp-json\/wp\/v2\/types\/event"}],"wp:featuredmedia":[{"embeddable":true,"href":"https:\/\/ticsalutsocial.atoom.space\/es\/wp-json\/wp\/v2\/media\/5777"}],"wp:attachment":[{"href":"https:\/\/ticsalutsocial.atoom.space\/es\/wp-json\/wp\/v2\/media?parent=5780"}],"wp:term":[{"taxonomy":"tipus","embeddable":true,"href":"https:\/\/ticsalutsocial.atoom.space\/es\/wp-json\/wp\/v2\/tipus?post=5780"},{"taxonomy":"topic","embeddable":true,"href":"https:\/\/ticsalutsocial.atoom.space\/es\/wp-json\/wp\/v2\/topic?post=5780"}],"curies":[{"name":"wp","href":"https:\/\/api.w.org\/{rel}","templated":true}]}}