
{"id":5792,"date":"2018-10-23T16:12:42","date_gmt":"2018-10-23T14:12:42","guid":{"rendered":"https:\/\/ticsalutsocial.atoom.space\/?post_type=event&#038;p=5792"},"modified":"2021-07-21T16:24:51","modified_gmt":"2021-07-21T14:24:51","slug":"los-datos-de-laboratorio-como-se-comparten-en-el-siscat","status":"publish","type":"event","link":"https:\/\/ticsalutsocial.atoom.space\/es\/event\/los-datos-de-laboratorio-como-se-comparten-en-el-siscat\/","title":{"rendered":"Los datos de laboratorio: \u00bfc\u00f3mo se comparten en el SISCAT?"},"content":{"rendered":"<h3>Jornada sobre la terminolog\u00eda de laboratorio LOINC y su uso en el Sistema Sanitario Catal\u00e1n.<\/h3>\n<p>El objectivo de la jornada es presentar el estado actual de la compartici\u00f3n de informaci\u00f3n de laboratorio entre los centros del SISCAT, as\u00ed como el uso de la terminolog\u00eda LOINC a nivel espa\u00f1ol e internacional.<\/p>\n<p>La jornada est\u00e1 especialmente dirigida al personal de los servicios de laboratorio de los centros, a los diferentes laboratorios, a m\u00e9dicos de atenci\u00f3n prim\u00e1ria y a los perfiles TIC de estos centros.<\/p>\n<p>Lugar: Sala de actos del Edificio Salvany (C\/Roc Boronat, 81-95) Barcelona.<\/p>\n<p>Fecha: 29 de Noviembre.<\/p>\n<p>Precio: Gratuito.<\/p>\n","protected":false},"featured_media":5771,"menu_order":0,"template":"","meta":{"_acf_changed":false,"inline_featured_image":false},"tipus":[84],"topic":[121],"class_list":["post-5792","event","type-event","status-publish","has-post-thumbnail","hentry","tipus-oficina-interoperabilidad","topic-dpd-es"],"acf":{"imatge":5773,"informacio":{"ubicacio":"Sala de actos del Edificio Salvany","data":"29\/11\/2018","hora":"","preu":"Gratuito previa inscripci\u00f3n","inscripcions":""}},"yoast_head":"<!-- This site is optimized with the Yoast SEO plugin v27.1.1 - https:\/\/yoast.com\/product\/yoast-seo-wordpress\/ -->\n<title>Los datos de laboratorio: \u00bfc\u00f3mo se comparten en el SISCAT? - Fundaci\u00f3 TIC Salut i Social<\/title>\n<meta name=\"robots\" content=\"index, follow, max-snippet:-1, max-image-preview:large, max-video-preview:-1\" \/>\n<link rel=\"canonical\" href=\"https:\/\/ticsalutsocial.atoom.space\/es\/event\/los-datos-de-laboratorio-como-se-comparten-en-el-siscat\/\" \/>\n<meta property=\"og:locale\" content=\"es_ES\" \/>\n<meta property=\"og:type\" content=\"article\" \/>\n<meta property=\"og:title\" content=\"Los datos de laboratorio: \u00bfc\u00f3mo se comparten en el SISCAT? - Fundaci\u00f3 TIC Salut i Social\" \/>\n<meta property=\"og:description\" content=\"Jornada sobre la terminolog\u00eda de laboratorio LOINC y su uso en el Sistema Sanitario Catal\u00e1n. El objectivo de la jornada es presentar el estado actual de la compartici\u00f3n de informaci\u00f3n de laboratorio entre los centros del SISCAT, as\u00ed como el uso de la terminolog\u00eda LOINC a nivel espa\u00f1ol e internacional. La jornada est\u00e1 especialmente dirigida [&hellip;]\" \/>\n<meta property=\"og:url\" content=\"https:\/\/ticsalutsocial.atoom.space\/es\/event\/los-datos-de-laboratorio-como-se-comparten-en-el-siscat\/\" \/>\n<meta property=\"og:site_name\" content=\"Fundaci\u00f3 TIC Salut i Social\" \/>\n<meta property=\"article:modified_time\" content=\"2021-07-21T14:24:51+00:00\" \/>\n<meta property=\"og:image\" content=\"https:\/\/ticsalutsocial.atoom.space\/wp-content\/uploads\/2018\/09\/captura-3.png\" \/>\n\t<meta property=\"og:image:width\" content=\"796\" \/>\n\t<meta property=\"og:image:height\" content=\"563\" \/>\n\t<meta property=\"og:image:type\" content=\"image\/png\" \/>\n<meta name=\"twitter:card\" content=\"summary_large_image\" \/>\n<meta name=\"twitter:label1\" content=\"Tiempo de lectura\" \/>\n\t<meta name=\"twitter:data1\" content=\"1 minuto\" \/>\n<script type=\"application\/ld+json\" class=\"yoast-schema-graph\">{\"@context\":\"https:\/\/schema.org\",\"@graph\":[{\"@type\":\"WebPage\",\"@id\":\"https:\/\/ticsalutsocial.atoom.space\/es\/event\/los-datos-de-laboratorio-como-se-comparten-en-el-siscat\/\",\"url\":\"https:\/\/ticsalutsocial.atoom.space\/es\/event\/los-datos-de-laboratorio-como-se-comparten-en-el-siscat\/\",\"name\":\"Los datos de laboratorio: \u00bfc\u00f3mo se comparten en el SISCAT? - Fundaci\u00f3 TIC Salut i Social\",\"isPartOf\":{\"@id\":\"https:\/\/ticsalutsocial.atoom.space\/es\/#website\"},\"primaryImageOfPage\":{\"@id\":\"https:\/\/ticsalutsocial.atoom.space\/es\/event\/los-datos-de-laboratorio-como-se-comparten-en-el-siscat\/#primaryimage\"},\"image\":{\"@id\":\"https:\/\/ticsalutsocial.atoom.space\/es\/event\/los-datos-de-laboratorio-como-se-comparten-en-el-siscat\/#primaryimage\"},\"thumbnailUrl\":\"https:\/\/ticsalutsocial.atoom.space\/wp-content\/uploads\/2018\/09\/captura-3.png\",\"datePublished\":\"2018-10-23T14:12:42+00:00\",\"dateModified\":\"2021-07-21T14:24:51+00:00\",\"breadcrumb\":{\"@id\":\"https:\/\/ticsalutsocial.atoom.space\/es\/event\/los-datos-de-laboratorio-como-se-comparten-en-el-siscat\/#breadcrumb\"},\"inLanguage\":\"es\",\"potentialAction\":[{\"@type\":\"ReadAction\",\"target\":[\"https:\/\/ticsalutsocial.atoom.space\/es\/event\/los-datos-de-laboratorio-como-se-comparten-en-el-siscat\/\"]}]},{\"@type\":\"ImageObject\",\"inLanguage\":\"es\",\"@id\":\"https:\/\/ticsalutsocial.atoom.space\/es\/event\/los-datos-de-laboratorio-como-se-comparten-en-el-siscat\/#primaryimage\",\"url\":\"https:\/\/ticsalutsocial.atoom.space\/wp-content\/uploads\/2018\/09\/captura-3.png\",\"contentUrl\":\"https:\/\/ticsalutsocial.atoom.space\/wp-content\/uploads\/2018\/09\/captura-3.png\",\"width\":796,\"height\":563},{\"@type\":\"BreadcrumbList\",\"@id\":\"https:\/\/ticsalutsocial.atoom.space\/es\/event\/los-datos-de-laboratorio-como-se-comparten-en-el-siscat\/#breadcrumb\",\"itemListElement\":[{\"@type\":\"ListItem\",\"position\":1,\"name\":\"Inici\",\"item\":\"https:\/\/ticsalutsocial.atoom.space\/es\/\"},{\"@type\":\"ListItem\",\"position\":2,\"name\":\"Los datos de laboratorio: \u00bfc\u00f3mo se comparten en el SISCAT?\"}]},{\"@type\":\"WebSite\",\"@id\":\"https:\/\/ticsalutsocial.atoom.space\/es\/#website\",\"url\":\"https:\/\/ticsalutsocial.atoom.space\/es\/\",\"name\":\"Fundaci\u00f3 TIC Salut i Social\",\"description\":\"\",\"potentialAction\":[{\"@type\":\"SearchAction\",\"target\":{\"@type\":\"EntryPoint\",\"urlTemplate\":\"https:\/\/ticsalutsocial.atoom.space\/es\/?s={search_term_string}\"},\"query-input\":{\"@type\":\"PropertyValueSpecification\",\"valueRequired\":true,\"valueName\":\"search_term_string\"}}],\"inLanguage\":\"es\"}]}<\/script>\n<!-- \/ Yoast SEO plugin. -->","yoast_head_json":{"title":"Los datos de laboratorio: \u00bfc\u00f3mo se comparten en el SISCAT? - Fundaci\u00f3 TIC Salut i Social","robots":{"index":"index","follow":"follow","max-snippet":"max-snippet:-1","max-image-preview":"max-image-preview:large","max-video-preview":"max-video-preview:-1"},"canonical":"https:\/\/ticsalutsocial.atoom.space\/es\/event\/los-datos-de-laboratorio-como-se-comparten-en-el-siscat\/","og_locale":"es_ES","og_type":"article","og_title":"Los datos de laboratorio: \u00bfc\u00f3mo se comparten en el SISCAT? - Fundaci\u00f3 TIC Salut i Social","og_description":"Jornada sobre la terminolog\u00eda de laboratorio LOINC y su uso en el Sistema Sanitario Catal\u00e1n. El objectivo de la jornada es presentar el estado actual de la compartici\u00f3n de informaci\u00f3n de laboratorio entre los centros del SISCAT, as\u00ed como el uso de la terminolog\u00eda LOINC a nivel espa\u00f1ol e internacional. La jornada est\u00e1 especialmente dirigida [&hellip;]","og_url":"https:\/\/ticsalutsocial.atoom.space\/es\/event\/los-datos-de-laboratorio-como-se-comparten-en-el-siscat\/","og_site_name":"Fundaci\u00f3 TIC Salut i Social","article_modified_time":"2021-07-21T14:24:51+00:00","og_image":[{"width":796,"height":563,"url":"https:\/\/ticsalutsocial.atoom.space\/wp-content\/uploads\/2018\/09\/captura-3.png","type":"image\/png"}],"twitter_card":"summary_large_image","twitter_misc":{"Tiempo de lectura":"1 minuto"},"schema":{"@context":"https:\/\/schema.org","@graph":[{"@type":"WebPage","@id":"https:\/\/ticsalutsocial.atoom.space\/es\/event\/los-datos-de-laboratorio-como-se-comparten-en-el-siscat\/","url":"https:\/\/ticsalutsocial.atoom.space\/es\/event\/los-datos-de-laboratorio-como-se-comparten-en-el-siscat\/","name":"Los datos de laboratorio: \u00bfc\u00f3mo se comparten en el SISCAT? - Fundaci\u00f3 TIC Salut i Social","isPartOf":{"@id":"https:\/\/ticsalutsocial.atoom.space\/es\/#website"},"primaryImageOfPage":{"@id":"https:\/\/ticsalutsocial.atoom.space\/es\/event\/los-datos-de-laboratorio-como-se-comparten-en-el-siscat\/#primaryimage"},"image":{"@id":"https:\/\/ticsalutsocial.atoom.space\/es\/event\/los-datos-de-laboratorio-como-se-comparten-en-el-siscat\/#primaryimage"},"thumbnailUrl":"https:\/\/ticsalutsocial.atoom.space\/wp-content\/uploads\/2018\/09\/captura-3.png","datePublished":"2018-10-23T14:12:42+00:00","dateModified":"2021-07-21T14:24:51+00:00","breadcrumb":{"@id":"https:\/\/ticsalutsocial.atoom.space\/es\/event\/los-datos-de-laboratorio-como-se-comparten-en-el-siscat\/#breadcrumb"},"inLanguage":"es","potentialAction":[{"@type":"ReadAction","target":["https:\/\/ticsalutsocial.atoom.space\/es\/event\/los-datos-de-laboratorio-como-se-comparten-en-el-siscat\/"]}]},{"@type":"ImageObject","inLanguage":"es","@id":"https:\/\/ticsalutsocial.atoom.space\/es\/event\/los-datos-de-laboratorio-como-se-comparten-en-el-siscat\/#primaryimage","url":"https:\/\/ticsalutsocial.atoom.space\/wp-content\/uploads\/2018\/09\/captura-3.png","contentUrl":"https:\/\/ticsalutsocial.atoom.space\/wp-content\/uploads\/2018\/09\/captura-3.png","width":796,"height":563},{"@type":"BreadcrumbList","@id":"https:\/\/ticsalutsocial.atoom.space\/es\/event\/los-datos-de-laboratorio-como-se-comparten-en-el-siscat\/#breadcrumb","itemListElement":[{"@type":"ListItem","position":1,"name":"Inici","item":"https:\/\/ticsalutsocial.atoom.space\/es\/"},{"@type":"ListItem","position":2,"name":"Los datos de laboratorio: \u00bfc\u00f3mo se comparten en el SISCAT?"}]},{"@type":"WebSite","@id":"https:\/\/ticsalutsocial.atoom.space\/es\/#website","url":"https:\/\/ticsalutsocial.atoom.space\/es\/","name":"Fundaci\u00f3 TIC Salut i Social","description":"","potentialAction":[{"@type":"SearchAction","target":{"@type":"EntryPoint","urlTemplate":"https:\/\/ticsalutsocial.atoom.space\/es\/?s={search_term_string}"},"query-input":{"@type":"PropertyValueSpecification","valueRequired":true,"valueName":"search_term_string"}}],"inLanguage":"es"}]}},"_links":{"self":[{"href":"https:\/\/ticsalutsocial.atoom.space\/es\/wp-json\/wp\/v2\/event\/5792","targetHints":{"allow":["GET"]}}],"collection":[{"href":"https:\/\/ticsalutsocial.atoom.space\/es\/wp-json\/wp\/v2\/event"}],"about":[{"href":"https:\/\/ticsalutsocial.atoom.space\/es\/wp-json\/wp\/v2\/types\/event"}],"wp:featuredmedia":[{"embeddable":true,"href":"https:\/\/ticsalutsocial.atoom.space\/es\/wp-json\/wp\/v2\/media\/5771"}],"wp:attachment":[{"href":"https:\/\/ticsalutsocial.atoom.space\/es\/wp-json\/wp\/v2\/media?parent=5792"}],"wp:term":[{"taxonomy":"tipus","embeddable":true,"href":"https:\/\/ticsalutsocial.atoom.space\/es\/wp-json\/wp\/v2\/tipus?post=5792"},{"taxonomy":"topic","embeddable":true,"href":"https:\/\/ticsalutsocial.atoom.space\/es\/wp-json\/wp\/v2\/topic?post=5792"}],"curies":[{"name":"wp","href":"https:\/\/api.w.org\/{rel}","templated":true}]}}