
{"id":5797,"date":"2018-10-25T15:31:52","date_gmt":"2018-10-25T13:31:52","guid":{"rendered":"https:\/\/ticsalutsocial.atoom.space\/?post_type=event&#038;p=5797"},"modified":"2021-07-21T16:24:56","modified_gmt":"2021-07-21T14:24:56","slug":"el-futuro-del-5g-a-europa","status":"publish","type":"event","link":"https:\/\/ticsalutsocial.atoom.space\/es\/event\/el-futuro-del-5g-a-europa\/","title":{"rendered":"El futuro del 5G a Europa"},"content":{"rendered":"<p>\u00ab No podemos perder el tiempo. Nos tenemos que preparar para lo que sabemos que pasar\u00e1. Estamos hablando del 5G. En Europa tenemos expertos, experiencia y competencias. Tenemos ya la posibilidad de trabajar en muchos sectores para definir la conectividad de que dispondremos en el futuro. Y en el futuro la gente que trabaja en la Administraci\u00f3n, en los servicios p\u00fablicos, en la industria, la sanidad, la agricultura o el transporte usar\u00e1n las redes 5G para ofrecer nuevos productos y servicios inteligentes basados en la conectividad de la pr\u00f3xima generaci\u00f3n. Todo el mundo tiene un papel. Podemos y tenemos que ser l\u00edderes. Pong\u00e1monos todos juntos para hacerlo posible. \u00bb<br \/>\nAndrus Ansip, vicepresidente de la Comissi\u00f3n Europea.<\/p>\n<p><strong>Programa<\/strong><\/p>\n<p>10h15 Acreditaci\u00f3n<\/p>\n<p>10h30 Inauguraci\u00f3n y presentaci\u00f3n de la jornada<\/p>\n<ul>\n<li>Ferran Tarradellas, Director de la Representaci\u00f3n de la Comissi\u00f3n Europea en Barcelona<\/li>\n<li>Jordi Puigner\u00f3, <em>Conseller de Pol\u00edtiques Digitals i Administraci\u00f3 P\u00fablica del Govern de la Generalitat de Catalunya<\/em><\/li>\n<\/ul>\n<p>10h50 El Futuro de 5G en la Uni\u00f3n Europea<\/p>\n<p>Roberto Viola, Director General de la Direcci\u00f3n General de Redes de Comunicaci\u00f3n, Contenidos y Tecnolog\u00eda de la Comissi\u00f3n Europea (DG CNECT)<\/p>\n<p>11h30 El despliegue del 5G: retos y oportunidades. Debate moderado por Gina Tost, periodista.<\/p>\n<ul>\n<li>Oscar Pallarols, Global Commercial Director de Cellnex<\/li>\n<li>Sergi Figuerola, Director de Tecnolog\u00eda e Innovaci\u00f3n en i2cat<\/li>\n<li>Daniel Marco, Director de smartCATALONIA del <em>Departament de Pol\u00edtiques Digitals de la Generalitat de Catalunya<\/em><\/li>\n<li>Roberto Viola, Director General de la Direcci\u00f3n General de Redes de Comunicaci\u00f3n, Contenidos y Tecnolog\u00eda de la Comissi\u00f3n Europea (DG CNECT)<\/li>\n<\/ul>\n<p>12h30 Caf\u00e9 y networking<\/p>\n<p>13h00 Las aplicaciones del 5G en la industria: oportunidades de mercado. Debate moderado por Gina Tost, periodista.<\/p>\n<ul>\n<li>Maria Jes\u00fas Almazor, Thinx-5G Barcelona y Consejera Delegada de Telef\u00f3nica<\/li>\n<li>Josu\u00e9 Sallent CEO, TIC Salut Social<\/li>\n<li>Carlos Grau, Director General del Mobile World Capital<\/li>\n<li>Representante de SEAT (a confirmar)<\/li>\n<\/ul>\n<p>14h00 Conclusiones i clausura<\/p>\n<p>Idiomas: catal\u00e0 \u2013 ingl\u00e9s \u2013 espa\u00f1ol<br \/>\n(servicio de interpretaci\u00f3n simult\u00e1nea)<\/p>\n","protected":false},"featured_media":3539,"menu_order":0,"template":"","meta":{"_acf_changed":false,"inline_featured_image":false},"tipus":[],"topic":[121],"class_list":["post-5797","event","type-event","status-publish","has-post-thumbnail","hentry","topic-dpd-es"],"acf":{"imatge":3541,"informacio":{"ubicacio":"Recinto Modernista de Sant Pau","data":"08\/11\/2018","hora":"De 10:15h a 14:00h","preu":"Gratuito previa inscripci\u00f3n","inscripcions":""}},"yoast_head":"<!-- This site is optimized with the Yoast SEO plugin v27.1.1 - https:\/\/yoast.com\/product\/yoast-seo-wordpress\/ -->\n<title>El futuro del 5G a Europa - Fundaci\u00f3 TIC Salut i Social<\/title>\n<meta name=\"robots\" content=\"index, follow, max-snippet:-1, max-image-preview:large, max-video-preview:-1\" \/>\n<link rel=\"canonical\" href=\"https:\/\/ticsalutsocial.atoom.space\/es\/event\/el-futuro-del-5g-a-europa\/\" \/>\n<meta property=\"og:locale\" content=\"es_ES\" \/>\n<meta property=\"og:type\" content=\"article\" \/>\n<meta property=\"og:title\" content=\"El futuro del 5G a Europa - Fundaci\u00f3 TIC Salut i Social\" \/>\n<meta property=\"og:description\" content=\"\u00ab No podemos perder el tiempo. Nos tenemos que preparar para lo que sabemos que pasar\u00e1. Estamos hablando del 5G. En Europa tenemos expertos, experiencia y competencias. Tenemos ya la posibilidad de trabajar en muchos sectores para definir la conectividad de que dispondremos en el futuro. Y en el futuro la gente que trabaja en [&hellip;]\" \/>\n<meta property=\"og:url\" content=\"https:\/\/ticsalutsocial.atoom.space\/es\/event\/el-futuro-del-5g-a-europa\/\" \/>\n<meta property=\"og:site_name\" content=\"Fundaci\u00f3 TIC Salut i Social\" \/>\n<meta property=\"article:modified_time\" content=\"2021-07-21T14:24:56+00:00\" \/>\n<meta property=\"og:image\" content=\"https:\/\/ticsalutsocial.atoom.space\/wp-content\/uploads\/2018\/09\/captura-4.png\" \/>\n\t<meta property=\"og:image:width\" content=\"680\" \/>\n\t<meta property=\"og:image:height\" content=\"682\" \/>\n\t<meta property=\"og:image:type\" content=\"image\/png\" \/>\n<meta name=\"twitter:card\" content=\"summary_large_image\" \/>\n<meta name=\"twitter:label1\" content=\"Tiempo de lectura\" \/>\n\t<meta name=\"twitter:data1\" content=\"2 minutos\" \/>\n<script type=\"application\/ld+json\" class=\"yoast-schema-graph\">{\"@context\":\"https:\/\/schema.org\",\"@graph\":[{\"@type\":\"WebPage\",\"@id\":\"https:\/\/ticsalutsocial.atoom.space\/es\/event\/el-futuro-del-5g-a-europa\/\",\"url\":\"https:\/\/ticsalutsocial.atoom.space\/es\/event\/el-futuro-del-5g-a-europa\/\",\"name\":\"El futuro del 5G a Europa - Fundaci\u00f3 TIC Salut i Social\",\"isPartOf\":{\"@id\":\"https:\/\/ticsalutsocial.atoom.space\/es\/#website\"},\"primaryImageOfPage\":{\"@id\":\"https:\/\/ticsalutsocial.atoom.space\/es\/event\/el-futuro-del-5g-a-europa\/#primaryimage\"},\"image\":{\"@id\":\"https:\/\/ticsalutsocial.atoom.space\/es\/event\/el-futuro-del-5g-a-europa\/#primaryimage\"},\"thumbnailUrl\":\"https:\/\/ticsalutsocial.atoom.space\/wp-content\/uploads\/2018\/09\/captura-4.png\",\"datePublished\":\"2018-10-25T13:31:52+00:00\",\"dateModified\":\"2021-07-21T14:24:56+00:00\",\"breadcrumb\":{\"@id\":\"https:\/\/ticsalutsocial.atoom.space\/es\/event\/el-futuro-del-5g-a-europa\/#breadcrumb\"},\"inLanguage\":\"es\",\"potentialAction\":[{\"@type\":\"ReadAction\",\"target\":[\"https:\/\/ticsalutsocial.atoom.space\/es\/event\/el-futuro-del-5g-a-europa\/\"]}]},{\"@type\":\"ImageObject\",\"inLanguage\":\"es\",\"@id\":\"https:\/\/ticsalutsocial.atoom.space\/es\/event\/el-futuro-del-5g-a-europa\/#primaryimage\",\"url\":\"https:\/\/ticsalutsocial.atoom.space\/wp-content\/uploads\/2018\/09\/captura-4.png\",\"contentUrl\":\"https:\/\/ticsalutsocial.atoom.space\/wp-content\/uploads\/2018\/09\/captura-4.png\",\"width\":680,\"height\":682},{\"@type\":\"BreadcrumbList\",\"@id\":\"https:\/\/ticsalutsocial.atoom.space\/es\/event\/el-futuro-del-5g-a-europa\/#breadcrumb\",\"itemListElement\":[{\"@type\":\"ListItem\",\"position\":1,\"name\":\"Inici\",\"item\":\"https:\/\/ticsalutsocial.atoom.space\/es\/\"},{\"@type\":\"ListItem\",\"position\":2,\"name\":\"El futuro del 5G a Europa\"}]},{\"@type\":\"WebSite\",\"@id\":\"https:\/\/ticsalutsocial.atoom.space\/es\/#website\",\"url\":\"https:\/\/ticsalutsocial.atoom.space\/es\/\",\"name\":\"Fundaci\u00f3 TIC Salut i Social\",\"description\":\"\",\"potentialAction\":[{\"@type\":\"SearchAction\",\"target\":{\"@type\":\"EntryPoint\",\"urlTemplate\":\"https:\/\/ticsalutsocial.atoom.space\/es\/?s={search_term_string}\"},\"query-input\":{\"@type\":\"PropertyValueSpecification\",\"valueRequired\":true,\"valueName\":\"search_term_string\"}}],\"inLanguage\":\"es\"}]}<\/script>\n<!-- \/ Yoast SEO plugin. -->","yoast_head_json":{"title":"El futuro del 5G a Europa - Fundaci\u00f3 TIC Salut i Social","robots":{"index":"index","follow":"follow","max-snippet":"max-snippet:-1","max-image-preview":"max-image-preview:large","max-video-preview":"max-video-preview:-1"},"canonical":"https:\/\/ticsalutsocial.atoom.space\/es\/event\/el-futuro-del-5g-a-europa\/","og_locale":"es_ES","og_type":"article","og_title":"El futuro del 5G a Europa - Fundaci\u00f3 TIC Salut i Social","og_description":"\u00ab No podemos perder el tiempo. Nos tenemos que preparar para lo que sabemos que pasar\u00e1. Estamos hablando del 5G. En Europa tenemos expertos, experiencia y competencias. Tenemos ya la posibilidad de trabajar en muchos sectores para definir la conectividad de que dispondremos en el futuro. Y en el futuro la gente que trabaja en [&hellip;]","og_url":"https:\/\/ticsalutsocial.atoom.space\/es\/event\/el-futuro-del-5g-a-europa\/","og_site_name":"Fundaci\u00f3 TIC Salut i Social","article_modified_time":"2021-07-21T14:24:56+00:00","og_image":[{"width":680,"height":682,"url":"https:\/\/ticsalutsocial.atoom.space\/wp-content\/uploads\/2018\/09\/captura-4.png","type":"image\/png"}],"twitter_card":"summary_large_image","twitter_misc":{"Tiempo de lectura":"2 minutos"},"schema":{"@context":"https:\/\/schema.org","@graph":[{"@type":"WebPage","@id":"https:\/\/ticsalutsocial.atoom.space\/es\/event\/el-futuro-del-5g-a-europa\/","url":"https:\/\/ticsalutsocial.atoom.space\/es\/event\/el-futuro-del-5g-a-europa\/","name":"El futuro del 5G a Europa - Fundaci\u00f3 TIC Salut i Social","isPartOf":{"@id":"https:\/\/ticsalutsocial.atoom.space\/es\/#website"},"primaryImageOfPage":{"@id":"https:\/\/ticsalutsocial.atoom.space\/es\/event\/el-futuro-del-5g-a-europa\/#primaryimage"},"image":{"@id":"https:\/\/ticsalutsocial.atoom.space\/es\/event\/el-futuro-del-5g-a-europa\/#primaryimage"},"thumbnailUrl":"https:\/\/ticsalutsocial.atoom.space\/wp-content\/uploads\/2018\/09\/captura-4.png","datePublished":"2018-10-25T13:31:52+00:00","dateModified":"2021-07-21T14:24:56+00:00","breadcrumb":{"@id":"https:\/\/ticsalutsocial.atoom.space\/es\/event\/el-futuro-del-5g-a-europa\/#breadcrumb"},"inLanguage":"es","potentialAction":[{"@type":"ReadAction","target":["https:\/\/ticsalutsocial.atoom.space\/es\/event\/el-futuro-del-5g-a-europa\/"]}]},{"@type":"ImageObject","inLanguage":"es","@id":"https:\/\/ticsalutsocial.atoom.space\/es\/event\/el-futuro-del-5g-a-europa\/#primaryimage","url":"https:\/\/ticsalutsocial.atoom.space\/wp-content\/uploads\/2018\/09\/captura-4.png","contentUrl":"https:\/\/ticsalutsocial.atoom.space\/wp-content\/uploads\/2018\/09\/captura-4.png","width":680,"height":682},{"@type":"BreadcrumbList","@id":"https:\/\/ticsalutsocial.atoom.space\/es\/event\/el-futuro-del-5g-a-europa\/#breadcrumb","itemListElement":[{"@type":"ListItem","position":1,"name":"Inici","item":"https:\/\/ticsalutsocial.atoom.space\/es\/"},{"@type":"ListItem","position":2,"name":"El futuro del 5G a Europa"}]},{"@type":"WebSite","@id":"https:\/\/ticsalutsocial.atoom.space\/es\/#website","url":"https:\/\/ticsalutsocial.atoom.space\/es\/","name":"Fundaci\u00f3 TIC Salut i Social","description":"","potentialAction":[{"@type":"SearchAction","target":{"@type":"EntryPoint","urlTemplate":"https:\/\/ticsalutsocial.atoom.space\/es\/?s={search_term_string}"},"query-input":{"@type":"PropertyValueSpecification","valueRequired":true,"valueName":"search_term_string"}}],"inLanguage":"es"}]}},"_links":{"self":[{"href":"https:\/\/ticsalutsocial.atoom.space\/es\/wp-json\/wp\/v2\/event\/5797","targetHints":{"allow":["GET"]}}],"collection":[{"href":"https:\/\/ticsalutsocial.atoom.space\/es\/wp-json\/wp\/v2\/event"}],"about":[{"href":"https:\/\/ticsalutsocial.atoom.space\/es\/wp-json\/wp\/v2\/types\/event"}],"wp:featuredmedia":[{"embeddable":true,"href":"https:\/\/ticsalutsocial.atoom.space\/es\/wp-json\/wp\/v2\/media\/3539"}],"wp:attachment":[{"href":"https:\/\/ticsalutsocial.atoom.space\/es\/wp-json\/wp\/v2\/media?parent=5797"}],"wp:term":[{"taxonomy":"tipus","embeddable":true,"href":"https:\/\/ticsalutsocial.atoom.space\/es\/wp-json\/wp\/v2\/tipus?post=5797"},{"taxonomy":"topic","embeddable":true,"href":"https:\/\/ticsalutsocial.atoom.space\/es\/wp-json\/wp\/v2\/topic?post=5797"}],"curies":[{"name":"wp","href":"https:\/\/api.w.org\/{rel}","templated":true}]}}