
{"id":5821,"date":"2018-11-23T15:50:04","date_gmt":"2018-11-23T13:50:04","guid":{"rendered":"https:\/\/ticsalutsocial.atoom.space\/?post_type=event&#038;p=5821"},"modified":"2021-07-21T16:25:09","modified_gmt":"2021-07-21T14:25:09","slug":"presentacio-de-la-guia-basica-de-recomanacions-per-al-desenvolupament-dapps-de-salut-i-atencio-social","status":"publish","type":"event","link":"https:\/\/ticsalutsocial.atoom.space\/es\/event\/presentacio-de-la-guia-basica-de-recomanacions-per-al-desenvolupament-dapps-de-salut-i-atencio-social\/","title":{"rendered":"Presentaci\u00f3 de la Guia b\u00e0sica de recomanacions per al desenvolupament d\u2019apps de salut i atenci\u00f3 social"},"content":{"rendered":"<ul>\n<li>Saps quina \u00e9s la difer\u00e8ncia entre usabilitat i accessibilitat?<\/li>\n<li>Coneixes les fases d\u2019un projecte de desenvolupament?<\/li>\n<li>La teva app \u00e9s un Medical Device?<\/li>\n<li>Tens en compte el RGPD?<\/li>\n<li>Tens dubtes a l\u2019hora d\u2019aplicar est\u00e0ndards internacionals com FHIR o SNOMED CT?<\/li>\n<\/ul>\n<p>Des de la Fundaci\u00f3 TIC Salut Social et convidem a la presentaci\u00f3 de la Guia b\u00e0sica de recomanacions per al desenvolupament d\u2019apps de salut i atenci\u00f3 social, que hem desenvolupat amb la col\u00b7laboraci\u00f3 de CSV Experts, iSalus, m4social, la Taula del Tercer Sector, Pasiona i la UPC (Universitat Polit\u00e8cnica de Catalunya). Durant l\u2019acte de presentaci\u00f3, farem entrega d&#8217;un exemplar de la guia als assistents, explicarem quins s\u00f3n els diferents apartats i comptarem amb la pres\u00e8ncia d\u2019alguns dels col\u00b7laboradors que han participat en la seva elaboraci\u00f3.<\/p>\n<p>Aquesta guia est\u00e0 destinada a totes aquelles persones que desitgin iniciar-se en l\u2019entorn mHealth i vulguin tenir una visi\u00f3 general de quins s\u00f3n els aspectes que cal tenir en compte a l\u2019hora de desenvolupar una aplicaci\u00f3 m\u00f2bil de l\u2019entorn salut i\/o de benestar social. La publicaci\u00f3 de la guia b\u00e0sica per desenvolupar apps en salut i atenci\u00f3 social \u00e9s una de les accions englobades dins del proc\u00e9s d&#8217;acreditaci\u00f3 iniciat l&#8217;any 2017, el qual compte amb el suport d&#8217;un Comit\u00e8 d\u2019Experts integrat per membres de Col\u00b7legis Oficials com:\u00a0COMB,\u00a0COPFLEFC,\u00a0COIB,\u00a0SCEPC,\u00a0AiFICC\u00a0i\u00a0CAMFIC, amb els quals avaluem la qualitat dels continguts i la utilitat de les funcions que incorporen les diferents aplicacions.<\/p>\n<p><strong><u>AGENDA JORNADA PRESENTACI\u00d3 GUIA APPS<\/u><\/strong><\/p>\n<p>11:15-11:30 \u2013 Registre<\/p>\n<p>11:30h \u2013 Benvinguda i presentaci\u00f3<\/p>\n<ul>\n<li>Josu\u00e8 Sallent, Director de la Fundaci\u00f3 TIC Salut Social.<\/li>\n<\/ul>\n<p>11:45h &#8211; L\u00ednies estrat\u00e8giques mHealth del Departament de Salut<\/p>\n<ul>\n<li>Laura Pelay, Secretaria general de Salut.<\/li>\n<\/ul>\n<p>12:00h \u2013 Creant aplicacions m\u00f2bils de confian\u00e7a en entorn salut i social.<\/p>\n<ul>\n<li>Presentaci\u00f3 de la Guia b\u00e0sica d\u2019apps en salut i benestar social.\n<ul>\n<li>Ariadna Rius, Responsable de l\u2019Oficina d\u2019Est\u00e0ndards i Interoperabilitat de la Fundaci\u00f3 TIC Salut Social<\/li>\n<\/ul>\n<\/li>\n<li>Model d\u2019acreditaci\u00f3 Fundaci\u00f3 TIC Salut Social\n<ul>\n<li>Adri\u00e0 Garcia, Responsable de Comunicaci\u00f3 de la Fundaci\u00f3 TIC Salut Social<\/li>\n<\/ul>\n<\/li>\n<\/ul>\n<p>12:30h \u2013 Visi\u00f3 entorn mHealth i casos d\u2019\u00e8xit<\/p>\n<ul>\n<li>Jordi Arruf\u00ed, director D-LAB de la Mobile World Capital Barcelona.<\/li>\n<\/ul>\n<p>12:45h \u2013 Experi\u00e8ncies participaci\u00f3 a la Guia<\/p>\n<ul>\n<li>Entitats participants. Torn obert de preguntes\n<ul>\n<li>Modera: Ariadna Rius.<\/li>\n<\/ul>\n<\/li>\n<\/ul>\n<p>13:00h- Fi de l\u2019acte.<\/p>\n<p>&nbsp;<\/p>\n<p><strong>AFORAMENT COMPLERT<\/strong><\/p>\n","protected":false},"featured_media":5817,"menu_order":0,"template":"","meta":{"_acf_changed":false,"inline_featured_image":false},"tipus":[84,654],"topic":[113,121,125],"class_list":["post-5821","event","type-event","status-publish","has-post-thumbnail","hentry","tipus-oficina-interoperabilidad","tipus-activos-digitales","topic-transformacion-digital","topic-dpd-es","topic-hub-es"],"acf":{"imatge":5819,"informacio":{"ubicacio":"Sala d'actes del Departament de Salut","data":"14\/12\/2018","hora":"11:15h a 13:30h","preu":"Aforament complert","inscripcions":""}},"yoast_head":"<!-- This site is optimized with the Yoast SEO plugin v27.1.1 - https:\/\/yoast.com\/product\/yoast-seo-wordpress\/ -->\n<title>Presentaci\u00f3 de la Guia b\u00e0sica de recomanacions per al desenvolupament d\u2019apps de salut i atenci\u00f3 social - Fundaci\u00f3 TIC Salut i Social<\/title>\n<meta name=\"robots\" content=\"index, follow, max-snippet:-1, max-image-preview:large, max-video-preview:-1\" \/>\n<link rel=\"canonical\" href=\"https:\/\/ticsalutsocial.atoom.space\/es\/event\/presentacio-de-la-guia-basica-de-recomanacions-per-al-desenvolupament-dapps-de-salut-i-atencio-social\/\" \/>\n<meta property=\"og:locale\" content=\"es_ES\" \/>\n<meta property=\"og:type\" content=\"article\" \/>\n<meta property=\"og:title\" content=\"Presentaci\u00f3 de la Guia b\u00e0sica de recomanacions per al desenvolupament d\u2019apps de salut i atenci\u00f3 social - Fundaci\u00f3 TIC Salut i Social\" \/>\n<meta property=\"og:description\" content=\"Saps quina \u00e9s la difer\u00e8ncia entre usabilitat i accessibilitat? Coneixes les fases d\u2019un projecte de desenvolupament? La teva app \u00e9s un Medical Device? Tens en compte el RGPD? Tens dubtes a l\u2019hora d\u2019aplicar est\u00e0ndards internacionals com FHIR o SNOMED CT? Des de la Fundaci\u00f3 TIC Salut Social et convidem a la presentaci\u00f3 de la Guia [&hellip;]\" \/>\n<meta property=\"og:url\" content=\"https:\/\/ticsalutsocial.atoom.space\/es\/event\/presentacio-de-la-guia-basica-de-recomanacions-per-al-desenvolupament-dapps-de-salut-i-atencio-social\/\" \/>\n<meta property=\"og:site_name\" content=\"Fundaci\u00f3 TIC Salut i Social\" \/>\n<meta property=\"article:modified_time\" content=\"2021-07-21T14:25:09+00:00\" \/>\n<meta property=\"og:image\" content=\"https:\/\/ticsalutsocial.atoom.space\/wp-content\/uploads\/2018\/11\/banner_xarxes.png\" \/>\n\t<meta property=\"og:image:width\" content=\"703\" \/>\n\t<meta property=\"og:image:height\" content=\"575\" \/>\n\t<meta property=\"og:image:type\" content=\"image\/png\" \/>\n<meta name=\"twitter:card\" content=\"summary_large_image\" \/>\n<meta name=\"twitter:label1\" content=\"Tiempo de lectura\" \/>\n\t<meta name=\"twitter:data1\" content=\"2 minutos\" \/>\n<script type=\"application\/ld+json\" class=\"yoast-schema-graph\">{\"@context\":\"https:\/\/schema.org\",\"@graph\":[{\"@type\":\"WebPage\",\"@id\":\"https:\/\/ticsalutsocial.atoom.space\/es\/event\/presentacio-de-la-guia-basica-de-recomanacions-per-al-desenvolupament-dapps-de-salut-i-atencio-social\/\",\"url\":\"https:\/\/ticsalutsocial.atoom.space\/es\/event\/presentacio-de-la-guia-basica-de-recomanacions-per-al-desenvolupament-dapps-de-salut-i-atencio-social\/\",\"name\":\"Presentaci\u00f3 de la Guia b\u00e0sica de recomanacions per al desenvolupament d\u2019apps de salut i atenci\u00f3 social - Fundaci\u00f3 TIC Salut i Social\",\"isPartOf\":{\"@id\":\"https:\/\/ticsalutsocial.atoom.space\/es\/#website\"},\"primaryImageOfPage\":{\"@id\":\"https:\/\/ticsalutsocial.atoom.space\/es\/event\/presentacio-de-la-guia-basica-de-recomanacions-per-al-desenvolupament-dapps-de-salut-i-atencio-social\/#primaryimage\"},\"image\":{\"@id\":\"https:\/\/ticsalutsocial.atoom.space\/es\/event\/presentacio-de-la-guia-basica-de-recomanacions-per-al-desenvolupament-dapps-de-salut-i-atencio-social\/#primaryimage\"},\"thumbnailUrl\":\"https:\/\/ticsalutsocial.atoom.space\/wp-content\/uploads\/2018\/11\/banner_xarxes.png\",\"datePublished\":\"2018-11-23T13:50:04+00:00\",\"dateModified\":\"2021-07-21T14:25:09+00:00\",\"breadcrumb\":{\"@id\":\"https:\/\/ticsalutsocial.atoom.space\/es\/event\/presentacio-de-la-guia-basica-de-recomanacions-per-al-desenvolupament-dapps-de-salut-i-atencio-social\/#breadcrumb\"},\"inLanguage\":\"es\",\"potentialAction\":[{\"@type\":\"ReadAction\",\"target\":[\"https:\/\/ticsalutsocial.atoom.space\/es\/event\/presentacio-de-la-guia-basica-de-recomanacions-per-al-desenvolupament-dapps-de-salut-i-atencio-social\/\"]}]},{\"@type\":\"ImageObject\",\"inLanguage\":\"es\",\"@id\":\"https:\/\/ticsalutsocial.atoom.space\/es\/event\/presentacio-de-la-guia-basica-de-recomanacions-per-al-desenvolupament-dapps-de-salut-i-atencio-social\/#primaryimage\",\"url\":\"https:\/\/ticsalutsocial.atoom.space\/wp-content\/uploads\/2018\/11\/banner_xarxes.png\",\"contentUrl\":\"https:\/\/ticsalutsocial.atoom.space\/wp-content\/uploads\/2018\/11\/banner_xarxes.png\",\"width\":703,\"height\":575},{\"@type\":\"BreadcrumbList\",\"@id\":\"https:\/\/ticsalutsocial.atoom.space\/es\/event\/presentacio-de-la-guia-basica-de-recomanacions-per-al-desenvolupament-dapps-de-salut-i-atencio-social\/#breadcrumb\",\"itemListElement\":[{\"@type\":\"ListItem\",\"position\":1,\"name\":\"Inici\",\"item\":\"https:\/\/ticsalutsocial.atoom.space\/es\/\"},{\"@type\":\"ListItem\",\"position\":2,\"name\":\"Presentaci\u00f3 de la Guia b\u00e0sica de recomanacions per al desenvolupament d\u2019apps de salut i atenci\u00f3 social\"}]},{\"@type\":\"WebSite\",\"@id\":\"https:\/\/ticsalutsocial.atoom.space\/es\/#website\",\"url\":\"https:\/\/ticsalutsocial.atoom.space\/es\/\",\"name\":\"Fundaci\u00f3 TIC Salut i Social\",\"description\":\"\",\"potentialAction\":[{\"@type\":\"SearchAction\",\"target\":{\"@type\":\"EntryPoint\",\"urlTemplate\":\"https:\/\/ticsalutsocial.atoom.space\/es\/?s={search_term_string}\"},\"query-input\":{\"@type\":\"PropertyValueSpecification\",\"valueRequired\":true,\"valueName\":\"search_term_string\"}}],\"inLanguage\":\"es\"}]}<\/script>\n<!-- \/ Yoast SEO plugin. -->","yoast_head_json":{"title":"Presentaci\u00f3 de la Guia b\u00e0sica de recomanacions per al desenvolupament d\u2019apps de salut i atenci\u00f3 social - Fundaci\u00f3 TIC Salut i Social","robots":{"index":"index","follow":"follow","max-snippet":"max-snippet:-1","max-image-preview":"max-image-preview:large","max-video-preview":"max-video-preview:-1"},"canonical":"https:\/\/ticsalutsocial.atoom.space\/es\/event\/presentacio-de-la-guia-basica-de-recomanacions-per-al-desenvolupament-dapps-de-salut-i-atencio-social\/","og_locale":"es_ES","og_type":"article","og_title":"Presentaci\u00f3 de la Guia b\u00e0sica de recomanacions per al desenvolupament d\u2019apps de salut i atenci\u00f3 social - Fundaci\u00f3 TIC Salut i Social","og_description":"Saps quina \u00e9s la difer\u00e8ncia entre usabilitat i accessibilitat? Coneixes les fases d\u2019un projecte de desenvolupament? La teva app \u00e9s un Medical Device? Tens en compte el RGPD? Tens dubtes a l\u2019hora d\u2019aplicar est\u00e0ndards internacionals com FHIR o SNOMED CT? Des de la Fundaci\u00f3 TIC Salut Social et convidem a la presentaci\u00f3 de la Guia [&hellip;]","og_url":"https:\/\/ticsalutsocial.atoom.space\/es\/event\/presentacio-de-la-guia-basica-de-recomanacions-per-al-desenvolupament-dapps-de-salut-i-atencio-social\/","og_site_name":"Fundaci\u00f3 TIC Salut i Social","article_modified_time":"2021-07-21T14:25:09+00:00","og_image":[{"width":703,"height":575,"url":"https:\/\/ticsalutsocial.atoom.space\/wp-content\/uploads\/2018\/11\/banner_xarxes.png","type":"image\/png"}],"twitter_card":"summary_large_image","twitter_misc":{"Tiempo de lectura":"2 minutos"},"schema":{"@context":"https:\/\/schema.org","@graph":[{"@type":"WebPage","@id":"https:\/\/ticsalutsocial.atoom.space\/es\/event\/presentacio-de-la-guia-basica-de-recomanacions-per-al-desenvolupament-dapps-de-salut-i-atencio-social\/","url":"https:\/\/ticsalutsocial.atoom.space\/es\/event\/presentacio-de-la-guia-basica-de-recomanacions-per-al-desenvolupament-dapps-de-salut-i-atencio-social\/","name":"Presentaci\u00f3 de la Guia b\u00e0sica de recomanacions per al desenvolupament d\u2019apps de salut i atenci\u00f3 social - Fundaci\u00f3 TIC Salut i Social","isPartOf":{"@id":"https:\/\/ticsalutsocial.atoom.space\/es\/#website"},"primaryImageOfPage":{"@id":"https:\/\/ticsalutsocial.atoom.space\/es\/event\/presentacio-de-la-guia-basica-de-recomanacions-per-al-desenvolupament-dapps-de-salut-i-atencio-social\/#primaryimage"},"image":{"@id":"https:\/\/ticsalutsocial.atoom.space\/es\/event\/presentacio-de-la-guia-basica-de-recomanacions-per-al-desenvolupament-dapps-de-salut-i-atencio-social\/#primaryimage"},"thumbnailUrl":"https:\/\/ticsalutsocial.atoom.space\/wp-content\/uploads\/2018\/11\/banner_xarxes.png","datePublished":"2018-11-23T13:50:04+00:00","dateModified":"2021-07-21T14:25:09+00:00","breadcrumb":{"@id":"https:\/\/ticsalutsocial.atoom.space\/es\/event\/presentacio-de-la-guia-basica-de-recomanacions-per-al-desenvolupament-dapps-de-salut-i-atencio-social\/#breadcrumb"},"inLanguage":"es","potentialAction":[{"@type":"ReadAction","target":["https:\/\/ticsalutsocial.atoom.space\/es\/event\/presentacio-de-la-guia-basica-de-recomanacions-per-al-desenvolupament-dapps-de-salut-i-atencio-social\/"]}]},{"@type":"ImageObject","inLanguage":"es","@id":"https:\/\/ticsalutsocial.atoom.space\/es\/event\/presentacio-de-la-guia-basica-de-recomanacions-per-al-desenvolupament-dapps-de-salut-i-atencio-social\/#primaryimage","url":"https:\/\/ticsalutsocial.atoom.space\/wp-content\/uploads\/2018\/11\/banner_xarxes.png","contentUrl":"https:\/\/ticsalutsocial.atoom.space\/wp-content\/uploads\/2018\/11\/banner_xarxes.png","width":703,"height":575},{"@type":"BreadcrumbList","@id":"https:\/\/ticsalutsocial.atoom.space\/es\/event\/presentacio-de-la-guia-basica-de-recomanacions-per-al-desenvolupament-dapps-de-salut-i-atencio-social\/#breadcrumb","itemListElement":[{"@type":"ListItem","position":1,"name":"Inici","item":"https:\/\/ticsalutsocial.atoom.space\/es\/"},{"@type":"ListItem","position":2,"name":"Presentaci\u00f3 de la Guia b\u00e0sica de recomanacions per al desenvolupament d\u2019apps de salut i atenci\u00f3 social"}]},{"@type":"WebSite","@id":"https:\/\/ticsalutsocial.atoom.space\/es\/#website","url":"https:\/\/ticsalutsocial.atoom.space\/es\/","name":"Fundaci\u00f3 TIC Salut i Social","description":"","potentialAction":[{"@type":"SearchAction","target":{"@type":"EntryPoint","urlTemplate":"https:\/\/ticsalutsocial.atoom.space\/es\/?s={search_term_string}"},"query-input":{"@type":"PropertyValueSpecification","valueRequired":true,"valueName":"search_term_string"}}],"inLanguage":"es"}]}},"_links":{"self":[{"href":"https:\/\/ticsalutsocial.atoom.space\/es\/wp-json\/wp\/v2\/event\/5821","targetHints":{"allow":["GET"]}}],"collection":[{"href":"https:\/\/ticsalutsocial.atoom.space\/es\/wp-json\/wp\/v2\/event"}],"about":[{"href":"https:\/\/ticsalutsocial.atoom.space\/es\/wp-json\/wp\/v2\/types\/event"}],"wp:featuredmedia":[{"embeddable":true,"href":"https:\/\/ticsalutsocial.atoom.space\/es\/wp-json\/wp\/v2\/media\/5817"}],"wp:attachment":[{"href":"https:\/\/ticsalutsocial.atoom.space\/es\/wp-json\/wp\/v2\/media?parent=5821"}],"wp:term":[{"taxonomy":"tipus","embeddable":true,"href":"https:\/\/ticsalutsocial.atoom.space\/es\/wp-json\/wp\/v2\/tipus?post=5821"},{"taxonomy":"topic","embeddable":true,"href":"https:\/\/ticsalutsocial.atoom.space\/es\/wp-json\/wp\/v2\/topic?post=5821"}],"curies":[{"name":"wp","href":"https:\/\/api.w.org\/{rel}","templated":true}]}}