
{"id":5827,"date":"2018-12-07T12:03:52","date_gmt":"2018-12-07T10:03:52","guid":{"rendered":"https:\/\/ticsalutsocial.atoom.space\/?post_type=event&#038;p=5827"},"modified":"2021-07-21T16:25:12","modified_gmt":"2021-07-21T14:25:12","slug":"jornada-mapa-de-tendencias-2019","status":"publish","type":"event","link":"https:\/\/ticsalutsocial.atoom.space\/es\/event\/jornada-mapa-de-tendencias-2019\/","title":{"rendered":"Jornada Mapa de Tendencias 2019"},"content":{"rendered":"<h2>INSCRIPCIONES CERRADAS<\/h2>\n<h2>Jornada Mapa de Tendencias 2019<\/h2>\n<p><strong>Presentamos el informe sobre la implantaci\u00f3n y uso de las TIC en las entidades proveedoras del sistema sanitario p\u00fablico catal\u00e1n (SISCAT).<\/strong><\/p>\n<p>El Mapa de Tendencias es un estudio que interpreta las principales tendencias que est\u00e1n modificando los modelos tradicionales de la sanidad tanto desde un enfoque tecnol\u00f3gico como desde la perspectiva de los cambios organizativos e individuales que tienen lugar a trav\u00e9s de las TIC en el \u00e1mbito de la salud. En su 12\u00aa edici\u00f3n, y como novedad, hemos incorporado la visi\u00f3n de los responsables de Investigaci\u00f3n e Innovaci\u00f3n de las entidades proveedoras del sistema sanitario p\u00fablico catal\u00e1n.<\/p>\n<p>&nbsp;<\/p>\n<p><strong>PROGRAMA JORNADA\u00a0<\/strong><\/p>\n<p>Parc de Recerca Biom\u00e8dica de Barcelona<\/p>\n<p>Carrer del Dr. Aiguader, 88.<\/p>\n<p>08003 Barcelona<\/p>\n<p>Conducci\u00f3n del acto: Maria Xinx\u00f3, periodista.<\/p>\n<p><strong>09:30h &#8211; 10:00h<\/strong>. Acreditaciones.<\/p>\n<p><strong>10:00h<\/strong> <strong>&#8211;<\/strong>\u00a0<strong>Inicio de la Jornada Mapa de Tendencias<\/strong><br \/>\nSra. Laura Pelay, Secretaria General del Departament de Salut.<br \/>\n<b>\u00a0 \u00a0 \u00a0 \u00a0 \u00a0 \u00a0 \u00a0 \u00a0 \u00a0<\/b> Sr. Josu\u00e8 Sallent, Director\u00a0Fundaci\u00f3 TIC Salut Social.<\/p>\n<p><strong>10:20h<\/strong>\u00a0<strong>&#8211;<\/strong>\u00a0<em><strong>Keynote speaker:<\/strong><\/em> <em><strong>Estado del arte y pr\u00f3ximos pasos sobre innovaci\u00f3n en salud.<\/strong><\/em><br \/>\nSr. Madis TiiK, Asesor a la Presidencia de Estonia en salud digital. M\u00e9dico y consultor en eHealth.<\/p>\n<p><strong>11:00h &#8211; Resultados informe anual <\/strong><em><strong>Mapa de Tend\u00e8ncies<\/strong><\/em><strong>.<\/strong><br \/>\nIntroducci\u00f3 v\u00eddeo resultats informe 2018.<\/p>\n<p><strong>11:15h &#8211; C\u00e1psula 1.<\/strong> <em><strong>Situaci\u00f3n actual y visi\u00f3n estrat\u00e9gica de la Plataforma Digital de Salud (PDS)<\/strong><\/em><br \/>\nSr. Pol P\u00e9rez, Coordinador General de les TIC. Departament de Salut.<br \/>\nSra. Imma Bosch, Responsable Oficina eSalut. Departament de Salut.<\/p>\n<p><strong>11:30h &#8211; 12:00h.<\/strong> Pausa caf\u00e9.<\/p>\n<p><strong>12:00h<\/strong>\u00a0<strong>&#8211;<\/strong>\u00a0<strong>C\u00e1psula 2. <\/strong><em><strong>Telemedicina al Consorci Sanitaria Integral: realitat de present i de futur.<\/strong><\/em><br \/>\nSra. Meritxell Davins, Responsable d\u2019eHealth e Innovaci\u00f3n del Consorci Sanitari Integral.<\/p>\n<p><strong>12:15h<\/strong>\u00a0<strong>&#8211;<\/strong>\u00a0<strong>C\u00e1psula 3. <\/strong><em><strong>Modelo de innovaci\u00f3n del Campus Universitari Vall d\u2019Hebr\u00f3n: potenciando las \u00a0 \u00a0 \u00a0 \u00a0 \u00a0 \u00a0 \u00a0 \u00a0 \u00a0 nuevas tecnolog\u00edas como la realidad virtual.<\/strong><\/em><br \/>\nSr. Josep Antoni Ramos, Jefe del Servicio de Psiquiatr\u00eda Hospital Universitari Vall d\u2019Hebr\u00f3n e Investigador \u00a0 \u00a0 \u00a0 \u00a0 \u00a0 \u00a0 \u00a0 \u00a0 \u00a0principal VHIR.<br \/>\nSra. Eva Aur\u00edn, Cap d\u2019Innovaci\u00f3 i eHealth. Hospital Universitari Vall d\u2019Hebron.<\/p>\n<p><strong>12:35h<\/strong>\u00a0<strong>&#8211;<\/strong>\u00a0<strong>C\u00e1psula 4. <\/strong><em><strong>\u00bfEs posible introducir inteligencia artificial en una OSI? Open Source, una \u00a0 \u00a0 \u00a0 \u00a0 \u00a0 \u00a0 \u00a0 \u00a0 \u00a0 \u00a0 \u00a0 \u00a0 \u00a0 posibilidad.<\/strong><\/em><br \/>\nSra. Pilar Saura, Gerente Badalona Serveis Assistencials.<\/p>\n<p><strong>12:50h &#8211; C\u00e1psula 5.<\/strong><em><strong> Los retos del CIO en los hospitales.<\/strong><\/em><br \/>\nSra. Anna Benavent, Presidenta de UNITSS, Associaci\u00f3 Catalana de professionals d\u2019 Inform\u00e0tica de la Salut<\/p>\n<p><strong>Turno abierto de debate<\/strong><\/p>\n<p><strong>13:30h<\/strong>\u00a0<strong>&#8211;<\/strong>\u00a0<strong>Conclusiones y clausura.<\/strong><br \/>\nSr. Josu\u00e8 Sallent, Director Fundaci\u00f3 TIC Salut Social.<br \/>\nSra. Alba Verg\u00e9s, Consellera de Salut.<\/p>\n<p><strong>INSCRIPCIONES CERRADAS<\/strong><\/p>\n<p>Media partners:<\/p>\n<p><img loading=\"lazy\" decoding=\"async\" class=\" wp-image-12853 alignleft\" src=\"https:\/\/ticsalutsocial.atoom.space\/wp-content\/uploads\/2018\/12\/echalliance-high-res-300x297-1.jpeg\" alt=\"\" width=\"112\" height=\"111\" \/><\/p>\n","protected":false},"featured_media":5823,"menu_order":0,"template":"","meta":{"_acf_changed":false,"inline_featured_image":false},"tipus":[],"topic":[121,123],"class_list":["post-5827","event","type-event","status-publish","has-post-thumbnail","hentry","topic-dpd-es","topic-actualidad"],"acf":{"imatge":5825,"informacio":{"ubicacio":"Parc de Recerca Biom\u00e8dica de Barcelona","data":"14\/03\/2019","hora":"De 9.00h a 13.00h","preu":"Gratuita previa inscripci\u00f3n","inscripcions":""}},"yoast_head":"<!-- This site is optimized with the Yoast SEO plugin v27.1.1 - https:\/\/yoast.com\/product\/yoast-seo-wordpress\/ -->\n<title>Jornada Mapa de Tendencias 2019 - Fundaci\u00f3 TIC Salut i Social<\/title>\n<meta name=\"robots\" content=\"index, follow, max-snippet:-1, max-image-preview:large, max-video-preview:-1\" \/>\n<link rel=\"canonical\" href=\"https:\/\/ticsalutsocial.atoom.space\/es\/event\/jornada-mapa-de-tendencias-2019\/\" \/>\n<meta property=\"og:locale\" content=\"es_ES\" \/>\n<meta property=\"og:type\" content=\"article\" \/>\n<meta property=\"og:title\" content=\"Jornada Mapa de Tendencias 2019 - Fundaci\u00f3 TIC Salut i Social\" \/>\n<meta property=\"og:description\" content=\"INSCRIPCIONES CERRADAS Jornada Mapa de Tendencias 2019 Presentamos el informe sobre la implantaci\u00f3n y uso de las TIC en las entidades proveedoras del sistema sanitario p\u00fablico catal\u00e1n (SISCAT). El Mapa de Tendencias es un estudio que interpreta las principales tendencias que est\u00e1n modificando los modelos tradicionales de la sanidad tanto desde un enfoque tecnol\u00f3gico como [&hellip;]\" \/>\n<meta property=\"og:url\" content=\"https:\/\/ticsalutsocial.atoom.space\/es\/event\/jornada-mapa-de-tendencias-2019\/\" \/>\n<meta property=\"og:site_name\" content=\"Fundaci\u00f3 TIC Salut i Social\" \/>\n<meta property=\"article:modified_time\" content=\"2021-07-21T14:25:12+00:00\" \/>\n<meta property=\"og:image\" content=\"https:\/\/ticsalutsocial.atoom.space\/wp-content\/uploads\/2018\/12\/save_the_date_mapa2019-1.jpg\" \/>\n\t<meta property=\"og:image:width\" content=\"1300\" \/>\n\t<meta property=\"og:image:height\" content=\"934\" \/>\n\t<meta property=\"og:image:type\" content=\"image\/jpeg\" \/>\n<meta name=\"twitter:card\" content=\"summary_large_image\" \/>\n<meta name=\"twitter:label1\" content=\"Tiempo de lectura\" \/>\n\t<meta name=\"twitter:data1\" content=\"2 minutos\" \/>\n<script type=\"application\/ld+json\" class=\"yoast-schema-graph\">{\"@context\":\"https:\/\/schema.org\",\"@graph\":[{\"@type\":\"WebPage\",\"@id\":\"https:\/\/ticsalutsocial.atoom.space\/es\/event\/jornada-mapa-de-tendencias-2019\/\",\"url\":\"https:\/\/ticsalutsocial.atoom.space\/es\/event\/jornada-mapa-de-tendencias-2019\/\",\"name\":\"Jornada Mapa de Tendencias 2019 - Fundaci\u00f3 TIC Salut i Social\",\"isPartOf\":{\"@id\":\"https:\/\/ticsalutsocial.atoom.space\/es\/#website\"},\"primaryImageOfPage\":{\"@id\":\"https:\/\/ticsalutsocial.atoom.space\/es\/event\/jornada-mapa-de-tendencias-2019\/#primaryimage\"},\"image\":{\"@id\":\"https:\/\/ticsalutsocial.atoom.space\/es\/event\/jornada-mapa-de-tendencias-2019\/#primaryimage\"},\"thumbnailUrl\":\"https:\/\/ticsalutsocial.atoom.space\/wp-content\/uploads\/2018\/12\/save_the_date_mapa2019-1.jpg\",\"datePublished\":\"2018-12-07T10:03:52+00:00\",\"dateModified\":\"2021-07-21T14:25:12+00:00\",\"breadcrumb\":{\"@id\":\"https:\/\/ticsalutsocial.atoom.space\/es\/event\/jornada-mapa-de-tendencias-2019\/#breadcrumb\"},\"inLanguage\":\"es\",\"potentialAction\":[{\"@type\":\"ReadAction\",\"target\":[\"https:\/\/ticsalutsocial.atoom.space\/es\/event\/jornada-mapa-de-tendencias-2019\/\"]}]},{\"@type\":\"ImageObject\",\"inLanguage\":\"es\",\"@id\":\"https:\/\/ticsalutsocial.atoom.space\/es\/event\/jornada-mapa-de-tendencias-2019\/#primaryimage\",\"url\":\"https:\/\/ticsalutsocial.atoom.space\/wp-content\/uploads\/2018\/12\/save_the_date_mapa2019-1.jpg\",\"contentUrl\":\"https:\/\/ticsalutsocial.atoom.space\/wp-content\/uploads\/2018\/12\/save_the_date_mapa2019-1.jpg\",\"width\":1300,\"height\":934},{\"@type\":\"BreadcrumbList\",\"@id\":\"https:\/\/ticsalutsocial.atoom.space\/es\/event\/jornada-mapa-de-tendencias-2019\/#breadcrumb\",\"itemListElement\":[{\"@type\":\"ListItem\",\"position\":1,\"name\":\"Inici\",\"item\":\"https:\/\/ticsalutsocial.atoom.space\/es\/\"},{\"@type\":\"ListItem\",\"position\":2,\"name\":\"Jornada Mapa de Tendencias 2019\"}]},{\"@type\":\"WebSite\",\"@id\":\"https:\/\/ticsalutsocial.atoom.space\/es\/#website\",\"url\":\"https:\/\/ticsalutsocial.atoom.space\/es\/\",\"name\":\"Fundaci\u00f3 TIC Salut i Social\",\"description\":\"\",\"potentialAction\":[{\"@type\":\"SearchAction\",\"target\":{\"@type\":\"EntryPoint\",\"urlTemplate\":\"https:\/\/ticsalutsocial.atoom.space\/es\/?s={search_term_string}\"},\"query-input\":{\"@type\":\"PropertyValueSpecification\",\"valueRequired\":true,\"valueName\":\"search_term_string\"}}],\"inLanguage\":\"es\"}]}<\/script>\n<!-- \/ Yoast SEO plugin. -->","yoast_head_json":{"title":"Jornada Mapa de Tendencias 2019 - Fundaci\u00f3 TIC Salut i Social","robots":{"index":"index","follow":"follow","max-snippet":"max-snippet:-1","max-image-preview":"max-image-preview:large","max-video-preview":"max-video-preview:-1"},"canonical":"https:\/\/ticsalutsocial.atoom.space\/es\/event\/jornada-mapa-de-tendencias-2019\/","og_locale":"es_ES","og_type":"article","og_title":"Jornada Mapa de Tendencias 2019 - Fundaci\u00f3 TIC Salut i Social","og_description":"INSCRIPCIONES CERRADAS Jornada Mapa de Tendencias 2019 Presentamos el informe sobre la implantaci\u00f3n y uso de las TIC en las entidades proveedoras del sistema sanitario p\u00fablico catal\u00e1n (SISCAT). El Mapa de Tendencias es un estudio que interpreta las principales tendencias que est\u00e1n modificando los modelos tradicionales de la sanidad tanto desde un enfoque tecnol\u00f3gico como [&hellip;]","og_url":"https:\/\/ticsalutsocial.atoom.space\/es\/event\/jornada-mapa-de-tendencias-2019\/","og_site_name":"Fundaci\u00f3 TIC Salut i Social","article_modified_time":"2021-07-21T14:25:12+00:00","og_image":[{"width":1300,"height":934,"url":"https:\/\/ticsalutsocial.atoom.space\/wp-content\/uploads\/2018\/12\/save_the_date_mapa2019-1.jpg","type":"image\/jpeg"}],"twitter_card":"summary_large_image","twitter_misc":{"Tiempo de lectura":"2 minutos"},"schema":{"@context":"https:\/\/schema.org","@graph":[{"@type":"WebPage","@id":"https:\/\/ticsalutsocial.atoom.space\/es\/event\/jornada-mapa-de-tendencias-2019\/","url":"https:\/\/ticsalutsocial.atoom.space\/es\/event\/jornada-mapa-de-tendencias-2019\/","name":"Jornada Mapa de Tendencias 2019 - Fundaci\u00f3 TIC Salut i Social","isPartOf":{"@id":"https:\/\/ticsalutsocial.atoom.space\/es\/#website"},"primaryImageOfPage":{"@id":"https:\/\/ticsalutsocial.atoom.space\/es\/event\/jornada-mapa-de-tendencias-2019\/#primaryimage"},"image":{"@id":"https:\/\/ticsalutsocial.atoom.space\/es\/event\/jornada-mapa-de-tendencias-2019\/#primaryimage"},"thumbnailUrl":"https:\/\/ticsalutsocial.atoom.space\/wp-content\/uploads\/2018\/12\/save_the_date_mapa2019-1.jpg","datePublished":"2018-12-07T10:03:52+00:00","dateModified":"2021-07-21T14:25:12+00:00","breadcrumb":{"@id":"https:\/\/ticsalutsocial.atoom.space\/es\/event\/jornada-mapa-de-tendencias-2019\/#breadcrumb"},"inLanguage":"es","potentialAction":[{"@type":"ReadAction","target":["https:\/\/ticsalutsocial.atoom.space\/es\/event\/jornada-mapa-de-tendencias-2019\/"]}]},{"@type":"ImageObject","inLanguage":"es","@id":"https:\/\/ticsalutsocial.atoom.space\/es\/event\/jornada-mapa-de-tendencias-2019\/#primaryimage","url":"https:\/\/ticsalutsocial.atoom.space\/wp-content\/uploads\/2018\/12\/save_the_date_mapa2019-1.jpg","contentUrl":"https:\/\/ticsalutsocial.atoom.space\/wp-content\/uploads\/2018\/12\/save_the_date_mapa2019-1.jpg","width":1300,"height":934},{"@type":"BreadcrumbList","@id":"https:\/\/ticsalutsocial.atoom.space\/es\/event\/jornada-mapa-de-tendencias-2019\/#breadcrumb","itemListElement":[{"@type":"ListItem","position":1,"name":"Inici","item":"https:\/\/ticsalutsocial.atoom.space\/es\/"},{"@type":"ListItem","position":2,"name":"Jornada Mapa de Tendencias 2019"}]},{"@type":"WebSite","@id":"https:\/\/ticsalutsocial.atoom.space\/es\/#website","url":"https:\/\/ticsalutsocial.atoom.space\/es\/","name":"Fundaci\u00f3 TIC Salut i Social","description":"","potentialAction":[{"@type":"SearchAction","target":{"@type":"EntryPoint","urlTemplate":"https:\/\/ticsalutsocial.atoom.space\/es\/?s={search_term_string}"},"query-input":{"@type":"PropertyValueSpecification","valueRequired":true,"valueName":"search_term_string"}}],"inLanguage":"es"}]}},"_links":{"self":[{"href":"https:\/\/ticsalutsocial.atoom.space\/es\/wp-json\/wp\/v2\/event\/5827","targetHints":{"allow":["GET"]}}],"collection":[{"href":"https:\/\/ticsalutsocial.atoom.space\/es\/wp-json\/wp\/v2\/event"}],"about":[{"href":"https:\/\/ticsalutsocial.atoom.space\/es\/wp-json\/wp\/v2\/types\/event"}],"wp:featuredmedia":[{"embeddable":true,"href":"https:\/\/ticsalutsocial.atoom.space\/es\/wp-json\/wp\/v2\/media\/5823"}],"wp:attachment":[{"href":"https:\/\/ticsalutsocial.atoom.space\/es\/wp-json\/wp\/v2\/media?parent=5827"}],"wp:term":[{"taxonomy":"tipus","embeddable":true,"href":"https:\/\/ticsalutsocial.atoom.space\/es\/wp-json\/wp\/v2\/tipus?post=5827"},{"taxonomy":"topic","embeddable":true,"href":"https:\/\/ticsalutsocial.atoom.space\/es\/wp-json\/wp\/v2\/topic?post=5827"}],"curies":[{"name":"wp","href":"https:\/\/api.w.org\/{rel}","templated":true}]}}