
{"id":5857,"date":"2019-01-29T11:26:59","date_gmt":"2019-01-29T09:26:59","guid":{"rendered":"https:\/\/ticsalutsocial.atoom.space\/?post_type=event&#038;p=5857"},"modified":"2021-07-21T16:25:30","modified_gmt":"2021-07-21T14:25:30","slug":"taula-rodona-salut-mental-i-tecnologia-mobile-week-barcelona","status":"publish","type":"event","link":"https:\/\/ticsalutsocial.atoom.space\/es\/event\/taula-rodona-salut-mental-i-tecnologia-mobile-week-barcelona\/","title":{"rendered":"Taula rodona: \u00abSalut Mental i tecnologia\u00bb Mobile Week Barcelona"},"content":{"rendered":"<p><strong>Taula rodona \u00abSalut Mental i tecnologia\u00bb Mobile Week Barcelona<\/strong><\/p>\n<p>11:00h \u2013 11:30h \u2013 Presentaci\u00f3 resultats del Workshop: \u201cPoden el disseny la tecnologia curar? El tractament comen\u00e7a a la sala d\u2019espera.<\/p>\n<p>11:30h \u2013 13:00h \u2013\u00a0<strong>Psiquiatria online, \u00e9s Internet una eina efectiva?\u00a0<\/strong><\/p>\n<p>Debat: <strong>Ignacio de Ram\u00f3n<\/strong>, CEO a Sincrolab, S.L; <strong>Marta S\u00e1nchez<\/strong>, Administradora Cl\u00faster Salut Mental; <strong>Xavier Palomer<\/strong>, CEO de Psious; <strong>Josu\u00e8 Sallent<\/strong>, Director Fundaci\u00f3 TIC Salut Social; <strong>Dr. Ramos Quiroga<\/strong>, doctor en Psiquiatria i Psicologia Cl\u00ednica;<br \/>\nModera: <strong>Daniel Arb\u00f3s<\/strong>, responsable de comunicaci\u00f3 a IDIBAPS.<\/p>\n<p>Les activitats es faran a la sala d\u2019actes de la planta 10 de l\u2019Hospital General (veure pl\u00e0nol adjunt).<\/p>\n","protected":false},"featured_media":0,"menu_order":0,"template":"","meta":{"_acf_changed":false,"inline_featured_image":false},"tipus":[],"topic":[121],"class_list":["post-5857","event","type-event","status-publish","hentry","topic-dpd-es"],"acf":{"informacio":{"ubicacio":"Campus Vall d'Hebr\u00f3n (Barcelona)","data":"19\/02\/2019","hora":"11:00h a 13:00h","preu":"","inscripcions":""}},"yoast_head":"<!-- This site is optimized with the Yoast SEO plugin v27.1.1 - https:\/\/yoast.com\/product\/yoast-seo-wordpress\/ -->\n<title>Taula rodona: &quot;Salut Mental i tecnologia&quot; Mobile Week Barcelona - Fundaci\u00f3 TIC Salut i Social<\/title>\n<meta name=\"robots\" content=\"index, follow, max-snippet:-1, max-image-preview:large, max-video-preview:-1\" \/>\n<link rel=\"canonical\" href=\"https:\/\/ticsalutsocial.atoom.space\/es\/event\/taula-rodona-salut-mental-i-tecnologia-mobile-week-barcelona\/\" \/>\n<meta property=\"og:locale\" content=\"es_ES\" \/>\n<meta property=\"og:type\" content=\"article\" \/>\n<meta property=\"og:title\" content=\"Taula rodona: &quot;Salut Mental i tecnologia&quot; Mobile Week Barcelona - Fundaci\u00f3 TIC Salut i Social\" \/>\n<meta property=\"og:description\" content=\"Taula rodona \u00abSalut Mental i tecnologia\u00bb Mobile Week Barcelona 11:00h \u2013 11:30h \u2013 Presentaci\u00f3 resultats del Workshop: \u201cPoden el disseny la tecnologia curar? El tractament comen\u00e7a a la sala d\u2019espera. 11:30h \u2013 13:00h \u2013\u00a0Psiquiatria online, \u00e9s Internet una eina efectiva?\u00a0 Debat: Ignacio de Ram\u00f3n, CEO a Sincrolab, S.L; Marta S\u00e1nchez, Administradora Cl\u00faster Salut Mental; Xavier [&hellip;]\" \/>\n<meta property=\"og:url\" content=\"https:\/\/ticsalutsocial.atoom.space\/es\/event\/taula-rodona-salut-mental-i-tecnologia-mobile-week-barcelona\/\" \/>\n<meta property=\"og:site_name\" content=\"Fundaci\u00f3 TIC Salut i Social\" \/>\n<meta property=\"article:modified_time\" content=\"2021-07-21T14:25:30+00:00\" \/>\n<meta name=\"twitter:card\" content=\"summary_large_image\" \/>\n<meta name=\"twitter:label1\" content=\"Tiempo de lectura\" \/>\n\t<meta name=\"twitter:data1\" content=\"1 minuto\" \/>\n<script type=\"application\/ld+json\" class=\"yoast-schema-graph\">{\"@context\":\"https:\/\/schema.org\",\"@graph\":[{\"@type\":\"WebPage\",\"@id\":\"https:\/\/ticsalutsocial.atoom.space\/es\/event\/taula-rodona-salut-mental-i-tecnologia-mobile-week-barcelona\/\",\"url\":\"https:\/\/ticsalutsocial.atoom.space\/es\/event\/taula-rodona-salut-mental-i-tecnologia-mobile-week-barcelona\/\",\"name\":\"Taula rodona: \\\"Salut Mental i tecnologia\\\" Mobile Week Barcelona - Fundaci\u00f3 TIC Salut i Social\",\"isPartOf\":{\"@id\":\"https:\/\/ticsalutsocial.atoom.space\/es\/#website\"},\"datePublished\":\"2019-01-29T09:26:59+00:00\",\"dateModified\":\"2021-07-21T14:25:30+00:00\",\"breadcrumb\":{\"@id\":\"https:\/\/ticsalutsocial.atoom.space\/es\/event\/taula-rodona-salut-mental-i-tecnologia-mobile-week-barcelona\/#breadcrumb\"},\"inLanguage\":\"es\",\"potentialAction\":[{\"@type\":\"ReadAction\",\"target\":[\"https:\/\/ticsalutsocial.atoom.space\/es\/event\/taula-rodona-salut-mental-i-tecnologia-mobile-week-barcelona\/\"]}]},{\"@type\":\"BreadcrumbList\",\"@id\":\"https:\/\/ticsalutsocial.atoom.space\/es\/event\/taula-rodona-salut-mental-i-tecnologia-mobile-week-barcelona\/#breadcrumb\",\"itemListElement\":[{\"@type\":\"ListItem\",\"position\":1,\"name\":\"Inici\",\"item\":\"https:\/\/ticsalutsocial.atoom.space\/es\/\"},{\"@type\":\"ListItem\",\"position\":2,\"name\":\"Taula rodona: &#8220;Salut Mental i tecnologia&#8221; Mobile Week Barcelona\"}]},{\"@type\":\"WebSite\",\"@id\":\"https:\/\/ticsalutsocial.atoom.space\/es\/#website\",\"url\":\"https:\/\/ticsalutsocial.atoom.space\/es\/\",\"name\":\"Fundaci\u00f3 TIC Salut i Social\",\"description\":\"\",\"potentialAction\":[{\"@type\":\"SearchAction\",\"target\":{\"@type\":\"EntryPoint\",\"urlTemplate\":\"https:\/\/ticsalutsocial.atoom.space\/es\/?s={search_term_string}\"},\"query-input\":{\"@type\":\"PropertyValueSpecification\",\"valueRequired\":true,\"valueName\":\"search_term_string\"}}],\"inLanguage\":\"es\"}]}<\/script>\n<!-- \/ Yoast SEO plugin. -->","yoast_head_json":{"title":"Taula rodona: \"Salut Mental i tecnologia\" Mobile Week Barcelona - Fundaci\u00f3 TIC Salut i Social","robots":{"index":"index","follow":"follow","max-snippet":"max-snippet:-1","max-image-preview":"max-image-preview:large","max-video-preview":"max-video-preview:-1"},"canonical":"https:\/\/ticsalutsocial.atoom.space\/es\/event\/taula-rodona-salut-mental-i-tecnologia-mobile-week-barcelona\/","og_locale":"es_ES","og_type":"article","og_title":"Taula rodona: \"Salut Mental i tecnologia\" Mobile Week Barcelona - Fundaci\u00f3 TIC Salut i Social","og_description":"Taula rodona \u00abSalut Mental i tecnologia\u00bb Mobile Week Barcelona 11:00h \u2013 11:30h \u2013 Presentaci\u00f3 resultats del Workshop: \u201cPoden el disseny la tecnologia curar? El tractament comen\u00e7a a la sala d\u2019espera. 11:30h \u2013 13:00h \u2013\u00a0Psiquiatria online, \u00e9s Internet una eina efectiva?\u00a0 Debat: Ignacio de Ram\u00f3n, CEO a Sincrolab, S.L; Marta S\u00e1nchez, Administradora Cl\u00faster Salut Mental; Xavier [&hellip;]","og_url":"https:\/\/ticsalutsocial.atoom.space\/es\/event\/taula-rodona-salut-mental-i-tecnologia-mobile-week-barcelona\/","og_site_name":"Fundaci\u00f3 TIC Salut i Social","article_modified_time":"2021-07-21T14:25:30+00:00","twitter_card":"summary_large_image","twitter_misc":{"Tiempo de lectura":"1 minuto"},"schema":{"@context":"https:\/\/schema.org","@graph":[{"@type":"WebPage","@id":"https:\/\/ticsalutsocial.atoom.space\/es\/event\/taula-rodona-salut-mental-i-tecnologia-mobile-week-barcelona\/","url":"https:\/\/ticsalutsocial.atoom.space\/es\/event\/taula-rodona-salut-mental-i-tecnologia-mobile-week-barcelona\/","name":"Taula rodona: \"Salut Mental i tecnologia\" Mobile Week Barcelona - Fundaci\u00f3 TIC Salut i Social","isPartOf":{"@id":"https:\/\/ticsalutsocial.atoom.space\/es\/#website"},"datePublished":"2019-01-29T09:26:59+00:00","dateModified":"2021-07-21T14:25:30+00:00","breadcrumb":{"@id":"https:\/\/ticsalutsocial.atoom.space\/es\/event\/taula-rodona-salut-mental-i-tecnologia-mobile-week-barcelona\/#breadcrumb"},"inLanguage":"es","potentialAction":[{"@type":"ReadAction","target":["https:\/\/ticsalutsocial.atoom.space\/es\/event\/taula-rodona-salut-mental-i-tecnologia-mobile-week-barcelona\/"]}]},{"@type":"BreadcrumbList","@id":"https:\/\/ticsalutsocial.atoom.space\/es\/event\/taula-rodona-salut-mental-i-tecnologia-mobile-week-barcelona\/#breadcrumb","itemListElement":[{"@type":"ListItem","position":1,"name":"Inici","item":"https:\/\/ticsalutsocial.atoom.space\/es\/"},{"@type":"ListItem","position":2,"name":"Taula rodona: &#8220;Salut Mental i tecnologia&#8221; Mobile Week Barcelona"}]},{"@type":"WebSite","@id":"https:\/\/ticsalutsocial.atoom.space\/es\/#website","url":"https:\/\/ticsalutsocial.atoom.space\/es\/","name":"Fundaci\u00f3 TIC Salut i Social","description":"","potentialAction":[{"@type":"SearchAction","target":{"@type":"EntryPoint","urlTemplate":"https:\/\/ticsalutsocial.atoom.space\/es\/?s={search_term_string}"},"query-input":{"@type":"PropertyValueSpecification","valueRequired":true,"valueName":"search_term_string"}}],"inLanguage":"es"}]}},"_links":{"self":[{"href":"https:\/\/ticsalutsocial.atoom.space\/es\/wp-json\/wp\/v2\/event\/5857","targetHints":{"allow":["GET"]}}],"collection":[{"href":"https:\/\/ticsalutsocial.atoom.space\/es\/wp-json\/wp\/v2\/event"}],"about":[{"href":"https:\/\/ticsalutsocial.atoom.space\/es\/wp-json\/wp\/v2\/types\/event"}],"wp:attachment":[{"href":"https:\/\/ticsalutsocial.atoom.space\/es\/wp-json\/wp\/v2\/media?parent=5857"}],"wp:term":[{"taxonomy":"tipus","embeddable":true,"href":"https:\/\/ticsalutsocial.atoom.space\/es\/wp-json\/wp\/v2\/tipus?post=5857"},{"taxonomy":"topic","embeddable":true,"href":"https:\/\/ticsalutsocial.atoom.space\/es\/wp-json\/wp\/v2\/topic?post=5857"}],"curies":[{"name":"wp","href":"https:\/\/api.w.org\/{rel}","templated":true}]}}