
{"id":5959,"date":"2019-10-08T10:10:56","date_gmt":"2019-10-08T08:10:56","guid":{"rendered":"https:\/\/ticsalutsocial.atoom.space\/?post_type=event&#038;p=5959"},"modified":"2021-07-21T16:26:44","modified_gmt":"2021-07-21T14:26:44","slug":"jornada-technology-for-elderly-and-health-translation-to-the-market","status":"publish","type":"event","link":"https:\/\/ticsalutsocial.atoom.space\/es\/event\/jornada-technology-for-elderly-and-health-translation-to-the-market\/","title":{"rendered":"Jornada TECHNOLOGY FOR ELDERLY AND HEALTH: TRANSLATION TO THE MARKET"},"content":{"rendered":"<p>El viernes 22 de Noviembre el <a href=\"http:\/\/neuropsicologiacst.cat\">Grupo de Investigaci\u00f3n, <em>Brain, Cognition and Behavior<\/em> del Consorci Sanitari de Terrassa (CST)<\/a>\u00a0organita la Jornada TECHNOLOGY FOR ELDERLY AND HEALTH: TRANSLATION TO THE MARKET. Esta jornada se realizar\u00e1 en el Hospital de Terrassa-CST.<\/p>\n<p>El objectivo es dar a conocer el envejecimiento poblacional de nustro entorno, la oportunidad que la <em>Silver Economy<\/em> representa para el mercado y las diferentes experiencias tecnol\u00f3gicas financiadas por la Uni\u00f3n Europea que se han desarrollado para este segmento de poblaci\u00f3n. Tambi\u00e9n hablaremos de la problem\u00e1tica para transferir al mercado estos productos.<\/p>\n<p><a href=\"https:\/\/ticsalutsocial.atoom.space\/wp-content\/uploads\/2019\/10\/jornadacst_22-11-19.pdf\">Programa<\/a><\/p>\n<p><em>Inscripciones en el 93.731.00.07, etc 1892 o bien por email <a href=\"mailto:sjornades@cst.cat\" target=\"_blank\" rel=\"noopener noreferrer\">sjornades@cst.cat<\/a><\/em><\/p>\n","protected":false},"featured_media":0,"menu_order":0,"template":"","meta":{"_acf_changed":false,"inline_featured_image":false},"tipus":[],"topic":[121],"class_list":["post-5959","event","type-event","status-publish","hentry","topic-dpd-es"],"acf":{"informacio":{"ubicacio":"Hospital de Terrassa. Sala de actos Joan Costa Roma","data":"22\/11\/2019","hora":"","preu":"","inscripcions":""}},"yoast_head":"<!-- This site is optimized with the Yoast SEO plugin v27.1.1 - https:\/\/yoast.com\/product\/yoast-seo-wordpress\/ -->\n<title>Jornada TECHNOLOGY FOR ELDERLY AND HEALTH: TRANSLATION TO THE MARKET - Fundaci\u00f3 TIC Salut i Social<\/title>\n<meta name=\"robots\" content=\"index, follow, max-snippet:-1, max-image-preview:large, max-video-preview:-1\" \/>\n<link rel=\"canonical\" href=\"https:\/\/ticsalutsocial.atoom.space\/es\/event\/jornada-technology-for-elderly-and-health-translation-to-the-market\/\" \/>\n<meta property=\"og:locale\" content=\"es_ES\" \/>\n<meta property=\"og:type\" content=\"article\" \/>\n<meta property=\"og:title\" content=\"Jornada TECHNOLOGY FOR ELDERLY AND HEALTH: TRANSLATION TO THE MARKET - Fundaci\u00f3 TIC Salut i Social\" \/>\n<meta property=\"og:description\" content=\"El viernes 22 de Noviembre el Grupo de Investigaci\u00f3n, Brain, Cognition and Behavior del Consorci Sanitari de Terrassa (CST)\u00a0organita la Jornada TECHNOLOGY FOR ELDERLY AND HEALTH: TRANSLATION TO THE MARKET. Esta jornada se realizar\u00e1 en el Hospital de Terrassa-CST. El objectivo es dar a conocer el envejecimiento poblacional de nustro entorno, la oportunidad que la [&hellip;]\" \/>\n<meta property=\"og:url\" content=\"https:\/\/ticsalutsocial.atoom.space\/es\/event\/jornada-technology-for-elderly-and-health-translation-to-the-market\/\" \/>\n<meta property=\"og:site_name\" content=\"Fundaci\u00f3 TIC Salut i Social\" \/>\n<meta property=\"article:modified_time\" content=\"2021-07-21T14:26:44+00:00\" \/>\n<meta name=\"twitter:card\" content=\"summary_large_image\" \/>\n<meta name=\"twitter:label1\" content=\"Tiempo de lectura\" \/>\n\t<meta name=\"twitter:data1\" content=\"1 minuto\" \/>\n<script type=\"application\/ld+json\" class=\"yoast-schema-graph\">{\"@context\":\"https:\/\/schema.org\",\"@graph\":[{\"@type\":\"WebPage\",\"@id\":\"https:\/\/ticsalutsocial.atoom.space\/es\/event\/jornada-technology-for-elderly-and-health-translation-to-the-market\/\",\"url\":\"https:\/\/ticsalutsocial.atoom.space\/es\/event\/jornada-technology-for-elderly-and-health-translation-to-the-market\/\",\"name\":\"Jornada TECHNOLOGY FOR ELDERLY AND HEALTH: TRANSLATION TO THE MARKET - Fundaci\u00f3 TIC Salut i Social\",\"isPartOf\":{\"@id\":\"https:\/\/ticsalutsocial.atoom.space\/es\/#website\"},\"datePublished\":\"2019-10-08T08:10:56+00:00\",\"dateModified\":\"2021-07-21T14:26:44+00:00\",\"breadcrumb\":{\"@id\":\"https:\/\/ticsalutsocial.atoom.space\/es\/event\/jornada-technology-for-elderly-and-health-translation-to-the-market\/#breadcrumb\"},\"inLanguage\":\"es\",\"potentialAction\":[{\"@type\":\"ReadAction\",\"target\":[\"https:\/\/ticsalutsocial.atoom.space\/es\/event\/jornada-technology-for-elderly-and-health-translation-to-the-market\/\"]}]},{\"@type\":\"BreadcrumbList\",\"@id\":\"https:\/\/ticsalutsocial.atoom.space\/es\/event\/jornada-technology-for-elderly-and-health-translation-to-the-market\/#breadcrumb\",\"itemListElement\":[{\"@type\":\"ListItem\",\"position\":1,\"name\":\"Inici\",\"item\":\"https:\/\/ticsalutsocial.atoom.space\/es\/\"},{\"@type\":\"ListItem\",\"position\":2,\"name\":\"Jornada TECHNOLOGY FOR ELDERLY AND HEALTH: TRANSLATION TO THE MARKET\"}]},{\"@type\":\"WebSite\",\"@id\":\"https:\/\/ticsalutsocial.atoom.space\/es\/#website\",\"url\":\"https:\/\/ticsalutsocial.atoom.space\/es\/\",\"name\":\"Fundaci\u00f3 TIC Salut i Social\",\"description\":\"\",\"potentialAction\":[{\"@type\":\"SearchAction\",\"target\":{\"@type\":\"EntryPoint\",\"urlTemplate\":\"https:\/\/ticsalutsocial.atoom.space\/es\/?s={search_term_string}\"},\"query-input\":{\"@type\":\"PropertyValueSpecification\",\"valueRequired\":true,\"valueName\":\"search_term_string\"}}],\"inLanguage\":\"es\"}]}<\/script>\n<!-- \/ Yoast SEO plugin. -->","yoast_head_json":{"title":"Jornada TECHNOLOGY FOR ELDERLY AND HEALTH: TRANSLATION TO THE MARKET - Fundaci\u00f3 TIC Salut i Social","robots":{"index":"index","follow":"follow","max-snippet":"max-snippet:-1","max-image-preview":"max-image-preview:large","max-video-preview":"max-video-preview:-1"},"canonical":"https:\/\/ticsalutsocial.atoom.space\/es\/event\/jornada-technology-for-elderly-and-health-translation-to-the-market\/","og_locale":"es_ES","og_type":"article","og_title":"Jornada TECHNOLOGY FOR ELDERLY AND HEALTH: TRANSLATION TO THE MARKET - Fundaci\u00f3 TIC Salut i Social","og_description":"El viernes 22 de Noviembre el Grupo de Investigaci\u00f3n, Brain, Cognition and Behavior del Consorci Sanitari de Terrassa (CST)\u00a0organita la Jornada TECHNOLOGY FOR ELDERLY AND HEALTH: TRANSLATION TO THE MARKET. Esta jornada se realizar\u00e1 en el Hospital de Terrassa-CST. El objectivo es dar a conocer el envejecimiento poblacional de nustro entorno, la oportunidad que la [&hellip;]","og_url":"https:\/\/ticsalutsocial.atoom.space\/es\/event\/jornada-technology-for-elderly-and-health-translation-to-the-market\/","og_site_name":"Fundaci\u00f3 TIC Salut i Social","article_modified_time":"2021-07-21T14:26:44+00:00","twitter_card":"summary_large_image","twitter_misc":{"Tiempo de lectura":"1 minuto"},"schema":{"@context":"https:\/\/schema.org","@graph":[{"@type":"WebPage","@id":"https:\/\/ticsalutsocial.atoom.space\/es\/event\/jornada-technology-for-elderly-and-health-translation-to-the-market\/","url":"https:\/\/ticsalutsocial.atoom.space\/es\/event\/jornada-technology-for-elderly-and-health-translation-to-the-market\/","name":"Jornada TECHNOLOGY FOR ELDERLY AND HEALTH: TRANSLATION TO THE MARKET - Fundaci\u00f3 TIC Salut i Social","isPartOf":{"@id":"https:\/\/ticsalutsocial.atoom.space\/es\/#website"},"datePublished":"2019-10-08T08:10:56+00:00","dateModified":"2021-07-21T14:26:44+00:00","breadcrumb":{"@id":"https:\/\/ticsalutsocial.atoom.space\/es\/event\/jornada-technology-for-elderly-and-health-translation-to-the-market\/#breadcrumb"},"inLanguage":"es","potentialAction":[{"@type":"ReadAction","target":["https:\/\/ticsalutsocial.atoom.space\/es\/event\/jornada-technology-for-elderly-and-health-translation-to-the-market\/"]}]},{"@type":"BreadcrumbList","@id":"https:\/\/ticsalutsocial.atoom.space\/es\/event\/jornada-technology-for-elderly-and-health-translation-to-the-market\/#breadcrumb","itemListElement":[{"@type":"ListItem","position":1,"name":"Inici","item":"https:\/\/ticsalutsocial.atoom.space\/es\/"},{"@type":"ListItem","position":2,"name":"Jornada TECHNOLOGY FOR ELDERLY AND HEALTH: TRANSLATION TO THE MARKET"}]},{"@type":"WebSite","@id":"https:\/\/ticsalutsocial.atoom.space\/es\/#website","url":"https:\/\/ticsalutsocial.atoom.space\/es\/","name":"Fundaci\u00f3 TIC Salut i Social","description":"","potentialAction":[{"@type":"SearchAction","target":{"@type":"EntryPoint","urlTemplate":"https:\/\/ticsalutsocial.atoom.space\/es\/?s={search_term_string}"},"query-input":{"@type":"PropertyValueSpecification","valueRequired":true,"valueName":"search_term_string"}}],"inLanguage":"es"}]}},"_links":{"self":[{"href":"https:\/\/ticsalutsocial.atoom.space\/es\/wp-json\/wp\/v2\/event\/5959","targetHints":{"allow":["GET"]}}],"collection":[{"href":"https:\/\/ticsalutsocial.atoom.space\/es\/wp-json\/wp\/v2\/event"}],"about":[{"href":"https:\/\/ticsalutsocial.atoom.space\/es\/wp-json\/wp\/v2\/types\/event"}],"wp:attachment":[{"href":"https:\/\/ticsalutsocial.atoom.space\/es\/wp-json\/wp\/v2\/media?parent=5959"}],"wp:term":[{"taxonomy":"tipus","embeddable":true,"href":"https:\/\/ticsalutsocial.atoom.space\/es\/wp-json\/wp\/v2\/tipus?post=5959"},{"taxonomy":"topic","embeddable":true,"href":"https:\/\/ticsalutsocial.atoom.space\/es\/wp-json\/wp\/v2\/topic?post=5959"}],"curies":[{"name":"wp","href":"https:\/\/api.w.org\/{rel}","templated":true}]}}