
{"id":6004,"date":"2020-01-23T10:57:08","date_gmt":"2020-01-23T08:57:08","guid":{"rendered":"https:\/\/ticsalutsocial.atoom.space\/?post_type=event&#038;p=6004"},"modified":"2021-07-21T16:27:23","modified_gmt":"2021-07-21T14:27:23","slug":"realitat-virtual-i-augmentada-una-mirada-diferent-al-futur-de-la-salut","status":"publish","type":"event","link":"https:\/\/ticsalutsocial.atoom.space\/es\/event\/realitat-virtual-i-augmentada-una-mirada-diferent-al-futur-de-la-salut\/","title":{"rendered":"Realitat Virtual i augmentada: Una mirada diferent al futur de la salut"},"content":{"rendered":"<ul>\n<li>La Realitat Virtual i la Realitat Augmentada (RVA) estan sent utilitzades en diferents \u00e0mbits del sector salut, des de l&#8217;educaci\u00f3 del pacient i el seu empoderament fins al tractament.<\/li>\n<li>Aquestes tecnologies proveeixen d&#8217;un entorn segur que permeten simular escenaris realistes amb poc o sense cap mena de risc, i tot i que encara es troba en estadis inicials, els beneficis potencials s\u00f3n significatius.<\/li>\n<li>La RVA en salut anir\u00e0 en augment, particularment a mesura que la integraci\u00f3 amb sensors i la bioretroalimentaci\u00f3 esdevinguin m\u00e9s sofisticats.<\/li>\n<li>En aquesta jornada, debatrem sobre l&#8217;estat de l&#8217;art i el futur de la RVA en salut a Catalunya, tot explicant casos d&#8217;\u00fas tant a la ind\u00fastria com a hospitals<\/li>\n<\/ul>\n","protected":false},"featured_media":0,"menu_order":0,"template":"","meta":{"_acf_changed":false,"inline_featured_image":false},"tipus":[],"topic":[121],"class_list":["post-6004","event","type-event","status-publish","hentry","topic-dpd-es"],"acf":{"informacio":{"ubicacio":"Sala d'actes","data":"29\/04\/2020","hora":"14:30 a 18:30h","preu":"Places limitades","inscripcions":""}},"yoast_head":"<!-- This site is optimized with the Yoast SEO plugin v27.1.1 - https:\/\/yoast.com\/product\/yoast-seo-wordpress\/ -->\n<title>Realitat Virtual i augmentada: Una mirada diferent al futur de la salut - Fundaci\u00f3 TIC Salut i Social<\/title>\n<meta name=\"robots\" content=\"index, follow, max-snippet:-1, max-image-preview:large, max-video-preview:-1\" \/>\n<link rel=\"canonical\" href=\"https:\/\/ticsalutsocial.atoom.space\/es\/event\/realitat-virtual-i-augmentada-una-mirada-diferent-al-futur-de-la-salut\/\" \/>\n<meta property=\"og:locale\" content=\"es_ES\" \/>\n<meta property=\"og:type\" content=\"article\" \/>\n<meta property=\"og:title\" content=\"Realitat Virtual i augmentada: Una mirada diferent al futur de la salut - Fundaci\u00f3 TIC Salut i Social\" \/>\n<meta property=\"og:description\" content=\"La Realitat Virtual i la Realitat Augmentada (RVA) estan sent utilitzades en diferents \u00e0mbits del sector salut, des de l&#8217;educaci\u00f3 del pacient i el seu empoderament fins al tractament. Aquestes tecnologies proveeixen d&#8217;un entorn segur que permeten simular escenaris realistes amb poc o sense cap mena de risc, i tot i que encara es troba [&hellip;]\" \/>\n<meta property=\"og:url\" content=\"https:\/\/ticsalutsocial.atoom.space\/es\/event\/realitat-virtual-i-augmentada-una-mirada-diferent-al-futur-de-la-salut\/\" \/>\n<meta property=\"og:site_name\" content=\"Fundaci\u00f3 TIC Salut i Social\" \/>\n<meta property=\"article:modified_time\" content=\"2021-07-21T14:27:23+00:00\" \/>\n<meta name=\"twitter:card\" content=\"summary_large_image\" \/>\n<meta name=\"twitter:label1\" content=\"Tiempo de lectura\" \/>\n\t<meta name=\"twitter:data1\" content=\"1 minuto\" \/>\n<script type=\"application\/ld+json\" class=\"yoast-schema-graph\">{\"@context\":\"https:\/\/schema.org\",\"@graph\":[{\"@type\":\"WebPage\",\"@id\":\"https:\/\/ticsalutsocial.atoom.space\/es\/event\/realitat-virtual-i-augmentada-una-mirada-diferent-al-futur-de-la-salut\/\",\"url\":\"https:\/\/ticsalutsocial.atoom.space\/es\/event\/realitat-virtual-i-augmentada-una-mirada-diferent-al-futur-de-la-salut\/\",\"name\":\"Realitat Virtual i augmentada: Una mirada diferent al futur de la salut - Fundaci\u00f3 TIC Salut i Social\",\"isPartOf\":{\"@id\":\"https:\/\/ticsalutsocial.atoom.space\/es\/#website\"},\"datePublished\":\"2020-01-23T08:57:08+00:00\",\"dateModified\":\"2021-07-21T14:27:23+00:00\",\"breadcrumb\":{\"@id\":\"https:\/\/ticsalutsocial.atoom.space\/es\/event\/realitat-virtual-i-augmentada-una-mirada-diferent-al-futur-de-la-salut\/#breadcrumb\"},\"inLanguage\":\"es\",\"potentialAction\":[{\"@type\":\"ReadAction\",\"target\":[\"https:\/\/ticsalutsocial.atoom.space\/es\/event\/realitat-virtual-i-augmentada-una-mirada-diferent-al-futur-de-la-salut\/\"]}]},{\"@type\":\"BreadcrumbList\",\"@id\":\"https:\/\/ticsalutsocial.atoom.space\/es\/event\/realitat-virtual-i-augmentada-una-mirada-diferent-al-futur-de-la-salut\/#breadcrumb\",\"itemListElement\":[{\"@type\":\"ListItem\",\"position\":1,\"name\":\"Inici\",\"item\":\"https:\/\/ticsalutsocial.atoom.space\/es\/\"},{\"@type\":\"ListItem\",\"position\":2,\"name\":\"Realitat Virtual i augmentada: Una mirada diferent al futur de la salut\"}]},{\"@type\":\"WebSite\",\"@id\":\"https:\/\/ticsalutsocial.atoom.space\/es\/#website\",\"url\":\"https:\/\/ticsalutsocial.atoom.space\/es\/\",\"name\":\"Fundaci\u00f3 TIC Salut i Social\",\"description\":\"\",\"potentialAction\":[{\"@type\":\"SearchAction\",\"target\":{\"@type\":\"EntryPoint\",\"urlTemplate\":\"https:\/\/ticsalutsocial.atoom.space\/es\/?s={search_term_string}\"},\"query-input\":{\"@type\":\"PropertyValueSpecification\",\"valueRequired\":true,\"valueName\":\"search_term_string\"}}],\"inLanguage\":\"es\"}]}<\/script>\n<!-- \/ Yoast SEO plugin. -->","yoast_head_json":{"title":"Realitat Virtual i augmentada: Una mirada diferent al futur de la salut - Fundaci\u00f3 TIC Salut i Social","robots":{"index":"index","follow":"follow","max-snippet":"max-snippet:-1","max-image-preview":"max-image-preview:large","max-video-preview":"max-video-preview:-1"},"canonical":"https:\/\/ticsalutsocial.atoom.space\/es\/event\/realitat-virtual-i-augmentada-una-mirada-diferent-al-futur-de-la-salut\/","og_locale":"es_ES","og_type":"article","og_title":"Realitat Virtual i augmentada: Una mirada diferent al futur de la salut - Fundaci\u00f3 TIC Salut i Social","og_description":"La Realitat Virtual i la Realitat Augmentada (RVA) estan sent utilitzades en diferents \u00e0mbits del sector salut, des de l&#8217;educaci\u00f3 del pacient i el seu empoderament fins al tractament. Aquestes tecnologies proveeixen d&#8217;un entorn segur que permeten simular escenaris realistes amb poc o sense cap mena de risc, i tot i que encara es troba [&hellip;]","og_url":"https:\/\/ticsalutsocial.atoom.space\/es\/event\/realitat-virtual-i-augmentada-una-mirada-diferent-al-futur-de-la-salut\/","og_site_name":"Fundaci\u00f3 TIC Salut i Social","article_modified_time":"2021-07-21T14:27:23+00:00","twitter_card":"summary_large_image","twitter_misc":{"Tiempo de lectura":"1 minuto"},"schema":{"@context":"https:\/\/schema.org","@graph":[{"@type":"WebPage","@id":"https:\/\/ticsalutsocial.atoom.space\/es\/event\/realitat-virtual-i-augmentada-una-mirada-diferent-al-futur-de-la-salut\/","url":"https:\/\/ticsalutsocial.atoom.space\/es\/event\/realitat-virtual-i-augmentada-una-mirada-diferent-al-futur-de-la-salut\/","name":"Realitat Virtual i augmentada: Una mirada diferent al futur de la salut - Fundaci\u00f3 TIC Salut i Social","isPartOf":{"@id":"https:\/\/ticsalutsocial.atoom.space\/es\/#website"},"datePublished":"2020-01-23T08:57:08+00:00","dateModified":"2021-07-21T14:27:23+00:00","breadcrumb":{"@id":"https:\/\/ticsalutsocial.atoom.space\/es\/event\/realitat-virtual-i-augmentada-una-mirada-diferent-al-futur-de-la-salut\/#breadcrumb"},"inLanguage":"es","potentialAction":[{"@type":"ReadAction","target":["https:\/\/ticsalutsocial.atoom.space\/es\/event\/realitat-virtual-i-augmentada-una-mirada-diferent-al-futur-de-la-salut\/"]}]},{"@type":"BreadcrumbList","@id":"https:\/\/ticsalutsocial.atoom.space\/es\/event\/realitat-virtual-i-augmentada-una-mirada-diferent-al-futur-de-la-salut\/#breadcrumb","itemListElement":[{"@type":"ListItem","position":1,"name":"Inici","item":"https:\/\/ticsalutsocial.atoom.space\/es\/"},{"@type":"ListItem","position":2,"name":"Realitat Virtual i augmentada: Una mirada diferent al futur de la salut"}]},{"@type":"WebSite","@id":"https:\/\/ticsalutsocial.atoom.space\/es\/#website","url":"https:\/\/ticsalutsocial.atoom.space\/es\/","name":"Fundaci\u00f3 TIC Salut i Social","description":"","potentialAction":[{"@type":"SearchAction","target":{"@type":"EntryPoint","urlTemplate":"https:\/\/ticsalutsocial.atoom.space\/es\/?s={search_term_string}"},"query-input":{"@type":"PropertyValueSpecification","valueRequired":true,"valueName":"search_term_string"}}],"inLanguage":"es"}]}},"_links":{"self":[{"href":"https:\/\/ticsalutsocial.atoom.space\/es\/wp-json\/wp\/v2\/event\/6004","targetHints":{"allow":["GET"]}}],"collection":[{"href":"https:\/\/ticsalutsocial.atoom.space\/es\/wp-json\/wp\/v2\/event"}],"about":[{"href":"https:\/\/ticsalutsocial.atoom.space\/es\/wp-json\/wp\/v2\/types\/event"}],"wp:attachment":[{"href":"https:\/\/ticsalutsocial.atoom.space\/es\/wp-json\/wp\/v2\/media?parent=6004"}],"wp:term":[{"taxonomy":"tipus","embeddable":true,"href":"https:\/\/ticsalutsocial.atoom.space\/es\/wp-json\/wp\/v2\/tipus?post=6004"},{"taxonomy":"topic","embeddable":true,"href":"https:\/\/ticsalutsocial.atoom.space\/es\/wp-json\/wp\/v2\/topic?post=6004"}],"curies":[{"name":"wp","href":"https:\/\/api.w.org\/{rel}","templated":true}]}}