
{"id":6007,"date":"2020-02-03T13:54:23","date_gmt":"2020-02-03T11:54:23","guid":{"rendered":"https:\/\/ticsalutsocial.atoom.space\/?post_type=event&#038;p=6007"},"modified":"2021-07-21T16:27:25","modified_gmt":"2021-07-21T14:27:25","slug":"jornada-mapa-de-tendencias-2020","status":"publish","type":"event","link":"https:\/\/ticsalutsocial.atoom.space\/es\/event\/jornada-mapa-de-tendencias-2020\/","title":{"rendered":"Jornada Mapa de Tendencias 2020"},"content":{"rendered":"<p><img loading=\"lazy\" decoding=\"async\" class=\"aligncenter wp-image-22033 size-full\" src=\"https:\/\/ticsalutsocial.atoom.space\/wp-content\/uploads\/2020\/02\/02-savethedatemdt_tw.png\" alt=\"\" width=\"1024\" height=\"512\" \/><\/p>\n<p>&nbsp;<\/p>\n<p>Este a\u00f1o celebramos una nueva edici\u00f3n de la Jornada Mapa de Tendencias, el pr\u00f3ximo d\u00eda 26 de marzo, en el auditorio del CosmoCaixa de Barcelona.<\/p>\n<p><strong>\u00a1AFORO COMPLETO!<\/strong><\/p>\n<p>Si te has quedado sin entrada, podr\u00e1s seguir el evento v\u00eda streaming.<\/p>\n<p>En breve compartiremoa m\u00e1s detalles sobre el programa.<\/p>\n<p><img loading=\"lazy\" decoding=\"async\" class=\"\" src=\"https:\/\/cosmocaixa.es\/documents\/139771\/142062\/Visitanos_home_desktop.jpg\/ba48608d-c645-b7b7-7a17-4790ae1d2032?t=1552465709300\" width=\"832\" height=\"459\" \/><\/p>\n","protected":false},"featured_media":0,"menu_order":0,"template":"","meta":{"_acf_changed":false,"inline_featured_image":false},"tipus":[],"topic":[121],"class_list":["post-6007","event","type-event","status-publish","hentry","topic-dpd-es"],"acf":{"informacio":{"ubicacio":"CosmoCaixa","data":"26\/03\/2020","hora":"9:30 - 13:30","preu":"AFORO COMPLETO","inscripcions":""}},"yoast_head":"<!-- This site is optimized with the Yoast SEO plugin v27.1.1 - https:\/\/yoast.com\/product\/yoast-seo-wordpress\/ -->\n<title>Jornada Mapa de Tendencias 2020 - Fundaci\u00f3 TIC Salut i Social<\/title>\n<meta name=\"robots\" content=\"index, follow, max-snippet:-1, max-image-preview:large, max-video-preview:-1\" \/>\n<link rel=\"canonical\" href=\"https:\/\/ticsalutsocial.atoom.space\/es\/event\/jornada-mapa-de-tendencias-2020\/\" \/>\n<meta property=\"og:locale\" content=\"es_ES\" \/>\n<meta property=\"og:type\" content=\"article\" \/>\n<meta property=\"og:title\" content=\"Jornada Mapa de Tendencias 2020 - Fundaci\u00f3 TIC Salut i Social\" \/>\n<meta property=\"og:description\" content=\"&nbsp; Este a\u00f1o celebramos una nueva edici\u00f3n de la Jornada Mapa de Tendencias, el pr\u00f3ximo d\u00eda 26 de marzo, en el auditorio del CosmoCaixa de Barcelona. \u00a1AFORO COMPLETO! Si te has quedado sin entrada, podr\u00e1s seguir el evento v\u00eda streaming. En breve compartiremoa m\u00e1s detalles sobre el programa.\" \/>\n<meta property=\"og:url\" content=\"https:\/\/ticsalutsocial.atoom.space\/es\/event\/jornada-mapa-de-tendencias-2020\/\" \/>\n<meta property=\"og:site_name\" content=\"Fundaci\u00f3 TIC Salut i Social\" \/>\n<meta property=\"article:modified_time\" content=\"2021-07-21T14:27:25+00:00\" \/>\n<meta property=\"og:image\" content=\"https:\/\/ticsalutsocial.atoom.space\/wp-content\/uploads\/2020\/02\/02-savethedatemdt_tw.png\" \/>\n<meta name=\"twitter:card\" content=\"summary_large_image\" \/>\n<script type=\"application\/ld+json\" class=\"yoast-schema-graph\">{\"@context\":\"https:\/\/schema.org\",\"@graph\":[{\"@type\":\"WebPage\",\"@id\":\"https:\/\/ticsalutsocial.atoom.space\/es\/event\/jornada-mapa-de-tendencias-2020\/\",\"url\":\"https:\/\/ticsalutsocial.atoom.space\/es\/event\/jornada-mapa-de-tendencias-2020\/\",\"name\":\"Jornada Mapa de Tendencias 2020 - Fundaci\u00f3 TIC Salut i Social\",\"isPartOf\":{\"@id\":\"https:\/\/ticsalutsocial.atoom.space\/es\/#website\"},\"primaryImageOfPage\":{\"@id\":\"https:\/\/ticsalutsocial.atoom.space\/es\/event\/jornada-mapa-de-tendencias-2020\/#primaryimage\"},\"image\":{\"@id\":\"https:\/\/ticsalutsocial.atoom.space\/es\/event\/jornada-mapa-de-tendencias-2020\/#primaryimage\"},\"thumbnailUrl\":\"https:\/\/ticsalutsocial.atoom.space\/wp-content\/uploads\/2020\/02\/02-savethedatemdt_tw.png\",\"datePublished\":\"2020-02-03T11:54:23+00:00\",\"dateModified\":\"2021-07-21T14:27:25+00:00\",\"breadcrumb\":{\"@id\":\"https:\/\/ticsalutsocial.atoom.space\/es\/event\/jornada-mapa-de-tendencias-2020\/#breadcrumb\"},\"inLanguage\":\"es\",\"potentialAction\":[{\"@type\":\"ReadAction\",\"target\":[\"https:\/\/ticsalutsocial.atoom.space\/es\/event\/jornada-mapa-de-tendencias-2020\/\"]}]},{\"@type\":\"ImageObject\",\"inLanguage\":\"es\",\"@id\":\"https:\/\/ticsalutsocial.atoom.space\/es\/event\/jornada-mapa-de-tendencias-2020\/#primaryimage\",\"url\":\"https:\/\/ticsalutsocial.atoom.space\/wp-content\/uploads\/2020\/02\/02-savethedatemdt_tw.png\",\"contentUrl\":\"https:\/\/ticsalutsocial.atoom.space\/wp-content\/uploads\/2020\/02\/02-savethedatemdt_tw.png\"},{\"@type\":\"BreadcrumbList\",\"@id\":\"https:\/\/ticsalutsocial.atoom.space\/es\/event\/jornada-mapa-de-tendencias-2020\/#breadcrumb\",\"itemListElement\":[{\"@type\":\"ListItem\",\"position\":1,\"name\":\"Inici\",\"item\":\"https:\/\/ticsalutsocial.atoom.space\/es\/\"},{\"@type\":\"ListItem\",\"position\":2,\"name\":\"Jornada Mapa de Tendencias 2020\"}]},{\"@type\":\"WebSite\",\"@id\":\"https:\/\/ticsalutsocial.atoom.space\/es\/#website\",\"url\":\"https:\/\/ticsalutsocial.atoom.space\/es\/\",\"name\":\"Fundaci\u00f3 TIC Salut i Social\",\"description\":\"\",\"potentialAction\":[{\"@type\":\"SearchAction\",\"target\":{\"@type\":\"EntryPoint\",\"urlTemplate\":\"https:\/\/ticsalutsocial.atoom.space\/es\/?s={search_term_string}\"},\"query-input\":{\"@type\":\"PropertyValueSpecification\",\"valueRequired\":true,\"valueName\":\"search_term_string\"}}],\"inLanguage\":\"es\"}]}<\/script>\n<!-- \/ Yoast SEO plugin. -->","yoast_head_json":{"title":"Jornada Mapa de Tendencias 2020 - Fundaci\u00f3 TIC Salut i Social","robots":{"index":"index","follow":"follow","max-snippet":"max-snippet:-1","max-image-preview":"max-image-preview:large","max-video-preview":"max-video-preview:-1"},"canonical":"https:\/\/ticsalutsocial.atoom.space\/es\/event\/jornada-mapa-de-tendencias-2020\/","og_locale":"es_ES","og_type":"article","og_title":"Jornada Mapa de Tendencias 2020 - Fundaci\u00f3 TIC Salut i Social","og_description":"&nbsp; Este a\u00f1o celebramos una nueva edici\u00f3n de la Jornada Mapa de Tendencias, el pr\u00f3ximo d\u00eda 26 de marzo, en el auditorio del CosmoCaixa de Barcelona. \u00a1AFORO COMPLETO! Si te has quedado sin entrada, podr\u00e1s seguir el evento v\u00eda streaming. En breve compartiremoa m\u00e1s detalles sobre el programa.","og_url":"https:\/\/ticsalutsocial.atoom.space\/es\/event\/jornada-mapa-de-tendencias-2020\/","og_site_name":"Fundaci\u00f3 TIC Salut i Social","article_modified_time":"2021-07-21T14:27:25+00:00","og_image":[{"url":"https:\/\/ticsalutsocial.atoom.space\/wp-content\/uploads\/2020\/02\/02-savethedatemdt_tw.png","type":"","width":"","height":""}],"twitter_card":"summary_large_image","schema":{"@context":"https:\/\/schema.org","@graph":[{"@type":"WebPage","@id":"https:\/\/ticsalutsocial.atoom.space\/es\/event\/jornada-mapa-de-tendencias-2020\/","url":"https:\/\/ticsalutsocial.atoom.space\/es\/event\/jornada-mapa-de-tendencias-2020\/","name":"Jornada Mapa de Tendencias 2020 - Fundaci\u00f3 TIC Salut i Social","isPartOf":{"@id":"https:\/\/ticsalutsocial.atoom.space\/es\/#website"},"primaryImageOfPage":{"@id":"https:\/\/ticsalutsocial.atoom.space\/es\/event\/jornada-mapa-de-tendencias-2020\/#primaryimage"},"image":{"@id":"https:\/\/ticsalutsocial.atoom.space\/es\/event\/jornada-mapa-de-tendencias-2020\/#primaryimage"},"thumbnailUrl":"https:\/\/ticsalutsocial.atoom.space\/wp-content\/uploads\/2020\/02\/02-savethedatemdt_tw.png","datePublished":"2020-02-03T11:54:23+00:00","dateModified":"2021-07-21T14:27:25+00:00","breadcrumb":{"@id":"https:\/\/ticsalutsocial.atoom.space\/es\/event\/jornada-mapa-de-tendencias-2020\/#breadcrumb"},"inLanguage":"es","potentialAction":[{"@type":"ReadAction","target":["https:\/\/ticsalutsocial.atoom.space\/es\/event\/jornada-mapa-de-tendencias-2020\/"]}]},{"@type":"ImageObject","inLanguage":"es","@id":"https:\/\/ticsalutsocial.atoom.space\/es\/event\/jornada-mapa-de-tendencias-2020\/#primaryimage","url":"https:\/\/ticsalutsocial.atoom.space\/wp-content\/uploads\/2020\/02\/02-savethedatemdt_tw.png","contentUrl":"https:\/\/ticsalutsocial.atoom.space\/wp-content\/uploads\/2020\/02\/02-savethedatemdt_tw.png"},{"@type":"BreadcrumbList","@id":"https:\/\/ticsalutsocial.atoom.space\/es\/event\/jornada-mapa-de-tendencias-2020\/#breadcrumb","itemListElement":[{"@type":"ListItem","position":1,"name":"Inici","item":"https:\/\/ticsalutsocial.atoom.space\/es\/"},{"@type":"ListItem","position":2,"name":"Jornada Mapa de Tendencias 2020"}]},{"@type":"WebSite","@id":"https:\/\/ticsalutsocial.atoom.space\/es\/#website","url":"https:\/\/ticsalutsocial.atoom.space\/es\/","name":"Fundaci\u00f3 TIC Salut i Social","description":"","potentialAction":[{"@type":"SearchAction","target":{"@type":"EntryPoint","urlTemplate":"https:\/\/ticsalutsocial.atoom.space\/es\/?s={search_term_string}"},"query-input":{"@type":"PropertyValueSpecification","valueRequired":true,"valueName":"search_term_string"}}],"inLanguage":"es"}]}},"_links":{"self":[{"href":"https:\/\/ticsalutsocial.atoom.space\/es\/wp-json\/wp\/v2\/event\/6007","targetHints":{"allow":["GET"]}}],"collection":[{"href":"https:\/\/ticsalutsocial.atoom.space\/es\/wp-json\/wp\/v2\/event"}],"about":[{"href":"https:\/\/ticsalutsocial.atoom.space\/es\/wp-json\/wp\/v2\/types\/event"}],"wp:attachment":[{"href":"https:\/\/ticsalutsocial.atoom.space\/es\/wp-json\/wp\/v2\/media?parent=6007"}],"wp:term":[{"taxonomy":"tipus","embeddable":true,"href":"https:\/\/ticsalutsocial.atoom.space\/es\/wp-json\/wp\/v2\/tipus?post=6007"},{"taxonomy":"topic","embeddable":true,"href":"https:\/\/ticsalutsocial.atoom.space\/es\/wp-json\/wp\/v2\/topic?post=6007"}],"curies":[{"name":"wp","href":"https:\/\/api.w.org\/{rel}","templated":true}]}}