
{"id":6010,"date":"2020-02-06T12:35:20","date_gmt":"2020-02-06T10:35:20","guid":{"rendered":"https:\/\/ticsalutsocial.atoom.space\/?post_type=event&#038;p=6010"},"modified":"2021-07-21T16:27:28","modified_gmt":"2021-07-21T14:27:28","slug":"v-jornada-asociacion-salud-digital-asd","status":"publish","type":"event","link":"https:\/\/ticsalutsocial.atoom.space\/es\/event\/v-jornada-asociacion-salud-digital-asd\/","title":{"rendered":"V Jornada Asociaci\u00f3n Salud Digital (ASD)"},"content":{"rendered":"<div class=\"wp-block-columns has-2-columns programa-item\">\n<div class=\"wp-block-column\">\n<h4><strong>Salud Digital y Sostenibilidad 2030: La d\u00e9cada decisiva.<\/strong><\/h4>\n<p><em>Garantizando la continuidad de nuestro modelo de Bienestar, a trav\u00e9s de la verdadera Transformaci\u00f3n Digital en Salud.<\/em><\/p>\n<p>&nbsp;<\/p>\n<p class=\"has-background has-very-light-gray-background-color\">08.30 \u2013 09.00 h.<\/p>\n<\/div>\n<div class=\"wp-block-column\">\n<h5><strong>Recepci\u00f3n y recogida de acreditaciones<\/strong><\/h5>\n<p>Conductora del evento:<strong> Susana Roza, <\/strong>Periodista<\/p>\n<\/div>\n<\/div>\n<div class=\"wp-block-columns has-2-columns programa-item\">\n<div class=\"wp-block-column\">\n<p class=\"has-background has-very-light-gray-background-color\">09.00 \u2013 09.30 h.<\/p>\n<\/div>\n<div class=\"wp-block-column\">\n<h5><strong>Apertura\u00a0de\u00a0la\u00a0Jornada<\/strong><\/h5>\n<ul>\n<li><strong>Salvador Illa Roca, Ministro de Sanidad<\/strong><\/li>\n<li><strong>Federico Linares Garc\u00eda de Cos\u00edo. <\/strong>Presidente de<strong> EY Espa\u00f1a<\/strong><\/li>\n<li><strong>Jaime del Barrio Seoane<\/strong>, Presidente de la <strong>Asociaci\u00f3n Salud Digital<\/strong><\/li>\n<\/ul>\n<\/div>\n<\/div>\n<div class=\"wp-block-columns has-2-columns programa-item\">\n<div class=\"wp-block-column\">\n<p class=\"has-background has-very-light-gray-background-color\">09.30 \u2013 10.00 h.<\/p>\n<\/div>\n<div class=\"wp-block-column\">\n<h5><strong>Conferencia \u2013 La definitiva transformaci\u00f3n Digital en Salud: Desde orugas r\u00e1pidas a mariposas. Desde Finlandia una soluci\u00f3n digital llamada<\/strong><em> <strong>Health Village.<\/strong><\/em><\/h5>\n<p><strong>Daria Mashkina<\/strong>. <em>Senior Advisor. <strong>Business Finland<\/strong>, Spain<br \/>\n<\/em><strong>Minna Eloranta<em>. <\/em><\/strong><em>Project Manager.<strong>\u00a0<\/strong><strong>Helsinki University Hospital \u2013 HUS<br \/>\n<\/strong><\/em><strong>Heta Kolanen<em>,<\/em><\/strong>\u00a0<em>Development Manager.\u00a0 <strong>Helsinki University Hospital \u2013 HUS<\/strong><\/em><\/p>\n<p>Presenta: <strong>Jaume Ravent\u00f3s Monjo<\/strong>. Consejero delegado en <strong>ITA Salud Mental<\/strong>. Vicepresidente de la Junta Directiva de la ASD<\/p>\n<\/div>\n<\/div>\n<div class=\"wp-block-columns has-2-columns programa-item\">\n<div class=\"wp-block-column\">\n<p class=\"has-background has-very-light-gray-background-color\">10.00 \u2013 11.00 h.<\/p>\n<\/div>\n<div class=\"wp-block-column\">\n<h5><strong>\u00bfQu\u00e9 est\u00e1 pasando?: Viabilidad de los sistemas sanitarios heredados ante el inminente tsunami demogr\u00e1fico<\/strong><em> <strong>baby boomer<\/strong><\/em><\/h5>\n<p>Modera: <strong>Jos\u00e9 M\u00aa S\u00e1nchez Burs\u00f3n<\/strong><strong>.<\/strong> Consejero T\u00e9cnico Innovaci\u00f3n en la Consejeria de Econom\u00eda, Conocimiento, Empresas y Universidad. <strong>Junta de Andaluc\u00eda<\/strong><\/p>\n<p>10.00 \u2013 10.15 h. <strong>Desde los Seguros Sociales al Estado del Bienestar<\/strong><\/p>\n<p><strong>Ricardo Pagan-Rodriguez<\/strong>. Profesor Titular de la <strong>Universidad de M\u00e1laga.<\/strong> Profesor visitante <strong><em>London School of Economics<\/em><\/strong> (LSE)<\/p>\n<p>10.15 \u2013 10.30 h. <strong>El poder habilitador de las TIC, o c\u00f3mo cambiar el sentido de las cosas<\/strong><\/p>\n<p><strong>Juan Fern\u00e1ndez Ortega<\/strong>. <em>Director &amp; Country General Manager<\/em>, de <em><strong>Cerner Corporation<\/strong><\/em>. Vocal de la Junta Directiva de la ASD<\/p>\n<p>10.30 \u2013 10.45 h. <strong>Desde el Hospital de agudos a la telepresencia 5G en el Hogar y en movilidad<\/strong><\/p>\n<p><strong>Julio Jes\u00fas S\u00e1nchez Garc\u00eda<\/strong>. Gerente de Proyectos de Sanidad Digital en <strong>Telef\u00f3nica Espa\u00f1a.<\/strong> Vocal de la Junta Directiva de la ASD<\/p>\n<p>10.45 \u2013 11.00 h. <strong>Debate<\/strong><\/p>\n<\/div>\n<\/div>\n<div class=\"wp-block-columns has-2-columns programa-item\">\n<div class=\"wp-block-column\">\n<p class=\"has-background has-very-light-gray-background-color\">11.00 \u2013 11.30 h.<\/p>\n<\/div>\n<div class=\"wp-block-column\">\n<h5><strong>Caf\u00e9<\/strong><\/h5>\n<\/div>\n<\/div>\n<div class=\"wp-block-columns has-2-columns programa-item\">\n<div class=\"wp-block-column\">\n<p class=\"has-background has-very-light-gray-background-color\">11.30 \u2013 12.30 h.<\/p>\n<\/div>\n<div class=\"wp-block-column\">\n<p><strong>\u00bfA qui\u00e9n afecta?: Sobre avanzar en la detecci\u00f3n oportuna y acertada de las necesidades reales para la salud de las personas<\/strong><\/p>\n<p>Modera<strong>: Julio Lorca G\u00f3mez<\/strong>. Director Desarrollo <strong>DKV.<\/strong> Vocal Junta Directiva ASD<\/p>\n<p>11.30 \u2013 11.45 h. <em><strong>Design thinking<\/strong><\/em> <strong>en Salud Digital. Todo empieza con la empat\u00eda<\/strong><\/p>\n<p><strong>Marcos Saavedra Seoane<\/strong>. Fundador de <strong>Designthinking.gal<\/strong>, Formador y facilitador en procesos de Innovaci\u00f3n<\/p>\n<p>11.45 \u2013 12.00 h. <em><strong>Lean Startup<\/strong><\/em> <strong>y otras formas de Emprendimiento<\/strong><\/p>\n<p><strong>Maite Fibla Gasparin<\/strong>.<em> Co-Founder en<\/em><strong> Ship2B<\/strong><\/p>\n<p>12.00 \u2013 12.15 h. <em><strong>Customer and Patient experience.<\/strong><\/em><strong> El verdadero protagonista digital<\/strong><\/p>\n<p><strong>Joan Carles March Cerd\u00e1. <\/strong>Profesor de la <strong>Escuela Andaluza de Salud P\u00fablica<\/strong><strong>(EASP).<\/strong> Codirector de la <strong>Escuela de Pacientes de la Junta de Andaluc\u00eda<\/strong><\/p>\n<p>12.15 \u2013 12.30 h. <strong>Debate<\/strong><\/p>\n<\/div>\n<\/div>\n<div class=\"wp-block-columns has-2-columns programa-item\">\n<div class=\"wp-block-column\">\n<p class=\"has-background has-very-light-gray-background-color\">12.30 \u2013 13.30 h.<\/p>\n<\/div>\n<div class=\"wp-block-column\">\n<h5><strong>\u00bfC\u00f3mo podemos hacerlo?: Desde la reingenier\u00eda de procesos al biodise\u00f1o<\/strong><\/h5>\n<p>Modera: <strong>Pedro Garc\u00eda Fortea<\/strong>, Director en Equipo provincial de Inspecci\u00f3n de Servicios sanitarios. <strong>Consejer\u00eda de Salud. Junta de Andaluc\u00eda<\/strong><\/p>\n<p>12.30 \u2013 12.45 h. <strong>El<\/strong> <em><strong>Lean Healthcare<\/strong><\/em> <strong>dentro y fuera del hospital<\/strong><\/p>\n<p><strong>M\u00f3nica Ballester<\/strong>. Directora de Calidad. <strong>Hospital Universitari Germans Trias i Pujol<\/strong><\/p>\n<p>12.45 \u2013 13.00 h. <strong>Del volumen y la actividad fragmentada, a la atenci\u00f3n con base a Valor<\/strong><\/p>\n<p><strong>Bernardo Valdivieso.<\/strong> Director de Planificaci\u00f3n en <strong>Departamento de Salud Valencia La Fe<\/strong><\/p>\n<p>13.00 \u2013 13.15 h. <strong>La Salud Digital como factor que facilita la sostenibilidad del sistema sanitario y favorece la precisi\u00f3n diagn\u00f3stica<\/strong><\/p>\n<p><strong>Isabel Lozano Fern\u00e1ndez<\/strong>. CEO en <strong>Atrys Health<\/strong><\/p>\n<p>13.15 \u2013 13.30 h. <strong>El momento de reinventar la Atenci\u00f3n Primaria<\/strong><\/p>\n<p><strong>Mar\u00eda Angeles Medina Mart\u00ednez<em>.<\/em><\/strong> Presidenta en <strong>Sociedad Valenciana de Medicina Familiar y Comunitaria<\/strong> <strong>(SoVaMFiC). <\/strong>Vocal Junta Directiva ASD<\/p>\n<\/div>\n<\/div>\n<div class=\"wp-block-columns has-2-columns programa-item\">\n<div class=\"wp-block-column\">\n<p class=\"has-background has-very-light-gray-background-color\">13.30 \u2013 14.00 h.<\/p>\n<\/div>\n<div class=\"wp-block-column\">\n<h5><strong>Debate de la ma\u00f1ana<\/strong><\/h5>\n<p>Modera: <strong>Jos\u00e9 A. Plaza<\/strong>. Periodista y Coordinador de Contenidos Digitales en el <strong>Instituto de Salud Carlos III (ISCIII)<\/strong><\/p>\n<\/div>\n<\/div>\n<div class=\"wp-block-columns has-2-columns programa-item\">\n<div class=\"wp-block-column\"><\/div>\n<\/div>\n<div class=\"wp-block-columns has-2-columns programa-item\">\n<div class=\"wp-block-column\">\n<p class=\"has-background has-very-light-gray-background-color\">14.00 \u2013 15.00 h.<\/p>\n<\/div>\n<div class=\"wp-block-column\">\n<h5><strong>Almuerzo.<\/strong><em> <strong>Networking<\/strong><\/em><\/h5>\n<\/div>\n<\/div>\n<div class=\"wp-block-columns has-2-columns programa-item\">\n<div class=\"wp-block-column\"><\/div>\n<\/div>\n<div class=\"wp-block-columns has-2-columns programa-item\">\n<div class=\"wp-block-column\">\n<p class=\"has-background has-very-light-gray-background-color\">15.00 \u2013 16.00 h.<\/p>\n<\/div>\n<div class=\"wp-block-column\">\n<h5><strong>\u00bfPara cu\u00e1ndo?: Lo que queda por andar\u2026<\/strong><\/h5>\n<p>Modera: <strong>Marisa Merino Hern\u00e1ndez.<\/strong> Directora Gerente OSI Tolosaldea <strong>Osakidetza<\/strong>. Vocal de la Junta Directiva de la ASD<\/p>\n<p>15.00 \u2013 15.15 h. <strong>Desde la Medicina personalizada, nanotecnolog\u00eda o la rob\u00f3tica<\/strong><\/p>\n<p><strong>Baltasar Lobato Beleiro<\/strong>. Socio de Healthcare &amp; LIfe Sciences en <strong>EY<\/strong><\/p>\n<p>15.15 \u2013 15.30 h. <strong>Tecnolog\u00edas inal\u00e1mbricas, dispositivos vestibles e Internet de las cosas\u2026<\/strong><\/p>\n<p><strong>Angel Blanco Rubio.<\/strong> Director Organizaci\u00f3n, Procesos y TIC en<strong> Quir\u00f3nSalud<\/strong><\/p>\n<p>15.30 \u2013 15.45 h. <strong>Predictiva, prescriptiva e Inteligencia artificial<\/strong><\/p>\n<p><strong>Jorge Vel\u00e1zquez Moro<\/strong>. Director de Tecnolog\u00eda y Transformaci\u00f3n de Negocio en <strong>Sanitas <\/strong>Hospitales<\/p>\n<p>15.45 \u2013 16.00 h. <strong>Debate<\/strong><\/p>\n<\/div>\n<\/div>\n<div class=\"wp-block-columns has-2-columns programa-item\"><\/div>\n<div class=\"wp-block-columns has-2-columns programa-item\">\n<div class=\"wp-block-column\">\n<p class=\"has-background has-very-light-gray-background-color\">16.00 \u2013 17.00 h.<\/p>\n<\/div>\n<div class=\"wp-block-column\">\n<h5><strong>Mesa debate. Transformaci\u00f3n Digital de impacto. Contribuci\u00f3n de la Salud Digital ante los objetivos de desarrollo sostenible (ODS)<\/strong><\/h5>\n<p>Modera: <strong>Elena Torrente Segarra<\/strong><strong>.<\/strong> Miembro del grupo de expertos de Salud Digital de la <strong>Organizaci\u00f3n Mundial de la Salud<\/strong> (OMS)<\/p>\n<p>16.00 \u2013 16.15 h. <strong>Objetivo 5. Igualdad de G\u00e9nero. Las soluciones a los diferentes desaf\u00edos pasan por la inclusi\u00f3n de la diversidad desde su inicio<\/strong><\/p>\n<p><strong>Ana Polanco \u00c1lvarez. <\/strong>Directora de <em>Market Access y Government Affairs <\/em>en<strong> Merck. <\/strong>Presidenta de <strong>Asociaci\u00f3n Espa\u00f1ola de Bioempresas (ASEBIO). <\/strong>Vocal de la Junta Directiva de la ASD<\/p>\n<p>16.15 \u2013 16.30 h. <strong>Objetivo 8. Trabajo decente y crecimiento econ\u00f3mico. <\/strong><strong>Futuras habilidades y perfiles de los profesionales de la salud en el entorno digital<\/strong><\/p>\n<p><strong>Joan Cornet Prat.<\/strong> Director <em>Digital Health Academy and Observatory in<\/em><strong>European<\/strong>\u00a0<strong>Connected<\/strong>\u00a0<strong>Health<\/strong>\u00a0<strong>Alliance (<\/strong><strong>ECHAlliance).<\/strong> Vocal de la Junta Directiva de la ASD<\/p>\n<p>16.30 \u2013 16.45 h. <strong>Aplicaci\u00f3n de la Inteligencia Artificial (IA) a la realidad de la Salud<\/strong><\/p>\n<p><strong>Fernando Hern\u00e1ndez Segado.<\/strong> Staff Account Manager. <strong>GE HealthCare Digital<\/strong><\/p>\n<p>&nbsp;<\/p>\n<p>16.45 \u2013 17.00 h. <strong>Debate<\/strong><\/p>\n<\/div>\n<\/div>\n<div class=\"wp-block-columns has-2-columns programa-item\">\n<div class=\"wp-block-column\">\n<p class=\"has-background has-very-light-gray-background-color\">17.00 \u2013 17.30 h.<\/p>\n<\/div>\n<div class=\"wp-block-column\">\n<h5><strong>Debate de la tarde<\/strong><\/h5>\n<p>Modera: <strong>Mar\u00eda del Mar Mu\u00f1oz<\/strong><strong>.<\/strong> Directora de <strong>Hablamos de Salud<\/strong><\/p>\n<\/div>\n<\/div>\n<div class=\"wp-block-columns has-2-columns programa-item\">\n<div class=\"wp-block-column\">\n<p class=\"has-background has-very-light-gray-background-color\">17.30 \u2013 18.00 h.<\/p>\n<\/div>\n<div class=\"wp-block-column\">\n<h5><strong>Clausura<\/strong><\/h5>\n<ul>\n<li><strong>Mar\u00eda Luz de los M\u00e1rtires Almingol, <\/strong>Directora General de Sistemas de Informaci\u00f3n y Equipamientos Sanitarios, <strong>Comunidad de Madrid<\/strong><\/li>\n<li><strong>Encarna Guill\u00e9n Navarro. <\/strong>Presidenta de la <strong>Asociaci\u00f3n Espa\u00f1ola de Gen\u00e9tica Humana (AEGH)<\/strong>. Miembro del <strong>Comit\u00e9 de Bio\u00e9tica de Espa\u00f1a.<\/strong> Vocal de la Junta Directiva de la ASD<\/li>\n<\/ul>\n<\/div>\n<\/div>\n","protected":false},"featured_media":0,"menu_order":0,"template":"","meta":{"_acf_changed":false,"inline_featured_image":false},"tipus":[],"topic":[],"class_list":["post-6010","event","type-event","status-publish","hentry"],"acf":{"informacio":{"ubicacio":"Auditorio de EY (Ernst & Young). Planta 20. ","data":"12\/02\/2020","hora":"8:30 - 18:00","preu":"","inscripcions":""}},"yoast_head":"<!-- This site is optimized with the Yoast SEO plugin v27.1.1 - https:\/\/yoast.com\/product\/yoast-seo-wordpress\/ -->\n<title>V Jornada Asociaci\u00f3n Salud Digital (ASD) - Fundaci\u00f3 TIC Salut i Social<\/title>\n<meta name=\"robots\" content=\"index, follow, max-snippet:-1, max-image-preview:large, max-video-preview:-1\" \/>\n<link rel=\"canonical\" href=\"https:\/\/ticsalutsocial.atoom.space\/es\/event\/v-jornada-asociacion-salud-digital-asd\/\" \/>\n<meta property=\"og:locale\" content=\"es_ES\" \/>\n<meta property=\"og:type\" content=\"article\" \/>\n<meta property=\"og:title\" content=\"V Jornada Asociaci\u00f3n Salud Digital (ASD) - Fundaci\u00f3 TIC Salut i Social\" \/>\n<meta property=\"og:description\" content=\"Salud Digital y Sostenibilidad 2030: La d\u00e9cada decisiva. Garantizando la continuidad de nuestro modelo de Bienestar, a trav\u00e9s de la verdadera Transformaci\u00f3n Digital en Salud. &nbsp; 08.30 \u2013 09.00 h. Recepci\u00f3n y recogida de acreditaciones Conductora del evento: Susana Roza, Periodista 09.00 \u2013 09.30 h. Apertura\u00a0de\u00a0la\u00a0Jornada Salvador Illa Roca, Ministro de Sanidad Federico Linares Garc\u00eda [&hellip;]\" \/>\n<meta property=\"og:url\" content=\"https:\/\/ticsalutsocial.atoom.space\/es\/event\/v-jornada-asociacion-salud-digital-asd\/\" \/>\n<meta property=\"og:site_name\" content=\"Fundaci\u00f3 TIC Salut i Social\" \/>\n<meta property=\"article:modified_time\" content=\"2021-07-21T14:27:28+00:00\" \/>\n<meta name=\"twitter:card\" content=\"summary_large_image\" \/>\n<meta name=\"twitter:label1\" content=\"Tiempo de lectura\" \/>\n\t<meta name=\"twitter:data1\" content=\"5 minutos\" \/>\n<script type=\"application\/ld+json\" class=\"yoast-schema-graph\">{\"@context\":\"https:\/\/schema.org\",\"@graph\":[{\"@type\":\"WebPage\",\"@id\":\"https:\/\/ticsalutsocial.atoom.space\/es\/event\/v-jornada-asociacion-salud-digital-asd\/\",\"url\":\"https:\/\/ticsalutsocial.atoom.space\/es\/event\/v-jornada-asociacion-salud-digital-asd\/\",\"name\":\"V Jornada Asociaci\u00f3n Salud Digital (ASD) - Fundaci\u00f3 TIC Salut i Social\",\"isPartOf\":{\"@id\":\"https:\/\/ticsalutsocial.atoom.space\/es\/#website\"},\"datePublished\":\"2020-02-06T10:35:20+00:00\",\"dateModified\":\"2021-07-21T14:27:28+00:00\",\"breadcrumb\":{\"@id\":\"https:\/\/ticsalutsocial.atoom.space\/es\/event\/v-jornada-asociacion-salud-digital-asd\/#breadcrumb\"},\"inLanguage\":\"es\",\"potentialAction\":[{\"@type\":\"ReadAction\",\"target\":[\"https:\/\/ticsalutsocial.atoom.space\/es\/event\/v-jornada-asociacion-salud-digital-asd\/\"]}]},{\"@type\":\"BreadcrumbList\",\"@id\":\"https:\/\/ticsalutsocial.atoom.space\/es\/event\/v-jornada-asociacion-salud-digital-asd\/#breadcrumb\",\"itemListElement\":[{\"@type\":\"ListItem\",\"position\":1,\"name\":\"Inici\",\"item\":\"https:\/\/ticsalutsocial.atoom.space\/es\/\"},{\"@type\":\"ListItem\",\"position\":2,\"name\":\"V Jornada Asociaci\u00f3n Salud Digital (ASD)\"}]},{\"@type\":\"WebSite\",\"@id\":\"https:\/\/ticsalutsocial.atoom.space\/es\/#website\",\"url\":\"https:\/\/ticsalutsocial.atoom.space\/es\/\",\"name\":\"Fundaci\u00f3 TIC Salut i Social\",\"description\":\"\",\"potentialAction\":[{\"@type\":\"SearchAction\",\"target\":{\"@type\":\"EntryPoint\",\"urlTemplate\":\"https:\/\/ticsalutsocial.atoom.space\/es\/?s={search_term_string}\"},\"query-input\":{\"@type\":\"PropertyValueSpecification\",\"valueRequired\":true,\"valueName\":\"search_term_string\"}}],\"inLanguage\":\"es\"}]}<\/script>\n<!-- \/ Yoast SEO plugin. -->","yoast_head_json":{"title":"V Jornada Asociaci\u00f3n Salud Digital (ASD) - Fundaci\u00f3 TIC Salut i Social","robots":{"index":"index","follow":"follow","max-snippet":"max-snippet:-1","max-image-preview":"max-image-preview:large","max-video-preview":"max-video-preview:-1"},"canonical":"https:\/\/ticsalutsocial.atoom.space\/es\/event\/v-jornada-asociacion-salud-digital-asd\/","og_locale":"es_ES","og_type":"article","og_title":"V Jornada Asociaci\u00f3n Salud Digital (ASD) - Fundaci\u00f3 TIC Salut i Social","og_description":"Salud Digital y Sostenibilidad 2030: La d\u00e9cada decisiva. Garantizando la continuidad de nuestro modelo de Bienestar, a trav\u00e9s de la verdadera Transformaci\u00f3n Digital en Salud. &nbsp; 08.30 \u2013 09.00 h. Recepci\u00f3n y recogida de acreditaciones Conductora del evento: Susana Roza, Periodista 09.00 \u2013 09.30 h. Apertura\u00a0de\u00a0la\u00a0Jornada Salvador Illa Roca, Ministro de Sanidad Federico Linares Garc\u00eda [&hellip;]","og_url":"https:\/\/ticsalutsocial.atoom.space\/es\/event\/v-jornada-asociacion-salud-digital-asd\/","og_site_name":"Fundaci\u00f3 TIC Salut i Social","article_modified_time":"2021-07-21T14:27:28+00:00","twitter_card":"summary_large_image","twitter_misc":{"Tiempo de lectura":"5 minutos"},"schema":{"@context":"https:\/\/schema.org","@graph":[{"@type":"WebPage","@id":"https:\/\/ticsalutsocial.atoom.space\/es\/event\/v-jornada-asociacion-salud-digital-asd\/","url":"https:\/\/ticsalutsocial.atoom.space\/es\/event\/v-jornada-asociacion-salud-digital-asd\/","name":"V Jornada Asociaci\u00f3n Salud Digital (ASD) - Fundaci\u00f3 TIC Salut i Social","isPartOf":{"@id":"https:\/\/ticsalutsocial.atoom.space\/es\/#website"},"datePublished":"2020-02-06T10:35:20+00:00","dateModified":"2021-07-21T14:27:28+00:00","breadcrumb":{"@id":"https:\/\/ticsalutsocial.atoom.space\/es\/event\/v-jornada-asociacion-salud-digital-asd\/#breadcrumb"},"inLanguage":"es","potentialAction":[{"@type":"ReadAction","target":["https:\/\/ticsalutsocial.atoom.space\/es\/event\/v-jornada-asociacion-salud-digital-asd\/"]}]},{"@type":"BreadcrumbList","@id":"https:\/\/ticsalutsocial.atoom.space\/es\/event\/v-jornada-asociacion-salud-digital-asd\/#breadcrumb","itemListElement":[{"@type":"ListItem","position":1,"name":"Inici","item":"https:\/\/ticsalutsocial.atoom.space\/es\/"},{"@type":"ListItem","position":2,"name":"V Jornada Asociaci\u00f3n Salud Digital (ASD)"}]},{"@type":"WebSite","@id":"https:\/\/ticsalutsocial.atoom.space\/es\/#website","url":"https:\/\/ticsalutsocial.atoom.space\/es\/","name":"Fundaci\u00f3 TIC Salut i Social","description":"","potentialAction":[{"@type":"SearchAction","target":{"@type":"EntryPoint","urlTemplate":"https:\/\/ticsalutsocial.atoom.space\/es\/?s={search_term_string}"},"query-input":{"@type":"PropertyValueSpecification","valueRequired":true,"valueName":"search_term_string"}}],"inLanguage":"es"}]}},"_links":{"self":[{"href":"https:\/\/ticsalutsocial.atoom.space\/es\/wp-json\/wp\/v2\/event\/6010","targetHints":{"allow":["GET"]}}],"collection":[{"href":"https:\/\/ticsalutsocial.atoom.space\/es\/wp-json\/wp\/v2\/event"}],"about":[{"href":"https:\/\/ticsalutsocial.atoom.space\/es\/wp-json\/wp\/v2\/types\/event"}],"wp:attachment":[{"href":"https:\/\/ticsalutsocial.atoom.space\/es\/wp-json\/wp\/v2\/media?parent=6010"}],"wp:term":[{"taxonomy":"tipus","embeddable":true,"href":"https:\/\/ticsalutsocial.atoom.space\/es\/wp-json\/wp\/v2\/tipus?post=6010"},{"taxonomy":"topic","embeddable":true,"href":"https:\/\/ticsalutsocial.atoom.space\/es\/wp-json\/wp\/v2\/topic?post=6010"}],"curies":[{"name":"wp","href":"https:\/\/api.w.org\/{rel}","templated":true}]}}